{"id":729,"date":"2023-01-19T01:43:54","date_gmt":"2023-01-19T00:43:54","guid":{"rendered":"https:\/\/v2.cubeconcepts.de\/?page_id=729"},"modified":"2024-11-07T14:40:15","modified_gmt":"2024-11-07T13:40:15","slug":"photovoltaik-faq","status":"publish","type":"page","link":"https:\/\/cubeconcepts.de\/es\/energiewissen\/photovoltaik-faq\/","title":{"rendered":"Preguntas frecuentes sobre energ\u00eda fotovoltaica"},"content":{"rendered":"<div data-elementor-type=\"wp-page\" data-elementor-id=\"729\" class=\"elementor elementor-729\" data-elementor-post-type=\"page\">\n\t\t\t\t\t\t<section class=\"elementor-section elementor-top-section elementor-element elementor-element-254c5a8d elementor-section-full_width elementor-section-height-min-height elementor-section-height-default elementor-section-items-middle\" data-id=\"254c5a8d\" data-element_type=\"section\" data-e-type=\"section\" data-settings=\"{&quot;background_background&quot;:&quot;video&quot;,&quot;background_play_on_mobile&quot;:&quot;yes&quot;,&quot;background_video_link&quot;:&quot;https:\\\/\\\/cubeconcepts.de\\\/wp-content\\\/uploads\\\/2023\\\/01\\\/Photovoltaik-FAQ-Waca-1.mp4&quot;}\">\n\t\t\t\t\t\t\t\t<div class=\"elementor-background-video-container\">\n\t\t\t\t\t\t\t\t\t\t\t\t\t<video class=\"elementor-background-video-hosted\" role=\"presentation\" autoplay muted playsinline loop><\/video>\n\t\t\t\t\t\t\t\t\t\t\t<\/div>\n\t\t\t\t\t\t\t\t<div class=\"elementor-container elementor-column-gap-default\">\n\t\t\t\t\t<div class=\"elementor-column elementor-col-100 elementor-top-column elementor-element elementor-element-6a5efbb8\" data-id=\"6a5efbb8\" data-element_type=\"column\" data-e-type=\"column\">\n\t\t\t<div class=\"elementor-widget-wrap\">\n\t\t\t\t\t\t\t<\/div>\n\t\t<\/div>\n\t\t\t\t\t<\/div>\n\t\t<\/section>\n\t\t\t\t<section class=\"elementor-section elementor-top-section elementor-element elementor-element-15cbf481 elementor-section-height-min-height elementor-section-items-stretch elementor-section-content-middle elementor-section-boxed elementor-section-height-default\" data-id=\"15cbf481\" data-element_type=\"section\" data-e-type=\"section\" data-settings=\"{&quot;background_background&quot;:&quot;classic&quot;}\">\n\t\t\t\t\t\t<div class=\"elementor-container elementor-column-gap-no\">\n\t\t\t\t\t<div class=\"elementor-column elementor-col-50 elementor-top-column elementor-element elementor-element-2079ac1e\" data-id=\"2079ac1e\" data-element_type=\"column\" data-e-type=\"column\">\n\t\t\t<div class=\"elementor-widget-wrap elementor-element-populated\">\n\t\t\t\t\t\t<div class=\"elementor-element elementor-element-7dd68961 elementor-widget elementor-widget-heading\" data-id=\"7dd68961\" data-element_type=\"widget\" data-e-type=\"widget\" data-widget_type=\"heading.default\">\n\t\t\t\t<div class=\"elementor-widget-container\">\n\t\t\t\t\t<h1 class=\"elementor-heading-title elementor-size-default\">Photovoltaik FAQ - Antworten auf Ihre Fragen <\/h1>\t\t\t\t<\/div>\n\t\t\t\t<\/div>\n\t\t\t\t<div class=\"elementor-element elementor-element-170f0bc9 elementor-widget elementor-widget-heading\" data-id=\"170f0bc9\" data-element_type=\"widget\" data-e-type=\"widget\" data-widget_type=\"heading.default\">\n\t\t\t\t<div class=\"elementor-widget-container\">\n\t\t\t\t\t<p class=\"elementor-heading-title elementor-size-default\">Expertenantworten zu den wichtigsten PV-Themen<\/p>\t\t\t\t<\/div>\n\t\t\t\t<\/div>\n\t\t\t\t\t<\/div>\n\t\t<\/div>\n\t\t\t\t<div class=\"elementor-column elementor-col-50 elementor-top-column elementor-element elementor-element-253c0729\" data-id=\"253c0729\" data-element_type=\"column\" data-e-type=\"column\">\n\t\t\t<div class=\"elementor-widget-wrap\">\n\t\t\t\t\t\t\t<\/div>\n\t\t<\/div>\n\t\t\t\t\t<\/div>\n\t\t<\/section>\n\t\t\t\t<section class=\"elementor-section elementor-top-section elementor-element elementor-element-1a1a2ecb elementor-section-boxed elementor-section-height-default elementor-section-height-default\" data-id=\"1a1a2ecb\" data-element_type=\"section\" data-e-type=\"section\" data-settings=\"{&quot;background_background&quot;:&quot;classic&quot;}\">\n\t\t\t\t\t\t<div class=\"elementor-container elementor-column-gap-no\">\n\t\t\t\t\t<div class=\"elementor-column elementor-col-100 elementor-top-column elementor-element elementor-element-565fea7e\" data-id=\"565fea7e\" data-element_type=\"column\" data-e-type=\"column\">\n\t\t\t<div class=\"elementor-widget-wrap elementor-element-populated\">\n\t\t\t\t\t\t<div class=\"elementor-element elementor-element-28610485 elementor-widget elementor-widget-breadcrumbs\" data-id=\"28610485\" data-element_type=\"widget\" data-e-type=\"widget\" data-widget_type=\"breadcrumbs.default\">\n\t\t\t\t<div class=\"elementor-widget-container\">\n\t\t\t\t\t<p id=\"breadcrumbs\"><span><span><a href=\"https:\/\/cubeconcepts.de\/es\/\">P\u00e1gina de inicio<\/a><\/span><\/span><\/p>\t\t\t\t<\/div>\n\t\t\t\t<\/div>\n\t\t\t\t\t<\/div>\n\t\t<\/div>\n\t\t\t\t\t<\/div>\n\t\t<\/section>\n\t\t\t\t<section class=\"elementor-section elementor-top-section elementor-element elementor-element-46713e23 elementor-section-content-middle elementor-reverse-mobile elementor-section-boxed elementor-section-height-default elementor-section-height-default\" data-id=\"46713e23\" data-element_type=\"section\" data-e-type=\"section\">\n\t\t\t\t\t\t<div class=\"elementor-container elementor-column-gap-no\">\n\t\t\t\t\t<div class=\"elementor-column elementor-col-50 elementor-top-column elementor-element elementor-element-450ca7b7\" data-id=\"450ca7b7\" data-element_type=\"column\" data-e-type=\"column\">\n\t\t\t<div class=\"elementor-widget-wrap elementor-element-populated\">\n\t\t\t\t\t\t<div class=\"elementor-element elementor-element-40ecac32 elementor-widget elementor-widget-text-editor\" data-id=\"40ecac32\" data-element_type=\"widget\" data-e-type=\"widget\" data-widget_type=\"text-editor.default\">\n\t\t\t\t<div class=\"elementor-widget-container\">\n\t\t\t\t\t\t\t\t\t<p>Sie planen eine gewerbliche Photovoltaikanlage und haben Fragen zu unserm Angebot? Hier in den <b>Preguntas frecuentes sobre energ\u00eda fotovoltaica<\/b> haben wir einige Antworten zu den h\u00e4ufigsten Fragen f\u00fcr Sie zusammengestellt. Wenn Ihre Frage noch nicht beantwortet ist oder Sie eine fachliche Expertenmeinung f\u00fcr ein konkretes Projekt ben\u00f6tigen, beraten wir Sie gerne \u2013 kostenfrei und unverbindlich.\u00a0<\/p>\t\t\t\t\t\t\t\t<\/div>\n\t\t\t\t<\/div>\n\t\t\t\t\t<\/div>\n\t\t<\/div>\n\t\t\t\t<div class=\"elementor-column elementor-col-50 elementor-top-column elementor-element elementor-element-7acfacb3\" data-id=\"7acfacb3\" data-element_type=\"column\" data-e-type=\"column\">\n\t\t\t<div class=\"elementor-widget-wrap elementor-element-populated\">\n\t\t\t\t\t\t<div class=\"elementor-element elementor-element-dbb9ce1 elementor-widget elementor-widget-image\" data-id=\"dbb9ce1\" data-element_type=\"widget\" data-e-type=\"widget\" data-widget_type=\"image.default\">\n\t\t\t\t<div class=\"elementor-widget-container\">\n\t\t\t\t\t\t\t\t\t\t\t\t\t\t\t<img fetchpriority=\"high\" decoding=\"async\" width=\"800\" height=\"372\" src=\"https:\/\/cubeconcepts.de\/wp-content\/uploads\/2023\/01\/Photovoltaik-FAQ-2-1024x476.jpg\" class=\"attachment-large size-large wp-image-3114\" alt=\"Photovoltaik FAQ 2 - People on Roof with PV\" srcset=\"https:\/\/cubeconcepts.de\/wp-content\/uploads\/2023\/01\/Photovoltaik-FAQ-2-1024x476.jpg 1024w, https:\/\/cubeconcepts.de\/wp-content\/uploads\/2023\/01\/Photovoltaik-FAQ-2-300x139.jpg 300w, https:\/\/cubeconcepts.de\/wp-content\/uploads\/2023\/01\/Photovoltaik-FAQ-2-768x357.jpg 768w, https:\/\/cubeconcepts.de\/wp-content\/uploads\/2023\/01\/Photovoltaik-FAQ-2.jpg 1464w\" sizes=\"(max-width: 800px) 100vw, 800px\" \/>\t\t\t\t\t\t\t\t\t\t\t\t\t\t\t<\/div>\n\t\t\t\t<\/div>\n\t\t\t\t<div class=\"elementor-element elementor-element-6195122b elementor-hidden-desktop elementor-hidden-tablet elementor-widget elementor-widget-spacer\" data-id=\"6195122b\" data-element_type=\"widget\" data-e-type=\"widget\" data-widget_type=\"spacer.default\">\n\t\t\t\t<div class=\"elementor-widget-container\">\n\t\t\t\t\t\t\t<div class=\"elementor-spacer\">\n\t\t\t<div class=\"elementor-spacer-inner\"><\/div>\n\t\t<\/div>\n\t\t\t\t\t\t<\/div>\n\t\t\t\t<\/div>\n\t\t\t\t\t<\/div>\n\t\t<\/div>\n\t\t\t\t\t<\/div>\n\t\t<\/section>\n\t\t\t\t<section class=\"elementor-section elementor-top-section elementor-element elementor-element-10aac1e6 elementor-section-boxed elementor-section-height-default elementor-section-height-default\" data-id=\"10aac1e6\" data-element_type=\"section\" data-e-type=\"section\">\n\t\t\t\t\t\t<div class=\"elementor-container elementor-column-gap-default\">\n\t\t\t\t\t<div class=\"elementor-column elementor-col-100 elementor-top-column elementor-element elementor-element-7e959285\" data-id=\"7e959285\" data-element_type=\"column\" data-e-type=\"column\">\n\t\t\t<div class=\"elementor-widget-wrap elementor-element-populated\">\n\t\t\t\t\t\t<div class=\"elementor-element elementor-element-7860146 elementor-widget elementor-widget-spacer\" data-id=\"7860146\" data-element_type=\"widget\" data-e-type=\"widget\" data-widget_type=\"spacer.default\">\n\t\t\t\t<div class=\"elementor-widget-container\">\n\t\t\t\t\t\t\t<div class=\"elementor-spacer\">\n\t\t\t<div class=\"elementor-spacer-inner\"><\/div>\n\t\t<\/div>\n\t\t\t\t\t\t<\/div>\n\t\t\t\t<\/div>\n\t\t\t\t\t<\/div>\n\t\t<\/div>\n\t\t\t\t\t<\/div>\n\t\t<\/section>\n\t\t\t\t<section class=\"elementor-section elementor-top-section elementor-element elementor-element-6c128eee elementor-section-boxed elementor-section-height-default elementor-section-height-default\" data-id=\"6c128eee\" data-element_type=\"section\" data-e-type=\"section\">\n\t\t\t\t\t\t<div class=\"elementor-container elementor-column-gap-no\">\n\t\t\t\t\t<div class=\"elementor-column elementor-col-100 elementor-top-column elementor-element elementor-element-4a1631ac\" data-id=\"4a1631ac\" data-element_type=\"column\" data-e-type=\"column\">\n\t\t\t<div class=\"elementor-widget-wrap elementor-element-populated\">\n\t\t\t\t\t\t<div class=\"elementor-element elementor-element-5cd971a4 elementor-widget elementor-widget-heading\" data-id=\"5cd971a4\" data-element_type=\"widget\" data-e-type=\"widget\" data-widget_type=\"heading.default\">\n\t\t\t\t<div class=\"elementor-widget-container\">\n\t\t\t\t\t<h2 class=\"elementor-heading-title elementor-size-default\">Antworten auf die h\u00e4ufigsten Photovoltaik FAQ<\/h2>\t\t\t\t<\/div>\n\t\t\t\t<\/div>\n\t\t\t\t\t<\/div>\n\t\t<\/div>\n\t\t\t\t\t<\/div>\n\t\t<\/section>\n\t\t\t\t<section class=\"elementor-section elementor-top-section elementor-element elementor-element-569a3d6 elementor-section-boxed elementor-section-height-default elementor-section-height-default\" data-id=\"569a3d6\" data-element_type=\"section\" data-e-type=\"section\">\n\t\t\t\t\t\t<div class=\"elementor-container elementor-column-gap-no\">\n\t\t\t\t\t<div class=\"elementor-column elementor-col-100 elementor-top-column elementor-element elementor-element-e5834f5\" data-id=\"e5834f5\" data-element_type=\"column\" data-e-type=\"column\">\n\t\t\t<div class=\"elementor-widget-wrap elementor-element-populated\">\n\t\t\t\t\t\t<div class=\"elementor-element elementor-element-c031779 elementor-widget elementor-widget-accordion\" data-id=\"c031779\" data-element_type=\"widget\" data-e-type=\"widget\" data-widget_type=\"accordion.default\">\n\t\t\t\t<div class=\"elementor-widget-container\">\n\t\t\t\t\t\t\t<div class=\"elementor-accordion\">\n\t\t\t\t\t\t\t<div class=\"elementor-accordion-item\">\n\t\t\t\t\t<div id=\"elementor-tab-title-2011\" class=\"elementor-tab-title\" data-tab=\"1\" role=\"button\" aria-controls=\"elementor-tab-content-2011\" aria-expanded=\"false\">\n\t\t\t\t\t\t\t\t\t\t\t\t\t<span class=\"elementor-accordion-icon elementor-accordion-icon-left\" aria-hidden=\"true\">\n\t\t\t\t\t\t\t\t\t\t\t\t\t\t\t<span class=\"elementor-accordion-icon-closed\"><i class=\"fas fa-plus\"><\/i><\/span>\n\t\t\t\t\t\t\t\t<span class=\"elementor-accordion-icon-opened\"><i class=\"fas fa-minus\"><\/i><\/span>\n\t\t\t\t\t\t\t\t\t\t\t\t\t\t<\/span>\n\t\t\t\t\t\t\t\t\t\t\t\t<a class=\"elementor-accordion-title\" tabindex=\"0\">Wie teuer ist eine gewerbliche Photovoltaikanlage?<\/a>\n\t\t\t\t\t<\/div>\n\t\t\t\t\t<div id=\"elementor-tab-content-2011\" class=\"elementor-tab-content elementor-clearfix\" data-tab=\"1\" role=\"region\" aria-labelledby=\"elementor-tab-title-2011\"><p>Bei gewerblichen Photovoltaikanlagen ab 135kWp schwankt der Komplettpreis je nach Gr\u00f6\u00dfe und Art der Anlage zwischen 800 \u20ac und 1.200 \u20ac pro kWp. Als Faustformel gilt: Je gr\u00f6\u00dfer die Solaranlage sein soll, desto geringer sind die Kosten pro kWp.<\/p><\/div>\n\t\t\t\t<\/div>\n\t\t\t\t\t\t\t<div class=\"elementor-accordion-item\">\n\t\t\t\t\t<div id=\"elementor-tab-title-2012\" class=\"elementor-tab-title\" data-tab=\"2\" role=\"button\" aria-controls=\"elementor-tab-content-2012\" aria-expanded=\"false\">\n\t\t\t\t\t\t\t\t\t\t\t\t\t<span class=\"elementor-accordion-icon elementor-accordion-icon-left\" aria-hidden=\"true\">\n\t\t\t\t\t\t\t\t\t\t\t\t\t\t\t<span class=\"elementor-accordion-icon-closed\"><i class=\"fas fa-plus\"><\/i><\/span>\n\t\t\t\t\t\t\t\t<span class=\"elementor-accordion-icon-opened\"><i class=\"fas fa-minus\"><\/i><\/span>\n\t\t\t\t\t\t\t\t\t\t\t\t\t\t<\/span>\n\t\t\t\t\t\t\t\t\t\t\t\t<a class=\"elementor-accordion-title\" tabindex=\"0\">Ab wann rechnet sich eine gewerbliche Photovoltaikanlage?<\/a>\n\t\t\t\t\t<\/div>\n\t\t\t\t\t<div id=\"elementor-tab-content-2012\" class=\"elementor-tab-content elementor-clearfix\" data-tab=\"2\" role=\"region\" aria-labelledby=\"elementor-tab-title-2012\"><p>Je mehr Solarstrom ein Unternehmen aus der eigenen PV-Anlage direkt nutzen kann, desto wirtschaftlicher ist sie. Ist die sog. Eigenverbrauchsquote hoch bzw. wird der Strom vornehmlich selbst genutzt, rentiert sich eine Solaranlage schon ab dem ersten Tag.<\/p><\/div>\n\t\t\t\t<\/div>\n\t\t\t\t\t\t\t<div class=\"elementor-accordion-item\">\n\t\t\t\t\t<div id=\"elementor-tab-title-2013\" class=\"elementor-tab-title\" data-tab=\"3\" role=\"button\" aria-controls=\"elementor-tab-content-2013\" aria-expanded=\"false\">\n\t\t\t\t\t\t\t\t\t\t\t\t\t<span class=\"elementor-accordion-icon elementor-accordion-icon-left\" aria-hidden=\"true\">\n\t\t\t\t\t\t\t\t\t\t\t\t\t\t\t<span class=\"elementor-accordion-icon-closed\"><i class=\"fas fa-plus\"><\/i><\/span>\n\t\t\t\t\t\t\t\t<span class=\"elementor-accordion-icon-opened\"><i class=\"fas fa-minus\"><\/i><\/span>\n\t\t\t\t\t\t\t\t\t\t\t\t\t\t<\/span>\n\t\t\t\t\t\t\t\t\t\t\t\t<a class=\"elementor-accordion-title\" tabindex=\"0\">Welche F\u00f6rderungen gibt es?<\/a>\n\t\t\t\t\t<\/div>\n\t\t\t\t\t<div id=\"elementor-tab-content-2013\" class=\"elementor-tab-content elementor-clearfix\" data-tab=\"3\" role=\"region\" aria-labelledby=\"elementor-tab-title-2013\"><p>Neben der EEG-F\u00f6rderung gibt es in Deutschland diverse weitere F\u00f6rderprogramme, die von Bundesland zu Bundesland oder von Kommune zu Kommune variieren. Zus\u00e4tzlich spielen die Gr\u00f6\u00dfe und die Art der geplanten Anlage ebenfalls eine Rolle. Auch wenn eine Investition in eine PV-Anlage auch komplett ohne F\u00f6rdermittel \u00e4u\u00dferst rentabel ist, sollten im Vorfeld s\u00e4mtliche F\u00f6rderm\u00f6glichkeiten gepr\u00fcft und individuell bewertet werden. CUBE CONCEPTS <a href=\"https:\/\/cubeconcepts.de\/es\/productos\/promocion-fotovoltaica\/\">ber\u00e4t und unterst\u00fctzt<\/a> Sie dabei in s\u00e4mtlichen Fragen.<\/p><\/div>\n\t\t\t\t<\/div>\n\t\t\t\t\t\t\t<div class=\"elementor-accordion-item\">\n\t\t\t\t\t<div id=\"elementor-tab-title-2014\" class=\"elementor-tab-title\" data-tab=\"4\" role=\"button\" aria-controls=\"elementor-tab-content-2014\" aria-expanded=\"false\">\n\t\t\t\t\t\t\t\t\t\t\t\t\t<span class=\"elementor-accordion-icon elementor-accordion-icon-left\" aria-hidden=\"true\">\n\t\t\t\t\t\t\t\t\t\t\t\t\t\t\t<span class=\"elementor-accordion-icon-closed\"><i class=\"fas fa-plus\"><\/i><\/span>\n\t\t\t\t\t\t\t\t<span class=\"elementor-accordion-icon-opened\"><i class=\"fas fa-minus\"><\/i><\/span>\n\t\t\t\t\t\t\t\t\t\t\t\t\t\t<\/span>\n\t\t\t\t\t\t\t\t\t\t\t\t<a class=\"elementor-accordion-title\" tabindex=\"0\">Ist eine Baugenehmigung notwendig?<\/a>\n\t\t\t\t\t<\/div>\n\t\t\t\t\t<div id=\"elementor-tab-content-2014\" class=\"elementor-tab-content elementor-clearfix\" data-tab=\"4\" role=\"region\" aria-labelledby=\"elementor-tab-title-2014\"><p>F\u00fcr gewerbliche Photovoltaik auf Gewerbe- und Industried\u00e4chern ist in Deutschland keine klassische Baugenehmigung notwendig. Es muss allerdings eine technische Baugenehmigung vorliegen, beim Netzbetreiber eine Netzvertr\u00e4glichkeitspr\u00fcfung beantragt werden und eine Einspeisezusage erfolgen. Solarparks und Solar-Carports hingegen ben\u00f6tigen immer eine klassische und technische Baugenehmigung. Die Experten von CUBE CONCEPTS \u00fcbernehmen im Vorfeld den kompletten b\u00fcrokratischen Aufwand und kl\u00e4ren s\u00e4mtliche Fragen mit den Netzbetreibern, der Gemeinde, dem Landkreis und der regionalen Planungsebene<\/p><\/div>\n\t\t\t\t<\/div>\n\t\t\t\t\t\t\t<div class=\"elementor-accordion-item\">\n\t\t\t\t\t<div id=\"elementor-tab-title-2015\" class=\"elementor-tab-title\" data-tab=\"5\" role=\"button\" aria-controls=\"elementor-tab-content-2015\" aria-expanded=\"false\">\n\t\t\t\t\t\t\t\t\t\t\t\t\t<span class=\"elementor-accordion-icon elementor-accordion-icon-left\" aria-hidden=\"true\">\n\t\t\t\t\t\t\t\t\t\t\t\t\t\t\t<span class=\"elementor-accordion-icon-closed\"><i class=\"fas fa-plus\"><\/i><\/span>\n\t\t\t\t\t\t\t\t<span class=\"elementor-accordion-icon-opened\"><i class=\"fas fa-minus\"><\/i><\/span>\n\t\t\t\t\t\t\t\t\t\t\t\t\t\t<\/span>\n\t\t\t\t\t\t\t\t\t\t\t\t<a class=\"elementor-accordion-title\" tabindex=\"0\">Welche Anspr\u00fcche werden an die Geb\u00e4udestatik gestellt?<\/a>\n\t\t\t\t\t<\/div>\n\t\t\t\t\t<div id=\"elementor-tab-content-2015\" class=\"elementor-tab-content elementor-clearfix\" data-tab=\"5\" role=\"region\" aria-labelledby=\"elementor-tab-title-2015\"><p>CUBE CONCEPTS empfiehlt bei der Installation einer PV-Anlage auf D\u00e4chern von Bestandsgeb\u00e4uden eine Statik-Pr\u00fcfung durch unsere unabh\u00e4ngigen Statik-Partner. Auch wenn die Solaranlagen von CUBE CONCEPTS ohne Dachdurchdringung auskommen, k\u00f6nnen Wind- und Schneelasten, die auf die Module einwirken, Einfluss haben. Generell werden dabei die Normen DIN 1055 und DIN EN 1991 beachtet und Faktoren, wie Modulgewicht, Modulneigung, Schneelasten nach der Schneelastzonenkarte, Wind nach Geb\u00e4udeh\u00f6he und Standort sowie weitere Gesichtspunkte einberechnet. Generell wird eine Dachlastreserve je nach Beschaffenheit des Daches zwischen 10 bis 24 kg\/m\u00b2 empfohlen.<\/p><\/div>\n\t\t\t\t<\/div>\n\t\t\t\t\t\t\t<div class=\"elementor-accordion-item\">\n\t\t\t\t\t<div id=\"elementor-tab-title-2016\" class=\"elementor-tab-title\" data-tab=\"6\" role=\"button\" aria-controls=\"elementor-tab-content-2016\" aria-expanded=\"false\">\n\t\t\t\t\t\t\t\t\t\t\t\t\t<span class=\"elementor-accordion-icon elementor-accordion-icon-left\" aria-hidden=\"true\">\n\t\t\t\t\t\t\t\t\t\t\t\t\t\t\t<span class=\"elementor-accordion-icon-closed\"><i class=\"fas fa-plus\"><\/i><\/span>\n\t\t\t\t\t\t\t\t<span class=\"elementor-accordion-icon-opened\"><i class=\"fas fa-minus\"><\/i><\/span>\n\t\t\t\t\t\t\t\t\t\t\t\t\t\t<\/span>\n\t\t\t\t\t\t\t\t\t\t\t\t<a class=\"elementor-accordion-title\" tabindex=\"0\">Bis wann ist eine Photovoltaikanlage nach Beauftragung einsatzbereit?<\/a>\n\t\t\t\t\t<\/div>\n\t\t\t\t\t<div id=\"elementor-tab-content-2016\" class=\"elementor-tab-content elementor-clearfix\" data-tab=\"6\" role=\"region\" aria-labelledby=\"elementor-tab-title-2016\"><p>Durch das weitreichende Solarteur-Netzwerk von CUBE CONCEPTS kann zeitnah geliefert werden und der Baubeginn kann sp\u00e4testens 8-12 Wochen nach der Netzzusage erfolgen.<\/p><\/div>\n\t\t\t\t<\/div>\n\t\t\t\t\t\t\t<div class=\"elementor-accordion-item\">\n\t\t\t\t\t<div id=\"elementor-tab-title-2017\" class=\"elementor-tab-title\" data-tab=\"7\" role=\"button\" aria-controls=\"elementor-tab-content-2017\" aria-expanded=\"false\">\n\t\t\t\t\t\t\t\t\t\t\t\t\t<span class=\"elementor-accordion-icon elementor-accordion-icon-left\" aria-hidden=\"true\">\n\t\t\t\t\t\t\t\t\t\t\t\t\t\t\t<span class=\"elementor-accordion-icon-closed\"><i class=\"fas fa-plus\"><\/i><\/span>\n\t\t\t\t\t\t\t\t<span class=\"elementor-accordion-icon-opened\"><i class=\"fas fa-minus\"><\/i><\/span>\n\t\t\t\t\t\t\t\t\t\t\t\t\t\t<\/span>\n\t\t\t\t\t\t\t\t\t\t\t\t<a class=\"elementor-accordion-title\" tabindex=\"0\">Wie hoch ist die PV-Einspeiseverg\u00fctung und wie wirkt sich die Strompreisbremse aus?<\/a>\n\t\t\t\t\t<\/div>\n\t\t\t\t\t<div id=\"elementor-tab-content-2017\" class=\"elementor-tab-content elementor-clearfix\" data-tab=\"7\" role=\"region\" aria-labelledby=\"elementor-tab-title-2017\"><p>Betreiber von PV-Anlagen bis 1.000 kWp erhalten seit dem 1. Januar 2023 eine h\u00f6here EEG-Einspeiseverg\u00fctung, wenn ihre Anlage nach dem Stichtag in Betrieb genommen wurde. Diese garantierten Einspeiseverg\u00fctungen variieren und sind von der Anlagengr\u00f6\u00dfe und Einspeisungsmenge abh\u00e4ngig. Betreiber von gewerblichen Photovoltaikanlagen mit mehr als 100 kWp sind verpflichtet, einen Direktvermarkter zur Vermarktung des erzeugten und eingespeisten Stroms zu beauftragen und erhalten somit keine gesetzlich festgelegte Einspeiseverg\u00fctung, sondern eine Kombination aus dem Marktwert des Stroms und der Marktpr\u00e4mie. Dieser Betrag liegt zurzeit in der Regel etwas h\u00f6her, da die Vertr\u00e4ge meist langfristig berechnet und kurzfristige Strompreisschwankungen mittels Durchschnittswerte etwas ausgeglichen werden.<\/p><p>Das am 20.12.2022 verabschiedete Gesetz zur Einf\u00fchrung einer Strompreisbremse (<a href=\"https:\/\/www.gesetze-im-internet.de\/strompbg\/\" target=\"_blank\" rel=\"noopener\">Strompreisbremsegesetz \u2013 StromPBG<\/a>) regelt u. a., dass Betreiber von gewerblichen Photovoltaikanlagen seit dem 01.12.2022 ihre \u00dcberschusserl\u00f6se abf\u00fchren m\u00fcssen. Diese werden quartalsweise mittels verschiedener Quotienten, wie beispielsweise Monatsmarktwert oder Anlagengr\u00f6\u00dfe berechnet. Die Erl\u00f6sabsch\u00f6pfungen der sog. Zufallsgewinne sollen den Endverbrauchern zugutekommen.<\/p><p><a href=\"https:\/\/cubeconcepts.de\/es\/strompreisbremse-hoechstwerte-in-ausschreibungen-angehoben\/\">Mehr zur Strompreisbremse<\/a><\/p><\/div>\n\t\t\t\t<\/div>\n\t\t\t\t\t\t\t<div class=\"elementor-accordion-item\">\n\t\t\t\t\t<div id=\"elementor-tab-title-2018\" class=\"elementor-tab-title\" data-tab=\"8\" role=\"button\" aria-controls=\"elementor-tab-content-2018\" aria-expanded=\"false\">\n\t\t\t\t\t\t\t\t\t\t\t\t\t<span class=\"elementor-accordion-icon elementor-accordion-icon-left\" aria-hidden=\"true\">\n\t\t\t\t\t\t\t\t\t\t\t\t\t\t\t<span class=\"elementor-accordion-icon-closed\"><i class=\"fas fa-plus\"><\/i><\/span>\n\t\t\t\t\t\t\t\t<span class=\"elementor-accordion-icon-opened\"><i class=\"fas fa-minus\"><\/i><\/span>\n\t\t\t\t\t\t\t\t\t\t\t\t\t\t<\/span>\n\t\t\t\t\t\t\t\t\t\t\t\t<a class=\"elementor-accordion-title\" tabindex=\"0\">Wie berechnet sich der Strompreis beim Contracting?<\/a>\n\t\t\t\t\t<\/div>\n\t\t\t\t\t<div id=\"elementor-tab-content-2018\" class=\"elementor-tab-content elementor-clearfix\" data-tab=\"8\" role=\"region\" aria-labelledby=\"elementor-tab-title-2018\"><p>CUBE CONCEPTS berechnet den Strompreis offen und transparent. Auch wenn Kunden bei CUBE Contracting keine Offtake-Verpflichtung eingehen, k\u00f6nnen sie durch die langen Laufzeiten der Vertr\u00e4ge von 15, 20 oder 25 Jahren von der langfristigen Strompreissicherheit profitieren. Dabei setzt CUBE CONCEPTS die Gesamtinvestitionskosten inkl. Marge in Relation und legt den Strompreis f\u00fcr die Kunden langfristig fest. \u00a0<\/p><\/div>\n\t\t\t\t<\/div>\n\t\t\t\t\t\t\t<div class=\"elementor-accordion-item\">\n\t\t\t\t\t<div id=\"elementor-tab-title-2019\" class=\"elementor-tab-title\" data-tab=\"9\" role=\"button\" aria-controls=\"elementor-tab-content-2019\" aria-expanded=\"false\">\n\t\t\t\t\t\t\t\t\t\t\t\t\t<span class=\"elementor-accordion-icon elementor-accordion-icon-left\" aria-hidden=\"true\">\n\t\t\t\t\t\t\t\t\t\t\t\t\t\t\t<span class=\"elementor-accordion-icon-closed\"><i class=\"fas fa-plus\"><\/i><\/span>\n\t\t\t\t\t\t\t\t<span class=\"elementor-accordion-icon-opened\"><i class=\"fas fa-minus\"><\/i><\/span>\n\t\t\t\t\t\t\t\t\t\t\t\t\t\t<\/span>\n\t\t\t\t\t\t\t\t\t\t\t\t<a class=\"elementor-accordion-title\" tabindex=\"0\">Welche Kosten fallen bei Betrieb und f\u00fcr die Wartung an?<\/a>\n\t\t\t\t\t<\/div>\n\t\t\t\t\t<div id=\"elementor-tab-content-2019\" class=\"elementor-tab-content elementor-clearfix\" data-tab=\"9\" role=\"region\" aria-labelledby=\"elementor-tab-title-2019\"><p>Gewerbliche Photovoltaikanlagen sind \u00e4u\u00dferst wartungsarm und langlebig. Sie\u00a0<a href=\"https:\/\/cubeconcepts.de\/es\/eficacia-de-la-limpieza-fotovoltaica-y-conservacion-del-valor\/\" target=\"_blank\" rel=\"noopener\">limpiar<\/a>\u00a0sich wegen des Neigungswinkels durch Regen und Schnee selbst und \u00fcber einen Zeitraum von 20 Jahren betragen die Wartungskosten erfahrungsgem\u00e4\u00df maximal 1,5 % der urspr\u00fcnglichen Investition. Bei CUBE Contracting fallen ohnehin f\u00fcr die Auftraggeber keine weiteren Kosten an. Bei CUBE Kauf sollten sie ggf. eine R\u00fccklage f\u00fcr Reparaturen oder den Austausch eines Wechselrichters bilden und die Anlage versichern. Dazu stellt CUBE CONCEPTS seinen Auftraggebern ein bew\u00e4hrtes und allumfassendes Versicherungspaket vor.<\/p><\/div>\n\t\t\t\t<\/div>\n\t\t\t\t\t\t\t<div class=\"elementor-accordion-item\">\n\t\t\t\t\t<div id=\"elementor-tab-title-20110\" class=\"elementor-tab-title\" data-tab=\"10\" role=\"button\" aria-controls=\"elementor-tab-content-20110\" aria-expanded=\"false\">\n\t\t\t\t\t\t\t\t\t\t\t\t\t<span class=\"elementor-accordion-icon elementor-accordion-icon-left\" aria-hidden=\"true\">\n\t\t\t\t\t\t\t\t\t\t\t\t\t\t\t<span class=\"elementor-accordion-icon-closed\"><i class=\"fas fa-plus\"><\/i><\/span>\n\t\t\t\t\t\t\t\t<span class=\"elementor-accordion-icon-opened\"><i class=\"fas fa-minus\"><\/i><\/span>\n\t\t\t\t\t\t\t\t\t\t\t\t\t\t<\/span>\n\t\t\t\t\t\t\t\t\t\t\t\t<a class=\"elementor-accordion-title\" tabindex=\"0\">Bis wann hat sich die Photovoltaikanlage amortisiert?<\/a>\n\t\t\t\t\t<\/div>\n\t\t\t\t\t<div id=\"elementor-tab-content-20110\" class=\"elementor-tab-content elementor-clearfix\" data-tab=\"10\" role=\"region\" aria-labelledby=\"elementor-tab-title-20110\"><p>Bei den effizienten Solarmodulen und den gestiegenen Stromkosten hat sich eine gewerbliche Photovoltaikanlage in maximal 6-8 Jahren amortisiert.<\/p><\/div>\n\t\t\t\t<\/div>\n\t\t\t\t\t\t\t<div class=\"elementor-accordion-item\">\n\t\t\t\t\t<div id=\"elementor-tab-title-20111\" class=\"elementor-tab-title\" data-tab=\"11\" role=\"button\" aria-controls=\"elementor-tab-content-20111\" aria-expanded=\"false\">\n\t\t\t\t\t\t\t\t\t\t\t\t\t<span class=\"elementor-accordion-icon elementor-accordion-icon-left\" aria-hidden=\"true\">\n\t\t\t\t\t\t\t\t\t\t\t\t\t\t\t<span class=\"elementor-accordion-icon-closed\"><i class=\"fas fa-plus\"><\/i><\/span>\n\t\t\t\t\t\t\t\t<span class=\"elementor-accordion-icon-opened\"><i class=\"fas fa-minus\"><\/i><\/span>\n\t\t\t\t\t\t\t\t\t\t\t\t\t\t<\/span>\n\t\t\t\t\t\t\t\t\t\t\t\t<a class=\"elementor-accordion-title\" tabindex=\"0\">Welche Module werden verbaut?<\/a>\n\t\t\t\t\t<\/div>\n\t\t\t\t\t<div id=\"elementor-tab-content-20111\" class=\"elementor-tab-content elementor-clearfix\" data-tab=\"11\" role=\"region\" aria-labelledby=\"elementor-tab-title-20111\"><p>CUBE CONCEPTS berechnet jede Photovoltaikanlage individuell und sucht die jeweils optimal passenden Solarmodule f\u00fcr ein PV-Projekt aus. Dabei planen die Experten jeweils monokristalline Module mit dem aktuell h\u00f6chsten Wirkungsgrad und einer langen Lebensdauer. Zurzeit liegt die garantierte verbleibende Leistung nach 20 Jahren beispielsweise bei 90%. In der Regel werden auf Dachfl\u00e4chen Module mit einer Gr\u00f6\u00dfe von ca. 100&#215;180 cm verbaut und sie haben jeweils eine max. Nennleistung \u00fcber 400 W. Allerdings richtet sich die Auswahl der Module selbstverst\u00e4ndlich nach der Art der geplanten Anlage. Bei Photovoltaik auf Dachfl\u00e4chen ber\u00fccksichtigt CUBE CONCEPTS die jeweiligen Dachlastreserven und realisiert die PV-Anlage entsprechend der vorhandenen Traglast.<\/p><\/div>\n\t\t\t\t<\/div>\n\t\t\t\t\t\t\t<div class=\"elementor-accordion-item\">\n\t\t\t\t\t<div id=\"elementor-tab-title-20112\" class=\"elementor-tab-title\" data-tab=\"12\" role=\"button\" aria-controls=\"elementor-tab-content-20112\" aria-expanded=\"false\">\n\t\t\t\t\t\t\t\t\t\t\t\t\t<span class=\"elementor-accordion-icon elementor-accordion-icon-left\" aria-hidden=\"true\">\n\t\t\t\t\t\t\t\t\t\t\t\t\t\t\t<span class=\"elementor-accordion-icon-closed\"><i class=\"fas fa-plus\"><\/i><\/span>\n\t\t\t\t\t\t\t\t<span class=\"elementor-accordion-icon-opened\"><i class=\"fas fa-minus\"><\/i><\/span>\n\t\t\t\t\t\t\t\t\t\t\t\t\t\t<\/span>\n\t\t\t\t\t\t\t\t\t\t\t\t<a class=\"elementor-accordion-title\" tabindex=\"0\">Welche Brandschutzauflagen m\u00fcssen beachtet werden?<\/a>\n\t\t\t\t\t<\/div>\n\t\t\t\t\t<div id=\"elementor-tab-content-20112\" class=\"elementor-tab-content elementor-clearfix\" data-tab=\"12\" role=\"region\" aria-labelledby=\"elementor-tab-title-20112\"><p>Im Gegensatz zu kleinen privaten Photovoltaikanlagen, m\u00fcssen f\u00fcr gewerbliche PV-Anlagen diverse Brandschutzauflagen ber\u00fccksichtigt werden. Diese werden von CUBE CONCEPTS schon bei der Planung und bei der Umsetzung erf\u00fcllt. Die Anwendungsregel <a href=\"https:\/\/www.vde-verlag.de\/normen\/0100500\/vde-ar-e-2100-712-anwendungsregel-2018-12.html\" target=\"_blank\" rel=\"noopener\">2018-12 der VDE-AR-E 2100-712<\/a> ist hier ma\u00dfgeblich.<\/p><p>Im Einzelnen sind bei der Modulauswahl die DIN 18234, DIN 18008 und DIN 14449 zu erw\u00e4hnen. Bei der Errichtung von Niederspannungsanlagen sind die DIN VDE 0100-200, f\u00fcr die Schnee- und Windlasten die 5400 Pa, nach DIN EN 61215 sowie VDE 0126-31 und DIN 1055-4\/-5 zu beachten. Die Installation der Wechselrichter erfolgt nach VDE 0100-712, DIN EN 62109, VDE 0126-14-2 und VDE V 0126-1-1.<\/p><p>Wenn die PV-Anlage \u00fcber ein Batteriespeichersystem verf\u00fcgen soll, beachtet CUBE CONCEPTS diese Vorgaben: DIN EN 50272-1, DIN EN 50272-2, VDE 0510-1, VDE 0510-2, VDE-AR-E 2510-50, VDE 0100-443, VDE-AR-E 2510-2, VDE 0100-443, DIN VDE 0100-712, VDE 0100-600 und VDE-AR-E 2510-2.<\/p><p>F\u00fcr die gesamten Kabel- und Leitungsanlagen gelten die VdS 2025, DIN VDE 0100-520, DIN VDE 0100-712, VDE 0283-618, VDE 0100-712, VDE 0660-600, VDE 0606-24, DIN EN 50618, DIN EN 61439 und DIN EN 60670-24 und f\u00fcr die DC-Trenneinrichtung die VDE-AR-E 2100-712 sowie die VDE 0100-712. Bei der Inbetriebnahme h\u00e4lt sich CUBE CONCEPTS an die DIN EN 62446-1, VDE 0100-600 und VDE 0126-23-1.<\/p><p>Weitere Brandschutzvorschriften werden u. a. in der DIN VDE 0100-712, VDE 0100-712:2016-10 oder der DIN EN 62446-1, DIN 4102-7, DIN EN ISO 13943 und VDE 0126-23-1:2019-04 geregelt. Selbstverst\u00e4ndlich beachten wir auch den Blitzschutz nach IEC 62305-2, 62305-3 sowie VDE 0185-305-3 und NFPA 780.<\/p><p><a href=\"https:\/\/cubeconcepts.de\/wp-content\/uploads\/2023\/02\/DIN_EN_und_VDE_PDF.pdf\" target=\"_blank\" rel=\"noopener\">Hier<\/a> eine \u00dcbersicht aller Vorgaben.\u00a0<\/p><\/div>\n\t\t\t\t<\/div>\n\t\t\t\t\t\t\t<div class=\"elementor-accordion-item\">\n\t\t\t\t\t<div id=\"elementor-tab-title-20113\" class=\"elementor-tab-title\" data-tab=\"13\" role=\"button\" aria-controls=\"elementor-tab-content-20113\" aria-expanded=\"false\">\n\t\t\t\t\t\t\t\t\t\t\t\t\t<span class=\"elementor-accordion-icon elementor-accordion-icon-left\" aria-hidden=\"true\">\n\t\t\t\t\t\t\t\t\t\t\t\t\t\t\t<span class=\"elementor-accordion-icon-closed\"><i class=\"fas fa-plus\"><\/i><\/span>\n\t\t\t\t\t\t\t\t<span class=\"elementor-accordion-icon-opened\"><i class=\"fas fa-minus\"><\/i><\/span>\n\t\t\t\t\t\t\t\t\t\t\t\t\t\t<\/span>\n\t\t\t\t\t\t\t\t\t\t\t\t<a class=\"elementor-accordion-title\" tabindex=\"0\">Welche Versicherungen sollten f\u00fcr eine Photovoltaikanlage abgeschlossen werden?<\/a>\n\t\t\t\t\t<\/div>\n\t\t\t\t\t<div id=\"elementor-tab-content-20113\" class=\"elementor-tab-content elementor-clearfix\" data-tab=\"13\" role=\"region\" aria-labelledby=\"elementor-tab-title-20113\"><p>CUBE CONCEPTS erstellt seinen Auftraggebern ein umfassendes und bew\u00e4hrtes PV-Versicherungspaket inkl. aller Sachversicherungen, gegen Hagelsch\u00e4den, \u00dcberspannungen oder einer Betriebsunterbruchsversicherung mit De- und Re-Montage im Fall einer Dachsanierung. Dabei beachtet CUBE CONCEPTS die VdS 2033, VdS 2025 und VdS 2234.<\/p><\/div>\n\t\t\t\t<\/div>\n\t\t\t\t\t\t\t\t<\/div>\n\t\t\t\t\t\t<\/div>\n\t\t\t\t<\/div>\n\t\t\t\t\t<\/div>\n\t\t<\/div>\n\t\t\t\t\t<\/div>\n\t\t<\/section>\n\t\t\t\t<section class=\"elementor-section elementor-top-section elementor-element elementor-element-31280e85 elementor-section-boxed elementor-section-height-default elementor-section-height-default\" data-id=\"31280e85\" data-element_type=\"section\" data-e-type=\"section\">\n\t\t\t\t\t\t<div class=\"elementor-container elementor-column-gap-default\">\n\t\t\t\t\t<div class=\"elementor-column elementor-col-100 elementor-top-column elementor-element elementor-element-1177ee6\" data-id=\"1177ee6\" data-element_type=\"column\" data-e-type=\"column\">\n\t\t\t<div class=\"elementor-widget-wrap elementor-element-populated\">\n\t\t\t\t\t\t<div class=\"elementor-element elementor-element-3434a189 elementor-widget elementor-widget-spacer\" data-id=\"3434a189\" data-element_type=\"widget\" data-e-type=\"widget\" data-widget_type=\"spacer.default\">\n\t\t\t\t<div class=\"elementor-widget-container\">\n\t\t\t\t\t\t\t<div class=\"elementor-spacer\">\n\t\t\t<div class=\"elementor-spacer-inner\"><\/div>\n\t\t<\/div>\n\t\t\t\t\t\t<\/div>\n\t\t\t\t<\/div>\n\t\t\t\t\t<\/div>\n\t\t<\/div>\n\t\t\t\t\t<\/div>\n\t\t<\/section>\n\t\t\t\t<section class=\"elementor-section elementor-top-section elementor-element elementor-element-74489a84 elementor-section-content-middle elementor-section-boxed elementor-section-height-default elementor-section-height-default\" data-id=\"74489a84\" data-element_type=\"section\" data-e-type=\"section\">\n\t\t\t\t\t\t<div class=\"elementor-container elementor-column-gap-no\">\n\t\t\t\t\t<div class=\"elementor-column elementor-col-50 elementor-top-column elementor-element elementor-element-2ee0507c\" data-id=\"2ee0507c\" data-element_type=\"column\" data-e-type=\"column\">\n\t\t\t<div class=\"elementor-widget-wrap elementor-element-populated\">\n\t\t\t\t\t\t<div class=\"elementor-element elementor-element-f1b1351 elementor-widget elementor-widget-image\" data-id=\"f1b1351\" data-element_type=\"widget\" data-e-type=\"widget\" data-widget_type=\"image.default\">\n\t\t\t\t<div class=\"elementor-widget-container\">\n\t\t\t\t\t\t\t\t\t\t\t\t\t\t\t<img decoding=\"async\" src=\"https:\/\/cubeconcepts.de\/wp-content\/uploads\/2023\/01\/AdobeStock_231313150-scaled.jpeg\" title=\"\" alt=\"\" loading=\"lazy\" \/>\t\t\t\t\t\t\t\t\t\t\t\t\t\t\t<\/div>\n\t\t\t\t<\/div>\n\t\t\t\t<div class=\"elementor-element elementor-element-e6b5d0b elementor-widget elementor-widget-image\" data-id=\"e6b5d0b\" data-element_type=\"widget\" data-e-type=\"widget\" data-widget_type=\"image.default\">\n\t\t\t\t<div class=\"elementor-widget-container\">\n\t\t\t\t\t\t\t\t\t\t\t\t\t\t\t<img decoding=\"async\" width=\"800\" height=\"527\" src=\"https:\/\/cubeconcepts.de\/wp-content\/uploads\/2023\/01\/Orange-Blau-Modern-Job-Vakanz-Bekanntgabe-Dokument-im-A4-Format-1-1024x674.jpg\" class=\"attachment-large size-large wp-image-421\" alt=\"Asesoramiento sobre financiaci\u00f3n - Evaluaci\u00f3n precisa de los programas - Consulta\" srcset=\"https:\/\/cubeconcepts.de\/wp-content\/uploads\/2023\/01\/Orange-Blau-Modern-Job-Vakanz-Bekanntgabe-Dokument-im-A4-Format-1-1024x674.jpg 1024w, https:\/\/cubeconcepts.de\/wp-content\/uploads\/2023\/01\/Orange-Blau-Modern-Job-Vakanz-Bekanntgabe-Dokument-im-A4-Format-1-300x197.jpg 300w, https:\/\/cubeconcepts.de\/wp-content\/uploads\/2023\/01\/Orange-Blau-Modern-Job-Vakanz-Bekanntgabe-Dokument-im-A4-Format-1-768x505.jpg 768w, https:\/\/cubeconcepts.de\/wp-content\/uploads\/2023\/01\/Orange-Blau-Modern-Job-Vakanz-Bekanntgabe-Dokument-im-A4-Format-1-1536x1011.jpg 1536w, https:\/\/cubeconcepts.de\/wp-content\/uploads\/2023\/01\/Orange-Blau-Modern-Job-Vakanz-Bekanntgabe-Dokument-im-A4-Format-1-2048x1348.jpg 2048w\" sizes=\"(max-width: 800px) 100vw, 800px\" \/>\t\t\t\t\t\t\t\t\t\t\t\t\t\t\t<\/div>\n\t\t\t\t<\/div>\n\t\t\t\t<div class=\"elementor-element elementor-element-625091ed elementor-hidden-desktop elementor-hidden-tablet elementor-widget elementor-widget-spacer\" data-id=\"625091ed\" data-element_type=\"widget\" data-e-type=\"widget\" data-widget_type=\"spacer.default\">\n\t\t\t\t<div class=\"elementor-widget-container\">\n\t\t\t\t\t\t\t<div class=\"elementor-spacer\">\n\t\t\t<div class=\"elementor-spacer-inner\"><\/div>\n\t\t<\/div>\n\t\t\t\t\t\t<\/div>\n\t\t\t\t<\/div>\n\t\t\t\t\t<\/div>\n\t\t<\/div>\n\t\t\t\t<div class=\"elementor-column elementor-col-50 elementor-top-column elementor-element elementor-element-44b46555\" data-id=\"44b46555\" data-element_type=\"column\" data-e-type=\"column\">\n\t\t\t<div class=\"elementor-widget-wrap elementor-element-populated\">\n\t\t\t\t\t\t<div class=\"elementor-element elementor-element-6b81fe6d elementor-widget elementor-widget-heading\" data-id=\"6b81fe6d\" data-element_type=\"widget\" data-e-type=\"widget\" data-widget_type=\"heading.default\">\n\t\t\t\t<div class=\"elementor-widget-container\">\n\t\t\t\t\t<h3 class=\"elementor-heading-title elementor-size-default\">Diese Photovoltaik FAQ konnte Ihre Frage nicht beantworten?<\/h3>\t\t\t\t<\/div>\n\t\t\t\t<\/div>\n\t\t\t\t<div class=\"elementor-element elementor-element-468ae9b1 elementor-widget elementor-widget-text-editor\" data-id=\"468ae9b1\" data-element_type=\"widget\" data-e-type=\"widget\" data-widget_type=\"text-editor.default\">\n\t\t\t\t<div class=\"elementor-widget-container\">\n\t\t\t\t\t\t\t\t\t<p>CUBE CONCEPTS bietet ein kostenloses Beratungsgespr\u00e4ch zu Ihren offenen Fragen. Oder haben Sie ein konkretes Projekt, zu dem Sie eine fachliche Meinung h\u00f6ren m\u00f6chten? Vereinbaren Sie jetzt einen\u00a0 Termin \u2013 unsere Energieexperten freuen sich auf Sie!<\/p>\t\t\t\t\t\t\t\t<\/div>\n\t\t\t\t<\/div>\n\t\t\t\t<div class=\"elementor-element elementor-element-8a7e0dd elementor-widget elementor-widget-button\" data-id=\"8a7e0dd\" data-element_type=\"widget\" data-e-type=\"widget\" data-widget_type=\"button.default\">\n\t\t\t\t<div class=\"elementor-widget-container\">\n\t\t\t\t\t\t\t\t\t<div class=\"elementor-button-wrapper\">\n\t\t\t\t\t<a class=\"elementor-button elementor-button-link elementor-size-sm\" href=\"https:\/\/cubeconcepts.de\/es\/empresa\/pongase-en-contacto-con\/projektanfrage\/\" target=\"_blank\">\n\t\t\t\t\t\t<span class=\"elementor-button-content-wrapper\">\n\t\t\t\t\t\t\t\t\t<span class=\"elementor-button-text\">Solicitud de proyecto<\/span>\n\t\t\t\t\t<\/span>\n\t\t\t\t\t<\/a>\n\t\t\t\t<\/div>\n\t\t\t\t\t\t\t\t<\/div>\n\t\t\t\t<\/div>\n\t\t\t\t\t<\/div>\n\t\t<\/div>\n\t\t\t\t\t<\/div>\n\t\t<\/section>\n\t\t\t\t<section class=\"elementor-section elementor-top-section elementor-element elementor-element-14c84b2 elementor-section-boxed elementor-section-height-default elementor-section-height-default\" data-id=\"14c84b2\" data-element_type=\"section\" data-e-type=\"section\">\n\t\t\t\t\t\t<div class=\"elementor-container elementor-column-gap-default\">\n\t\t\t\t\t<div class=\"elementor-column elementor-col-100 elementor-top-column elementor-element elementor-element-1d60b1c\" data-id=\"1d60b1c\" data-element_type=\"column\" data-e-type=\"column\">\n\t\t\t<div class=\"elementor-widget-wrap\">\n\t\t\t\t\t\t\t<\/div>\n\t\t<\/div>\n\t\t\t\t\t<\/div>\n\t\t<\/section>\n\t\t\t\t<section class=\"elementor-section elementor-top-section elementor-element elementor-element-196cc275 elementor-section-boxed elementor-section-height-default elementor-section-height-default\" data-id=\"196cc275\" data-element_type=\"section\" data-e-type=\"section\">\n\t\t\t\t\t\t<div class=\"elementor-container elementor-column-gap-default\">\n\t\t\t\t\t<div class=\"elementor-column elementor-col-100 elementor-top-column elementor-element elementor-element-38e1a8f9\" data-id=\"38e1a8f9\" data-element_type=\"column\" data-e-type=\"column\">\n\t\t\t<div class=\"elementor-widget-wrap elementor-element-populated\">\n\t\t\t\t\t\t<div class=\"elementor-element elementor-element-8467ab elementor-widget elementor-widget-spacer\" data-id=\"8467ab\" data-element_type=\"widget\" data-e-type=\"widget\" data-widget_type=\"spacer.default\">\n\t\t\t\t<div class=\"elementor-widget-container\">\n\t\t\t\t\t\t\t<div class=\"elementor-spacer\">\n\t\t\t<div class=\"elementor-spacer-inner\"><\/div>\n\t\t<\/div>\n\t\t\t\t\t\t<\/div>\n\t\t\t\t<\/div>\n\t\t\t\t\t<\/div>\n\t\t<\/div>\n\t\t\t\t\t<\/div>\n\t\t<\/section>\n\t\t<div class=\"elementor-element elementor-element-7eb23399 e-flex e-con-boxed e-con e-parent\" data-id=\"7eb23399\" data-element_type=\"container\" data-e-type=\"container\">\n\t\t\t\t\t<div class=\"e-con-inner\">\n\t\t<div class=\"elementor-element elementor-element-775f44b3 e-con-full e-flex e-con e-child\" data-id=\"775f44b3\" data-element_type=\"container\" data-e-type=\"container\" data-settings=\"{&quot;background_background&quot;:&quot;classic&quot;}\">\n\t\t<div class=\"elementor-element elementor-element-7bd3ff e-con-full e-flex e-con e-child\" data-id=\"7bd3ff\" data-element_type=\"container\" data-e-type=\"container\">\n\t\t\t\t<div class=\"elementor-element elementor-element-5b0ed6ed elementor-widget elementor-widget-heading\" data-id=\"5b0ed6ed\" data-element_type=\"widget\" data-e-type=\"widget\" data-widget_type=\"heading.default\">\n\t\t\t\t<div class=\"elementor-widget-container\">\n\t\t\t\t\t<h2 class=\"elementor-heading-title elementor-size-default\">Centro de descargas<\/h2>\t\t\t\t<\/div>\n\t\t\t\t<\/div>\n\t\t\t\t<div class=\"elementor-element elementor-element-69c66d2d elementor-widget elementor-widget-spacer\" data-id=\"69c66d2d\" data-element_type=\"widget\" data-e-type=\"widget\" data-widget_type=\"spacer.default\">\n\t\t\t\t<div class=\"elementor-widget-container\">\n\t\t\t\t\t\t\t<div class=\"elementor-spacer\">\n\t\t\t<div class=\"elementor-spacer-inner\"><\/div>\n\t\t<\/div>\n\t\t\t\t\t\t<\/div>\n\t\t\t\t<\/div>\n\t\t\t\t<div class=\"elementor-element elementor-element-7eba67d1 elementor-widget elementor-widget-text-editor\" data-id=\"7eba67d1\" data-element_type=\"widget\" data-e-type=\"widget\" data-widget_type=\"text-editor.default\">\n\t\t\t\t<div class=\"elementor-widget-container\">\n\t\t\t\t\t\t\t\t\t<p>Su centro de conocimientos para proyectos energ\u00e9ticos eficientes<\/p><p><strong>Acceso directo a todos:<\/strong><\/p><p>\u2713 Folletos para obtener m\u00e1s informaci\u00f3n<\/p><p>\u2713 Libro blanco con informaci\u00f3n privilegiada sobre temas energ\u00e9ticos\u00a0<\/p><p>Seminarios web con grabaciones y documentos<\/p>\t\t\t\t\t\t\t\t<\/div>\n\t\t\t\t<\/div>\n\t\t\t\t<div class=\"elementor-element elementor-element-14c0dbf elementor-widget elementor-widget-spacer\" data-id=\"14c0dbf\" data-element_type=\"widget\" data-e-type=\"widget\" data-widget_type=\"spacer.default\">\n\t\t\t\t<div class=\"elementor-widget-container\">\n\t\t\t\t\t\t\t<div class=\"elementor-spacer\">\n\t\t\t<div class=\"elementor-spacer-inner\"><\/div>\n\t\t<\/div>\n\t\t\t\t\t\t<\/div>\n\t\t\t\t<\/div>\n\t\t\t\t<div class=\"elementor-element elementor-element-1747dba0 elementor-widget elementor-widget-button\" data-id=\"1747dba0\" data-element_type=\"widget\" data-e-type=\"widget\" data-widget_type=\"button.default\">\n\t\t\t\t<div class=\"elementor-widget-container\">\n\t\t\t\t\t\t\t\t\t<div class=\"elementor-button-wrapper\">\n\t\t\t\t\t<a class=\"elementor-button elementor-button-link elementor-size-sm\" href=\"https:\/\/cubeconcepts.de\/es\/folletos\/\">\n\t\t\t\t\t\t<span class=\"elementor-button-content-wrapper\">\n\t\t\t\t\t\t\t\t\t<span class=\"elementor-button-text\">Desc\u00fabrelo ahora<\/span>\n\t\t\t\t\t<\/span>\n\t\t\t\t\t<\/a>\n\t\t\t\t<\/div>\n\t\t\t\t\t\t\t\t<\/div>\n\t\t\t\t<\/div>\n\t\t\t\t<\/div>\n\t\t<div class=\"elementor-element elementor-element-3da1dc11 e-con-full e-flex e-con e-child\" data-id=\"3da1dc11\" data-element_type=\"container\" data-e-type=\"container\">\n\t\t\t\t<div class=\"elementor-element elementor-element-5c61099 elementor-widget elementor-widget-image\" data-id=\"5c61099\" data-element_type=\"widget\" data-e-type=\"widget\" data-widget_type=\"image.default\">\n\t\t\t\t<div class=\"elementor-widget-container\">\n\t\t\t\t\t\t\t\t\t\t\t\t\t\t\t<img decoding=\"async\" width=\"800\" height=\"428\" src=\"https:\/\/cubeconcepts.de\/wp-content\/uploads\/2024\/11\/Mockup_Download-Center-1024x548.png\" class=\"attachment-large size-large wp-image-18101\" alt=\"\" srcset=\"https:\/\/cubeconcepts.de\/wp-content\/uploads\/2024\/11\/Mockup_Download-Center-1024x548.png 1024w, https:\/\/cubeconcepts.de\/wp-content\/uploads\/2024\/11\/Mockup_Download-Center-300x160.png 300w, https:\/\/cubeconcepts.de\/wp-content\/uploads\/2024\/11\/Mockup_Download-Center-768x411.png 768w, https:\/\/cubeconcepts.de\/wp-content\/uploads\/2024\/11\/Mockup_Download-Center-1536x821.png 1536w, https:\/\/cubeconcepts.de\/wp-content\/uploads\/2024\/11\/Mockup_Download-Center.png 1687w\" sizes=\"(max-width: 800px) 100vw, 800px\" \/>\t\t\t\t\t\t\t\t\t\t\t\t\t\t\t<\/div>\n\t\t\t\t<\/div>\n\t\t\t\t<\/div>\n\t\t\t\t<\/div>\n\t\t\t\t\t<\/div>\n\t\t\t\t<\/div>\n\t\t\t\t<\/div>","protected":false},"excerpt":{"rendered":"<p>Photovoltaik FAQ &#8211; Antworten auf Ihre Fragen Expertenantworten zu den wichtigsten PV-Themen Sie planen eine gewerbliche Photovoltaikanlage und haben Fragen zu unserm Angebot? Hier in den Photovoltaik FAQ haben wir einige Antworten zu den h\u00e4ufigsten Fragen f\u00fcr Sie zusammengestellt. Wenn Ihre Frage noch nicht beantwortet ist oder Sie eine fachliche Expertenmeinung f\u00fcr ein konkretes Projekt [&hellip;]<\/p>\n","protected":false},"author":131,"featured_media":0,"parent":5637,"menu_order":0,"comment_status":"closed","ping_status":"closed","template":"","meta":{"_acf_changed":false,"footnotes":""},"class_list":["post-729","page","type-page","status-publish","hentry"],"acf":[],"yoast_head":"<!-- This site is optimized with the Yoast SEO plugin v27.4 - https:\/\/yoast.com\/product\/yoast-seo-wordpress\/ -->\n<title>Photovoltaik FAQ | CUBE CONCEPTS<\/title>\n<meta name=\"description\" content=\"Photovoltaik FAQ: Hier gibt es Antworten auf Fragen zu gewerblichen Solaranlagen, die den Experten von CUBE CONCEPTS oft gestellt werden.\" \/>\n<meta name=\"robots\" content=\"index, follow, max-snippet:-1, max-image-preview:large, max-video-preview:-1\" \/>\n<link rel=\"canonical\" href=\"https:\/\/cubeconcepts.de\/es\/energiewissen\/photovoltaik-faq\/\" \/>\n<meta property=\"og:locale\" content=\"es_ES\" \/>\n<meta property=\"og:type\" content=\"article\" \/>\n<meta property=\"og:title\" content=\"Photovoltaik FAQ | CUBE CONCEPTS\" \/>\n<meta property=\"og:description\" content=\"Photovoltaik FAQ: Hier gibt es Antworten auf Fragen zu gewerblichen Solaranlagen, die den Experten von CUBE CONCEPTS oft gestellt werden.\" \/>\n<meta property=\"og:url\" content=\"https:\/\/cubeconcepts.de\/es\/energiewissen\/photovoltaik-faq\/\" \/>\n<meta property=\"og:site_name\" content=\"CUBE CONCEPTS\" \/>\n<meta property=\"article:modified_time\" content=\"2024-11-07T13:40:15+00:00\" \/>\n<meta property=\"og:image\" content=\"https:\/\/cubeconcepts.de\/wp-content\/uploads\/2023\/01\/Photovoltaik-FAQ-2.jpg\" \/>\n\t<meta property=\"og:image:width\" content=\"1464\" \/>\n\t<meta property=\"og:image:height\" content=\"680\" \/>\n\t<meta property=\"og:image:type\" content=\"image\/jpeg\" \/>\n<meta name=\"twitter:card\" content=\"summary_large_image\" \/>\n<meta name=\"twitter:label1\" content=\"Tiempo de lectura\" \/>\n\t<meta name=\"twitter:data1\" content=\"8 minutos\" \/>\n<script type=\"application\/ld+json\" class=\"yoast-schema-graph\">{\"@context\":\"https:\\\/\\\/schema.org\",\"@graph\":[{\"@type\":\"WebPage\",\"@id\":\"https:\\\/\\\/cubeconcepts.de\\\/energiewissen\\\/photovoltaik-faq\\\/\",\"url\":\"https:\\\/\\\/cubeconcepts.de\\\/energiewissen\\\/photovoltaik-faq\\\/\",\"name\":\"Photovoltaik FAQ | CUBE CONCEPTS\",\"isPartOf\":{\"@id\":\"https:\\\/\\\/cubeconcepts.de\\\/#website\"},\"primaryImageOfPage\":{\"@id\":\"https:\\\/\\\/cubeconcepts.de\\\/energiewissen\\\/photovoltaik-faq\\\/#primaryimage\"},\"image\":{\"@id\":\"https:\\\/\\\/cubeconcepts.de\\\/energiewissen\\\/photovoltaik-faq\\\/#primaryimage\"},\"thumbnailUrl\":\"https:\\\/\\\/cubeconcepts.de\\\/wp-content\\\/uploads\\\/2023\\\/01\\\/Photovoltaik-FAQ-2-1024x476.jpg\",\"datePublished\":\"2023-01-19T00:43:54+00:00\",\"dateModified\":\"2024-11-07T13:40:15+00:00\",\"description\":\"Photovoltaik FAQ: Hier gibt es Antworten auf Fragen zu gewerblichen Solaranlagen, die den Experten von CUBE CONCEPTS oft gestellt werden.\",\"breadcrumb\":{\"@id\":\"https:\\\/\\\/cubeconcepts.de\\\/energiewissen\\\/photovoltaik-faq\\\/#breadcrumb\"},\"inLanguage\":\"es\",\"potentialAction\":[{\"@type\":\"ReadAction\",\"target\":[\"https:\\\/\\\/cubeconcepts.de\\\/energiewissen\\\/photovoltaik-faq\\\/\"]}]},{\"@type\":\"ImageObject\",\"inLanguage\":\"es\",\"@id\":\"https:\\\/\\\/cubeconcepts.de\\\/energiewissen\\\/photovoltaik-faq\\\/#primaryimage\",\"url\":\"https:\\\/\\\/cubeconcepts.de\\\/wp-content\\\/uploads\\\/2023\\\/01\\\/Photovoltaik-FAQ-2-1024x476.jpg\",\"contentUrl\":\"https:\\\/\\\/cubeconcepts.de\\\/wp-content\\\/uploads\\\/2023\\\/01\\\/Photovoltaik-FAQ-2-1024x476.jpg\"},{\"@type\":\"BreadcrumbList\",\"@id\":\"https:\\\/\\\/cubeconcepts.de\\\/energiewissen\\\/photovoltaik-faq\\\/#breadcrumb\",\"itemListElement\":[{\"@type\":\"ListItem\",\"position\":1,\"name\":\"Startseite\",\"item\":\"https:\\\/\\\/cubeconcepts.de\\\/\"},{\"@type\":\"ListItem\",\"position\":2,\"name\":\"Energiewissen\",\"item\":\"https:\\\/\\\/cubeconcepts.de\\\/energiewissen\\\/\"},{\"@type\":\"ListItem\",\"position\":3,\"name\":\"Photovoltaik FAQ\"}]},{\"@type\":\"WebSite\",\"@id\":\"https:\\\/\\\/cubeconcepts.de\\\/#website\",\"url\":\"https:\\\/\\\/cubeconcepts.de\\\/\",\"name\":\"CUBE CONCEPTS\",\"description\":\"Ihr PV-Architekt &amp; Full-Service-Partner f\u00fcr\",\"publisher\":{\"@id\":\"https:\\\/\\\/cubeconcepts.de\\\/#organization\"},\"potentialAction\":[{\"@type\":\"SearchAction\",\"target\":{\"@type\":\"EntryPoint\",\"urlTemplate\":\"https:\\\/\\\/cubeconcepts.de\\\/?s={search_term_string}\"},\"query-input\":{\"@type\":\"PropertyValueSpecification\",\"valueRequired\":true,\"valueName\":\"search_term_string\"}}],\"inLanguage\":\"es\"},{\"@type\":\"Organization\",\"@id\":\"https:\\\/\\\/cubeconcepts.de\\\/#organization\",\"name\":\"CUBE CONCEPTS\",\"url\":\"https:\\\/\\\/cubeconcepts.de\\\/\",\"logo\":{\"@type\":\"ImageObject\",\"inLanguage\":\"es\",\"@id\":\"https:\\\/\\\/cubeconcepts.de\\\/#\\\/schema\\\/logo\\\/image\\\/\",\"url\":\"https:\\\/\\\/cubeconcepts.de\\\/wp-content\\\/uploads\\\/2023\\\/01\\\/CUBE_CONCEPT-Logo.png\",\"contentUrl\":\"https:\\\/\\\/cubeconcepts.de\\\/wp-content\\\/uploads\\\/2023\\\/01\\\/CUBE_CONCEPT-Logo.png\",\"width\":644,\"height\":207,\"caption\":\"CUBE CONCEPTS\"},\"image\":{\"@id\":\"https:\\\/\\\/cubeconcepts.de\\\/#\\\/schema\\\/logo\\\/image\\\/\"}}]}<\/script>\n<!-- \/ Yoast SEO plugin. -->","yoast_head_json":{"title":"Photovoltaik FAQ | CUBE CONCEPTS","description":"Photovoltaik FAQ: Hier gibt es Antworten auf Fragen zu gewerblichen Solaranlagen, die den Experten von CUBE CONCEPTS oft gestellt werden.","robots":{"index":"index","follow":"follow","max-snippet":"max-snippet:-1","max-image-preview":"max-image-preview:large","max-video-preview":"max-video-preview:-1"},"canonical":"https:\/\/cubeconcepts.de\/es\/energiewissen\/photovoltaik-faq\/","og_locale":"es_ES","og_type":"article","og_title":"Photovoltaik FAQ | CUBE CONCEPTS","og_description":"Photovoltaik FAQ: Hier gibt es Antworten auf Fragen zu gewerblichen Solaranlagen, die den Experten von CUBE CONCEPTS oft gestellt werden.","og_url":"https:\/\/cubeconcepts.de\/es\/energiewissen\/photovoltaik-faq\/","og_site_name":"CUBE CONCEPTS","article_modified_time":"2024-11-07T13:40:15+00:00","og_image":[{"width":1464,"height":680,"url":"https:\/\/cubeconcepts.de\/wp-content\/uploads\/2023\/01\/Photovoltaik-FAQ-2.jpg","type":"image\/jpeg"}],"twitter_card":"summary_large_image","twitter_misc":{"Tiempo de lectura":"8 minutos"},"schema":{"@context":"https:\/\/schema.org","@graph":[{"@type":"WebPage","@id":"https:\/\/cubeconcepts.de\/energiewissen\/photovoltaik-faq\/","url":"https:\/\/cubeconcepts.de\/energiewissen\/photovoltaik-faq\/","name":"Photovoltaik FAQ | CUBE CONCEPTS","isPartOf":{"@id":"https:\/\/cubeconcepts.de\/#website"},"primaryImageOfPage":{"@id":"https:\/\/cubeconcepts.de\/energiewissen\/photovoltaik-faq\/#primaryimage"},"image":{"@id":"https:\/\/cubeconcepts.de\/energiewissen\/photovoltaik-faq\/#primaryimage"},"thumbnailUrl":"https:\/\/cubeconcepts.de\/wp-content\/uploads\/2023\/01\/Photovoltaik-FAQ-2-1024x476.jpg","datePublished":"2023-01-19T00:43:54+00:00","dateModified":"2024-11-07T13:40:15+00:00","description":"Photovoltaik FAQ: Hier gibt es Antworten auf Fragen zu gewerblichen Solaranlagen, die den Experten von CUBE CONCEPTS oft gestellt werden.","breadcrumb":{"@id":"https:\/\/cubeconcepts.de\/energiewissen\/photovoltaik-faq\/#breadcrumb"},"inLanguage":"es","potentialAction":[{"@type":"ReadAction","target":["https:\/\/cubeconcepts.de\/energiewissen\/photovoltaik-faq\/"]}]},{"@type":"ImageObject","inLanguage":"es","@id":"https:\/\/cubeconcepts.de\/energiewissen\/photovoltaik-faq\/#primaryimage","url":"https:\/\/cubeconcepts.de\/wp-content\/uploads\/2023\/01\/Photovoltaik-FAQ-2-1024x476.jpg","contentUrl":"https:\/\/cubeconcepts.de\/wp-content\/uploads\/2023\/01\/Photovoltaik-FAQ-2-1024x476.jpg"},{"@type":"BreadcrumbList","@id":"https:\/\/cubeconcepts.de\/energiewissen\/photovoltaik-faq\/#breadcrumb","itemListElement":[{"@type":"ListItem","position":1,"name":"Startseite","item":"https:\/\/cubeconcepts.de\/"},{"@type":"ListItem","position":2,"name":"Energiewissen","item":"https:\/\/cubeconcepts.de\/energiewissen\/"},{"@type":"ListItem","position":3,"name":"Photovoltaik FAQ"}]},{"@type":"WebSite","@id":"https:\/\/cubeconcepts.de\/#website","url":"https:\/\/cubeconcepts.de\/","name":"CONCEPTOS DE CUBO","description":"Su arquitecto fotovoltaico y socio de servicios integrales para","publisher":{"@id":"https:\/\/cubeconcepts.de\/#organization"},"potentialAction":[{"@type":"SearchAction","target":{"@type":"EntryPoint","urlTemplate":"https:\/\/cubeconcepts.de\/?s={search_term_string}"},"query-input":{"@type":"PropertyValueSpecification","valueRequired":true,"valueName":"search_term_string"}}],"inLanguage":"es"},{"@type":"Organization","@id":"https:\/\/cubeconcepts.de\/#organization","name":"CONCEPTOS DE CUBO","url":"https:\/\/cubeconcepts.de\/","logo":{"@type":"ImageObject","inLanguage":"es","@id":"https:\/\/cubeconcepts.de\/#\/schema\/logo\/image\/","url":"https:\/\/cubeconcepts.de\/wp-content\/uploads\/2023\/01\/CUBE_CONCEPT-Logo.png","contentUrl":"https:\/\/cubeconcepts.de\/wp-content\/uploads\/2023\/01\/CUBE_CONCEPT-Logo.png","width":644,"height":207,"caption":"CUBE CONCEPTS"},"image":{"@id":"https:\/\/cubeconcepts.de\/#\/schema\/logo\/image\/"}}]}},"_links":{"self":[{"href":"https:\/\/cubeconcepts.de\/es\/wp-json\/wp\/v2\/pages\/729","targetHints":{"allow":["GET"]}}],"collection":[{"href":"https:\/\/cubeconcepts.de\/es\/wp-json\/wp\/v2\/pages"}],"about":[{"href":"https:\/\/cubeconcepts.de\/es\/wp-json\/wp\/v2\/types\/page"}],"author":[{"embeddable":true,"href":"https:\/\/cubeconcepts.de\/es\/wp-json\/wp\/v2\/users\/131"}],"replies":[{"embeddable":true,"href":"https:\/\/cubeconcepts.de\/es\/wp-json\/wp\/v2\/comments?post=729"}],"version-history":[{"count":0,"href":"https:\/\/cubeconcepts.de\/es\/wp-json\/wp\/v2\/pages\/729\/revisions"}],"up":[{"embeddable":true,"href":"https:\/\/cubeconcepts.de\/es\/wp-json\/wp\/v2\/pages\/5637"}],"wp:attachment":[{"href":"https:\/\/cubeconcepts.de\/es\/wp-json\/wp\/v2\/media?parent=729"}],"curies":[{"name":"wp","href":"https:\/\/api.w.org\/{rel}","templated":true}]}}