{"id":723,"date":"2023-01-19T01:42:40","date_gmt":"2023-01-19T00:42:40","guid":{"rendered":"https:\/\/v2.cubeconcepts.de\/?page_id=723"},"modified":"2026-08-20T13:39:22","modified_gmt":"2026-08-20T11:39:22","slug":"noticias","status":"publish","type":"page","link":"https:\/\/cubeconcepts.de\/es\/wissen\/news\/","title":{"rendered":"Noticias"},"content":{"rendered":"<div data-elementor-type=\"wp-page\" data-elementor-id=\"723\" class=\"elementor elementor-723\" data-elementor-post-type=\"page\">\n\t\t\t\t\t\t<section class=\"elementor-section elementor-top-section elementor-element elementor-element-af246b3 elementor-section-height-min-height elementor-section-items-stretch elementor-section-content-middle elementor-section-boxed elementor-section-height-default\" data-id=\"af246b3\" data-element_type=\"section\" data-e-type=\"section\" data-settings=\"{&quot;background_background&quot;:&quot;classic&quot;}\">\n\t\t\t\t\t\t\t<div class=\"elementor-background-overlay\"><\/div>\n\t\t\t\t\t\t\t<div class=\"elementor-container elementor-column-gap-no\">\n\t\t\t\t\t<div class=\"elementor-column elementor-col-100 elementor-top-column elementor-element elementor-element-5a38aa9\" data-id=\"5a38aa9\" data-element_type=\"column\" data-e-type=\"column\">\n\t\t\t<div class=\"elementor-widget-wrap elementor-element-populated\">\n\t\t\t\t\t\t<div class=\"elementor-element elementor-element-66bde97 elementor-widget elementor-widget-heading\" data-id=\"66bde97\" data-element_type=\"widget\" data-e-type=\"widget\" data-widget_type=\"heading.default\">\n\t\t\t\t<div class=\"elementor-widget-container\">\n\t\t\t\t\t<p class=\"elementor-heading-title elementor-size-default\">Sala de redacci\u00f3n<\/p>\t\t\t\t<\/div>\n\t\t\t\t<\/div>\n\t\t\t\t<div class=\"elementor-element elementor-element-f55da3c elementor-widget__width-initial elementor-widget elementor-widget-heading\" data-id=\"f55da3c\" data-element_type=\"widget\" data-e-type=\"widget\" data-widget_type=\"heading.default\">\n\t\t\t\t<div class=\"elementor-widget-container\">\n\t\t\t\t\t<h1 class=\"elementor-heading-title elementor-size-default\">Noticias<\/h1>\t\t\t\t<\/div>\n\t\t\t\t<\/div>\n\t\t\t\t<div class=\"elementor-element elementor-element-0d3c80f elementor-widget__width-initial elementor-widget elementor-widget-heading\" data-id=\"0d3c80f\" data-element_type=\"widget\" data-e-type=\"widget\" data-widget_type=\"heading.default\">\n\t\t\t\t<div class=\"elementor-widget-container\">\n\t\t\t\t\t<p class=\"elementor-heading-title elementor-size-default\">\u00daltimas noticias del mercado energ\u00e9tico, sobre eventos y de la empresa: todo sobre sistemas de almacenamiento de bater\u00edas industriales y energ\u00eda fotovoltaica.<\/p>\t\t\t\t<\/div>\n\t\t\t\t<\/div>\n\t\t\t\t\t<\/div>\n\t\t<\/div>\n\t\t\t\t\t<\/div>\n\t\t<\/section>\n\t\t\t\t<section class=\"elementor-section elementor-top-section elementor-element elementor-element-0ef3b34 elementor-section-boxed elementor-section-height-default elementor-section-height-default\" data-id=\"0ef3b34\" data-element_type=\"section\" data-e-type=\"section\">\n\t\t\t\t\t\t<div class=\"elementor-container elementor-column-gap-no\">\n\t\t\t\t\t<div class=\"elementor-column elementor-col-100 elementor-top-column elementor-element elementor-element-7a707d7 animated-slow elementor-invisible\" data-id=\"7a707d7\" data-element_type=\"column\" data-e-type=\"column\" data-settings=\"{&quot;animation&quot;:&quot;fadeIn&quot;}\">\n\t\t\t<div class=\"elementor-widget-wrap elementor-element-populated\">\n\t\t\t\t\t\t<div class=\"elementor-element elementor-element-69ada55 elementor-widget elementor-widget-heading\" data-id=\"69ada55\" data-element_type=\"widget\" data-e-type=\"widget\" data-widget_type=\"heading.default\">\n\t\t\t\t<div class=\"elementor-widget-container\">\n\t\t\t\t\t<p class=\"elementor-heading-title elementor-size-default\">Actual<\/p>\t\t\t\t<\/div>\n\t\t\t\t<\/div>\n\t\t\t\t<div class=\"elementor-element elementor-element-82e37bc elementor-grid-1 elementor-posts--thumbnail-left elementor-grid-tablet-1 elementor-grid-mobile-1 elementor-widget elementor-widget-posts\" data-id=\"82e37bc\" data-element_type=\"widget\" data-e-type=\"widget\" data-settings=\"{&quot;classic_columns&quot;:&quot;1&quot;,&quot;classic_columns_tablet&quot;:&quot;1&quot;,&quot;classic_columns_mobile&quot;:&quot;1&quot;,&quot;classic_row_gap&quot;:{&quot;unit&quot;:&quot;px&quot;,&quot;size&quot;:35,&quot;sizes&quot;:[]},&quot;classic_row_gap_tablet&quot;:{&quot;unit&quot;:&quot;px&quot;,&quot;size&quot;:&quot;&quot;,&quot;sizes&quot;:[]},&quot;classic_row_gap_mobile&quot;:{&quot;unit&quot;:&quot;px&quot;,&quot;size&quot;:&quot;&quot;,&quot;sizes&quot;:[]}}\" data-widget_type=\"posts.classic\">\n\t\t\t\t<div class=\"elementor-widget-container\">\n\t\t\t\t\t\t\t<div class=\"elementor-posts-container elementor-posts elementor-posts--skin-classic elementor-grid\" role=\"list\">\n\t\t\t\t<article class=\"elementor-post elementor-grid-item post-33279 post type-post status-publish format-standard has-post-thumbnail hentry category-solar-news\" role=\"listitem\">\n\t\t\t\t<a class=\"elementor-post__thumbnail__link\" href=\"https:\/\/cubeconcepts.de\/es\/reifegradverfahren-fuer-bess-projekte-erreicht-die-verteilnetze\/\" tabindex=\"-1\" >\n\t\t\t<div class=\"elementor-post__thumbnail\"><img fetchpriority=\"high\" decoding=\"async\" width=\"960\" height=\"720\" src=\"https:\/\/cubeconcepts.de\/wp-content\/uploads\/2026\/08\/Reifegradverfahren-Verteilnetze.jpg\" class=\"attachment-1536x1536 size-1536x1536 wp-image-33284\" alt=\"Procesos de madurez para redes de distribuci\u00f3n\" srcset=\"https:\/\/cubeconcepts.de\/wp-content\/uploads\/2026\/08\/Reifegradverfahren-Verteilnetze.jpg 960w, https:\/\/cubeconcepts.de\/wp-content\/uploads\/2026\/08\/Reifegradverfahren-Verteilnetze-300x225.jpg 300w, https:\/\/cubeconcepts.de\/wp-content\/uploads\/2026\/08\/Reifegradverfahren-Verteilnetze-768x576.jpg 768w, https:\/\/cubeconcepts.de\/wp-content\/uploads\/2026\/08\/Reifegradverfahren-Verteilnetze-16x12.jpg 16w\" sizes=\"(max-width: 960px) 100vw, 960px\" \/><\/div>\n\t\t<\/a>\n\t\t\t\t<div class=\"elementor-post__text\">\n\t\t\t\t<h3 class=\"elementor-post__title\">\n\t\t\t<a href=\"https:\/\/cubeconcepts.de\/es\/reifegradverfahren-fuer-bess-projekte-erreicht-die-verteilnetze\/\" >\n\t\t\t\tEl procedimiento de madurez para proyectos BESS llega a las redes de distribuci\u00f3n\t\t\t<\/a>\n\t\t<\/h3>\n\t\t\t\t<div class=\"elementor-post__meta-data\">\n\t\t\t\t\t<span class=\"elementor-post-date\">\n\t\t\t18 de agosto de 2026\t\t<\/span>\n\t\t\t\t<\/div>\n\t\t\t\t<div class=\"elementor-post__excerpt\">\n\t\t\t<p>Con Netze BW, un gran operador de red de distribuci\u00f3n introduce por primera vez un procedimiento de adjudicaci\u00f3n basado en puntos para conexiones a la red a partir de 950 kW. Para los desarrolladores de proyectos esto significa: la superficie, los permisos y la planificaci\u00f3n t\u00e9cnica deben ser s\u00f3lidos a su debido tiempo; la primera ventana de solicitud se abre ya en noviembre de 2026.<\/p>\n\t\t<\/div>\n\t\t\n\t\t<a class=\"elementor-post__read-more\" href=\"https:\/\/cubeconcepts.de\/es\/reifegradverfahren-fuer-bess-projekte-erreicht-die-verteilnetze\/\" aria-label=\"M\u00e1s informaci\u00f3n sobre Reifegradverfahren f\u00fcr BESS-Projekte erreicht Verteilnetze\" tabindex=\"-1\" >\n\t\t\tLeer m\u00e1s \"\t\t<\/a>\n\n\t\t\t\t<\/div>\n\t\t\t\t<\/article>\n\t\t\t\t<\/div>\n\t\t\n\t\t\t\t\t\t<\/div>\n\t\t\t\t<\/div>\n\t\t\t\t\t<\/div>\n\t\t<\/div>\n\t\t\t\t\t<\/div>\n\t\t<\/section>\n\t\t\t\t<section class=\"elementor-section elementor-top-section elementor-element elementor-element-847ff60 elementor-section-boxed elementor-section-height-default elementor-section-height-default\" data-id=\"847ff60\" data-element_type=\"section\" data-e-type=\"section\">\n\t\t\t\t\t\t<div class=\"elementor-container elementor-column-gap-default\">\n\t\t\t\t\t<div class=\"elementor-column elementor-col-100 elementor-top-column elementor-element elementor-element-ebdb297\" data-id=\"ebdb297\" data-element_type=\"column\" data-e-type=\"column\">\n\t\t\t<div class=\"elementor-widget-wrap elementor-element-populated\">\n\t\t\t\t\t\t<div class=\"elementor-element elementor-element-cef543c elementor-widget elementor-widget-spacer\" data-id=\"cef543c\" data-element_type=\"widget\" data-e-type=\"widget\" data-widget_type=\"spacer.default\">\n\t\t\t\t<div class=\"elementor-widget-container\">\n\t\t\t\t\t\t\t<div class=\"elementor-spacer\">\n\t\t\t<div class=\"elementor-spacer-inner\"><\/div>\n\t\t<\/div>\n\t\t\t\t\t\t<\/div>\n\t\t\t\t<\/div>\n\t\t\t\t\t<\/div>\n\t\t<\/div>\n\t\t\t\t\t<\/div>\n\t\t<\/section>\n\t\t<div class=\"elementor-element elementor-element-f8d5acb e-flex e-con-boxed elementor-invisible e-con e-parent\" data-id=\"f8d5acb\" data-element_type=\"container\" data-e-type=\"container\" data-settings=\"{&quot;animation&quot;:&quot;fadeIn&quot;,&quot;background_background&quot;:&quot;classic&quot;}\">\n\t\t\t\t\t<div class=\"e-con-inner\">\n\t\t\t\t<div class=\"elementor-element elementor-element-0603f81 e-n-tabs-mobile elementor-widget elementor-widget-n-tabs\" data-id=\"0603f81\" data-element_type=\"widget\" data-e-type=\"widget\" data-settings=\"{&quot;tabs_justify_horizontal&quot;:&quot;center&quot;,&quot;horizontal_scroll&quot;:&quot;disable&quot;}\" data-widget_type=\"nested-tabs.default\">\n\t\t\t\t<div class=\"elementor-widget-container\">\n\t\t\t\t\t\t\t<div class=\"e-n-tabs\" data-widget-number=\"6307713\" aria-label=\"Pesta\u00f1as. Abre elementos con Intro o Espacio, ci\u00e9rralos con Escape y navega con las fechas.\">\n\t\t\t<div class=\"e-n-tabs-heading\" role=\"tablist\">\n\t\t\t\t\t<button id=\"e-n-tab-title-63077131\" data-tab-title-id=\"e-n-tab-title-63077131\" class=\"e-n-tab-title\" aria-selected=\"true\" data-tab-index=\"1\" role=\"tab\" tabindex=\"0\" aria-controls=\"e-n-tab-content-63077131\" style=\"--n-tabs-title-order: 1;\">\n\t\t\t\t\t\t<span class=\"e-n-tab-title-text\">\n\t\t\t\tTodos\t\t\t<\/span>\n\t\t<\/button>\n\t\t\t\t<button id=\"e-n-tab-title-63077132\" data-tab-title-id=\"e-n-tab-title-63077132\" class=\"e-n-tab-title\" aria-selected=\"false\" data-tab-index=\"2\" role=\"tab\" tabindex=\"-1\" aria-controls=\"e-n-tab-content-63077132\" style=\"--n-tabs-title-order: 2;\">\n\t\t\t\t\t\t<span class=\"e-n-tab-title-text\">\n\t\t\t\tNoticias del mercado energ\u00e9tico\t\t\t<\/span>\n\t\t<\/button>\n\t\t\t\t<button id=\"e-n-tab-title-63077133\" data-tab-title-id=\"e-n-tab-title-63077133\" class=\"e-n-tab-title\" aria-selected=\"false\" data-tab-index=\"3\" role=\"tab\" tabindex=\"-1\" aria-controls=\"e-n-tab-content-63077133\" style=\"--n-tabs-title-order: 3;\">\n\t\t\t\t\t\t<span class=\"e-n-tab-title-text\">\n\t\t\t\tNoticias CUBE CONCEPTS\t\t\t<\/span>\n\t\t<\/button>\n\t\t\t\t<button id=\"e-n-tab-title-63077134\" data-tab-title-id=\"e-n-tab-title-63077134\" class=\"e-n-tab-title\" aria-selected=\"false\" data-tab-index=\"4\" role=\"tab\" tabindex=\"-1\" aria-controls=\"e-n-tab-content-63077134\" style=\"--n-tabs-title-order: 4;\">\n\t\t\t\t\t\t<span class=\"e-n-tab-title-text\">\n\t\t\t\tProyectos de clientes\t\t\t<\/span>\n\t\t<\/button>\n\t\t\t\t\t<\/div>\n\t\t\t<div class=\"e-n-tabs-content\">\n\t\t\t\t<div id=\"e-n-tab-content-63077131\" role=\"tabpanel\" aria-labelledby=\"e-n-tab-title-63077131\" data-tab-index=\"1\" style=\"--n-tabs-title-order: 1;\" class=\"e-active elementor-element elementor-element-b720257 e-con-full e-flex e-con e-child\" data-id=\"b720257\" data-element_type=\"container\" data-e-type=\"container\">\n\t\t\t\t<div class=\"elementor-element elementor-element-ce481d2 elementor-grid-3 elementor-grid-tablet-2 elementor-grid-mobile-1 elementor-posts--thumbnail-top elementor-widget elementor-widget-posts\" data-id=\"ce481d2\" data-element_type=\"widget\" data-e-type=\"widget\" data-settings=\"{&quot;classic_row_gap&quot;:{&quot;unit&quot;:&quot;px&quot;,&quot;size&quot;:29,&quot;sizes&quot;:[]},&quot;pagination_type&quot;:&quot;load_more_infinite_scroll&quot;,&quot;classic_columns&quot;:&quot;3&quot;,&quot;classic_columns_tablet&quot;:&quot;2&quot;,&quot;classic_columns_mobile&quot;:&quot;1&quot;,&quot;classic_row_gap_tablet&quot;:{&quot;unit&quot;:&quot;px&quot;,&quot;size&quot;:&quot;&quot;,&quot;sizes&quot;:[]},&quot;classic_row_gap_mobile&quot;:{&quot;unit&quot;:&quot;px&quot;,&quot;size&quot;:&quot;&quot;,&quot;sizes&quot;:[]},&quot;load_more_spinner&quot;:{&quot;value&quot;:&quot;fas fa-spinner&quot;,&quot;library&quot;:&quot;fa-solid&quot;}}\" data-widget_type=\"posts.classic\">\n\t\t\t\t<div class=\"elementor-widget-container\">\n\t\t\t\t\t\t\t<div class=\"elementor-posts-container elementor-posts elementor-posts--skin-classic elementor-grid\" role=\"list\">\n\t\t\t\t<article class=\"elementor-post elementor-grid-item post-33005 post type-post status-publish format-standard has-post-thumbnail hentry category-solar-news category-regulatorik-esg\" role=\"listitem\">\n\t\t\t\t<a class=\"elementor-post__thumbnail__link\" href=\"https:\/\/cubeconcepts.de\/es\/eeg-2027-netzpaket-kabinettsbeschluss-zum-refinanzierungsbeitrag-cfd-im-ueberblick\/\" tabindex=\"-1\" >\n\t\t\t<div class=\"elementor-post__thumbnail\"><img decoding=\"async\" width=\"800\" height=\"559\" src=\"https:\/\/cubeconcepts.de\/wp-content\/uploads\/2026\/08\/EEG-2027-Netzpaket-Kabinettsbeschluss-1024x716.jpg\" class=\"attachment-large size-large wp-image-33010\" alt=\"Decisi\u00f3n del Gabinete sobre el paquete de redes EEG 2027\" srcset=\"https:\/\/cubeconcepts.de\/wp-content\/uploads\/2026\/08\/EEG-2027-Netzpaket-Kabinettsbeschluss-1024x716.jpg 1024w, https:\/\/cubeconcepts.de\/wp-content\/uploads\/2026\/08\/EEG-2027-Netzpaket-Kabinettsbeschluss-300x210.jpg 300w, https:\/\/cubeconcepts.de\/wp-content\/uploads\/2026\/08\/EEG-2027-Netzpaket-Kabinettsbeschluss-768x537.jpg 768w, https:\/\/cubeconcepts.de\/wp-content\/uploads\/2026\/08\/EEG-2027-Netzpaket-Kabinettsbeschluss-1536x1074.jpg 1536w, https:\/\/cubeconcepts.de\/wp-content\/uploads\/2026\/08\/EEG-2027-Netzpaket-Kabinettsbeschluss-2048x1432.jpg 2048w, https:\/\/cubeconcepts.de\/wp-content\/uploads\/2026\/08\/EEG-2027-Netzpaket-Kabinettsbeschluss-18x12.jpg 18w\" sizes=\"(max-width: 800px) 100vw, 800px\" \/><\/div>\n\t\t<\/a>\n\t\t\t\t<div class=\"elementor-post__text\">\n\t\t\t\t<h3 class=\"elementor-post__title\">\n\t\t\t<a href=\"https:\/\/cubeconcepts.de\/es\/eeg-2027-netzpaket-kabinettsbeschluss-zum-refinanzierungsbeitrag-cfd-im-ueberblick\/\" >\n\t\t\t\tEEG 2027 y Paquete de Redes: Resumen de la decisi\u00f3n del Gabinete sobre la contribuci\u00f3n de refinanciaci\u00f3n (CfD)\t\t\t<\/a>\n\t\t<\/h3>\n\t\t\t\t<div class=\"elementor-post__meta-data\">\n\t\t\t\t\t<span class=\"elementor-post-date\">\n\t\t\t12 de agosto de 2026\t\t<\/span>\n\t\t\t\t<\/div>\n\t\t\t\t<div class=\"elementor-post__excerpt\">\n\t\t\t<p>A 12 de agosto de 2026 | Este art\u00edculo se basa en la decisi\u00f3n del Gabinete sobre la Ley de Energ\u00edas Renovables (EEG) 2027 y el paquete de redes del 29 de julio de 2026. El proceso legislativo a\u00fan no ha concluido; los datos pueden cambiar en el transcurso del mismo.<\/p>\n\t\t<\/div>\n\t\t\n\t\t<a class=\"elementor-post__read-more\" href=\"https:\/\/cubeconcepts.de\/es\/eeg-2027-netzpaket-kabinettsbeschluss-zum-refinanzierungsbeitrag-cfd-im-ueberblick\/\" aria-label=\"M\u00e1s informaci\u00f3n sobre EEG 2027 y paquete de redes: el acuerdo del Gabinete sobre la contribuci\u00f3n de refinanciaci\u00f3n (CfD) de un vistazo\" tabindex=\"-1\" >\n\t\t\tLeer m\u00e1s \"\t\t<\/a>\n\n\t\t\t\t<\/div>\n\t\t\t\t<\/article>\n\t\t\t\t<article class=\"elementor-post elementor-grid-item post-32992 post type-post status-publish format-standard has-post-thumbnail hentry category-solar-news category-regulatorik-esg\" role=\"listitem\">\n\t\t\t\t<a class=\"elementor-post__thumbnail__link\" href=\"https:\/\/cubeconcepts.de\/es\/agnes-festlegungsentwurf-2026-netzentgelt-reform-ab-2029-im-ueberblick\/\" tabindex=\"-1\" >\n\t\t\t<div class=\"elementor-post__thumbnail\"><img decoding=\"async\" width=\"800\" height=\"534\" src=\"https:\/\/cubeconcepts.de\/wp-content\/uploads\/2026\/08\/AgNes-Festlegungsentwurf-2026-Header-1024x683.jpg\" class=\"attachment-large size-large wp-image-32999\" alt=\"Borrador-de-resolucion-AgNes-2026-Encabezado\" srcset=\"https:\/\/cubeconcepts.de\/wp-content\/uploads\/2026\/08\/AgNes-Festlegungsentwurf-2026-Header-1024x683.jpg 1024w, https:\/\/cubeconcepts.de\/wp-content\/uploads\/2026\/08\/AgNes-Festlegungsentwurf-2026-Header-300x200.jpg 300w, https:\/\/cubeconcepts.de\/wp-content\/uploads\/2026\/08\/AgNes-Festlegungsentwurf-2026-Header-768x512.jpg 768w, https:\/\/cubeconcepts.de\/wp-content\/uploads\/2026\/08\/AgNes-Festlegungsentwurf-2026-Header-1536x1024.jpg 1536w, https:\/\/cubeconcepts.de\/wp-content\/uploads\/2026\/08\/AgNes-Festlegungsentwurf-2026-Header-18x12.jpg 18w, https:\/\/cubeconcepts.de\/wp-content\/uploads\/2026\/08\/AgNes-Festlegungsentwurf-2026-Header.jpg 1920w\" sizes=\"(max-width: 800px) 100vw, 800px\" \/><\/div>\n\t\t<\/a>\n\t\t\t\t<div class=\"elementor-post__text\">\n\t\t\t\t<h3 class=\"elementor-post__title\">\n\t\t\t<a href=\"https:\/\/cubeconcepts.de\/es\/agnes-festlegungsentwurf-2026-netzentgelt-reform-ab-2029-im-ueberblick\/\" >\n\t\t\t\tProyecto de regulaci\u00f3n AgNes 2026: La reforma de los peajes de red a partir de 2029 en resumen\t\t\t<\/a>\n\t\t<\/h3>\n\t\t\t\t<div class=\"elementor-post__meta-data\">\n\t\t\t\t\t<span class=\"elementor-post-date\">\n\t\t\t11 de agosto de 2026\t\t<\/span>\n\t\t\t\t<\/div>\n\t\t\t\t<div class=\"elementor-post__excerpt\">\n\t\t\t<p>Para los sistemas de almacenamiento en bater\u00eda las cosas se ponen serias: el borrador de la resoluci\u00f3n AgNes prev\u00e9 nuevas tarifas por capacidad; al mismo tiempo, el reloj corre para la exenci\u00f3n de 20 a\u00f1os. Quien est\u00e9 planificando un nuevo almacenamiento probablemente deba tomar la decisi\u00f3n de inversi\u00f3n definitiva antes del 1 de enero de 2027.<\/p>\n\t\t<\/div>\n\t\t\n\t\t<a class=\"elementor-post__read-more\" href=\"https:\/\/cubeconcepts.de\/es\/agnes-festlegungsentwurf-2026-netzentgelt-reform-ab-2029-im-ueberblick\/\" aria-label=\"M\u00e1s informaci\u00f3n sobre el borrador de determinaci\u00f3n de AgNes 2026: La reforma de los peajes de red a partir de 2029 en resumen\" tabindex=\"-1\" >\n\t\t\tLeer m\u00e1s \"\t\t<\/a>\n\n\t\t\t\t<\/div>\n\t\t\t\t<\/article>\n\t\t\t\t<article class=\"elementor-post elementor-grid-item post-32926 post type-post status-publish format-standard has-post-thumbnail hentry category-solar-news\" role=\"listitem\">\n\t\t\t\t<a class=\"elementor-post__thumbnail__link\" href=\"https:\/\/cubeconcepts.de\/es\/wassermangel-in-europa-energieversorgung\/\" tabindex=\"-1\" >\n\t\t\t<div class=\"elementor-post__thumbnail\"><img loading=\"lazy\" decoding=\"async\" width=\"800\" height=\"534\" src=\"https:\/\/cubeconcepts.de\/wp-content\/uploads\/2026\/08\/Wassermangel-Europa-Energieversorgung-1024x683.jpg\" class=\"attachment-large size-large wp-image-32929\" alt=\"escasez de agua - Europa - suministro de energ\u00eda\" srcset=\"https:\/\/cubeconcepts.de\/wp-content\/uploads\/2026\/08\/Wassermangel-Europa-Energieversorgung-1024x683.jpg 1024w, https:\/\/cubeconcepts.de\/wp-content\/uploads\/2026\/08\/Wassermangel-Europa-Energieversorgung-300x200.jpg 300w, https:\/\/cubeconcepts.de\/wp-content\/uploads\/2026\/08\/Wassermangel-Europa-Energieversorgung-768x512.jpg 768w, https:\/\/cubeconcepts.de\/wp-content\/uploads\/2026\/08\/Wassermangel-Europa-Energieversorgung-1536x1024.jpg 1536w, https:\/\/cubeconcepts.de\/wp-content\/uploads\/2026\/08\/Wassermangel-Europa-Energieversorgung-18x12.jpg 18w, https:\/\/cubeconcepts.de\/wp-content\/uploads\/2026\/08\/Wassermangel-Europa-Energieversorgung.jpg 1920w\" sizes=\"(max-width: 800px) 100vw, 800px\" \/><\/div>\n\t\t<\/a>\n\t\t\t\t<div class=\"elementor-post__text\">\n\t\t\t\t<h3 class=\"elementor-post__title\">\n\t\t\t<a href=\"https:\/\/cubeconcepts.de\/es\/wassermangel-in-europa-energieversorgung\/\" >\n\t\t\t\tEscasez de agua en Europa: Por qu\u00e9 esto plantea problemas para el suministro de energ\u00eda\t\t\t<\/a>\n\t\t<\/h3>\n\t\t\t\t<div class=\"elementor-post__meta-data\">\n\t\t\t\t\t<span class=\"elementor-post-date\">\n\t\t\t6 de agosto de 2026\t\t<\/span>\n\t\t\t\t<\/div>\n\t\t\t\t<div class=\"elementor-post__excerpt\">\n\t\t\t<p>Los bajos niveles de los r\u00edos en Europa obligan por primera vez a apagar varias centrales nucleares y tambi\u00e9n ponen bajo presi\u00f3n a las centrales de carb\u00f3n, gas e hidroel\u00e9ctricas. Nuestro resumen muestra por qu\u00e9 la crisis clim\u00e1tica se est\u00e1 convirtiendo cada vez m\u00e1s en un desaf\u00edo para el suministro de energ\u00eda y qu\u00e9 papel desempe\u00f1ar\u00e1n en el futuro las bater\u00edas de almacenamiento.<\/p>\n\t\t<\/div>\n\t\t\n\t\t<a class=\"elementor-post__read-more\" href=\"https:\/\/cubeconcepts.de\/es\/wassermangel-in-europa-energieversorgung\/\" aria-label=\"M\u00e1s informaci\u00f3n sobre la escasez de agua en Europa: por qu\u00e9 esto causa problemas en el suministro de energ\u00eda\" tabindex=\"-1\" >\n\t\t\tLeer m\u00e1s \"\t\t<\/a>\n\n\t\t\t\t<\/div>\n\t\t\t\t<\/article>\n\t\t\t\t<article class=\"elementor-post elementor-grid-item post-29104 post type-post status-publish format-standard has-post-thumbnail hentry category-batteriespeicher category-solar-news category-regulatorik-esg\" role=\"listitem\">\n\t\t\t\t<a class=\"elementor-post__thumbnail__link\" href=\"https:\/\/cubeconcepts.de\/es\/mispel-zeitplan-rechtskraft-2026\/\" tabindex=\"-1\" >\n\t\t\t<div class=\"elementor-post__thumbnail\"><img loading=\"lazy\" decoding=\"async\" width=\"800\" height=\"534\" src=\"https:\/\/cubeconcepts.de\/wp-content\/uploads\/2026\/05\/MiSpeL-Zeitplan-Rechtskraft-1024x683.jpeg\" class=\"attachment-large size-large wp-image-29106\" alt=\"Plazo de validez del plan MiSpeL\" srcset=\"https:\/\/cubeconcepts.de\/wp-content\/uploads\/2026\/05\/MiSpeL-Zeitplan-Rechtskraft-1024x683.jpeg 1024w, https:\/\/cubeconcepts.de\/wp-content\/uploads\/2026\/05\/MiSpeL-Zeitplan-Rechtskraft-300x200.jpeg 300w, https:\/\/cubeconcepts.de\/wp-content\/uploads\/2026\/05\/MiSpeL-Zeitplan-Rechtskraft-768x512.jpeg 768w, https:\/\/cubeconcepts.de\/wp-content\/uploads\/2026\/05\/MiSpeL-Zeitplan-Rechtskraft-1536x1024.jpeg 1536w, https:\/\/cubeconcepts.de\/wp-content\/uploads\/2026\/05\/MiSpeL-Zeitplan-Rechtskraft-2048x1365.jpeg 2048w, https:\/\/cubeconcepts.de\/wp-content\/uploads\/2026\/05\/MiSpeL-Zeitplan-Rechtskraft-18x12.jpeg 18w\" sizes=\"(max-width: 800px) 100vw, 800px\" \/><\/div>\n\t\t<\/a>\n\t\t\t\t<div class=\"elementor-post__text\">\n\t\t\t\t<h3 class=\"elementor-post__title\">\n\t\t\t<a href=\"https:\/\/cubeconcepts.de\/es\/mispel-zeitplan-rechtskraft-2026\/\" >\n\t\t\t\tMiSpeL 2026: la regulaci\u00f3n entra en vigor el 1 de octubre y \u00bfqu\u00e9 significa esto para los proyectos BESS?\t\t\t<\/a>\n\t\t<\/h3>\n\t\t\t\t<div class=\"elementor-post__meta-data\">\n\t\t\t\t\t<span class=\"elementor-post-date\">\n\t\t\t6 de agosto de 2026\t\t<\/span>\n\t\t\t\t<\/div>\n\t\t\t\t<div class=\"elementor-post__excerpt\">\n\t\t\t<p>MiSpeL se considera uno de los avances regulatorios m\u00e1s importantes para el almacenamiento en Alemania. En la pr\u00e1ctica, lo crucial ahora es cu\u00e1ndo llegar\u00e1n y ser\u00e1n aplicables las nuevas reglas. <\/p>\n\t\t<\/div>\n\t\t\n\t\t<a class=\"elementor-post__read-more\" href=\"https:\/\/cubeconcepts.de\/es\/mispel-zeitplan-rechtskraft-2026\/\" aria-label=\"M\u00e1s informaci\u00f3n sobre MiSpeL 2026: La normativa entra en vigor el 1 de octubre y \u00bfqu\u00e9 significa eso para los proyectos BESS?\" tabindex=\"-1\" >\n\t\t\tLeer m\u00e1s \"\t\t<\/a>\n\n\t\t\t\t<\/div>\n\t\t\t\t<\/article>\n\t\t\t\t<article class=\"elementor-post elementor-grid-item post-32561 post type-post status-publish format-standard has-post-thumbnail hentry category-solar-news\" role=\"listitem\">\n\t\t\t\t<a class=\"elementor-post__thumbnail__link\" href=\"https:\/\/cubeconcepts.de\/es\/solarstrom-ersparte-eu-gasimporte\/\" tabindex=\"-1\" >\n\t\t\t<div class=\"elementor-post__thumbnail\"><img loading=\"lazy\" decoding=\"async\" width=\"800\" height=\"534\" src=\"https:\/\/cubeconcepts.de\/wp-content\/uploads\/2026\/07\/Solarstrom-erspart-EU-Gasimporte-1024x683.jpg\" class=\"attachment-large size-large wp-image-32565\" alt=\"La energ\u00eda solar reduce las importaciones de gas de la UE\" srcset=\"https:\/\/cubeconcepts.de\/wp-content\/uploads\/2026\/07\/Solarstrom-erspart-EU-Gasimporte-1024x683.jpg 1024w, https:\/\/cubeconcepts.de\/wp-content\/uploads\/2026\/07\/Solarstrom-erspart-EU-Gasimporte-300x200.jpg 300w, https:\/\/cubeconcepts.de\/wp-content\/uploads\/2026\/07\/Solarstrom-erspart-EU-Gasimporte-768x513.jpg 768w, https:\/\/cubeconcepts.de\/wp-content\/uploads\/2026\/07\/Solarstrom-erspart-EU-Gasimporte-1536x1025.jpg 1536w, https:\/\/cubeconcepts.de\/wp-content\/uploads\/2026\/07\/Solarstrom-erspart-EU-Gasimporte-2048x1367.jpg 2048w, https:\/\/cubeconcepts.de\/wp-content\/uploads\/2026\/07\/Solarstrom-erspart-EU-Gasimporte-18x12.jpg 18w\" sizes=\"(max-width: 800px) 100vw, 800px\" \/><\/div>\n\t\t<\/a>\n\t\t\t\t<div class=\"elementor-post__text\">\n\t\t\t\t<h3 class=\"elementor-post__title\">\n\t\t\t<a href=\"https:\/\/cubeconcepts.de\/es\/solarstrom-ersparte-eu-gasimporte\/\" >\n\t\t\t\tLa energ\u00eda solar ahorr\u00f3 a la UE importaciones de gas por valor de 20.000 millones de euros y podr\u00eda reducir la demanda en una cuarta parte para 2030\t\t\t<\/a>\n\t\t<\/h3>\n\t\t\t\t<div class=\"elementor-post__meta-data\">\n\t\t\t\t\t<span class=\"elementor-post-date\">\n\t\t\t31 de julio de 2026\t\t<\/span>\n\t\t\t\t<\/div>\n\t\t\t\t<div class=\"elementor-post__excerpt\">\n\t\t\t<p>Solo desde la escalaci\u00f3n del conflicto con Ir\u00e1n, la energ\u00eda solar ha ahorrado matem\u00e1ticamente a la UE importaciones de gas por valor de 20 mil millones de euros. Una mayor expansi\u00f3n podr\u00eda reducir la demanda de gas de la UE en otro 25 por ciento para 2030.<\/p>\n\t\t<\/div>\n\t\t\n\t\t<a class=\"elementor-post__read-more\" href=\"https:\/\/cubeconcepts.de\/es\/solarstrom-ersparte-eu-gasimporte\/\" aria-label=\"M\u00e1s informaci\u00f3n sobre la energ\u00eda solar ahorr\u00f3 a la UE importaciones de gas por valor de 20.000 millones de euros y podr\u00eda reducir la demanda en una cuarta parte para 2030\" tabindex=\"-1\" >\n\t\t\tLeer m\u00e1s \"\t\t<\/a>\n\n\t\t\t\t<\/div>\n\t\t\t\t<\/article>\n\t\t\t\t<article class=\"elementor-post elementor-grid-item post-32362 post type-post status-publish format-standard has-post-thumbnail hentry category-solar-news category-regulatorik-esg\" role=\"listitem\">\n\t\t\t\t<a class=\"elementor-post__thumbnail__link\" href=\"https:\/\/cubeconcepts.de\/es\/energy-sharing-in-deutschland-42c-enwg\/\" tabindex=\"-1\" >\n\t\t\t<div class=\"elementor-post__thumbnail\"><img loading=\"lazy\" decoding=\"async\" width=\"800\" height=\"533\" src=\"https:\/\/cubeconcepts.de\/wp-content\/uploads\/2026\/07\/Energy-Sharing-nach-\u00a742c-EnWG-1024x682.jpg\" class=\"attachment-large size-large wp-image-32365\" alt=\"Intercambio de energ\u00eda seg\u00fan el art\u00edculo 42c de la Ley alemana de energ\u00eda (EnWG)\" srcset=\"https:\/\/cubeconcepts.de\/wp-content\/uploads\/2026\/07\/Energy-Sharing-nach-\u00a742c-EnWG-1024x682.jpg 1024w, https:\/\/cubeconcepts.de\/wp-content\/uploads\/2026\/07\/Energy-Sharing-nach-\u00a742c-EnWG-300x200.jpg 300w, https:\/\/cubeconcepts.de\/wp-content\/uploads\/2026\/07\/Energy-Sharing-nach-\u00a742c-EnWG-768x512.jpg 768w, https:\/\/cubeconcepts.de\/wp-content\/uploads\/2026\/07\/Energy-Sharing-nach-\u00a742c-EnWG-1536x1023.jpg 1536w, https:\/\/cubeconcepts.de\/wp-content\/uploads\/2026\/07\/Energy-Sharing-nach-\u00a742c-EnWG-2048x1364.jpg 2048w, https:\/\/cubeconcepts.de\/wp-content\/uploads\/2026\/07\/Energy-Sharing-nach-\u00a742c-EnWG-18x12.jpg 18w\" sizes=\"(max-width: 800px) 100vw, 800px\" \/><\/div>\n\t\t<\/a>\n\t\t\t\t<div class=\"elementor-post__text\">\n\t\t\t\t<h3 class=\"elementor-post__title\">\n\t\t\t<a href=\"https:\/\/cubeconcepts.de\/es\/energy-sharing-in-deutschland-42c-enwg\/\" >\n\t\t\t\tCompartici\u00f3n de energ\u00eda en Alemania: Estado de implementaci\u00f3n seg\u00fan el art\u00edculo 42c de la Ley de la Industria Energ\u00e9tica (EnWG) (2026)\t\t\t<\/a>\n\t\t<\/h3>\n\t\t\t\t<div class=\"elementor-post__meta-data\">\n\t\t\t\t\t<span class=\"elementor-post-date\">\n\t\t\t29 de julio de 2026\t\t<\/span>\n\t\t\t\t<\/div>\n\t\t\t\t<div class=\"elementor-post__excerpt\">\n\t\t\t<p>Los operadores de redes deben facilitarlo desde junio de 2026, pero el gran avance sigue haci\u00e9ndose esperar. Nuestro resumen muestra qu\u00e9 obst\u00e1culos existen, por qu\u00e9 las tarifas de red completas frenan la rentabilidad y para qui\u00e9n puede valer la pena el modelo a pesar de todo.<\/p>\n\t\t<\/div>\n\t\t\n\t\t<a class=\"elementor-post__read-more\" href=\"https:\/\/cubeconcepts.de\/es\/energy-sharing-in-deutschland-42c-enwg\/\" aria-label=\"M\u00e1s informaci\u00f3n sobre Energy Sharing en Deutschland: Stand der Umsetzung nach \u00a7 42c EnWG (2026)\" tabindex=\"-1\" >\n\t\t\tLeer m\u00e1s \"\t\t<\/a>\n\n\t\t\t\t<\/div>\n\t\t\t\t<\/article>\n\t\t\t\t<article class=\"elementor-post elementor-grid-item post-32267 post type-post status-publish format-standard has-post-thumbnail hentry category-solar-news\" role=\"listitem\">\n\t\t\t\t<a class=\"elementor-post__thumbnail__link\" href=\"https:\/\/cubeconcepts.de\/es\/eu-ets-reform-2031-freie-zuteilung\/\" tabindex=\"-1\" >\n\t\t\t<div class=\"elementor-post__thumbnail\"><img loading=\"lazy\" decoding=\"async\" width=\"800\" height=\"534\" src=\"https:\/\/cubeconcepts.de\/wp-content\/uploads\/2026\/07\/ETS-Reform-mehr-gratiszertifikate-1024x683.jpg\" class=\"attachment-large size-large wp-image-32273\" alt=\"Reforma del ETS: m\u00e1s derechos de emisi\u00f3n gratuitos\" srcset=\"https:\/\/cubeconcepts.de\/wp-content\/uploads\/2026\/07\/ETS-Reform-mehr-gratiszertifikate-1024x683.jpg 1024w, https:\/\/cubeconcepts.de\/wp-content\/uploads\/2026\/07\/ETS-Reform-mehr-gratiszertifikate-300x200.jpg 300w, https:\/\/cubeconcepts.de\/wp-content\/uploads\/2026\/07\/ETS-Reform-mehr-gratiszertifikate-768x512.jpg 768w, https:\/\/cubeconcepts.de\/wp-content\/uploads\/2026\/07\/ETS-Reform-mehr-gratiszertifikate-1536x1024.jpg 1536w, https:\/\/cubeconcepts.de\/wp-content\/uploads\/2026\/07\/ETS-Reform-mehr-gratiszertifikate-18x12.jpg 18w, https:\/\/cubeconcepts.de\/wp-content\/uploads\/2026\/07\/ETS-Reform-mehr-gratiszertifikate.jpg 1920w\" sizes=\"(max-width: 800px) 100vw, 800px\" \/><\/div>\n\t\t<\/a>\n\t\t\t\t<div class=\"elementor-post__text\">\n\t\t\t\t<h3 class=\"elementor-post__title\">\n\t\t\t<a href=\"https:\/\/cubeconcepts.de\/es\/eu-ets-reform-2031-freie-zuteilung\/\" >\n\t\t\t\tLa Comisi\u00f3n Europea presenta la reforma del RCDE: m\u00e1s derechos de emisi\u00f3n gratuitos y una reducci\u00f3n m\u00e1s gradual del l\u00edmite m\u00e1ximo\t\t\t<\/a>\n\t\t<\/h3>\n\t\t\t\t<div class=\"elementor-post__meta-data\">\n\t\t\t\t\t<span class=\"elementor-post-date\">\n\t\t\t27 de julio de 2026\t\t<\/span>\n\t\t\t\t<\/div>\n\t\t\t\t<div class=\"elementor-post__excerpt\">\n\t\t\t<p>La Comisi\u00f3n Europea quiere suavizar notablemente el comercio de emisiones a partir de 2031: m\u00e1s certificados gratuitos, una reserva de estabilidad del mercado m\u00e1s flexible y nuevos sectores del ETS podr\u00edan influir de forma duradera en el mercado de CO\u2082.<\/p>\n\t\t<\/div>\n\t\t\n\t\t<a class=\"elementor-post__read-more\" href=\"https:\/\/cubeconcepts.de\/es\/eu-ets-reform-2031-freie-zuteilung\/\" aria-label=\"M\u00e1s informaci\u00f3n sobre la Comisi\u00f3n Europea presenta la reforma del comercio de derechos de emisi\u00f3n: m\u00e1s certificados gratuitos, l\u00edmite m\u00e1ximo con descenso m\u00e1s lento\" tabindex=\"-1\" >\n\t\t\tLeer m\u00e1s \"\t\t<\/a>\n\n\t\t\t\t<\/div>\n\t\t\t\t<\/article>\n\t\t\t\t<article class=\"elementor-post elementor-grid-item post-32245 post type-post status-publish format-standard has-post-thumbnail hentry category-solar-news\" role=\"listitem\">\n\t\t\t\t<a class=\"elementor-post__thumbnail__link\" href=\"https:\/\/cubeconcepts.de\/es\/update-netzpaket-2026-verbandeanhorung\/\" tabindex=\"-1\" >\n\t\t\t<div class=\"elementor-post__thumbnail\"><img loading=\"lazy\" decoding=\"async\" width=\"800\" height=\"532\" src=\"https:\/\/cubeconcepts.de\/wp-content\/uploads\/2026\/07\/Update-Netzpaket-2026-Header-1024x681.jpg\" class=\"attachment-large size-large wp-image-32251\" alt=\"Actualizaci\u00f3n-PaqueteDeRed-2026-Encabezado\" srcset=\"https:\/\/cubeconcepts.de\/wp-content\/uploads\/2026\/07\/Update-Netzpaket-2026-Header-1024x681.jpg 1024w, https:\/\/cubeconcepts.de\/wp-content\/uploads\/2026\/07\/Update-Netzpaket-2026-Header-300x200.jpg 300w, https:\/\/cubeconcepts.de\/wp-content\/uploads\/2026\/07\/Update-Netzpaket-2026-Header-768x511.jpg 768w, https:\/\/cubeconcepts.de\/wp-content\/uploads\/2026\/07\/Update-Netzpaket-2026-Header-1536x1022.jpg 1536w, https:\/\/cubeconcepts.de\/wp-content\/uploads\/2026\/07\/Update-Netzpaket-2026-Header-2048x1363.jpg 2048w, https:\/\/cubeconcepts.de\/wp-content\/uploads\/2026\/07\/Update-Netzpaket-2026-Header-18x12.jpg 18w\" sizes=\"(max-width: 800px) 100vw, 800px\" \/><\/div>\n\t\t<\/a>\n\t\t\t\t<div class=\"elementor-post__text\">\n\t\t\t\t<h3 class=\"elementor-post__title\">\n\t\t\t<a href=\"https:\/\/cubeconcepts.de\/es\/update-netzpaket-2026-verbandeanhorung\/\" >\n\t\t\t\tActualizaci\u00f3n Red de Paquetes 2026: El borrador final es aprobado por el Gabinete Federal\t\t\t<\/a>\n\t\t<\/h3>\n\t\t\t\t<div class=\"elementor-post__meta-data\">\n\t\t\t\t\t<span class=\"elementor-post-date\">\n\t\t\t24 de julio de 2026\t\t<\/span>\n\t\t\t\t<\/div>\n\t\t\t\t<div class=\"elementor-post__excerpt\">\n\t\t\t<p>De 3 % pasan a ser 5, y de 10 a\u00f1os pasan a ser 6: el BMWE ha suavizado ligeramente los requisitos para las zonas de red con capacidad limitada. Sin embargo, esto no cambia el hecho de que, en principio, el riesgo recae sobre los operadores de las instalaciones, y tampoco se disipan las cr\u00edticas en materia de legislaci\u00f3n europea.<\/p>\n\t\t<\/div>\n\t\t\n\t\t<a class=\"elementor-post__read-more\" href=\"https:\/\/cubeconcepts.de\/es\/update-netzpaket-2026-verbandeanhorung\/\" aria-label=\"M\u00e1s informaci\u00f3n sobre Actualizaci\u00f3n del paquete de redes 2026: El proyecto final pasa por el Gabinete Federal\" tabindex=\"-1\" >\n\t\t\tLeer m\u00e1s \"\t\t<\/a>\n\n\t\t\t\t<\/div>\n\t\t\t\t<\/article>\n\t\t\t\t<article class=\"elementor-post elementor-grid-item post-32239 post type-post status-publish format-standard has-post-thumbnail hentry category-solar-news category-regulatorik-esg\" role=\"listitem\">\n\t\t\t\t<a class=\"elementor-post__thumbnail__link\" href=\"https:\/\/cubeconcepts.de\/es\/emd-richtlinie-umsetzung-deutschland\/\" tabindex=\"-1\" >\n\t\t\t<div class=\"elementor-post__thumbnail\"><img loading=\"lazy\" decoding=\"async\" width=\"800\" height=\"450\" src=\"https:\/\/cubeconcepts.de\/wp-content\/uploads\/2026\/07\/EMD-Richtlinie-Umsetzung-Deutschland-Aktuell-1024x576.jpg\" class=\"attachment-large size-large wp-image-32244\" alt=\"Actualidad sobre la aplicaci\u00f3n de la Directiva EMD en Alemania\" srcset=\"https:\/\/cubeconcepts.de\/wp-content\/uploads\/2026\/07\/EMD-Richtlinie-Umsetzung-Deutschland-Aktuell-1024x576.jpg 1024w, https:\/\/cubeconcepts.de\/wp-content\/uploads\/2026\/07\/EMD-Richtlinie-Umsetzung-Deutschland-Aktuell-300x169.jpg 300w, https:\/\/cubeconcepts.de\/wp-content\/uploads\/2026\/07\/EMD-Richtlinie-Umsetzung-Deutschland-Aktuell-768x432.jpg 768w, https:\/\/cubeconcepts.de\/wp-content\/uploads\/2026\/07\/EMD-Richtlinie-Umsetzung-Deutschland-Aktuell-1536x864.jpg 1536w, https:\/\/cubeconcepts.de\/wp-content\/uploads\/2026\/07\/EMD-Richtlinie-Umsetzung-Deutschland-Aktuell-2048x1151.jpg 2048w, https:\/\/cubeconcepts.de\/wp-content\/uploads\/2026\/07\/EMD-Richtlinie-Umsetzung-Deutschland-Aktuell-18x10.jpg 18w\" sizes=\"(max-width: 800px) 100vw, 800px\" \/><\/div>\n\t\t<\/a>\n\t\t\t\t<div class=\"elementor-post__text\">\n\t\t\t\t<h3 class=\"elementor-post__title\">\n\t\t\t<a href=\"https:\/\/cubeconcepts.de\/es\/emd-richtlinie-umsetzung-deutschland\/\" >\n\t\t\t\tDirectiva EMD: situaci\u00f3n de la transposici\u00f3n alemana tras la expiraci\u00f3n del plazo\t\t\t<\/a>\n\t\t<\/h3>\n\t\t\t\t<div class=\"elementor-post__meta-data\">\n\t\t\t\t\t<span class=\"elementor-post-date\">\n\t\t\t23 de julio de 2026\t\t<\/span>\n\t\t\t\t<\/div>\n\t\t\t\t<div class=\"elementor-post__excerpt\">\n\t\t\t<p>La Directiva EMD (UE) 2024\/1711 deb\u00eda incorporarse a la legislaci\u00f3n alemana antes del 17 de julio de 2026. Alemania ya ha transpuesto aspectos fundamentales mediante la enmienda a la Ley de Energ\u00eda (EnWG) de noviembre de 2025, pero la Comisi\u00f3n Europea sigue consider\u00e1ndola en mora: est\u00e1 en curso un procedimiento de infracci\u00f3n (VVV 2025\/0127) porque no se notific\u00f3 la transposici\u00f3n completa dentro del plazo establecido.<\/p>\n\t\t<\/div>\n\t\t\n\t\t<a class=\"elementor-post__read-more\" href=\"https:\/\/cubeconcepts.de\/es\/emd-richtlinie-umsetzung-deutschland\/\" aria-label=\"M\u00e1s informaci\u00f3n sobre la Directiva de los derechos de emisi\u00f3n (EMD): estado de la transposici\u00f3n alemana tras la expiraci\u00f3n del plazo\" tabindex=\"-1\" >\n\t\t\tLeer m\u00e1s \"\t\t<\/a>\n\n\t\t\t\t<\/div>\n\t\t\t\t<\/article>\n\t\t\t\t<article class=\"elementor-post elementor-grid-item post-31874 post type-post status-publish format-standard has-post-thumbnail hentry category-solar-news category-regulatorik-esg\" role=\"listitem\">\n\t\t\t\t<a class=\"elementor-post__thumbnail__link\" href=\"https:\/\/cubeconcepts.de\/es\/klimaziele-2030-deutschland-verfehlt-esr-vorgaben-um-255-mio-tonnen-co%e2%82%82\/\" tabindex=\"-1\" >\n\t\t\t<div class=\"elementor-post__thumbnail\"><img loading=\"lazy\" decoding=\"async\" width=\"800\" height=\"534\" src=\"https:\/\/cubeconcepts.de\/wp-content\/uploads\/2026\/07\/Klimaziele-2030-verfehlt-was-kostet-das-Deutschland-1024x683.jpg\" class=\"attachment-large size-large wp-image-31876\" alt=\"\u00abNo se alcanzar\u00e1n los objetivos clim\u00e1ticos para 2030: \u00bfcu\u00e1nto le costar\u00e1 esto a Alemania?\u00bb\" srcset=\"https:\/\/cubeconcepts.de\/wp-content\/uploads\/2026\/07\/Klimaziele-2030-verfehlt-was-kostet-das-Deutschland-1024x683.jpg 1024w, https:\/\/cubeconcepts.de\/wp-content\/uploads\/2026\/07\/Klimaziele-2030-verfehlt-was-kostet-das-Deutschland-300x200.jpg 300w, https:\/\/cubeconcepts.de\/wp-content\/uploads\/2026\/07\/Klimaziele-2030-verfehlt-was-kostet-das-Deutschland-768x512.jpg 768w, https:\/\/cubeconcepts.de\/wp-content\/uploads\/2026\/07\/Klimaziele-2030-verfehlt-was-kostet-das-Deutschland-1536x1024.jpg 1536w, https:\/\/cubeconcepts.de\/wp-content\/uploads\/2026\/07\/Klimaziele-2030-verfehlt-was-kostet-das-Deutschland-18x12.jpg 18w, https:\/\/cubeconcepts.de\/wp-content\/uploads\/2026\/07\/Klimaziele-2030-verfehlt-was-kostet-das-Deutschland.jpg 1920w\" sizes=\"(max-width: 800px) 100vw, 800px\" \/><\/div>\n\t\t<\/a>\n\t\t\t\t<div class=\"elementor-post__text\">\n\t\t\t\t<h3 class=\"elementor-post__title\">\n\t\t\t<a href=\"https:\/\/cubeconcepts.de\/es\/klimaziele-2030-deutschland-verfehlt-esr-vorgaben-um-255-mio-tonnen-co%e2%82%82\/\" >\n\t\t\t\tObjetivos clim\u00e1ticos para 2030: Alemania incumple los objetivos del Reglamento de Esfuerzo Compartido (ESR) por 255 millones de toneladas de CO\u2082\t\t\t<\/a>\n\t\t<\/h3>\n\t\t\t\t<div class=\"elementor-post__meta-data\">\n\t\t\t\t\t<span class=\"elementor-post-date\">\n\t\t\t16 de julio de 2026\t\t<\/span>\n\t\t\t\t<\/div>\n\t\t\t\t<div class=\"elementor-post__excerpt\">\n\t\t\t<p>Alemania corre el riesgo de no cumplir, ni de lejos, sus objetivos clim\u00e1ticos europeos para 2030, lo que podr\u00eda suponer unos costes adicionales de hasta 38 300 millones de euros. En nuestro art\u00edculo explicamos por qu\u00e9 los edificios y el transporte son los principales problemas y qu\u00e9 papel desempe\u00f1ar\u00e1n en el futuro los sistemas de almacenamiento en bater\u00edas y la gesti\u00f3n energ\u00e9tica.<\/p>\n\t\t<\/div>\n\t\t\n\t\t<a class=\"elementor-post__read-more\" href=\"https:\/\/cubeconcepts.de\/es\/klimaziele-2030-deutschland-verfehlt-esr-vorgaben-um-255-mio-tonnen-co%e2%82%82\/\" aria-label=\"M\u00e1s informaci\u00f3n sobre los objetivos clim\u00e1ticos para 2030: Alemania incumple los objetivos del Reglamento de Esfuerzo Compartido (ESR) por 255 millones de toneladas de CO\u2082\" tabindex=\"-1\" >\n\t\t\tLeer m\u00e1s \"\t\t<\/a>\n\n\t\t\t\t<\/div>\n\t\t\t\t<\/article>\n\t\t\t\t<article class=\"elementor-post elementor-grid-item post-31865 post type-post status-publish format-standard has-post-thumbnail hentry category-cube-concepts-news\" role=\"listitem\">\n\t\t\t\t<a class=\"elementor-post__thumbnail__link\" href=\"https:\/\/cubeconcepts.de\/es\/e-mobilitat-unsere-flotte-bei-cube-concepts\/\" tabindex=\"-1\" >\n\t\t\t<div class=\"elementor-post__thumbnail\"><img loading=\"lazy\" decoding=\"async\" width=\"800\" height=\"600\" src=\"https:\/\/cubeconcepts.de\/wp-content\/uploads\/2026\/07\/E-Mobilitaet-CUBE-CONCEPTS-2-1024x768.jpg\" class=\"attachment-large size-large wp-image-31866\" alt=\"Movilidad el\u00e9ctrica - CUBE-CONCEPTS-1\" srcset=\"https:\/\/cubeconcepts.de\/wp-content\/uploads\/2026\/07\/E-Mobilitaet-CUBE-CONCEPTS-2-1024x768.jpg 1024w, https:\/\/cubeconcepts.de\/wp-content\/uploads\/2026\/07\/E-Mobilitaet-CUBE-CONCEPTS-2-300x225.jpg 300w, https:\/\/cubeconcepts.de\/wp-content\/uploads\/2026\/07\/E-Mobilitaet-CUBE-CONCEPTS-2-768x576.jpg 768w, https:\/\/cubeconcepts.de\/wp-content\/uploads\/2026\/07\/E-Mobilitaet-CUBE-CONCEPTS-2-1536x1152.jpg 1536w, https:\/\/cubeconcepts.de\/wp-content\/uploads\/2026\/07\/E-Mobilitaet-CUBE-CONCEPTS-2-2048x1536.jpg 2048w, https:\/\/cubeconcepts.de\/wp-content\/uploads\/2026\/07\/E-Mobilitaet-CUBE-CONCEPTS-2-16x12.jpg 16w\" sizes=\"(max-width: 800px) 100vw, 800px\" \/><\/div>\n\t\t<\/a>\n\t\t\t\t<div class=\"elementor-post__text\">\n\t\t\t\t<h3 class=\"elementor-post__title\">\n\t\t\t<a href=\"https:\/\/cubeconcepts.de\/es\/e-mobilitat-unsere-flotte-bei-cube-concepts\/\" >\n\t\t\t\tNos volvemos m\u00e1s ecol\u00f3gicos: CUBE CONCEPTS transforma su flota corporativa a la movilidad el\u00e9ctrica\t\t\t<\/a>\n\t\t<\/h3>\n\t\t\t\t<div class=\"elementor-post__meta-data\">\n\t\t\t\t\t<span class=\"elementor-post-date\">\n\t\t\t16 de julio de 2026\t\t<\/span>\n\t\t\t\t<\/div>\n\t\t\t\t<div class=\"elementor-post__excerpt\">\n\t\t\t<p>Para CUBE CONCEPTS, la sostenibilidad es m\u00e1s que un modelo de negocio: empieza tambi\u00e9n en nuestra propia casa. Por eso hemos<\/p>\n\t\t<\/div>\n\t\t\n\t\t<a class=\"elementor-post__read-more\" href=\"https:\/\/cubeconcepts.de\/es\/e-mobilitat-unsere-flotte-bei-cube-concepts\/\" aria-label=\"M\u00e1s informaci\u00f3n sobre Wir werden gr\u00fcner: CUBE CONCEPTS stellt Unternehmensflotte auf E-Mobilit\u00e4t um\" tabindex=\"-1\" >\n\t\t\tLeer m\u00e1s \"\t\t<\/a>\n\n\t\t\t\t<\/div>\n\t\t\t\t<\/article>\n\t\t\t\t<article class=\"elementor-post elementor-grid-item post-30449 post type-post status-publish format-standard has-post-thumbnail hentry category-batteriespeicher category-solar-news\" role=\"listitem\">\n\t\t\t\t<a class=\"elementor-post__thumbnail__link\" href=\"https:\/\/cubeconcepts.de\/es\/fraunhofer-studie-batteriespeicher-entlastung-stromsystem\/\" tabindex=\"-1\" >\n\t\t\t<div class=\"elementor-post__thumbnail\"><img loading=\"lazy\" decoding=\"async\" width=\"800\" height=\"530\" src=\"https:\/\/cubeconcepts.de\/wp-content\/uploads\/2026\/07\/Speicherstudie-Fraunhofer-IEE-2026-Header-1024x678.jpeg\" class=\"attachment-large size-large wp-image-30466\" alt=\"Estudio-de-almacenamiento-Fraunhofer-IEE-2026-Encabezado\" srcset=\"https:\/\/cubeconcepts.de\/wp-content\/uploads\/2026\/07\/Speicherstudie-Fraunhofer-IEE-2026-Header-1024x678.jpeg 1024w, https:\/\/cubeconcepts.de\/wp-content\/uploads\/2026\/07\/Speicherstudie-Fraunhofer-IEE-2026-Header-300x199.jpeg 300w, https:\/\/cubeconcepts.de\/wp-content\/uploads\/2026\/07\/Speicherstudie-Fraunhofer-IEE-2026-Header-768x509.jpeg 768w, https:\/\/cubeconcepts.de\/wp-content\/uploads\/2026\/07\/Speicherstudie-Fraunhofer-IEE-2026-Header-1536x1017.jpeg 1536w, https:\/\/cubeconcepts.de\/wp-content\/uploads\/2026\/07\/Speicherstudie-Fraunhofer-IEE-2026-Header-2048x1357.jpeg 2048w, https:\/\/cubeconcepts.de\/wp-content\/uploads\/2026\/07\/Speicherstudie-Fraunhofer-IEE-2026-Header-18x12.jpeg 18w\" sizes=\"(max-width: 800px) 100vw, 800px\" \/><\/div>\n\t\t<\/a>\n\t\t\t\t<div class=\"elementor-post__text\">\n\t\t\t\t<h3 class=\"elementor-post__title\">\n\t\t\t<a href=\"https:\/\/cubeconcepts.de\/es\/fraunhofer-studie-batteriespeicher-entlastung-stromsystem\/\" >\n\t\t\t\tEstudio de Fraunhofer: los sistemas de almacenamiento en bater\u00edas podr\u00edan reducir la carga del sistema el\u00e9ctrico en 3.900 millones de euros al a\u00f1o\t\t\t<\/a>\n\t\t<\/h3>\n\t\t\t\t<div class=\"elementor-post__meta-data\">\n\t\t\t\t\t<span class=\"elementor-post-date\">\n\t\t\t3 de julio de 2026\t\t<\/span>\n\t\t\t\t<\/div>\n\t\t\t\t<div class=\"elementor-post__excerpt\">\n\t\t\t<p>\u00bfQu\u00e9 repercusiones econ\u00f3micas tendr\u00eda una expansi\u00f3n m\u00e1s r\u00e1pida de los sistemas de almacenamiento con bater\u00edas? Un estudio reciente del Fraunhofer ofrece cifras concretas y muestra por qu\u00e9 una mayor flexibilidad es fundamental para los consumidores de electricidad, los promotores de proyectos y el sistema energ\u00e9tico en su conjunto.<\/p>\n\t\t<\/div>\n\t\t\n\t\t<a class=\"elementor-post__read-more\" href=\"https:\/\/cubeconcepts.de\/es\/fraunhofer-studie-batteriespeicher-entlastung-stromsystem\/\" aria-label=\"M\u00e1s informaci\u00f3n sobre el estudio de Fraunhofer: Las bater\u00edas de almacenamiento podr\u00edan aliviar el sistema el\u00e9ctrico en 3.900 millones de euros al a\u00f1o\" tabindex=\"-1\" >\n\t\t\tLeer m\u00e1s \"\t\t<\/a>\n\n\t\t\t\t<\/div>\n\t\t\t\t<\/article>\n\t\t\t\t<\/div>\n\t\t\t\t\t<span class=\"e-load-more-spinner\">\n\t\t\t\t<i aria-hidden=\"true\" class=\"fas fa-spinner\"><\/i>\t\t\t<\/span>\n\t\t\n\t\t\t\t<div class=\"e-load-more-anchor\" data-page=\"1\" data-max-page=\"15\" data-next-page=\"https:\/\/cubeconcepts.de\/es\/wp-json\/wp\/v2\/pages\/723\/page\/2\/\"><\/div>\n\t\t\t\t<div class=\"e-load-more-message\"><\/div>\n\t\t\t\t\t\t<\/div>\n\t\t\t\t<\/div>\n\t\t\t\t<\/div>\n\t\t<div id=\"e-n-tab-content-63077132\" role=\"tabpanel\" aria-labelledby=\"e-n-tab-title-63077132\" data-tab-index=\"2\" style=\"--n-tabs-title-order: 2;\" class=\"elementor-element elementor-element-d568f26 e-con-full e-flex e-con e-child\" data-id=\"d568f26\" data-element_type=\"container\" data-e-type=\"container\">\n\t\t\t\t<div class=\"elementor-element elementor-element-9cf5266 elementor-grid-3 elementor-grid-tablet-2 elementor-grid-mobile-1 elementor-posts--thumbnail-top elementor-widget elementor-widget-posts\" data-id=\"9cf5266\" data-element_type=\"widget\" data-e-type=\"widget\" data-settings=\"{&quot;classic_row_gap&quot;:{&quot;unit&quot;:&quot;px&quot;,&quot;size&quot;:29,&quot;sizes&quot;:[]},&quot;pagination_type&quot;:&quot;load_more_infinite_scroll&quot;,&quot;classic_columns&quot;:&quot;3&quot;,&quot;classic_columns_tablet&quot;:&quot;2&quot;,&quot;classic_columns_mobile&quot;:&quot;1&quot;,&quot;classic_row_gap_tablet&quot;:{&quot;unit&quot;:&quot;px&quot;,&quot;size&quot;:&quot;&quot;,&quot;sizes&quot;:[]},&quot;classic_row_gap_mobile&quot;:{&quot;unit&quot;:&quot;px&quot;,&quot;size&quot;:&quot;&quot;,&quot;sizes&quot;:[]},&quot;load_more_spinner&quot;:{&quot;value&quot;:&quot;fas fa-spinner&quot;,&quot;library&quot;:&quot;fa-solid&quot;}}\" data-widget_type=\"posts.classic\">\n\t\t\t\t<div class=\"elementor-widget-container\">\n\t\t\t\t\t\t\t<div class=\"elementor-posts-container elementor-posts elementor-posts--skin-classic elementor-grid\" role=\"list\">\n\t\t\t\t<article class=\"elementor-post elementor-grid-item post-33279 post type-post status-publish format-standard has-post-thumbnail hentry category-solar-news\" role=\"listitem\">\n\t\t\t\t<a class=\"elementor-post__thumbnail__link\" href=\"https:\/\/cubeconcepts.de\/es\/reifegradverfahren-fuer-bess-projekte-erreicht-die-verteilnetze\/\" tabindex=\"-1\" >\n\t\t\t<div class=\"elementor-post__thumbnail\"><img loading=\"lazy\" decoding=\"async\" width=\"800\" height=\"600\" src=\"https:\/\/cubeconcepts.de\/wp-content\/uploads\/2026\/08\/Reifegradverfahren-Verteilnetze.jpg\" class=\"attachment-large size-large wp-image-33284\" alt=\"Procesos de madurez para redes de distribuci\u00f3n\" srcset=\"https:\/\/cubeconcepts.de\/wp-content\/uploads\/2026\/08\/Reifegradverfahren-Verteilnetze.jpg 960w, https:\/\/cubeconcepts.de\/wp-content\/uploads\/2026\/08\/Reifegradverfahren-Verteilnetze-300x225.jpg 300w, https:\/\/cubeconcepts.de\/wp-content\/uploads\/2026\/08\/Reifegradverfahren-Verteilnetze-768x576.jpg 768w, https:\/\/cubeconcepts.de\/wp-content\/uploads\/2026\/08\/Reifegradverfahren-Verteilnetze-16x12.jpg 16w\" sizes=\"(max-width: 800px) 100vw, 800px\" \/><\/div>\n\t\t<\/a>\n\t\t\t\t<div class=\"elementor-post__text\">\n\t\t\t\t<h3 class=\"elementor-post__title\">\n\t\t\t<a href=\"https:\/\/cubeconcepts.de\/es\/reifegradverfahren-fuer-bess-projekte-erreicht-die-verteilnetze\/\" >\n\t\t\t\tEl procedimiento de madurez para proyectos BESS llega a las redes de distribuci\u00f3n\t\t\t<\/a>\n\t\t<\/h3>\n\t\t\t\t<div class=\"elementor-post__meta-data\">\n\t\t\t\t\t<span class=\"elementor-post-date\">\n\t\t\t18 de agosto de 2026\t\t<\/span>\n\t\t\t\t<\/div>\n\t\t\t\t<div class=\"elementor-post__excerpt\">\n\t\t\t<p>Con Netze BW, un gran operador de red de distribuci\u00f3n introduce por primera vez un procedimiento de adjudicaci\u00f3n basado en puntos para conexiones a la red a partir de 950 kW. Para los desarrolladores de proyectos esto significa: la superficie, los permisos y la planificaci\u00f3n t\u00e9cnica deben ser s\u00f3lidos a su debido tiempo; la primera ventana de solicitud se abre ya en noviembre de 2026.<\/p>\n\t\t<\/div>\n\t\t\n\t\t<a class=\"elementor-post__read-more\" href=\"https:\/\/cubeconcepts.de\/es\/reifegradverfahren-fuer-bess-projekte-erreicht-die-verteilnetze\/\" aria-label=\"M\u00e1s informaci\u00f3n sobre Reifegradverfahren f\u00fcr BESS-Projekte erreicht Verteilnetze\" tabindex=\"-1\" >\n\t\t\tLeer m\u00e1s \"\t\t<\/a>\n\n\t\t\t\t<\/div>\n\t\t\t\t<\/article>\n\t\t\t\t<article class=\"elementor-post elementor-grid-item post-33005 post type-post status-publish format-standard has-post-thumbnail hentry category-solar-news category-regulatorik-esg\" role=\"listitem\">\n\t\t\t\t<a class=\"elementor-post__thumbnail__link\" href=\"https:\/\/cubeconcepts.de\/es\/eeg-2027-netzpaket-kabinettsbeschluss-zum-refinanzierungsbeitrag-cfd-im-ueberblick\/\" tabindex=\"-1\" >\n\t\t\t<div class=\"elementor-post__thumbnail\"><img decoding=\"async\" width=\"800\" height=\"559\" src=\"https:\/\/cubeconcepts.de\/wp-content\/uploads\/2026\/08\/EEG-2027-Netzpaket-Kabinettsbeschluss-1024x716.jpg\" class=\"attachment-large size-large wp-image-33010\" alt=\"Decisi\u00f3n del Gabinete sobre el paquete de redes EEG 2027\" srcset=\"https:\/\/cubeconcepts.de\/wp-content\/uploads\/2026\/08\/EEG-2027-Netzpaket-Kabinettsbeschluss-1024x716.jpg 1024w, https:\/\/cubeconcepts.de\/wp-content\/uploads\/2026\/08\/EEG-2027-Netzpaket-Kabinettsbeschluss-300x210.jpg 300w, https:\/\/cubeconcepts.de\/wp-content\/uploads\/2026\/08\/EEG-2027-Netzpaket-Kabinettsbeschluss-768x537.jpg 768w, https:\/\/cubeconcepts.de\/wp-content\/uploads\/2026\/08\/EEG-2027-Netzpaket-Kabinettsbeschluss-1536x1074.jpg 1536w, https:\/\/cubeconcepts.de\/wp-content\/uploads\/2026\/08\/EEG-2027-Netzpaket-Kabinettsbeschluss-2048x1432.jpg 2048w, https:\/\/cubeconcepts.de\/wp-content\/uploads\/2026\/08\/EEG-2027-Netzpaket-Kabinettsbeschluss-18x12.jpg 18w\" sizes=\"(max-width: 800px) 100vw, 800px\" \/><\/div>\n\t\t<\/a>\n\t\t\t\t<div class=\"elementor-post__text\">\n\t\t\t\t<h3 class=\"elementor-post__title\">\n\t\t\t<a href=\"https:\/\/cubeconcepts.de\/es\/eeg-2027-netzpaket-kabinettsbeschluss-zum-refinanzierungsbeitrag-cfd-im-ueberblick\/\" >\n\t\t\t\tEEG 2027 y Paquete de Redes: Resumen de la decisi\u00f3n del Gabinete sobre la contribuci\u00f3n de refinanciaci\u00f3n (CfD)\t\t\t<\/a>\n\t\t<\/h3>\n\t\t\t\t<div class=\"elementor-post__meta-data\">\n\t\t\t\t\t<span class=\"elementor-post-date\">\n\t\t\t12 de agosto de 2026\t\t<\/span>\n\t\t\t\t<\/div>\n\t\t\t\t<div class=\"elementor-post__excerpt\">\n\t\t\t<p>A 12 de agosto de 2026 | Este art\u00edculo se basa en la decisi\u00f3n del Gabinete sobre la Ley de Energ\u00edas Renovables (EEG) 2027 y el paquete de redes del 29 de julio de 2026. El proceso legislativo a\u00fan no ha concluido; los datos pueden cambiar en el transcurso del mismo.<\/p>\n\t\t<\/div>\n\t\t\n\t\t<a class=\"elementor-post__read-more\" href=\"https:\/\/cubeconcepts.de\/es\/eeg-2027-netzpaket-kabinettsbeschluss-zum-refinanzierungsbeitrag-cfd-im-ueberblick\/\" aria-label=\"M\u00e1s informaci\u00f3n sobre EEG 2027 y paquete de redes: el acuerdo del Gabinete sobre la contribuci\u00f3n de refinanciaci\u00f3n (CfD) de un vistazo\" tabindex=\"-1\" >\n\t\t\tLeer m\u00e1s \"\t\t<\/a>\n\n\t\t\t\t<\/div>\n\t\t\t\t<\/article>\n\t\t\t\t<article class=\"elementor-post elementor-grid-item post-32992 post type-post status-publish format-standard has-post-thumbnail hentry category-solar-news category-regulatorik-esg\" role=\"listitem\">\n\t\t\t\t<a class=\"elementor-post__thumbnail__link\" href=\"https:\/\/cubeconcepts.de\/es\/agnes-festlegungsentwurf-2026-netzentgelt-reform-ab-2029-im-ueberblick\/\" tabindex=\"-1\" >\n\t\t\t<div class=\"elementor-post__thumbnail\"><img decoding=\"async\" width=\"800\" height=\"534\" src=\"https:\/\/cubeconcepts.de\/wp-content\/uploads\/2026\/08\/AgNes-Festlegungsentwurf-2026-Header-1024x683.jpg\" class=\"attachment-large size-large wp-image-32999\" alt=\"Borrador-de-resolucion-AgNes-2026-Encabezado\" srcset=\"https:\/\/cubeconcepts.de\/wp-content\/uploads\/2026\/08\/AgNes-Festlegungsentwurf-2026-Header-1024x683.jpg 1024w, https:\/\/cubeconcepts.de\/wp-content\/uploads\/2026\/08\/AgNes-Festlegungsentwurf-2026-Header-300x200.jpg 300w, https:\/\/cubeconcepts.de\/wp-content\/uploads\/2026\/08\/AgNes-Festlegungsentwurf-2026-Header-768x512.jpg 768w, https:\/\/cubeconcepts.de\/wp-content\/uploads\/2026\/08\/AgNes-Festlegungsentwurf-2026-Header-1536x1024.jpg 1536w, https:\/\/cubeconcepts.de\/wp-content\/uploads\/2026\/08\/AgNes-Festlegungsentwurf-2026-Header-18x12.jpg 18w, https:\/\/cubeconcepts.de\/wp-content\/uploads\/2026\/08\/AgNes-Festlegungsentwurf-2026-Header.jpg 1920w\" sizes=\"(max-width: 800px) 100vw, 800px\" \/><\/div>\n\t\t<\/a>\n\t\t\t\t<div class=\"elementor-post__text\">\n\t\t\t\t<h3 class=\"elementor-post__title\">\n\t\t\t<a href=\"https:\/\/cubeconcepts.de\/es\/agnes-festlegungsentwurf-2026-netzentgelt-reform-ab-2029-im-ueberblick\/\" >\n\t\t\t\tProyecto de regulaci\u00f3n AgNes 2026: La reforma de los peajes de red a partir de 2029 en resumen\t\t\t<\/a>\n\t\t<\/h3>\n\t\t\t\t<div class=\"elementor-post__meta-data\">\n\t\t\t\t\t<span class=\"elementor-post-date\">\n\t\t\t11 de agosto de 2026\t\t<\/span>\n\t\t\t\t<\/div>\n\t\t\t\t<div class=\"elementor-post__excerpt\">\n\t\t\t<p>Para los sistemas de almacenamiento en bater\u00eda las cosas se ponen serias: el borrador de la resoluci\u00f3n AgNes prev\u00e9 nuevas tarifas por capacidad; al mismo tiempo, el reloj corre para la exenci\u00f3n de 20 a\u00f1os. Quien est\u00e9 planificando un nuevo almacenamiento probablemente deba tomar la decisi\u00f3n de inversi\u00f3n definitiva antes del 1 de enero de 2027.<\/p>\n\t\t<\/div>\n\t\t\n\t\t<a class=\"elementor-post__read-more\" href=\"https:\/\/cubeconcepts.de\/es\/agnes-festlegungsentwurf-2026-netzentgelt-reform-ab-2029-im-ueberblick\/\" aria-label=\"M\u00e1s informaci\u00f3n sobre el borrador de determinaci\u00f3n de AgNes 2026: La reforma de los peajes de red a partir de 2029 en resumen\" tabindex=\"-1\" >\n\t\t\tLeer m\u00e1s \"\t\t<\/a>\n\n\t\t\t\t<\/div>\n\t\t\t\t<\/article>\n\t\t\t\t<article class=\"elementor-post elementor-grid-item post-32926 post type-post status-publish format-standard has-post-thumbnail hentry category-solar-news\" role=\"listitem\">\n\t\t\t\t<a class=\"elementor-post__thumbnail__link\" href=\"https:\/\/cubeconcepts.de\/es\/wassermangel-in-europa-energieversorgung\/\" tabindex=\"-1\" >\n\t\t\t<div class=\"elementor-post__thumbnail\"><img loading=\"lazy\" decoding=\"async\" width=\"800\" height=\"534\" src=\"https:\/\/cubeconcepts.de\/wp-content\/uploads\/2026\/08\/Wassermangel-Europa-Energieversorgung-1024x683.jpg\" class=\"attachment-large size-large wp-image-32929\" alt=\"escasez de agua - Europa - suministro de energ\u00eda\" srcset=\"https:\/\/cubeconcepts.de\/wp-content\/uploads\/2026\/08\/Wassermangel-Europa-Energieversorgung-1024x683.jpg 1024w, https:\/\/cubeconcepts.de\/wp-content\/uploads\/2026\/08\/Wassermangel-Europa-Energieversorgung-300x200.jpg 300w, https:\/\/cubeconcepts.de\/wp-content\/uploads\/2026\/08\/Wassermangel-Europa-Energieversorgung-768x512.jpg 768w, https:\/\/cubeconcepts.de\/wp-content\/uploads\/2026\/08\/Wassermangel-Europa-Energieversorgung-1536x1024.jpg 1536w, https:\/\/cubeconcepts.de\/wp-content\/uploads\/2026\/08\/Wassermangel-Europa-Energieversorgung-18x12.jpg 18w, https:\/\/cubeconcepts.de\/wp-content\/uploads\/2026\/08\/Wassermangel-Europa-Energieversorgung.jpg 1920w\" sizes=\"(max-width: 800px) 100vw, 800px\" \/><\/div>\n\t\t<\/a>\n\t\t\t\t<div class=\"elementor-post__text\">\n\t\t\t\t<h3 class=\"elementor-post__title\">\n\t\t\t<a href=\"https:\/\/cubeconcepts.de\/es\/wassermangel-in-europa-energieversorgung\/\" >\n\t\t\t\tEscasez de agua en Europa: Por qu\u00e9 esto plantea problemas para el suministro de energ\u00eda\t\t\t<\/a>\n\t\t<\/h3>\n\t\t\t\t<div class=\"elementor-post__meta-data\">\n\t\t\t\t\t<span class=\"elementor-post-date\">\n\t\t\t6 de agosto de 2026\t\t<\/span>\n\t\t\t\t<\/div>\n\t\t\t\t<div class=\"elementor-post__excerpt\">\n\t\t\t<p>Los bajos niveles de los r\u00edos en Europa obligan por primera vez a apagar varias centrales nucleares y tambi\u00e9n ponen bajo presi\u00f3n a las centrales de carb\u00f3n, gas e hidroel\u00e9ctricas. Nuestro resumen muestra por qu\u00e9 la crisis clim\u00e1tica se est\u00e1 convirtiendo cada vez m\u00e1s en un desaf\u00edo para el suministro de energ\u00eda y qu\u00e9 papel desempe\u00f1ar\u00e1n en el futuro las bater\u00edas de almacenamiento.<\/p>\n\t\t<\/div>\n\t\t\n\t\t<a class=\"elementor-post__read-more\" href=\"https:\/\/cubeconcepts.de\/es\/wassermangel-in-europa-energieversorgung\/\" aria-label=\"M\u00e1s informaci\u00f3n sobre la escasez de agua en Europa: por qu\u00e9 esto causa problemas en el suministro de energ\u00eda\" tabindex=\"-1\" >\n\t\t\tLeer m\u00e1s \"\t\t<\/a>\n\n\t\t\t\t<\/div>\n\t\t\t\t<\/article>\n\t\t\t\t<article class=\"elementor-post elementor-grid-item post-29104 post type-post status-publish format-standard has-post-thumbnail hentry category-batteriespeicher category-solar-news category-regulatorik-esg\" role=\"listitem\">\n\t\t\t\t<a class=\"elementor-post__thumbnail__link\" href=\"https:\/\/cubeconcepts.de\/es\/mispel-zeitplan-rechtskraft-2026\/\" tabindex=\"-1\" >\n\t\t\t<div class=\"elementor-post__thumbnail\"><img loading=\"lazy\" decoding=\"async\" width=\"800\" height=\"534\" src=\"https:\/\/cubeconcepts.de\/wp-content\/uploads\/2026\/05\/MiSpeL-Zeitplan-Rechtskraft-1024x683.jpeg\" class=\"attachment-large size-large wp-image-29106\" alt=\"Plazo de validez del plan MiSpeL\" srcset=\"https:\/\/cubeconcepts.de\/wp-content\/uploads\/2026\/05\/MiSpeL-Zeitplan-Rechtskraft-1024x683.jpeg 1024w, https:\/\/cubeconcepts.de\/wp-content\/uploads\/2026\/05\/MiSpeL-Zeitplan-Rechtskraft-300x200.jpeg 300w, https:\/\/cubeconcepts.de\/wp-content\/uploads\/2026\/05\/MiSpeL-Zeitplan-Rechtskraft-768x512.jpeg 768w, https:\/\/cubeconcepts.de\/wp-content\/uploads\/2026\/05\/MiSpeL-Zeitplan-Rechtskraft-1536x1024.jpeg 1536w, https:\/\/cubeconcepts.de\/wp-content\/uploads\/2026\/05\/MiSpeL-Zeitplan-Rechtskraft-2048x1365.jpeg 2048w, https:\/\/cubeconcepts.de\/wp-content\/uploads\/2026\/05\/MiSpeL-Zeitplan-Rechtskraft-18x12.jpeg 18w\" sizes=\"(max-width: 800px) 100vw, 800px\" \/><\/div>\n\t\t<\/a>\n\t\t\t\t<div class=\"elementor-post__text\">\n\t\t\t\t<h3 class=\"elementor-post__title\">\n\t\t\t<a href=\"https:\/\/cubeconcepts.de\/es\/mispel-zeitplan-rechtskraft-2026\/\" >\n\t\t\t\tMiSpeL 2026: la regulaci\u00f3n entra en vigor el 1 de octubre y \u00bfqu\u00e9 significa esto para los proyectos BESS?\t\t\t<\/a>\n\t\t<\/h3>\n\t\t\t\t<div class=\"elementor-post__meta-data\">\n\t\t\t\t\t<span class=\"elementor-post-date\">\n\t\t\t6 de agosto de 2026\t\t<\/span>\n\t\t\t\t<\/div>\n\t\t\t\t<div class=\"elementor-post__excerpt\">\n\t\t\t<p>MiSpeL se considera uno de los avances regulatorios m\u00e1s importantes para el almacenamiento en Alemania. En la pr\u00e1ctica, lo crucial ahora es cu\u00e1ndo llegar\u00e1n y ser\u00e1n aplicables las nuevas reglas. <\/p>\n\t\t<\/div>\n\t\t\n\t\t<a class=\"elementor-post__read-more\" href=\"https:\/\/cubeconcepts.de\/es\/mispel-zeitplan-rechtskraft-2026\/\" aria-label=\"M\u00e1s informaci\u00f3n sobre MiSpeL 2026: La normativa entra en vigor el 1 de octubre y \u00bfqu\u00e9 significa eso para los proyectos BESS?\" tabindex=\"-1\" >\n\t\t\tLeer m\u00e1s \"\t\t<\/a>\n\n\t\t\t\t<\/div>\n\t\t\t\t<\/article>\n\t\t\t\t<article class=\"elementor-post elementor-grid-item post-32561 post type-post status-publish format-standard has-post-thumbnail hentry category-solar-news\" role=\"listitem\">\n\t\t\t\t<a class=\"elementor-post__thumbnail__link\" href=\"https:\/\/cubeconcepts.de\/es\/solarstrom-ersparte-eu-gasimporte\/\" tabindex=\"-1\" >\n\t\t\t<div class=\"elementor-post__thumbnail\"><img loading=\"lazy\" decoding=\"async\" width=\"800\" height=\"534\" src=\"https:\/\/cubeconcepts.de\/wp-content\/uploads\/2026\/07\/Solarstrom-erspart-EU-Gasimporte-1024x683.jpg\" class=\"attachment-large size-large wp-image-32565\" alt=\"La energ\u00eda solar reduce las importaciones de gas de la UE\" srcset=\"https:\/\/cubeconcepts.de\/wp-content\/uploads\/2026\/07\/Solarstrom-erspart-EU-Gasimporte-1024x683.jpg 1024w, https:\/\/cubeconcepts.de\/wp-content\/uploads\/2026\/07\/Solarstrom-erspart-EU-Gasimporte-300x200.jpg 300w, https:\/\/cubeconcepts.de\/wp-content\/uploads\/2026\/07\/Solarstrom-erspart-EU-Gasimporte-768x513.jpg 768w, https:\/\/cubeconcepts.de\/wp-content\/uploads\/2026\/07\/Solarstrom-erspart-EU-Gasimporte-1536x1025.jpg 1536w, https:\/\/cubeconcepts.de\/wp-content\/uploads\/2026\/07\/Solarstrom-erspart-EU-Gasimporte-2048x1367.jpg 2048w, https:\/\/cubeconcepts.de\/wp-content\/uploads\/2026\/07\/Solarstrom-erspart-EU-Gasimporte-18x12.jpg 18w\" sizes=\"(max-width: 800px) 100vw, 800px\" \/><\/div>\n\t\t<\/a>\n\t\t\t\t<div class=\"elementor-post__text\">\n\t\t\t\t<h3 class=\"elementor-post__title\">\n\t\t\t<a href=\"https:\/\/cubeconcepts.de\/es\/solarstrom-ersparte-eu-gasimporte\/\" >\n\t\t\t\tLa energ\u00eda solar ahorr\u00f3 a la UE importaciones de gas por valor de 20.000 millones de euros y podr\u00eda reducir la demanda en una cuarta parte para 2030\t\t\t<\/a>\n\t\t<\/h3>\n\t\t\t\t<div class=\"elementor-post__meta-data\">\n\t\t\t\t\t<span class=\"elementor-post-date\">\n\t\t\t31 de julio de 2026\t\t<\/span>\n\t\t\t\t<\/div>\n\t\t\t\t<div class=\"elementor-post__excerpt\">\n\t\t\t<p>Solo desde la escalaci\u00f3n del conflicto con Ir\u00e1n, la energ\u00eda solar ha ahorrado matem\u00e1ticamente a la UE importaciones de gas por valor de 20 mil millones de euros. Una mayor expansi\u00f3n podr\u00eda reducir la demanda de gas de la UE en otro 25 por ciento para 2030.<\/p>\n\t\t<\/div>\n\t\t\n\t\t<a class=\"elementor-post__read-more\" href=\"https:\/\/cubeconcepts.de\/es\/solarstrom-ersparte-eu-gasimporte\/\" aria-label=\"M\u00e1s informaci\u00f3n sobre la energ\u00eda solar ahorr\u00f3 a la UE importaciones de gas por valor de 20.000 millones de euros y podr\u00eda reducir la demanda en una cuarta parte para 2030\" tabindex=\"-1\" >\n\t\t\tLeer m\u00e1s \"\t\t<\/a>\n\n\t\t\t\t<\/div>\n\t\t\t\t<\/article>\n\t\t\t\t<article class=\"elementor-post elementor-grid-item post-32362 post type-post status-publish format-standard has-post-thumbnail hentry category-solar-news category-regulatorik-esg\" role=\"listitem\">\n\t\t\t\t<a class=\"elementor-post__thumbnail__link\" href=\"https:\/\/cubeconcepts.de\/es\/energy-sharing-in-deutschland-42c-enwg\/\" tabindex=\"-1\" >\n\t\t\t<div class=\"elementor-post__thumbnail\"><img loading=\"lazy\" decoding=\"async\" width=\"800\" height=\"533\" src=\"https:\/\/cubeconcepts.de\/wp-content\/uploads\/2026\/07\/Energy-Sharing-nach-\u00a742c-EnWG-1024x682.jpg\" class=\"attachment-large size-large wp-image-32365\" alt=\"Intercambio de energ\u00eda seg\u00fan el art\u00edculo 42c de la Ley alemana de energ\u00eda (EnWG)\" srcset=\"https:\/\/cubeconcepts.de\/wp-content\/uploads\/2026\/07\/Energy-Sharing-nach-\u00a742c-EnWG-1024x682.jpg 1024w, https:\/\/cubeconcepts.de\/wp-content\/uploads\/2026\/07\/Energy-Sharing-nach-\u00a742c-EnWG-300x200.jpg 300w, https:\/\/cubeconcepts.de\/wp-content\/uploads\/2026\/07\/Energy-Sharing-nach-\u00a742c-EnWG-768x512.jpg 768w, https:\/\/cubeconcepts.de\/wp-content\/uploads\/2026\/07\/Energy-Sharing-nach-\u00a742c-EnWG-1536x1023.jpg 1536w, https:\/\/cubeconcepts.de\/wp-content\/uploads\/2026\/07\/Energy-Sharing-nach-\u00a742c-EnWG-2048x1364.jpg 2048w, https:\/\/cubeconcepts.de\/wp-content\/uploads\/2026\/07\/Energy-Sharing-nach-\u00a742c-EnWG-18x12.jpg 18w\" sizes=\"(max-width: 800px) 100vw, 800px\" \/><\/div>\n\t\t<\/a>\n\t\t\t\t<div class=\"elementor-post__text\">\n\t\t\t\t<h3 class=\"elementor-post__title\">\n\t\t\t<a href=\"https:\/\/cubeconcepts.de\/es\/energy-sharing-in-deutschland-42c-enwg\/\" >\n\t\t\t\tCompartici\u00f3n de energ\u00eda en Alemania: Estado de implementaci\u00f3n seg\u00fan el art\u00edculo 42c de la Ley de la Industria Energ\u00e9tica (EnWG) (2026)\t\t\t<\/a>\n\t\t<\/h3>\n\t\t\t\t<div class=\"elementor-post__meta-data\">\n\t\t\t\t\t<span class=\"elementor-post-date\">\n\t\t\t29 de julio de 2026\t\t<\/span>\n\t\t\t\t<\/div>\n\t\t\t\t<div class=\"elementor-post__excerpt\">\n\t\t\t<p>Los operadores de redes deben facilitarlo desde junio de 2026, pero el gran avance sigue haci\u00e9ndose esperar. Nuestro resumen muestra qu\u00e9 obst\u00e1culos existen, por qu\u00e9 las tarifas de red completas frenan la rentabilidad y para qui\u00e9n puede valer la pena el modelo a pesar de todo.<\/p>\n\t\t<\/div>\n\t\t\n\t\t<a class=\"elementor-post__read-more\" href=\"https:\/\/cubeconcepts.de\/es\/energy-sharing-in-deutschland-42c-enwg\/\" aria-label=\"M\u00e1s informaci\u00f3n sobre Energy Sharing en Deutschland: Stand der Umsetzung nach \u00a7 42c EnWG (2026)\" tabindex=\"-1\" >\n\t\t\tLeer m\u00e1s \"\t\t<\/a>\n\n\t\t\t\t<\/div>\n\t\t\t\t<\/article>\n\t\t\t\t<article class=\"elementor-post elementor-grid-item post-32267 post type-post status-publish format-standard has-post-thumbnail hentry category-solar-news\" role=\"listitem\">\n\t\t\t\t<a class=\"elementor-post__thumbnail__link\" href=\"https:\/\/cubeconcepts.de\/es\/eu-ets-reform-2031-freie-zuteilung\/\" tabindex=\"-1\" >\n\t\t\t<div class=\"elementor-post__thumbnail\"><img loading=\"lazy\" decoding=\"async\" width=\"800\" height=\"534\" src=\"https:\/\/cubeconcepts.de\/wp-content\/uploads\/2026\/07\/ETS-Reform-mehr-gratiszertifikate-1024x683.jpg\" class=\"attachment-large size-large wp-image-32273\" alt=\"Reforma del ETS: m\u00e1s derechos de emisi\u00f3n gratuitos\" srcset=\"https:\/\/cubeconcepts.de\/wp-content\/uploads\/2026\/07\/ETS-Reform-mehr-gratiszertifikate-1024x683.jpg 1024w, https:\/\/cubeconcepts.de\/wp-content\/uploads\/2026\/07\/ETS-Reform-mehr-gratiszertifikate-300x200.jpg 300w, https:\/\/cubeconcepts.de\/wp-content\/uploads\/2026\/07\/ETS-Reform-mehr-gratiszertifikate-768x512.jpg 768w, https:\/\/cubeconcepts.de\/wp-content\/uploads\/2026\/07\/ETS-Reform-mehr-gratiszertifikate-1536x1024.jpg 1536w, https:\/\/cubeconcepts.de\/wp-content\/uploads\/2026\/07\/ETS-Reform-mehr-gratiszertifikate-18x12.jpg 18w, https:\/\/cubeconcepts.de\/wp-content\/uploads\/2026\/07\/ETS-Reform-mehr-gratiszertifikate.jpg 1920w\" sizes=\"(max-width: 800px) 100vw, 800px\" \/><\/div>\n\t\t<\/a>\n\t\t\t\t<div class=\"elementor-post__text\">\n\t\t\t\t<h3 class=\"elementor-post__title\">\n\t\t\t<a href=\"https:\/\/cubeconcepts.de\/es\/eu-ets-reform-2031-freie-zuteilung\/\" >\n\t\t\t\tLa Comisi\u00f3n Europea presenta la reforma del RCDE: m\u00e1s derechos de emisi\u00f3n gratuitos y una reducci\u00f3n m\u00e1s gradual del l\u00edmite m\u00e1ximo\t\t\t<\/a>\n\t\t<\/h3>\n\t\t\t\t<div class=\"elementor-post__meta-data\">\n\t\t\t\t\t<span class=\"elementor-post-date\">\n\t\t\t27 de julio de 2026\t\t<\/span>\n\t\t\t\t<\/div>\n\t\t\t\t<div class=\"elementor-post__excerpt\">\n\t\t\t<p>La Comisi\u00f3n Europea quiere suavizar notablemente el comercio de emisiones a partir de 2031: m\u00e1s certificados gratuitos, una reserva de estabilidad del mercado m\u00e1s flexible y nuevos sectores del ETS podr\u00edan influir de forma duradera en el mercado de CO\u2082.<\/p>\n\t\t<\/div>\n\t\t\n\t\t<a class=\"elementor-post__read-more\" href=\"https:\/\/cubeconcepts.de\/es\/eu-ets-reform-2031-freie-zuteilung\/\" aria-label=\"M\u00e1s informaci\u00f3n sobre la Comisi\u00f3n Europea presenta la reforma del comercio de derechos de emisi\u00f3n: m\u00e1s certificados gratuitos, l\u00edmite m\u00e1ximo con descenso m\u00e1s lento\" tabindex=\"-1\" >\n\t\t\tLeer m\u00e1s \"\t\t<\/a>\n\n\t\t\t\t<\/div>\n\t\t\t\t<\/article>\n\t\t\t\t<article class=\"elementor-post elementor-grid-item post-32245 post type-post status-publish format-standard has-post-thumbnail hentry category-solar-news\" role=\"listitem\">\n\t\t\t\t<a class=\"elementor-post__thumbnail__link\" href=\"https:\/\/cubeconcepts.de\/es\/update-netzpaket-2026-verbandeanhorung\/\" tabindex=\"-1\" >\n\t\t\t<div class=\"elementor-post__thumbnail\"><img loading=\"lazy\" decoding=\"async\" width=\"800\" height=\"532\" src=\"https:\/\/cubeconcepts.de\/wp-content\/uploads\/2026\/07\/Update-Netzpaket-2026-Header-1024x681.jpg\" class=\"attachment-large size-large wp-image-32251\" alt=\"Actualizaci\u00f3n-PaqueteDeRed-2026-Encabezado\" srcset=\"https:\/\/cubeconcepts.de\/wp-content\/uploads\/2026\/07\/Update-Netzpaket-2026-Header-1024x681.jpg 1024w, https:\/\/cubeconcepts.de\/wp-content\/uploads\/2026\/07\/Update-Netzpaket-2026-Header-300x200.jpg 300w, https:\/\/cubeconcepts.de\/wp-content\/uploads\/2026\/07\/Update-Netzpaket-2026-Header-768x511.jpg 768w, https:\/\/cubeconcepts.de\/wp-content\/uploads\/2026\/07\/Update-Netzpaket-2026-Header-1536x1022.jpg 1536w, https:\/\/cubeconcepts.de\/wp-content\/uploads\/2026\/07\/Update-Netzpaket-2026-Header-2048x1363.jpg 2048w, https:\/\/cubeconcepts.de\/wp-content\/uploads\/2026\/07\/Update-Netzpaket-2026-Header-18x12.jpg 18w\" sizes=\"(max-width: 800px) 100vw, 800px\" \/><\/div>\n\t\t<\/a>\n\t\t\t\t<div class=\"elementor-post__text\">\n\t\t\t\t<h3 class=\"elementor-post__title\">\n\t\t\t<a href=\"https:\/\/cubeconcepts.de\/es\/update-netzpaket-2026-verbandeanhorung\/\" >\n\t\t\t\tActualizaci\u00f3n Red de Paquetes 2026: El borrador final es aprobado por el Gabinete Federal\t\t\t<\/a>\n\t\t<\/h3>\n\t\t\t\t<div class=\"elementor-post__meta-data\">\n\t\t\t\t\t<span class=\"elementor-post-date\">\n\t\t\t24 de julio de 2026\t\t<\/span>\n\t\t\t\t<\/div>\n\t\t\t\t<div class=\"elementor-post__excerpt\">\n\t\t\t<p>De 3 % pasan a ser 5, y de 10 a\u00f1os pasan a ser 6: el BMWE ha suavizado ligeramente los requisitos para las zonas de red con capacidad limitada. Sin embargo, esto no cambia el hecho de que, en principio, el riesgo recae sobre los operadores de las instalaciones, y tampoco se disipan las cr\u00edticas en materia de legislaci\u00f3n europea.<\/p>\n\t\t<\/div>\n\t\t\n\t\t<a class=\"elementor-post__read-more\" href=\"https:\/\/cubeconcepts.de\/es\/update-netzpaket-2026-verbandeanhorung\/\" aria-label=\"M\u00e1s informaci\u00f3n sobre Actualizaci\u00f3n del paquete de redes 2026: El proyecto final pasa por el Gabinete Federal\" tabindex=\"-1\" >\n\t\t\tLeer m\u00e1s \"\t\t<\/a>\n\n\t\t\t\t<\/div>\n\t\t\t\t<\/article>\n\t\t\t\t<article class=\"elementor-post elementor-grid-item post-32239 post type-post status-publish format-standard has-post-thumbnail hentry category-solar-news category-regulatorik-esg\" role=\"listitem\">\n\t\t\t\t<a class=\"elementor-post__thumbnail__link\" href=\"https:\/\/cubeconcepts.de\/es\/emd-richtlinie-umsetzung-deutschland\/\" tabindex=\"-1\" >\n\t\t\t<div class=\"elementor-post__thumbnail\"><img loading=\"lazy\" decoding=\"async\" width=\"800\" height=\"450\" src=\"https:\/\/cubeconcepts.de\/wp-content\/uploads\/2026\/07\/EMD-Richtlinie-Umsetzung-Deutschland-Aktuell-1024x576.jpg\" class=\"attachment-large size-large wp-image-32244\" alt=\"Actualidad sobre la aplicaci\u00f3n de la Directiva EMD en Alemania\" srcset=\"https:\/\/cubeconcepts.de\/wp-content\/uploads\/2026\/07\/EMD-Richtlinie-Umsetzung-Deutschland-Aktuell-1024x576.jpg 1024w, https:\/\/cubeconcepts.de\/wp-content\/uploads\/2026\/07\/EMD-Richtlinie-Umsetzung-Deutschland-Aktuell-300x169.jpg 300w, https:\/\/cubeconcepts.de\/wp-content\/uploads\/2026\/07\/EMD-Richtlinie-Umsetzung-Deutschland-Aktuell-768x432.jpg 768w, https:\/\/cubeconcepts.de\/wp-content\/uploads\/2026\/07\/EMD-Richtlinie-Umsetzung-Deutschland-Aktuell-1536x864.jpg 1536w, https:\/\/cubeconcepts.de\/wp-content\/uploads\/2026\/07\/EMD-Richtlinie-Umsetzung-Deutschland-Aktuell-2048x1151.jpg 2048w, https:\/\/cubeconcepts.de\/wp-content\/uploads\/2026\/07\/EMD-Richtlinie-Umsetzung-Deutschland-Aktuell-18x10.jpg 18w\" sizes=\"(max-width: 800px) 100vw, 800px\" \/><\/div>\n\t\t<\/a>\n\t\t\t\t<div class=\"elementor-post__text\">\n\t\t\t\t<h3 class=\"elementor-post__title\">\n\t\t\t<a href=\"https:\/\/cubeconcepts.de\/es\/emd-richtlinie-umsetzung-deutschland\/\" >\n\t\t\t\tDirectiva EMD: situaci\u00f3n de la transposici\u00f3n alemana tras la expiraci\u00f3n del plazo\t\t\t<\/a>\n\t\t<\/h3>\n\t\t\t\t<div class=\"elementor-post__meta-data\">\n\t\t\t\t\t<span class=\"elementor-post-date\">\n\t\t\t23 de julio de 2026\t\t<\/span>\n\t\t\t\t<\/div>\n\t\t\t\t<div class=\"elementor-post__excerpt\">\n\t\t\t<p>La Directiva EMD (UE) 2024\/1711 deb\u00eda incorporarse a la legislaci\u00f3n alemana antes del 17 de julio de 2026. Alemania ya ha transpuesto aspectos fundamentales mediante la enmienda a la Ley de Energ\u00eda (EnWG) de noviembre de 2025, pero la Comisi\u00f3n Europea sigue consider\u00e1ndola en mora: est\u00e1 en curso un procedimiento de infracci\u00f3n (VVV 2025\/0127) porque no se notific\u00f3 la transposici\u00f3n completa dentro del plazo establecido.<\/p>\n\t\t<\/div>\n\t\t\n\t\t<a class=\"elementor-post__read-more\" href=\"https:\/\/cubeconcepts.de\/es\/emd-richtlinie-umsetzung-deutschland\/\" aria-label=\"M\u00e1s informaci\u00f3n sobre la Directiva de los derechos de emisi\u00f3n (EMD): estado de la transposici\u00f3n alemana tras la expiraci\u00f3n del plazo\" tabindex=\"-1\" >\n\t\t\tLeer m\u00e1s \"\t\t<\/a>\n\n\t\t\t\t<\/div>\n\t\t\t\t<\/article>\n\t\t\t\t<article class=\"elementor-post elementor-grid-item post-31874 post type-post status-publish format-standard has-post-thumbnail hentry category-solar-news category-regulatorik-esg\" role=\"listitem\">\n\t\t\t\t<a class=\"elementor-post__thumbnail__link\" href=\"https:\/\/cubeconcepts.de\/es\/klimaziele-2030-deutschland-verfehlt-esr-vorgaben-um-255-mio-tonnen-co%e2%82%82\/\" tabindex=\"-1\" >\n\t\t\t<div class=\"elementor-post__thumbnail\"><img loading=\"lazy\" decoding=\"async\" width=\"800\" height=\"534\" src=\"https:\/\/cubeconcepts.de\/wp-content\/uploads\/2026\/07\/Klimaziele-2030-verfehlt-was-kostet-das-Deutschland-1024x683.jpg\" class=\"attachment-large size-large wp-image-31876\" alt=\"\u00abNo se alcanzar\u00e1n los objetivos clim\u00e1ticos para 2030: \u00bfcu\u00e1nto le costar\u00e1 esto a Alemania?\u00bb\" srcset=\"https:\/\/cubeconcepts.de\/wp-content\/uploads\/2026\/07\/Klimaziele-2030-verfehlt-was-kostet-das-Deutschland-1024x683.jpg 1024w, https:\/\/cubeconcepts.de\/wp-content\/uploads\/2026\/07\/Klimaziele-2030-verfehlt-was-kostet-das-Deutschland-300x200.jpg 300w, https:\/\/cubeconcepts.de\/wp-content\/uploads\/2026\/07\/Klimaziele-2030-verfehlt-was-kostet-das-Deutschland-768x512.jpg 768w, https:\/\/cubeconcepts.de\/wp-content\/uploads\/2026\/07\/Klimaziele-2030-verfehlt-was-kostet-das-Deutschland-1536x1024.jpg 1536w, https:\/\/cubeconcepts.de\/wp-content\/uploads\/2026\/07\/Klimaziele-2030-verfehlt-was-kostet-das-Deutschland-18x12.jpg 18w, https:\/\/cubeconcepts.de\/wp-content\/uploads\/2026\/07\/Klimaziele-2030-verfehlt-was-kostet-das-Deutschland.jpg 1920w\" sizes=\"(max-width: 800px) 100vw, 800px\" \/><\/div>\n\t\t<\/a>\n\t\t\t\t<div class=\"elementor-post__text\">\n\t\t\t\t<h3 class=\"elementor-post__title\">\n\t\t\t<a href=\"https:\/\/cubeconcepts.de\/es\/klimaziele-2030-deutschland-verfehlt-esr-vorgaben-um-255-mio-tonnen-co%e2%82%82\/\" >\n\t\t\t\tObjetivos clim\u00e1ticos para 2030: Alemania incumple los objetivos del Reglamento de Esfuerzo Compartido (ESR) por 255 millones de toneladas de CO\u2082\t\t\t<\/a>\n\t\t<\/h3>\n\t\t\t\t<div class=\"elementor-post__meta-data\">\n\t\t\t\t\t<span class=\"elementor-post-date\">\n\t\t\t16 de julio de 2026\t\t<\/span>\n\t\t\t\t<\/div>\n\t\t\t\t<div class=\"elementor-post__excerpt\">\n\t\t\t<p>Alemania corre el riesgo de no cumplir, ni de lejos, sus objetivos clim\u00e1ticos europeos para 2030, lo que podr\u00eda suponer unos costes adicionales de hasta 38 300 millones de euros. En nuestro art\u00edculo explicamos por qu\u00e9 los edificios y el transporte son los principales problemas y qu\u00e9 papel desempe\u00f1ar\u00e1n en el futuro los sistemas de almacenamiento en bater\u00edas y la gesti\u00f3n energ\u00e9tica.<\/p>\n\t\t<\/div>\n\t\t\n\t\t<a class=\"elementor-post__read-more\" href=\"https:\/\/cubeconcepts.de\/es\/klimaziele-2030-deutschland-verfehlt-esr-vorgaben-um-255-mio-tonnen-co%e2%82%82\/\" aria-label=\"M\u00e1s informaci\u00f3n sobre los objetivos clim\u00e1ticos para 2030: Alemania incumple los objetivos del Reglamento de Esfuerzo Compartido (ESR) por 255 millones de toneladas de CO\u2082\" tabindex=\"-1\" >\n\t\t\tLeer m\u00e1s \"\t\t<\/a>\n\n\t\t\t\t<\/div>\n\t\t\t\t<\/article>\n\t\t\t\t<article class=\"elementor-post elementor-grid-item post-30449 post type-post status-publish format-standard has-post-thumbnail hentry category-batteriespeicher category-solar-news\" role=\"listitem\">\n\t\t\t\t<a class=\"elementor-post__thumbnail__link\" href=\"https:\/\/cubeconcepts.de\/es\/fraunhofer-studie-batteriespeicher-entlastung-stromsystem\/\" tabindex=\"-1\" >\n\t\t\t<div class=\"elementor-post__thumbnail\"><img loading=\"lazy\" decoding=\"async\" width=\"800\" height=\"530\" src=\"https:\/\/cubeconcepts.de\/wp-content\/uploads\/2026\/07\/Speicherstudie-Fraunhofer-IEE-2026-Header-1024x678.jpeg\" class=\"attachment-large size-large wp-image-30466\" alt=\"Estudio-de-almacenamiento-Fraunhofer-IEE-2026-Encabezado\" srcset=\"https:\/\/cubeconcepts.de\/wp-content\/uploads\/2026\/07\/Speicherstudie-Fraunhofer-IEE-2026-Header-1024x678.jpeg 1024w, https:\/\/cubeconcepts.de\/wp-content\/uploads\/2026\/07\/Speicherstudie-Fraunhofer-IEE-2026-Header-300x199.jpeg 300w, https:\/\/cubeconcepts.de\/wp-content\/uploads\/2026\/07\/Speicherstudie-Fraunhofer-IEE-2026-Header-768x509.jpeg 768w, https:\/\/cubeconcepts.de\/wp-content\/uploads\/2026\/07\/Speicherstudie-Fraunhofer-IEE-2026-Header-1536x1017.jpeg 1536w, https:\/\/cubeconcepts.de\/wp-content\/uploads\/2026\/07\/Speicherstudie-Fraunhofer-IEE-2026-Header-2048x1357.jpeg 2048w, https:\/\/cubeconcepts.de\/wp-content\/uploads\/2026\/07\/Speicherstudie-Fraunhofer-IEE-2026-Header-18x12.jpeg 18w\" sizes=\"(max-width: 800px) 100vw, 800px\" \/><\/div>\n\t\t<\/a>\n\t\t\t\t<div class=\"elementor-post__text\">\n\t\t\t\t<h3 class=\"elementor-post__title\">\n\t\t\t<a href=\"https:\/\/cubeconcepts.de\/es\/fraunhofer-studie-batteriespeicher-entlastung-stromsystem\/\" >\n\t\t\t\tEstudio de Fraunhofer: los sistemas de almacenamiento en bater\u00edas podr\u00edan reducir la carga del sistema el\u00e9ctrico en 3.900 millones de euros al a\u00f1o\t\t\t<\/a>\n\t\t<\/h3>\n\t\t\t\t<div class=\"elementor-post__meta-data\">\n\t\t\t\t\t<span class=\"elementor-post-date\">\n\t\t\t3 de julio de 2026\t\t<\/span>\n\t\t\t\t<\/div>\n\t\t\t\t<div class=\"elementor-post__excerpt\">\n\t\t\t<p>\u00bfQu\u00e9 repercusiones econ\u00f3micas tendr\u00eda una expansi\u00f3n m\u00e1s r\u00e1pida de los sistemas de almacenamiento con bater\u00edas? Un estudio reciente del Fraunhofer ofrece cifras concretas y muestra por qu\u00e9 una mayor flexibilidad es fundamental para los consumidores de electricidad, los promotores de proyectos y el sistema energ\u00e9tico en su conjunto.<\/p>\n\t\t<\/div>\n\t\t\n\t\t<a class=\"elementor-post__read-more\" href=\"https:\/\/cubeconcepts.de\/es\/fraunhofer-studie-batteriespeicher-entlastung-stromsystem\/\" aria-label=\"M\u00e1s informaci\u00f3n sobre el estudio de Fraunhofer: Las bater\u00edas de almacenamiento podr\u00edan aliviar el sistema el\u00e9ctrico en 3.900 millones de euros al a\u00f1o\" tabindex=\"-1\" >\n\t\t\tLeer m\u00e1s \"\t\t<\/a>\n\n\t\t\t\t<\/div>\n\t\t\t\t<\/article>\n\t\t\t\t<\/div>\n\t\t\t\t\t<span class=\"e-load-more-spinner\">\n\t\t\t\t<i aria-hidden=\"true\" class=\"fas fa-spinner\"><\/i>\t\t\t<\/span>\n\t\t\n\t\t\t\t<div class=\"e-load-more-anchor\" data-page=\"1\" data-max-page=\"11\" data-next-page=\"https:\/\/cubeconcepts.de\/es\/wp-json\/wp\/v2\/pages\/723\/page\/2\/\"><\/div>\n\t\t\t\t<div class=\"e-load-more-message\"><\/div>\n\t\t\t\t\t\t<\/div>\n\t\t\t\t<\/div>\n\t\t\t\t<\/div>\n\t\t<div id=\"e-n-tab-content-63077133\" role=\"tabpanel\" aria-labelledby=\"e-n-tab-title-63077133\" data-tab-index=\"3\" style=\"--n-tabs-title-order: 3;\" class=\"elementor-element elementor-element-dd92d96 e-con-full e-flex e-con e-child\" data-id=\"dd92d96\" data-element_type=\"container\" data-e-type=\"container\">\n\t\t\t\t<div class=\"elementor-element elementor-element-50305bb elementor-grid-3 elementor-grid-tablet-2 elementor-grid-mobile-1 elementor-posts--thumbnail-top elementor-widget elementor-widget-posts\" data-id=\"50305bb\" data-element_type=\"widget\" data-e-type=\"widget\" data-settings=\"{&quot;classic_row_gap&quot;:{&quot;unit&quot;:&quot;px&quot;,&quot;size&quot;:29,&quot;sizes&quot;:[]},&quot;pagination_type&quot;:&quot;load_more_infinite_scroll&quot;,&quot;classic_columns&quot;:&quot;3&quot;,&quot;classic_columns_tablet&quot;:&quot;2&quot;,&quot;classic_columns_mobile&quot;:&quot;1&quot;,&quot;classic_row_gap_tablet&quot;:{&quot;unit&quot;:&quot;px&quot;,&quot;size&quot;:&quot;&quot;,&quot;sizes&quot;:[]},&quot;classic_row_gap_mobile&quot;:{&quot;unit&quot;:&quot;px&quot;,&quot;size&quot;:&quot;&quot;,&quot;sizes&quot;:[]},&quot;load_more_spinner&quot;:{&quot;value&quot;:&quot;fas fa-spinner&quot;,&quot;library&quot;:&quot;fa-solid&quot;}}\" data-widget_type=\"posts.classic\">\n\t\t\t\t<div class=\"elementor-widget-container\">\n\t\t\t\t\t\t\t<div class=\"elementor-posts-container elementor-posts elementor-posts--skin-classic elementor-grid\" role=\"list\">\n\t\t\t\t<article class=\"elementor-post elementor-grid-item post-31865 post type-post status-publish format-standard has-post-thumbnail hentry category-cube-concepts-news\" role=\"listitem\">\n\t\t\t\t<a class=\"elementor-post__thumbnail__link\" href=\"https:\/\/cubeconcepts.de\/es\/e-mobilitat-unsere-flotte-bei-cube-concepts\/\" tabindex=\"-1\" >\n\t\t\t<div class=\"elementor-post__thumbnail\"><img loading=\"lazy\" decoding=\"async\" width=\"800\" height=\"600\" src=\"https:\/\/cubeconcepts.de\/wp-content\/uploads\/2026\/07\/E-Mobilitaet-CUBE-CONCEPTS-2-1024x768.jpg\" class=\"attachment-large size-large wp-image-31866\" alt=\"Movilidad el\u00e9ctrica - CUBE-CONCEPTS-1\" srcset=\"https:\/\/cubeconcepts.de\/wp-content\/uploads\/2026\/07\/E-Mobilitaet-CUBE-CONCEPTS-2-1024x768.jpg 1024w, https:\/\/cubeconcepts.de\/wp-content\/uploads\/2026\/07\/E-Mobilitaet-CUBE-CONCEPTS-2-300x225.jpg 300w, https:\/\/cubeconcepts.de\/wp-content\/uploads\/2026\/07\/E-Mobilitaet-CUBE-CONCEPTS-2-768x576.jpg 768w, https:\/\/cubeconcepts.de\/wp-content\/uploads\/2026\/07\/E-Mobilitaet-CUBE-CONCEPTS-2-1536x1152.jpg 1536w, https:\/\/cubeconcepts.de\/wp-content\/uploads\/2026\/07\/E-Mobilitaet-CUBE-CONCEPTS-2-2048x1536.jpg 2048w, https:\/\/cubeconcepts.de\/wp-content\/uploads\/2026\/07\/E-Mobilitaet-CUBE-CONCEPTS-2-16x12.jpg 16w\" sizes=\"(max-width: 800px) 100vw, 800px\" \/><\/div>\n\t\t<\/a>\n\t\t\t\t<div class=\"elementor-post__text\">\n\t\t\t\t<h3 class=\"elementor-post__title\">\n\t\t\t<a href=\"https:\/\/cubeconcepts.de\/es\/e-mobilitat-unsere-flotte-bei-cube-concepts\/\" >\n\t\t\t\tNos volvemos m\u00e1s ecol\u00f3gicos: CUBE CONCEPTS transforma su flota corporativa a la movilidad el\u00e9ctrica\t\t\t<\/a>\n\t\t<\/h3>\n\t\t\t\t<div class=\"elementor-post__meta-data\">\n\t\t\t\t\t<span class=\"elementor-post-date\">\n\t\t\t16 de julio de 2026\t\t<\/span>\n\t\t\t\t<\/div>\n\t\t\t\t<div class=\"elementor-post__excerpt\">\n\t\t\t<p>Para CUBE CONCEPTS, la sostenibilidad es m\u00e1s que un modelo de negocio: empieza tambi\u00e9n en nuestra propia casa. Por eso hemos<\/p>\n\t\t<\/div>\n\t\t\n\t\t<a class=\"elementor-post__read-more\" href=\"https:\/\/cubeconcepts.de\/es\/e-mobilitat-unsere-flotte-bei-cube-concepts\/\" aria-label=\"M\u00e1s informaci\u00f3n sobre Wir werden gr\u00fcner: CUBE CONCEPTS stellt Unternehmensflotte auf E-Mobilit\u00e4t um\" tabindex=\"-1\" >\n\t\t\tLeer m\u00e1s \"\t\t<\/a>\n\n\t\t\t\t<\/div>\n\t\t\t\t<\/article>\n\t\t\t\t<article class=\"elementor-post elementor-grid-item post-30345 post type-post status-publish format-standard has-post-thumbnail hentry category-cube-concepts-news\" role=\"listitem\">\n\t\t\t\t<a class=\"elementor-post__thumbnail__link\" href=\"https:\/\/cubeconcepts.de\/es\/sales-meeting-in-kaarst-zwei-tage-ein-team-eine-richtung\/\" tabindex=\"-1\" >\n\t\t\t<div class=\"elementor-post__thumbnail\"><img loading=\"lazy\" decoding=\"async\" width=\"800\" height=\"600\" src=\"https:\/\/cubeconcepts.de\/wp-content\/uploads\/2026\/06\/Sales-Meeting-2026-1024x768.jpg\" class=\"attachment-large size-large wp-image-30346\" alt=\"Reuni\u00f3n de ventas 2026\" srcset=\"https:\/\/cubeconcepts.de\/wp-content\/uploads\/2026\/06\/Sales-Meeting-2026-1024x768.jpg 1024w, https:\/\/cubeconcepts.de\/wp-content\/uploads\/2026\/06\/Sales-Meeting-2026-300x225.jpg 300w, https:\/\/cubeconcepts.de\/wp-content\/uploads\/2026\/06\/Sales-Meeting-2026-768x576.jpg 768w, https:\/\/cubeconcepts.de\/wp-content\/uploads\/2026\/06\/Sales-Meeting-2026-1536x1152.jpg 1536w, https:\/\/cubeconcepts.de\/wp-content\/uploads\/2026\/06\/Sales-Meeting-2026-2048x1536.jpg 2048w, https:\/\/cubeconcepts.de\/wp-content\/uploads\/2026\/06\/Sales-Meeting-2026-16x12.jpg 16w\" sizes=\"(max-width: 800px) 100vw, 800px\" \/><\/div>\n\t\t<\/a>\n\t\t\t\t<div class=\"elementor-post__text\">\n\t\t\t\t<h3 class=\"elementor-post__title\">\n\t\t\t<a href=\"https:\/\/cubeconcepts.de\/es\/sales-meeting-in-kaarst-zwei-tage-ein-team-eine-richtung\/\" >\n\t\t\t\tReuni\u00f3n de ventas en Kaarst: dos d\u00edas, un equipo, un objetivo com\u00fan\t\t\t<\/a>\n\t\t<\/h3>\n\t\t\t\t<div class=\"elementor-post__meta-data\">\n\t\t\t\t\t<span class=\"elementor-post-date\">\n\t\t\t29 de junio de 2026\t\t<\/span>\n\t\t\t\t<\/div>\n\t\t\t\t<div class=\"elementor-post__excerpt\">\n\t\t\t<p>Nuestra reuni\u00f3n de ventas en Kaarst ha puesto de manifiesto lo que caracteriza a un equipo s\u00f3lido: un intercambio aut\u00e9ntico, perspectivas directas y dos d\u00edas intensos que nos unen. Desde la terraza de la cervecer\u00eda hasta la reuni\u00f3n estrat\u00e9gica: Palma se encuentra con Renania, y ambas partes regresan m\u00e1s unidas que nunca.<\/p>\n\t\t<\/div>\n\t\t\n\t\t<a class=\"elementor-post__read-more\" href=\"https:\/\/cubeconcepts.de\/es\/sales-meeting-in-kaarst-zwei-tage-ein-team-eine-richtung\/\" aria-label=\"M\u00e1s informaci\u00f3n sobre la reuni\u00f3n de ventas en Kaarst: Dos d\u00edas, un equipo, una direcci\u00f3n\" tabindex=\"-1\" >\n\t\t\tLeer m\u00e1s \"\t\t<\/a>\n\n\t\t\t\t<\/div>\n\t\t\t\t<\/article>\n\t\t\t\t<article class=\"elementor-post elementor-grid-item post-29609 post type-post status-publish format-standard has-post-thumbnail hentry category-cube-concepts-news category-referenzen\" role=\"listitem\">\n\t\t\t\t<a class=\"elementor-post__thumbnail__link\" href=\"https:\/\/cubeconcepts.de\/es\/cube-concepts-kauft-100-mw-bess-in-tusimice-power-cube\/\" tabindex=\"-1\" >\n\t\t\t<div class=\"elementor-post__thumbnail\"><img loading=\"lazy\" decoding=\"async\" width=\"800\" height=\"600\" src=\"https:\/\/cubeconcepts.de\/wp-content\/uploads\/2026\/06\/Cube-Concepts-kauft-100-MW-Batteriespeicher-in-Tusimice--1024x768.jpg\" class=\"attachment-large size-large wp-image-29610\" alt=\"Cube Concepts adquiere un sistema de almacenamiento en bater\u00edas de 100 MW en Tusimice\" srcset=\"https:\/\/cubeconcepts.de\/wp-content\/uploads\/2026\/06\/Cube-Concepts-kauft-100-MW-Batteriespeicher-in-Tusimice--1024x768.jpg 1024w, https:\/\/cubeconcepts.de\/wp-content\/uploads\/2026\/06\/Cube-Concepts-kauft-100-MW-Batteriespeicher-in-Tusimice--300x225.jpg 300w, https:\/\/cubeconcepts.de\/wp-content\/uploads\/2026\/06\/Cube-Concepts-kauft-100-MW-Batteriespeicher-in-Tusimice--768x576.jpg 768w, https:\/\/cubeconcepts.de\/wp-content\/uploads\/2026\/06\/Cube-Concepts-kauft-100-MW-Batteriespeicher-in-Tusimice--1536x1152.jpg 1536w, https:\/\/cubeconcepts.de\/wp-content\/uploads\/2026\/06\/Cube-Concepts-kauft-100-MW-Batteriespeicher-in-Tusimice--16x12.jpg 16w, https:\/\/cubeconcepts.de\/wp-content\/uploads\/2026\/06\/Cube-Concepts-kauft-100-MW-Batteriespeicher-in-Tusimice-.jpg 2048w\" sizes=\"(max-width: 800px) 100vw, 800px\" \/><\/div>\n\t\t<\/a>\n\t\t\t\t<div class=\"elementor-post__text\">\n\t\t\t\t<h3 class=\"elementor-post__title\">\n\t\t\t<a href=\"https:\/\/cubeconcepts.de\/es\/cube-concepts-kauft-100-mw-bess-in-tusimice-power-cube\/\" >\n\t\t\t\tCube Concepts adquiere 100 MW de almacenamiento en bater\u00edas en Tu\u0161imice \u2014 Se lanza Power Cube\t\t\t<\/a>\n\t\t<\/h3>\n\t\t\t\t<div class=\"elementor-post__meta-data\">\n\t\t\t\t\t<span class=\"elementor-post-date\">\n\t\t\t2 de junio de 2026\t\t<\/span>\n\t\t\t\t<\/div>\n\t\t\t\t<div class=\"elementor-post__excerpt\">\n\t\t\t<p>Junto con Powerlink: la red el\u00e9ctrica m\u00e1s potente de la industria En pocas semanas hemos adquirido 100 MW de capacidad de almacenamiento en bater\u00edas<\/p>\n\t\t<\/div>\n\t\t\n\t\t<a class=\"elementor-post__read-more\" href=\"https:\/\/cubeconcepts.de\/es\/cube-concepts-kauft-100-mw-bess-in-tusimice-power-cube\/\" aria-label=\"M\u00e1s informaci\u00f3n sobre Cube Concepts erwirbt 100 MW Batteriespeicher in Tu\u0161imice \u2014 Power Cube startet\" tabindex=\"-1\" >\n\t\t\tLeer m\u00e1s \"\t\t<\/a>\n\n\t\t\t\t<\/div>\n\t\t\t\t<\/article>\n\t\t\t\t<article class=\"elementor-post elementor-grid-item post-29621 post type-post status-publish format-standard has-post-thumbnail hentry category-cube-concepts-news\" role=\"listitem\">\n\t\t\t\t<a class=\"elementor-post__thumbnail__link\" href=\"https:\/\/cubeconcepts.de\/es\/60-mio-euro-senior-debt-fazilitaet-mit-lcm-partners-cube-concepts\/\" tabindex=\"-1\" >\n\t\t\t<div class=\"elementor-post__thumbnail\"><img loading=\"lazy\" decoding=\"async\" width=\"800\" height=\"450\" src=\"https:\/\/cubeconcepts.de\/wp-content\/uploads\/2026\/05\/LCM-Handshake-1024x576.png\" class=\"attachment-large size-large wp-image-29626\" alt=\"L\u00ednea de deuda senior por valor de 60 millones de euros asegurada con LCM Partners\" srcset=\"https:\/\/cubeconcepts.de\/wp-content\/uploads\/2026\/05\/LCM-Handshake-1024x576.png 1024w, https:\/\/cubeconcepts.de\/wp-content\/uploads\/2026\/05\/LCM-Handshake-300x169.png 300w, https:\/\/cubeconcepts.de\/wp-content\/uploads\/2026\/05\/LCM-Handshake-768x432.png 768w, https:\/\/cubeconcepts.de\/wp-content\/uploads\/2026\/05\/LCM-Handshake-1536x864.png 1536w, https:\/\/cubeconcepts.de\/wp-content\/uploads\/2026\/05\/LCM-Handshake-18x10.png 18w, https:\/\/cubeconcepts.de\/wp-content\/uploads\/2026\/05\/LCM-Handshake.png 1672w\" sizes=\"(max-width: 800px) 100vw, 800px\" \/><\/div>\n\t\t<\/a>\n\t\t\t\t<div class=\"elementor-post__text\">\n\t\t\t\t<h3 class=\"elementor-post__title\">\n\t\t\t<a href=\"https:\/\/cubeconcepts.de\/es\/60-mio-euro-senior-debt-fazilitaet-mit-lcm-partners-cube-concepts\/\" >\n\t\t\t\tL\u00ednea de deuda senior por valor de 60 millones de euros asegurada con LCM Partners\t\t\t<\/a>\n\t\t<\/h3>\n\t\t\t\t<div class=\"elementor-post__meta-data\">\n\t\t\t\t\t<span class=\"elementor-post-date\">\n\t\t\t18 de mayo de 2026\t\t<\/span>\n\t\t\t\t<\/div>\n\t\t\t\t<div class=\"elementor-post__excerpt\">\n\t\t\t<p>Primera disposici\u00f3n realizada seg\u00fan lo previsto \u2014 Marco de capital para nuestra cartera de fotovoltaica y BESS en Alemania Hemos obtenido una l\u00ednea de deuda senior por 60 millones<\/p>\n\t\t<\/div>\n\t\t\n\t\t<a class=\"elementor-post__read-more\" href=\"https:\/\/cubeconcepts.de\/es\/60-mio-euro-senior-debt-fazilitaet-mit-lcm-partners-cube-concepts\/\" aria-label=\"M\u00e1s informaci\u00f3n sobre Senior-Debt-Fazilit\u00e4t \u00fcber 60 Millionen Euro mit LCM Partners gesichert\" tabindex=\"-1\" >\n\t\t\tLeer m\u00e1s \"\t\t<\/a>\n\n\t\t\t\t<\/div>\n\t\t\t\t<\/article>\n\t\t\t\t<article class=\"elementor-post elementor-grid-item post-28091 post type-post status-publish format-standard has-post-thumbnail hentry category-cube-concepts-news\" role=\"listitem\">\n\t\t\t\t<a class=\"elementor-post__thumbnail__link\" href=\"https:\/\/cubeconcepts.de\/es\/verstaerkung-im-sales-team-vier-neuzugaenge-fuer-unseren-standort-in-palma-de-mallorca\/\" tabindex=\"-1\" >\n\t\t\t<div class=\"elementor-post__thumbnail\"><img loading=\"lazy\" decoding=\"async\" width=\"800\" height=\"390\" src=\"https:\/\/cubeconcepts.de\/wp-content\/uploads\/2026\/04\/Sales-Profis-Setter-Closer-Palma3-1024x499.jpg\" class=\"attachment-large size-large wp-image-28151\" alt=\"Profesionales de ventas-Asesor-Cerrador-Palma3\" srcset=\"https:\/\/cubeconcepts.de\/wp-content\/uploads\/2026\/04\/Sales-Profis-Setter-Closer-Palma3-1024x499.jpg 1024w, https:\/\/cubeconcepts.de\/wp-content\/uploads\/2026\/04\/Sales-Profis-Setter-Closer-Palma3-300x146.jpg 300w, https:\/\/cubeconcepts.de\/wp-content\/uploads\/2026\/04\/Sales-Profis-Setter-Closer-Palma3-768x375.jpg 768w, https:\/\/cubeconcepts.de\/wp-content\/uploads\/2026\/04\/Sales-Profis-Setter-Closer-Palma3-1536x749.jpg 1536w, https:\/\/cubeconcepts.de\/wp-content\/uploads\/2026\/04\/Sales-Profis-Setter-Closer-Palma3-18x9.jpg 18w, https:\/\/cubeconcepts.de\/wp-content\/uploads\/2026\/04\/Sales-Profis-Setter-Closer-Palma3.jpg 1909w\" sizes=\"(max-width: 800px) 100vw, 800px\" \/><\/div>\n\t\t<\/a>\n\t\t\t\t<div class=\"elementor-post__text\">\n\t\t\t\t<h3 class=\"elementor-post__title\">\n\t\t\t<a href=\"https:\/\/cubeconcepts.de\/es\/verstaerkung-im-sales-team-vier-neuzugaenge-fuer-unseren-standort-in-palma-de-mallorca\/\" >\n\t\t\t\tCarrera para profesionales de ventas: \u00a1Mientras otros se quejan de la escasez de talento, nosotros escalamos!\t\t\t<\/a>\n\t\t<\/h3>\n\t\t\t\t<div class=\"elementor-post__meta-data\">\n\t\t\t\t\t<span class=\"elementor-post-date\">\n\t\t\t21 de abril de 2026\t\t<\/span>\n\t\t\t\t<\/div>\n\t\t\t\t<div class=\"elementor-post__excerpt\">\n\t\t\t<p>Cuatro nuevos \"A-Players\" para nuestro equipo de ventas como setter y closer en Palma de Mallorca. Y reci\u00e9n estamos empezando.<\/p>\n\t\t<\/div>\n\t\t\n\t\t<a class=\"elementor-post__read-more\" href=\"https:\/\/cubeconcepts.de\/es\/verstaerkung-im-sales-team-vier-neuzugaenge-fuer-unseren-standort-in-palma-de-mallorca\/\" aria-label=\"M\u00e1s informaci\u00f3n sobre Karriere f\u00fcr Sales-Profis: W\u00e4hrend andere \u00fcber Fachkr\u00e4ftemangel jammern, skalieren wir!\" tabindex=\"-1\" >\n\t\t\tLeer m\u00e1s \"\t\t<\/a>\n\n\t\t\t\t<\/div>\n\t\t\t\t<\/article>\n\t\t\t\t<article class=\"elementor-post elementor-grid-item post-27554 post type-post status-publish format-standard has-post-thumbnail hentry category-cube-concepts-news category-veranstaltungen\" role=\"listitem\">\n\t\t\t\t<a class=\"elementor-post__thumbnail__link\" href=\"https:\/\/cubeconcepts.de\/es\/projektmanagement-in-der-praxis-cube-concepts-zu-energieprojekten-an-der-hochschule-niederrhein\/\" tabindex=\"-1\" >\n\t\t\t<div class=\"elementor-post__thumbnail\"><img loading=\"lazy\" decoding=\"async\" width=\"800\" height=\"491\" src=\"https:\/\/cubeconcepts.de\/wp-content\/uploads\/2026\/03\/Projektmanagement-Energieprojekte-FH-Niederrhein1-1024x628.jpg\" class=\"attachment-large size-large wp-image-27557\" alt=\"Gesti\u00f3n de Proyectos - Proyectos de Energ\u00eda - FH Niederrhein1\" srcset=\"https:\/\/cubeconcepts.de\/wp-content\/uploads\/2026\/03\/Projektmanagement-Energieprojekte-FH-Niederrhein1-1024x628.jpg 1024w, https:\/\/cubeconcepts.de\/wp-content\/uploads\/2026\/03\/Projektmanagement-Energieprojekte-FH-Niederrhein1-300x184.jpg 300w, https:\/\/cubeconcepts.de\/wp-content\/uploads\/2026\/03\/Projektmanagement-Energieprojekte-FH-Niederrhein1-768x471.jpg 768w, https:\/\/cubeconcepts.de\/wp-content\/uploads\/2026\/03\/Projektmanagement-Energieprojekte-FH-Niederrhein1-18x12.jpg 18w, https:\/\/cubeconcepts.de\/wp-content\/uploads\/2026\/03\/Projektmanagement-Energieprojekte-FH-Niederrhein1.jpg 1519w\" sizes=\"(max-width: 800px) 100vw, 800px\" \/><\/div>\n\t\t<\/a>\n\t\t\t\t<div class=\"elementor-post__text\">\n\t\t\t\t<h3 class=\"elementor-post__title\">\n\t\t\t<a href=\"https:\/\/cubeconcepts.de\/es\/projektmanagement-in-der-praxis-cube-concepts-zu-energieprojekten-an-der-hochschule-niederrhein\/\" >\n\t\t\t\tGesti\u00f3n de proyectos en la pr\u00e1ctica: CUBE CONCEPTS sobre proyectos energ\u00e9ticos en la Hochschule Niederrhein\t\t\t<\/a>\n\t\t<\/h3>\n\t\t\t\t<div class=\"elementor-post__meta-data\">\n\t\t\t\t\t<span class=\"elementor-post-date\">\n\t\t\t30 de marzo de 2026\t\t<\/span>\n\t\t\t\t<\/div>\n\t\t\t\t<div class=\"elementor-post__excerpt\">\n\t\t\t<p>En la Universidad de Ciencias Aplicadas de Niederrhein, ense\u00f1amos gesti\u00f3n de proyectos pr\u00e1ctica para infraestructuras energ\u00e9ticas y fotovoltaicas complejas. El curso ofreci\u00f3 a los estudiantes una preparaci\u00f3n ideal para el certificado b\u00e1sico de GPM y los desaf\u00edos reales de la transici\u00f3n energ\u00e9tica.<\/p>\n\t\t<\/div>\n\t\t\n\t\t<a class=\"elementor-post__read-more\" href=\"https:\/\/cubeconcepts.de\/es\/projektmanagement-in-der-praxis-cube-concepts-zu-energieprojekten-an-der-hochschule-niederrhein\/\" aria-label=\"M\u00e1s informaci\u00f3n sobre Projektmanagement in der Praxis: CUBE CONCEPTS zu Energieprojekten an der Hochschule Niederrhein\" tabindex=\"-1\" >\n\t\t\tLeer m\u00e1s \"\t\t<\/a>\n\n\t\t\t\t<\/div>\n\t\t\t\t<\/article>\n\t\t\t\t<article class=\"elementor-post elementor-grid-item post-27534 post type-post status-publish format-standard has-post-thumbnail hentry category-cube-concepts-news category-veranstaltungen\" role=\"listitem\">\n\t\t\t\t<a class=\"elementor-post__thumbnail__link\" href=\"https:\/\/cubeconcepts.de\/es\/bvmw-jahresempfang-2026-warum-freiheit-verantwortung-bedeutet\/\" tabindex=\"-1\" >\n\t\t\t<div class=\"elementor-post__thumbnail\"><img loading=\"lazy\" decoding=\"async\" width=\"800\" height=\"484\" src=\"https:\/\/cubeconcepts.de\/wp-content\/uploads\/2026\/03\/BMV-Jahresempfang-2026-1024x620.jpg\" class=\"attachment-large size-large wp-image-27535\" alt=\"CUBE CONCEPTS El equipo Jasin, Luca y Guido en la recepci\u00f3n anual de BVMW 2026 en Colonia\" srcset=\"https:\/\/cubeconcepts.de\/wp-content\/uploads\/2026\/03\/BMV-Jahresempfang-2026-1024x620.jpg 1024w, https:\/\/cubeconcepts.de\/wp-content\/uploads\/2026\/03\/BMV-Jahresempfang-2026-300x182.jpg 300w, https:\/\/cubeconcepts.de\/wp-content\/uploads\/2026\/03\/BMV-Jahresempfang-2026-768x465.jpg 768w, https:\/\/cubeconcepts.de\/wp-content\/uploads\/2026\/03\/BMV-Jahresempfang-2026-18x12.jpg 18w, https:\/\/cubeconcepts.de\/wp-content\/uploads\/2026\/03\/BMV-Jahresempfang-2026.jpg 1426w\" sizes=\"(max-width: 800px) 100vw, 800px\" \/><\/div>\n\t\t<\/a>\n\t\t\t\t<div class=\"elementor-post__text\">\n\t\t\t\t<h3 class=\"elementor-post__title\">\n\t\t\t<a href=\"https:\/\/cubeconcepts.de\/es\/bvmw-jahresempfang-2026-warum-freiheit-verantwortung-bedeutet\/\" >\n\t\t\t\tBVMW Recepci\u00f3n Anual 2026: Por qu\u00e9 la libertad significa responsabilidad\t\t\t<\/a>\n\t\t<\/h3>\n\t\t\t\t<div class=\"elementor-post__meta-data\">\n\t\t\t\t\t<span class=\"elementor-post-date\">\n\t\t\t25 de marzo de 2026\t\t<\/span>\n\t\t\t\t<\/div>\n\t\t\t\t<div class=\"elementor-post__excerpt\">\n\t\t\t<p>La recepci\u00f3n anual del BVMW en Colonia proporcion\u00f3 valiosos impulsos sobre competitividad, reducci\u00f3n de la burocracia y soberan\u00eda tecnol\u00f3gica. CUBE CONCEPTS aprovech\u00f3 el evento de alto nivel para profundizar el di\u00e1logo sobre la responsabilidad de las PYMES en la transici\u00f3n energ\u00e9tica actual.<\/p>\n\t\t<\/div>\n\t\t\n\t\t<a class=\"elementor-post__read-more\" href=\"https:\/\/cubeconcepts.de\/es\/bvmw-jahresempfang-2026-warum-freiheit-verantwortung-bedeutet\/\" aria-label=\"M\u00e1s informaci\u00f3n sobre BVMW Jahresempfang 2026: Warum Freiheit Verantwortung bedeutet\" tabindex=\"-1\" >\n\t\t\tLeer m\u00e1s \"\t\t<\/a>\n\n\t\t\t\t<\/div>\n\t\t\t\t<\/article>\n\t\t\t\t<article class=\"elementor-post elementor-grid-item post-29623 post type-post status-publish format-standard has-post-thumbnail hentry category-cube-concepts-news\" role=\"listitem\">\n\t\t\t\t<a class=\"elementor-post__thumbnail__link\" href=\"https:\/\/cubeconcepts.de\/es\/100-mw-batteriespeicher-im-groessten-speicherpark-tschechiens-gesichert-ready-to-build-baubeginn-sommer-2026\/\" tabindex=\"-1\" >\n\t\t\t<div class=\"elementor-post__thumbnail\"><img loading=\"lazy\" decoding=\"async\" width=\"800\" height=\"600\" src=\"https:\/\/cubeconcepts.de\/wp-content\/uploads\/2026\/06\/Cube-Concepts-kauft-100-MW-Batteriespeicher-in-Tusimice--1024x768.jpg\" class=\"attachment-large size-large wp-image-29610\" alt=\"Cube Concepts adquiere un sistema de almacenamiento en bater\u00edas de 100 MW en Tusimice\" srcset=\"https:\/\/cubeconcepts.de\/wp-content\/uploads\/2026\/06\/Cube-Concepts-kauft-100-MW-Batteriespeicher-in-Tusimice--1024x768.jpg 1024w, https:\/\/cubeconcepts.de\/wp-content\/uploads\/2026\/06\/Cube-Concepts-kauft-100-MW-Batteriespeicher-in-Tusimice--300x225.jpg 300w, https:\/\/cubeconcepts.de\/wp-content\/uploads\/2026\/06\/Cube-Concepts-kauft-100-MW-Batteriespeicher-in-Tusimice--768x576.jpg 768w, https:\/\/cubeconcepts.de\/wp-content\/uploads\/2026\/06\/Cube-Concepts-kauft-100-MW-Batteriespeicher-in-Tusimice--1536x1152.jpg 1536w, https:\/\/cubeconcepts.de\/wp-content\/uploads\/2026\/06\/Cube-Concepts-kauft-100-MW-Batteriespeicher-in-Tusimice--16x12.jpg 16w, https:\/\/cubeconcepts.de\/wp-content\/uploads\/2026\/06\/Cube-Concepts-kauft-100-MW-Batteriespeicher-in-Tusimice-.jpg 2048w\" sizes=\"(max-width: 800px) 100vw, 800px\" \/><\/div>\n\t\t<\/a>\n\t\t\t\t<div class=\"elementor-post__text\">\n\t\t\t\t<h3 class=\"elementor-post__title\">\n\t\t\t<a href=\"https:\/\/cubeconcepts.de\/es\/100-mw-batteriespeicher-im-groessten-speicherpark-tschechiens-gesichert-ready-to-build-baubeginn-sommer-2026\/\" >\n\t\t\t\tAlmacenamiento de bater\u00edas de 100 MW asegurado en el mayor parque de almacenamiento de la Rep\u00fablica Checa: listo para construir, inicio de obra en verano de 2026\t\t\t<\/a>\n\t\t<\/h3>\n\t\t\t\t<div class=\"elementor-post__meta-data\">\n\t\t\t\t\t<span class=\"elementor-post-date\">\n\t\t\t23 de marzo de 2026\t\t<\/span>\n\t\t\t\t<\/div>\n\t\t\t\t<div class=\"elementor-post__excerpt\">\n\t\t\t<p>BESS independiente con conexi\u00f3n directa a 400 kV a \u010cEPS, una constelaci\u00f3n que es poco frecuente en Europa Central. Nos hemos asegurado la exclusividad para el<\/p>\n\t\t<\/div>\n\t\t\n\t\t<a class=\"elementor-post__read-more\" href=\"https:\/\/cubeconcepts.de\/es\/100-mw-batteriespeicher-im-groessten-speicherpark-tschechiens-gesichert-ready-to-build-baubeginn-sommer-2026\/\" aria-label=\"M\u00e1s informaci\u00f3n sobre 100 MW Batteriespeicher im gr\u00f6\u00dften Speicherpark Tschechiens gesichert \u2014 Ready to Build, Baubeginn Sommer 2026\" tabindex=\"-1\" >\n\t\t\tLeer m\u00e1s \"\t\t<\/a>\n\n\t\t\t\t<\/div>\n\t\t\t\t<\/article>\n\t\t\t\t<article class=\"elementor-post elementor-grid-item post-27191 post type-post status-publish format-standard has-post-thumbnail hentry category-case-studies category-cube-concepts-news category-pv-anlagen-auf-dachflaechen\" role=\"listitem\">\n\t\t\t\t<a class=\"elementor-post__thumbnail__link\" href=\"https:\/\/cubeconcepts.de\/es\/mit-bess-zur-co%e2%82%82-neutralitaet-thermal-management-solutions-plant-schritt-3\/\" tabindex=\"-1\" >\n\t\t\t<div class=\"elementor-post__thumbnail\"><img loading=\"lazy\" decoding=\"async\" width=\"800\" height=\"533\" src=\"https:\/\/cubeconcepts.de\/wp-content\/uploads\/2026\/02\/BESS-fuer-TMS-1024x682.jpeg\" class=\"attachment-large size-large wp-image-27193\" alt=\"BESS-para-TMS\" srcset=\"https:\/\/cubeconcepts.de\/wp-content\/uploads\/2026\/02\/BESS-fuer-TMS-1024x682.jpeg 1024w, https:\/\/cubeconcepts.de\/wp-content\/uploads\/2026\/02\/BESS-fuer-TMS-300x200.jpeg 300w, https:\/\/cubeconcepts.de\/wp-content\/uploads\/2026\/02\/BESS-fuer-TMS-768x512.jpeg 768w, https:\/\/cubeconcepts.de\/wp-content\/uploads\/2026\/02\/BESS-fuer-TMS-1536x1023.jpeg 1536w, https:\/\/cubeconcepts.de\/wp-content\/uploads\/2026\/02\/BESS-fuer-TMS-2048x1364.jpeg 2048w, https:\/\/cubeconcepts.de\/wp-content\/uploads\/2026\/02\/BESS-fuer-TMS-18x12.jpeg 18w\" sizes=\"(max-width: 800px) 100vw, 800px\" \/><\/div>\n\t\t<\/a>\n\t\t\t\t<div class=\"elementor-post__text\">\n\t\t\t\t<h3 class=\"elementor-post__title\">\n\t\t\t<a href=\"https:\/\/cubeconcepts.de\/es\/mit-bess-zur-co%e2%82%82-neutralitaet-thermal-management-solutions-plant-schritt-3\/\" >\n\t\t\t\tCon BESS hacia la neutralidad de CO\u2082: Thermal Management Solutions planifica el paso 3\t\t\t<\/a>\n\t\t<\/h3>\n\t\t\t\t<div class=\"elementor-post__meta-data\">\n\t\t\t\t\t<span class=\"elementor-post-date\">\n\t\t\t19 de febrero de 2026\t\t<\/span>\n\t\t\t\t<\/div>\n\t\t\t\t<div class=\"elementor-post__excerpt\">\n\t\t\t<p>Mediante la instalaci\u00f3n de un BESS en el sistema Contracting, TMS pretende optimizar sus flujos de energ\u00eda sin asumir ning\u00fan riesgo de inversi\u00f3n. Esta soluci\u00f3n de almacenamiento permite reducir eficazmente los picos de demanda y maximizar el autoconsumo de energ\u00eda fotovoltaica, lo que constituye la base tecnol\u00f3gica para una producci\u00f3n clim\u00e1ticamente neutra y econ\u00f3micamente previsible en la planta.<\/p>\n\t\t<\/div>\n\t\t\n\t\t<a class=\"elementor-post__read-more\" href=\"https:\/\/cubeconcepts.de\/es\/mit-bess-zur-co%e2%82%82-neutralitaet-thermal-management-solutions-plant-schritt-3\/\" aria-label=\"M\u00e1s informaci\u00f3n sobre Mit BESS zur CO\u2082-Neutralit\u00e4t: Thermal Management Solutions plant Schritt 3\" tabindex=\"-1\" >\n\t\t\tLeer m\u00e1s \"\t\t<\/a>\n\n\t\t\t\t<\/div>\n\t\t\t\t<\/article>\n\t\t\t\t<article class=\"elementor-post elementor-grid-item post-27052 post type-post status-publish format-standard has-post-thumbnail hentry category-cube-concepts-news category-veranstaltungen\" role=\"listitem\">\n\t\t\t\t<a class=\"elementor-post__thumbnail__link\" href=\"https:\/\/cubeconcepts.de\/es\/batteriespeicher-im-gewerbe-praxisbeispiel-vom-infoabend-energie-zukunft-2026\/\" tabindex=\"-1\" >\n\t\t\t<div class=\"elementor-post__thumbnail\"><img loading=\"lazy\" decoding=\"async\" width=\"800\" height=\"436\" src=\"https:\/\/cubeconcepts.de\/wp-content\/uploads\/2026\/01\/Screenshot-2026-01-27-092653-1024x558.jpg\" class=\"attachment-large size-large wp-image-27055\" alt=\"Almacenamiento de bater\u00edas en el sector comercial - Noche informativa COEBIZ\" srcset=\"https:\/\/cubeconcepts.de\/wp-content\/uploads\/2026\/01\/Screenshot-2026-01-27-092653-1024x558.jpg 1024w, https:\/\/cubeconcepts.de\/wp-content\/uploads\/2026\/01\/Screenshot-2026-01-27-092653-300x163.jpg 300w, https:\/\/cubeconcepts.de\/wp-content\/uploads\/2026\/01\/Screenshot-2026-01-27-092653-768x419.jpg 768w, https:\/\/cubeconcepts.de\/wp-content\/uploads\/2026\/01\/Screenshot-2026-01-27-092653-1536x837.jpg 1536w, https:\/\/cubeconcepts.de\/wp-content\/uploads\/2026\/01\/Screenshot-2026-01-27-092653-18x10.jpg 18w, https:\/\/cubeconcepts.de\/wp-content\/uploads\/2026\/01\/Screenshot-2026-01-27-092653.jpg 1712w\" sizes=\"(max-width: 800px) 100vw, 800px\" \/><\/div>\n\t\t<\/a>\n\t\t\t\t<div class=\"elementor-post__text\">\n\t\t\t\t<h3 class=\"elementor-post__title\">\n\t\t\t<a href=\"https:\/\/cubeconcepts.de\/es\/batteriespeicher-im-gewerbe-praxisbeispiel-vom-infoabend-energie-zukunft-2026\/\" >\n\t\t\t\tAlmacenamiento de bater\u00edas en el sector comercial: un ejemplo pr\u00e1ctico de la noche informativa \u201eEnerg\u00eda y Futuro 2026\u201c en Coesfeld\t\t\t<\/a>\n\t\t<\/h3>\n\t\t\t\t<div class=\"elementor-post__meta-data\">\n\t\t\t\t\t<span class=\"elementor-post-date\">\n\t\t\t27 de enero de 2026\t\t<\/span>\n\t\t\t\t<\/div>\n\t\t\t\t<div class=\"elementor-post__excerpt\">\n\t\t\t<p>El uso de sistemas de almacenamiento en bater\u00edas en el sector comercial se ha vuelto indispensable. Aumento de los peajes de acceso a la red, nuevos perfiles de carga debido a la electrificaci\u00f3n y crecientes requisitos de seguridad en el suministro<\/p>\n\t\t<\/div>\n\t\t\n\t\t<a class=\"elementor-post__read-more\" href=\"https:\/\/cubeconcepts.de\/es\/batteriespeicher-im-gewerbe-praxisbeispiel-vom-infoabend-energie-zukunft-2026\/\" aria-label=\"M\u00e1s informaci\u00f3n sobre Batteriespeicher im Gewerbe: Praxisbeispiel vom Infoabend \u201eEnergie &amp; Zukunft 2026\u201c in Coesfeld\" tabindex=\"-1\" >\n\t\t\tLeer m\u00e1s \"\t\t<\/a>\n\n\t\t\t\t<\/div>\n\t\t\t\t<\/article>\n\t\t\t\t<article class=\"elementor-post elementor-grid-item post-26890 post type-post status-publish format-standard has-post-thumbnail hentry category-cube-concepts-news\" role=\"listitem\">\n\t\t\t\t<a class=\"elementor-post__thumbnail__link\" href=\"https:\/\/cubeconcepts.de\/es\/kickoff-2026-horizonte-strategien\/\" tabindex=\"-1\" >\n\t\t\t<div class=\"elementor-post__thumbnail\"><img loading=\"lazy\" decoding=\"async\" width=\"800\" height=\"533\" src=\"https:\/\/cubeconcepts.de\/wp-content\/uploads\/2026\/01\/Kickoff-2026-Gruppenbild-1-1024x682.jpeg\" class=\"attachment-large size-large wp-image-26893\" alt=\"Kickoff-2026-Foto-de-grupo-1\" srcset=\"https:\/\/cubeconcepts.de\/wp-content\/uploads\/2026\/01\/Kickoff-2026-Gruppenbild-1-1024x682.jpeg 1024w, https:\/\/cubeconcepts.de\/wp-content\/uploads\/2026\/01\/Kickoff-2026-Gruppenbild-1-300x200.jpeg 300w, https:\/\/cubeconcepts.de\/wp-content\/uploads\/2026\/01\/Kickoff-2026-Gruppenbild-1-768x512.jpeg 768w, https:\/\/cubeconcepts.de\/wp-content\/uploads\/2026\/01\/Kickoff-2026-Gruppenbild-1-1536x1024.jpeg 1536w, https:\/\/cubeconcepts.de\/wp-content\/uploads\/2026\/01\/Kickoff-2026-Gruppenbild-1-2048x1365.jpeg 2048w, https:\/\/cubeconcepts.de\/wp-content\/uploads\/2026\/01\/Kickoff-2026-Gruppenbild-1-18x12.jpeg 18w\" sizes=\"(max-width: 800px) 100vw, 800px\" \/><\/div>\n\t\t<\/a>\n\t\t\t\t<div class=\"elementor-post__text\">\n\t\t\t\t<h3 class=\"elementor-post__title\">\n\t\t\t<a href=\"https:\/\/cubeconcepts.de\/es\/kickoff-2026-horizonte-strategien\/\" >\n\t\t\t\tKickoff 2026: Horizonte y Estrategias\t\t\t<\/a>\n\t\t<\/h3>\n\t\t\t\t<div class=\"elementor-post__meta-data\">\n\t\t\t\t\t<span class=\"elementor-post-date\">\n\t\t\t19 de enero de 2026\t\t<\/span>\n\t\t\t\t<\/div>\n\t\t\t\t<div class=\"elementor-post__excerpt\">\n\t\t\t<p>Intercambio estrat\u00e9gico y esp\u00edritu de equipo: El Kickoff 2026 uni\u00f3 la experiencia de todas las sedes para perfeccionar procesos e introducir nuevas herramientas de planificaci\u00f3n BESS. Un claro inventario y unas \u201eOlimpiadas de Invierno\u201c deportivas unieron al equipo para los desaf\u00edos de la transici\u00f3n energ\u00e9tica.<\/p>\n\t\t<\/div>\n\t\t\n\t\t<a class=\"elementor-post__read-more\" href=\"https:\/\/cubeconcepts.de\/es\/kickoff-2026-horizonte-strategien\/\" aria-label=\"M\u00e1s informaci\u00f3n sobre Kickoff 2026: Horizonte &amp; Strategien\" tabindex=\"-1\" >\n\t\t\tLeer m\u00e1s \"\t\t<\/a>\n\n\t\t\t\t<\/div>\n\t\t\t\t<\/article>\n\t\t\t\t<article class=\"elementor-post elementor-grid-item post-26281 post type-post status-publish format-standard has-post-thumbnail hentry category-cube-concepts-news category-veranstaltungen\" role=\"listitem\">\n\t\t\t\t<a class=\"elementor-post__thumbnail__link\" href=\"https:\/\/cubeconcepts.de\/es\/coebiz-cube-concepts-auf-der-buildinx-2025\/\" tabindex=\"-1\" >\n\t\t\t<div class=\"elementor-post__thumbnail\"><img loading=\"lazy\" decoding=\"async\" width=\"800\" height=\"388\" src=\"https:\/\/cubeconcepts.de\/wp-content\/uploads\/2025\/11\/COEBIZ-CC-Buildinx-2025-2-1024x496.jpg\" class=\"attachment-large size-large wp-image-26299\" alt=\"COEBIZ-CC-Buildinx-2025-2\" srcset=\"https:\/\/cubeconcepts.de\/wp-content\/uploads\/2025\/11\/COEBIZ-CC-Buildinx-2025-2-1024x496.jpg 1024w, https:\/\/cubeconcepts.de\/wp-content\/uploads\/2025\/11\/COEBIZ-CC-Buildinx-2025-2-300x145.jpg 300w, https:\/\/cubeconcepts.de\/wp-content\/uploads\/2025\/11\/COEBIZ-CC-Buildinx-2025-2-768x372.jpg 768w, https:\/\/cubeconcepts.de\/wp-content\/uploads\/2025\/11\/COEBIZ-CC-Buildinx-2025-2-1536x744.jpg 1536w, https:\/\/cubeconcepts.de\/wp-content\/uploads\/2025\/11\/COEBIZ-CC-Buildinx-2025-2-18x9.jpg 18w, https:\/\/cubeconcepts.de\/wp-content\/uploads\/2025\/11\/COEBIZ-CC-Buildinx-2025-2.jpg 1911w\" sizes=\"(max-width: 800px) 100vw, 800px\" \/><\/div>\n\t\t<\/a>\n\t\t\t\t<div class=\"elementor-post__text\">\n\t\t\t\t<h3 class=\"elementor-post__title\">\n\t\t\t<a href=\"https:\/\/cubeconcepts.de\/es\/coebiz-cube-concepts-auf-der-buildinx-2025\/\" >\n\t\t\t\tCOEBIZ &amp; CUBE CONCEPTS en la BUILDINX 2025\t\t\t<\/a>\n\t\t<\/h3>\n\t\t\t\t<div class=\"elementor-post__meta-data\">\n\t\t\t\t\t<span class=\"elementor-post-date\">\n\t\t\t20 de noviembre de 2025\t\t<\/span>\n\t\t\t\t<\/div>\n\t\t\t\t<div class=\"elementor-post__excerpt\">\n\t\t\t<p>El centro de la presentaci\u00f3n de la feria fue sobre conferencias t\u00e9cnicas para la dimensionamiento \u00f3ptimo de sistemas fotovoltaicos y de almacenamiento de energ\u00eda (BESS) mediante an\u00e1lisis de perfiles de carga. La cooperaci\u00f3n muestra c\u00f3mo los inmuebles industriales se vuelven m\u00e1s resilientes a los vol\u00e1tiles mercados el\u00e9ctricos a trav\u00e9s de una gesti\u00f3n energ\u00e9tica inteligente y soluciones de financiaci\u00f3n flexibles.<\/p>\n\t\t<\/div>\n\t\t\n\t\t<a class=\"elementor-post__read-more\" href=\"https:\/\/cubeconcepts.de\/es\/coebiz-cube-concepts-auf-der-buildinx-2025\/\" aria-label=\"M\u00e1s informaci\u00f3n sobre COEBIZ &amp; CUBE CONCEPTS auf der BUILDINX 2025\" tabindex=\"-1\" >\n\t\t\tLeer m\u00e1s \"\t\t<\/a>\n\n\t\t\t\t<\/div>\n\t\t\t\t<\/article>\n\t\t\t\t<\/div>\n\t\t\t\t\t<span class=\"e-load-more-spinner\">\n\t\t\t\t<i aria-hidden=\"true\" class=\"fas fa-spinner\"><\/i>\t\t\t<\/span>\n\t\t\n\t\t\t\t<div class=\"e-load-more-anchor\" data-page=\"1\" data-max-page=\"4\" data-next-page=\"https:\/\/cubeconcepts.de\/es\/wp-json\/wp\/v2\/pages\/723\/page\/2\/\"><\/div>\n\t\t\t\t<div class=\"e-load-more-message\"><\/div>\n\t\t\t\t\t\t<\/div>\n\t\t\t\t<\/div>\n\t\t\t\t<\/div>\n\t\t<div id=\"e-n-tab-content-63077134\" role=\"tabpanel\" aria-labelledby=\"e-n-tab-title-63077134\" data-tab-index=\"4\" style=\"--n-tabs-title-order: 4;\" class=\"elementor-element elementor-element-1adbbb1 e-flex e-con-boxed e-con e-child\" data-id=\"1adbbb1\" data-element_type=\"container\" data-e-type=\"container\">\n\t\t\t\t\t<div class=\"e-con-inner\">\n\t\t\t\t<div class=\"elementor-element elementor-element-f6d0b7e elementor-grid-3 elementor-grid-tablet-2 elementor-grid-mobile-1 elementor-posts--thumbnail-top elementor-widget elementor-widget-posts\" data-id=\"f6d0b7e\" data-element_type=\"widget\" data-e-type=\"widget\" data-settings=\"{&quot;classic_row_gap&quot;:{&quot;unit&quot;:&quot;px&quot;,&quot;size&quot;:29,&quot;sizes&quot;:[]},&quot;pagination_type&quot;:&quot;load_more_infinite_scroll&quot;,&quot;classic_columns&quot;:&quot;3&quot;,&quot;classic_columns_tablet&quot;:&quot;2&quot;,&quot;classic_columns_mobile&quot;:&quot;1&quot;,&quot;classic_row_gap_tablet&quot;:{&quot;unit&quot;:&quot;px&quot;,&quot;size&quot;:&quot;&quot;,&quot;sizes&quot;:[]},&quot;classic_row_gap_mobile&quot;:{&quot;unit&quot;:&quot;px&quot;,&quot;size&quot;:&quot;&quot;,&quot;sizes&quot;:[]},&quot;load_more_spinner&quot;:{&quot;value&quot;:&quot;fas fa-spinner&quot;,&quot;library&quot;:&quot;fa-solid&quot;}}\" data-widget_type=\"posts.classic\">\n\t\t\t\t<div class=\"elementor-widget-container\">\n\t\t\t\t\t\t\t<div class=\"elementor-posts-container elementor-posts elementor-posts--skin-classic elementor-grid\" role=\"list\">\n\t\t\t\t<article class=\"elementor-post elementor-grid-item post-29609 post type-post status-publish format-standard has-post-thumbnail hentry category-cube-concepts-news category-referenzen\" role=\"listitem\">\n\t\t\t\t<a class=\"elementor-post__thumbnail__link\" href=\"https:\/\/cubeconcepts.de\/es\/cube-concepts-kauft-100-mw-bess-in-tusimice-power-cube\/\" tabindex=\"-1\" >\n\t\t\t<div class=\"elementor-post__thumbnail\"><img loading=\"lazy\" decoding=\"async\" width=\"800\" height=\"600\" src=\"https:\/\/cubeconcepts.de\/wp-content\/uploads\/2026\/06\/Cube-Concepts-kauft-100-MW-Batteriespeicher-in-Tusimice--1024x768.jpg\" class=\"attachment-large size-large wp-image-29610\" alt=\"Cube Concepts adquiere un sistema de almacenamiento en bater\u00edas de 100 MW en Tusimice\" srcset=\"https:\/\/cubeconcepts.de\/wp-content\/uploads\/2026\/06\/Cube-Concepts-kauft-100-MW-Batteriespeicher-in-Tusimice--1024x768.jpg 1024w, https:\/\/cubeconcepts.de\/wp-content\/uploads\/2026\/06\/Cube-Concepts-kauft-100-MW-Batteriespeicher-in-Tusimice--300x225.jpg 300w, https:\/\/cubeconcepts.de\/wp-content\/uploads\/2026\/06\/Cube-Concepts-kauft-100-MW-Batteriespeicher-in-Tusimice--768x576.jpg 768w, https:\/\/cubeconcepts.de\/wp-content\/uploads\/2026\/06\/Cube-Concepts-kauft-100-MW-Batteriespeicher-in-Tusimice--1536x1152.jpg 1536w, https:\/\/cubeconcepts.de\/wp-content\/uploads\/2026\/06\/Cube-Concepts-kauft-100-MW-Batteriespeicher-in-Tusimice--16x12.jpg 16w, https:\/\/cubeconcepts.de\/wp-content\/uploads\/2026\/06\/Cube-Concepts-kauft-100-MW-Batteriespeicher-in-Tusimice-.jpg 2048w\" sizes=\"(max-width: 800px) 100vw, 800px\" \/><\/div>\n\t\t<\/a>\n\t\t\t\t<div class=\"elementor-post__text\">\n\t\t\t\t<h3 class=\"elementor-post__title\">\n\t\t\t<a href=\"https:\/\/cubeconcepts.de\/es\/cube-concepts-kauft-100-mw-bess-in-tusimice-power-cube\/\" >\n\t\t\t\tCube Concepts adquiere 100 MW de almacenamiento en bater\u00edas en Tu\u0161imice \u2014 Se lanza Power Cube\t\t\t<\/a>\n\t\t<\/h3>\n\t\t\t\t<div class=\"elementor-post__meta-data\">\n\t\t\t\t\t<span class=\"elementor-post-date\">\n\t\t\t2 de junio de 2026\t\t<\/span>\n\t\t\t\t<\/div>\n\t\t\t\t<div class=\"elementor-post__excerpt\">\n\t\t\t<p>Junto con Powerlink: la red el\u00e9ctrica m\u00e1s potente de la industria En pocas semanas hemos adquirido 100 MW de capacidad de almacenamiento en bater\u00edas<\/p>\n\t\t<\/div>\n\t\t\n\t\t<a class=\"elementor-post__read-more\" href=\"https:\/\/cubeconcepts.de\/es\/cube-concepts-kauft-100-mw-bess-in-tusimice-power-cube\/\" aria-label=\"M\u00e1s informaci\u00f3n sobre Cube Concepts erwirbt 100 MW Batteriespeicher in Tu\u0161imice \u2014 Power Cube startet\" tabindex=\"-1\" >\n\t\t\tLeer m\u00e1s \"\t\t<\/a>\n\n\t\t\t\t<\/div>\n\t\t\t\t<\/article>\n\t\t\t\t<article class=\"elementor-post elementor-grid-item post-27191 post type-post status-publish format-standard has-post-thumbnail hentry category-case-studies category-cube-concepts-news category-pv-anlagen-auf-dachflaechen\" role=\"listitem\">\n\t\t\t\t<a class=\"elementor-post__thumbnail__link\" href=\"https:\/\/cubeconcepts.de\/es\/mit-bess-zur-co%e2%82%82-neutralitaet-thermal-management-solutions-plant-schritt-3\/\" tabindex=\"-1\" >\n\t\t\t<div class=\"elementor-post__thumbnail\"><img loading=\"lazy\" decoding=\"async\" width=\"800\" height=\"533\" src=\"https:\/\/cubeconcepts.de\/wp-content\/uploads\/2026\/02\/BESS-fuer-TMS-1024x682.jpeg\" class=\"attachment-large size-large wp-image-27193\" alt=\"BESS-para-TMS\" srcset=\"https:\/\/cubeconcepts.de\/wp-content\/uploads\/2026\/02\/BESS-fuer-TMS-1024x682.jpeg 1024w, https:\/\/cubeconcepts.de\/wp-content\/uploads\/2026\/02\/BESS-fuer-TMS-300x200.jpeg 300w, https:\/\/cubeconcepts.de\/wp-content\/uploads\/2026\/02\/BESS-fuer-TMS-768x512.jpeg 768w, https:\/\/cubeconcepts.de\/wp-content\/uploads\/2026\/02\/BESS-fuer-TMS-1536x1023.jpeg 1536w, https:\/\/cubeconcepts.de\/wp-content\/uploads\/2026\/02\/BESS-fuer-TMS-2048x1364.jpeg 2048w, https:\/\/cubeconcepts.de\/wp-content\/uploads\/2026\/02\/BESS-fuer-TMS-18x12.jpeg 18w\" sizes=\"(max-width: 800px) 100vw, 800px\" \/><\/div>\n\t\t<\/a>\n\t\t\t\t<div class=\"elementor-post__text\">\n\t\t\t\t<h3 class=\"elementor-post__title\">\n\t\t\t<a href=\"https:\/\/cubeconcepts.de\/es\/mit-bess-zur-co%e2%82%82-neutralitaet-thermal-management-solutions-plant-schritt-3\/\" >\n\t\t\t\tCon BESS hacia la neutralidad de CO\u2082: Thermal Management Solutions planifica el paso 3\t\t\t<\/a>\n\t\t<\/h3>\n\t\t\t\t<div class=\"elementor-post__meta-data\">\n\t\t\t\t\t<span class=\"elementor-post-date\">\n\t\t\t19 de febrero de 2026\t\t<\/span>\n\t\t\t\t<\/div>\n\t\t\t\t<div class=\"elementor-post__excerpt\">\n\t\t\t<p>Mediante la instalaci\u00f3n de un BESS en el sistema Contracting, TMS pretende optimizar sus flujos de energ\u00eda sin asumir ning\u00fan riesgo de inversi\u00f3n. Esta soluci\u00f3n de almacenamiento permite reducir eficazmente los picos de demanda y maximizar el autoconsumo de energ\u00eda fotovoltaica, lo que constituye la base tecnol\u00f3gica para una producci\u00f3n clim\u00e1ticamente neutra y econ\u00f3micamente previsible en la planta.<\/p>\n\t\t<\/div>\n\t\t\n\t\t<a class=\"elementor-post__read-more\" href=\"https:\/\/cubeconcepts.de\/es\/mit-bess-zur-co%e2%82%82-neutralitaet-thermal-management-solutions-plant-schritt-3\/\" aria-label=\"M\u00e1s informaci\u00f3n sobre Mit BESS zur CO\u2082-Neutralit\u00e4t: Thermal Management Solutions plant Schritt 3\" tabindex=\"-1\" >\n\t\t\tLeer m\u00e1s \"\t\t<\/a>\n\n\t\t\t\t<\/div>\n\t\t\t\t<\/article>\n\t\t\t\t<article class=\"elementor-post elementor-grid-item post-24647 post type-post status-publish format-standard has-post-thumbnail hentry category-cube-concepts-news category-pv-anlagen-auf-dachflaechen\" role=\"listitem\">\n\t\t\t\t<a class=\"elementor-post__thumbnail__link\" href=\"https:\/\/cubeconcepts.de\/es\/vertragsunterzeichnung-in-tschechien-1-mwp-pv-anlage-fuer-purem-rakovnik\/\" tabindex=\"-1\" >\n\t\t\t<div class=\"elementor-post__thumbnail\"><img loading=\"lazy\" decoding=\"async\" width=\"800\" height=\"534\" src=\"https:\/\/cubeconcepts.de\/wp-content\/uploads\/2025\/09\/Purem-Rakovnik-Header-1024x683.jpg\" class=\"attachment-large size-large wp-image-24649\" alt=\"Purem Rakovn\u00edk-Encabezado\" srcset=\"https:\/\/cubeconcepts.de\/wp-content\/uploads\/2025\/09\/Purem-Rakovnik-Header-1024x683.jpg 1024w, https:\/\/cubeconcepts.de\/wp-content\/uploads\/2025\/09\/Purem-Rakovnik-Header-300x200.jpg 300w, https:\/\/cubeconcepts.de\/wp-content\/uploads\/2025\/09\/Purem-Rakovnik-Header-768x512.jpg 768w, https:\/\/cubeconcepts.de\/wp-content\/uploads\/2025\/09\/Purem-Rakovnik-Header-1536x1024.jpg 1536w, https:\/\/cubeconcepts.de\/wp-content\/uploads\/2025\/09\/Purem-Rakovnik-Header-2048x1365.jpg 2048w, https:\/\/cubeconcepts.de\/wp-content\/uploads\/2025\/09\/Purem-Rakovnik-Header-18x12.jpg 18w\" sizes=\"(max-width: 800px) 100vw, 800px\" \/><\/div>\n\t\t<\/a>\n\t\t\t\t<div class=\"elementor-post__text\">\n\t\t\t\t<h3 class=\"elementor-post__title\">\n\t\t\t<a href=\"https:\/\/cubeconcepts.de\/es\/vertragsunterzeichnung-in-tschechien-1-mwp-pv-anlage-fuer-purem-rakovnik\/\" >\n\t\t\t\tFirma de contrato en Rep\u00fablica Checa: Planta fotovoltaica de 1 MWp para Purem Rakovn\u00edk\t\t\t<\/a>\n\t\t<\/h3>\n\t\t\t\t<div class=\"elementor-post__meta-data\">\n\t\t\t\t\t<span class=\"elementor-post-date\">\n\t\t\t15 de septiembre de 2025\t\t<\/span>\n\t\t\t\t<\/div>\n\t\t\t\t<div class=\"elementor-post__excerpt\">\n\t\t\t<p>CUBE CONCEPTS est\u00e1 construyendo una instalaci\u00f3n fotovoltaica de 1 MWp en la azotea para Purem Rakovn\u00edk, en la Rep\u00fablica Checa. Con m\u00e1s de 2.400 m\u00f3dulos, el sistema genera al a\u00f1o unos 970.000 kWh de energ\u00eda verde, cubre el 87 % de la demanda local y reduce las emisiones de CO\u2082 en casi 500 toneladas al a\u00f1o.<\/p>\n\t\t<\/div>\n\t\t\n\t\t<a class=\"elementor-post__read-more\" href=\"https:\/\/cubeconcepts.de\/es\/vertragsunterzeichnung-in-tschechien-1-mwp-pv-anlage-fuer-purem-rakovnik\/\" aria-label=\"M\u00e1s informaci\u00f3n sobre Vertragsunterzeichnung in Tschechien: 1-MWp-PV-Anlage f\u00fcr Purem Rakovn\u00edk\" tabindex=\"-1\" >\n\t\t\tLeer m\u00e1s \"\t\t<\/a>\n\n\t\t\t\t<\/div>\n\t\t\t\t<\/article>\n\t\t\t\t<article class=\"elementor-post elementor-grid-item post-24380 post type-post status-publish format-standard has-post-thumbnail hentry category-case-studies category-cube-concepts-news category-pv-anlagen-auf-dachflaechen\" role=\"listitem\">\n\t\t\t\t<a class=\"elementor-post__thumbnail__link\" href=\"https:\/\/cubeconcepts.de\/es\/neues-projektmarketing-cube-concepts-feiert-pv-erfolg-mit-tms\/\" tabindex=\"-1\" >\n\t\t\t<div class=\"elementor-post__thumbnail\"><img loading=\"lazy\" decoding=\"async\" width=\"800\" height=\"533\" src=\"https:\/\/cubeconcepts.de\/wp-content\/uploads\/2025\/08\/Projektmarketing-TMS-1024x682.jpeg\" class=\"attachment-large size-large wp-image-24386\" alt=\"TMS de Marketing de Proyectos\" srcset=\"https:\/\/cubeconcepts.de\/wp-content\/uploads\/2025\/08\/Projektmarketing-TMS-1024x682.jpeg 1024w, https:\/\/cubeconcepts.de\/wp-content\/uploads\/2025\/08\/Projektmarketing-TMS-300x200.jpeg 300w, https:\/\/cubeconcepts.de\/wp-content\/uploads\/2025\/08\/Projektmarketing-TMS-768x512.jpeg 768w, https:\/\/cubeconcepts.de\/wp-content\/uploads\/2025\/08\/Projektmarketing-TMS-1536x1023.jpeg 1536w, https:\/\/cubeconcepts.de\/wp-content\/uploads\/2025\/08\/Projektmarketing-TMS-2048x1364.jpeg 2048w, https:\/\/cubeconcepts.de\/wp-content\/uploads\/2025\/08\/Projektmarketing-TMS-18x12.jpeg 18w\" sizes=\"(max-width: 800px) 100vw, 800px\" \/><\/div>\n\t\t<\/a>\n\t\t\t\t<div class=\"elementor-post__text\">\n\t\t\t\t<h3 class=\"elementor-post__title\">\n\t\t\t<a href=\"https:\/\/cubeconcepts.de\/es\/neues-projektmarketing-cube-concepts-feiert-pv-erfolg-mit-tms\/\" >\n\t\t\t\tNuevo marketing de proyectos: CUBE CONCEPTS celebra el \u00e9xito de PV con TMS\t\t\t<\/a>\n\t\t<\/h3>\n\t\t\t\t<div class=\"elementor-post__meta-data\">\n\t\t\t\t\t<span class=\"elementor-post-date\">\n\t\t\t25 de agosto de 2025\t\t<\/span>\n\t\t\t\t<\/div>\n\t\t\t\t<div class=\"elementor-post__excerpt\">\n\t\t\t<p>Exitoso paso a la red en TMS: La planta de 3.500 m\u00b2 refuerza la protecci\u00f3n clim\u00e1tica y la competitividad del sitio. A trav\u00e9s de relaciones p\u00fablicas espec\u00edficas y eventos de inauguraci\u00f3n, CUBE CONCEPTS transforma proyectos t\u00e9cnicos en \u00e9xitos de comunicaci\u00f3n estrat\u00e9gica que van m\u00e1s all\u00e1 de la mera generaci\u00f3n de electricidad.<\/p>\n\t\t<\/div>\n\t\t\n\t\t<a class=\"elementor-post__read-more\" href=\"https:\/\/cubeconcepts.de\/es\/neues-projektmarketing-cube-concepts-feiert-pv-erfolg-mit-tms\/\" aria-label=\"M\u00e1s informaci\u00f3n sobre Neues Projektmarketing: CUBE CONCEPTS feiert PV-Erfolg mit TMS\" tabindex=\"-1\" >\n\t\t\tLeer m\u00e1s \"\t\t<\/a>\n\n\t\t\t\t<\/div>\n\t\t\t\t<\/article>\n\t\t\t\t<article class=\"elementor-post elementor-grid-item post-24031 post type-post status-publish format-standard has-post-thumbnail hentry category-solar-news category-pv-anlagen-auf-dachflaechen\" role=\"listitem\">\n\t\t\t\t<a class=\"elementor-post__thumbnail__link\" href=\"https:\/\/cubeconcepts.de\/es\/gruener-strom-fuer-tms-oberboihingen\/\" tabindex=\"-1\" >\n\t\t\t<div class=\"elementor-post__thumbnail\"><img loading=\"lazy\" decoding=\"async\" width=\"800\" height=\"450\" src=\"https:\/\/cubeconcepts.de\/wp-content\/uploads\/2025\/08\/PV-fuer-TMS--1024x576.jpeg\" class=\"attachment-large size-large wp-image-24091\" alt=\"PV-para-TMS-\" srcset=\"https:\/\/cubeconcepts.de\/wp-content\/uploads\/2025\/08\/PV-fuer-TMS--1024x576.jpeg 1024w, https:\/\/cubeconcepts.de\/wp-content\/uploads\/2025\/08\/PV-fuer-TMS--300x169.jpeg 300w, https:\/\/cubeconcepts.de\/wp-content\/uploads\/2025\/08\/PV-fuer-TMS--768x432.jpeg 768w, https:\/\/cubeconcepts.de\/wp-content\/uploads\/2025\/08\/PV-fuer-TMS--1536x864.jpeg 1536w, https:\/\/cubeconcepts.de\/wp-content\/uploads\/2025\/08\/PV-fuer-TMS--2048x1152.jpeg 2048w, https:\/\/cubeconcepts.de\/wp-content\/uploads\/2025\/08\/PV-fuer-TMS--18x10.jpeg 18w\" sizes=\"(max-width: 800px) 100vw, 800px\" \/><\/div>\n\t\t<\/a>\n\t\t\t\t<div class=\"elementor-post__text\">\n\t\t\t\t<h3 class=\"elementor-post__title\">\n\t\t\t<a href=\"https:\/\/cubeconcepts.de\/es\/gruener-strom-fuer-tms-oberboihingen\/\" >\n\t\t\t\tEnerg\u00eda verde para Thermal Management Solutions DE Oberboihingen GmbH\t\t\t<\/a>\n\t\t<\/h3>\n\t\t\t\t<div class=\"elementor-post__meta-data\">\n\t\t\t\t\t<span class=\"elementor-post-date\">\n\t\t\t15 de agosto de 2025\t\t<\/span>\n\t\t\t\t<\/div>\n\t\t\t\t<div class=\"elementor-post__excerpt\">\n\t\t\t<p>Thermal Management Solutions (marca \u201eWahler\u201c) inaugur\u00f3 una planta fotovoltaica con 986 m\u00f3dulos sobre una superficie de tejado de 5.800 m\u00b2 en Oberboihingen. El proyecto es el componente final para la producci\u00f3n clim\u00e1ticamente neutra en la ubicaci\u00f3n, ya certificada en julio de 2025, y refuerza la independencia de los precios de la electricidad.<\/p>\n\t\t<\/div>\n\t\t\n\t\t<a class=\"elementor-post__read-more\" href=\"https:\/\/cubeconcepts.de\/es\/gruener-strom-fuer-tms-oberboihingen\/\" aria-label=\"M\u00e1s informaci\u00f3n sobre Gr\u00fcner Strom f\u00fcr Thermal Management Solutions DE Oberboihingen GmbH\" tabindex=\"-1\" >\n\t\t\tLeer m\u00e1s \"\t\t<\/a>\n\n\t\t\t\t<\/div>\n\t\t\t\t<\/article>\n\t\t\t\t<article class=\"elementor-post elementor-grid-item post-23569 post type-post status-publish format-standard has-post-thumbnail hentry category-case-studies category-referenzen category-freiflaeche\" role=\"listitem\">\n\t\t\t\t<a class=\"elementor-post__thumbnail__link\" href=\"https:\/\/cubeconcepts.de\/es\/schafer-werke-mit-grossem-solarpark\/\" tabindex=\"-1\" >\n\t\t\t<div class=\"elementor-post__thumbnail\"><img loading=\"lazy\" decoding=\"async\" width=\"800\" height=\"534\" src=\"https:\/\/cubeconcepts.de\/wp-content\/uploads\/2025\/06\/Schaefer-Werke-2mwp-1024x683.jpg\" class=\"attachment-large size-large wp-image-23575\" alt=\"Schaefer-Werke-2mwp\" srcset=\"https:\/\/cubeconcepts.de\/wp-content\/uploads\/2025\/06\/Schaefer-Werke-2mwp-1024x683.jpg 1024w, https:\/\/cubeconcepts.de\/wp-content\/uploads\/2025\/06\/Schaefer-Werke-2mwp-300x200.jpg 300w, https:\/\/cubeconcepts.de\/wp-content\/uploads\/2025\/06\/Schaefer-Werke-2mwp-768x512.jpg 768w, https:\/\/cubeconcepts.de\/wp-content\/uploads\/2025\/06\/Schaefer-Werke-2mwp-1536x1024.jpg 1536w, https:\/\/cubeconcepts.de\/wp-content\/uploads\/2025\/06\/Schaefer-Werke-2mwp-2048x1365.jpg 2048w, https:\/\/cubeconcepts.de\/wp-content\/uploads\/2025\/06\/Schaefer-Werke-2mwp-18x12.jpg 18w\" sizes=\"(max-width: 800px) 100vw, 800px\" \/><\/div>\n\t\t<\/a>\n\t\t\t\t<div class=\"elementor-post__text\">\n\t\t\t\t<h3 class=\"elementor-post__title\">\n\t\t\t<a href=\"https:\/\/cubeconcepts.de\/es\/schafer-werke-mit-grossem-solarpark\/\" >\n\t\t\t\tSCH\u00c4FER Werke con el mayor parque solar del distrito de Siegen-Wittgenstein\t\t\t<\/a>\n\t\t<\/h3>\n\t\t\t\t<div class=\"elementor-post__meta-data\">\n\t\t\t\t\t<span class=\"elementor-post-date\">\n\t\t\t24 de junio de 2025\t\t<\/span>\n\t\t\t\t<\/div>\n\t\t\t\t<div class=\"elementor-post__excerpt\">\n\t\t\t<p>En colaboraci\u00f3n con CUBE CONCEPTS, SCH\u00c4FER WERKE ha llevado a cabo un proyecto ecol\u00f3gico emblem\u00e1tico: la estructura de soporte est\u00e1 fabricada con acero con bajas emisiones de CO\u2082, mientras que el recinto, de 11 500 m\u00b2, sirve al mismo tiempo como un valioso refugio para la biodiversidad. Con una tasa de autoconsumo del 68 %, la empresa refuerza su resiliencia energ\u00e9tica.<\/p>\n\t\t<\/div>\n\t\t\n\t\t<a class=\"elementor-post__read-more\" href=\"https:\/\/cubeconcepts.de\/es\/schafer-werke-mit-grossem-solarpark\/\" aria-label=\"M\u00e1s informaci\u00f3n sobre SCH\u00c4FER Werke mit gr\u00f6\u00dftem Solarpark im Kreis Siegen-Wittgenstein\" tabindex=\"-1\" >\n\t\t\tLeer m\u00e1s \"\t\t<\/a>\n\n\t\t\t\t<\/div>\n\t\t\t\t<\/article>\n\t\t\t\t<article class=\"elementor-post elementor-grid-item post-22082 post type-post status-publish format-standard has-post-thumbnail hentry category-case-studies category-solar-news category-pv-anlagen-auf-dachflaechen\" role=\"listitem\">\n\t\t\t\t<a class=\"elementor-post__thumbnail__link\" href=\"https:\/\/cubeconcepts.de\/es\/19-mwp-solarstrom-purem-by-eberspaecher\/\" tabindex=\"-1\" >\n\t\t\t<div class=\"elementor-post__thumbnail\"><img loading=\"lazy\" decoding=\"async\" width=\"800\" height=\"533\" src=\"https:\/\/cubeconcepts.de\/wp-content\/uploads\/2025\/04\/PV-Purem-by-Eberspeacher-1024x682.jpeg\" class=\"attachment-large size-large wp-image-22087\" alt=\"PV Purem de Eberspeacher\" srcset=\"https:\/\/cubeconcepts.de\/wp-content\/uploads\/2025\/04\/PV-Purem-by-Eberspeacher-1024x682.jpeg 1024w, https:\/\/cubeconcepts.de\/wp-content\/uploads\/2025\/04\/PV-Purem-by-Eberspeacher-300x200.jpeg 300w, https:\/\/cubeconcepts.de\/wp-content\/uploads\/2025\/04\/PV-Purem-by-Eberspeacher-768x512.jpeg 768w, https:\/\/cubeconcepts.de\/wp-content\/uploads\/2025\/04\/PV-Purem-by-Eberspeacher-1536x1023.jpeg 1536w, https:\/\/cubeconcepts.de\/wp-content\/uploads\/2025\/04\/PV-Purem-by-Eberspeacher-2048x1364.jpeg 2048w\" sizes=\"(max-width: 800px) 100vw, 800px\" \/><\/div>\n\t\t<\/a>\n\t\t\t\t<div class=\"elementor-post__text\">\n\t\t\t\t<h3 class=\"elementor-post__title\">\n\t\t\t<a href=\"https:\/\/cubeconcepts.de\/es\/19-mwp-solarstrom-purem-by-eberspaecher\/\" >\n\t\t\t\tM\u00e1s sostenibilidad con 1,9 MWp: Purem de Ebersp\u00e4cher utiliza energ\u00eda solar\t\t\t<\/a>\n\t\t<\/h3>\n\t\t\t\t<div class=\"elementor-post__meta-data\">\n\t\t\t\t\t<span class=\"elementor-post-date\">\n\t\t\t24 abril 2025\t\t<\/span>\n\t\t\t\t<\/div>\n\t\t\t\t<div class=\"elementor-post__excerpt\">\n\t\t\t<p>La nueva gran planta fotovoltaica cubre una parte significativa del autoconsumo de la producci\u00f3n de sistemas de escape y fortalece la huella global del Grupo Ebersp\u00e4cher. En colaboraci\u00f3n con CUBE CONCEPTS, la empresa contin\u00faa su camino hacia un suministro de energ\u00eda sostenible y reduce las emisiones directamente en el lugar de origen.<\/p>\n\t\t<\/div>\n\t\t\n\t\t<a class=\"elementor-post__read-more\" href=\"https:\/\/cubeconcepts.de\/es\/19-mwp-solarstrom-purem-by-eberspaecher\/\" aria-label=\"M\u00e1s informaci\u00f3n sobre Mehr Nachhaltigkeit mit 1,9 MWp: Purem by Ebersp\u00e4cher nutzt Solarstrom\" tabindex=\"-1\" >\n\t\t\tLeer m\u00e1s \"\t\t<\/a>\n\n\t\t\t\t<\/div>\n\t\t\t\t<\/article>\n\t\t\t\t<article class=\"elementor-post elementor-grid-item post-28743 post type-post status-publish format-standard has-post-thumbnail hentry category-case-studies category-freiflaeche\" role=\"listitem\">\n\t\t\t\t<a class=\"elementor-post__thumbnail__link\" href=\"https:\/\/cubeconcepts.de\/es\/spatenstich-fuer-2-mwp-solarpark-der-schaefer-werke-gruppe\/\" tabindex=\"-1\" >\n\t\t\t<div class=\"elementor-post__thumbnail\"><img loading=\"lazy\" decoding=\"async\" width=\"800\" height=\"534\" src=\"https:\/\/cubeconcepts.de\/wp-content\/uploads\/2023\/09\/Solarpark-schaefer-Werke-Spatenstich-1-1024x683.jpeg\" class=\"attachment-large size-large wp-image-10092\" alt=\"Colocaci\u00f3n de la primera piedra de Solarpark-schaefer-Werke-1\" srcset=\"https:\/\/cubeconcepts.de\/wp-content\/uploads\/2023\/09\/Solarpark-schaefer-Werke-Spatenstich-1-1024x683.jpeg 1024w, https:\/\/cubeconcepts.de\/wp-content\/uploads\/2023\/09\/Solarpark-schaefer-Werke-Spatenstich-1-300x200.jpeg 300w, https:\/\/cubeconcepts.de\/wp-content\/uploads\/2023\/09\/Solarpark-schaefer-Werke-Spatenstich-1-768x512.jpeg 768w, https:\/\/cubeconcepts.de\/wp-content\/uploads\/2023\/09\/Solarpark-schaefer-Werke-Spatenstich-1-1536x1025.jpeg 1536w, https:\/\/cubeconcepts.de\/wp-content\/uploads\/2023\/09\/Solarpark-schaefer-Werke-Spatenstich-1-2048x1366.jpeg 2048w\" sizes=\"(max-width: 800px) 100vw, 800px\" \/><\/div>\n\t\t<\/a>\n\t\t\t\t<div class=\"elementor-post__text\">\n\t\t\t\t<h3 class=\"elementor-post__title\">\n\t\t\t<a href=\"https:\/\/cubeconcepts.de\/es\/spatenstich-fuer-2-mwp-solarpark-der-schaefer-werke-gruppe\/\" >\n\t\t\t\tCeremonia de colocaci\u00f3n de la primera piedra del parque solar de 2 MWp del Grupo SCH\u00c4FER WERKE\t\t\t<\/a>\n\t\t<\/h3>\n\t\t\t\t<div class=\"elementor-post__meta-data\">\n\t\t\t\t\t<span class=\"elementor-post-date\">\n\t\t\t27 septiembre 2023\t\t<\/span>\n\t\t\t\t<\/div>\n\t\t\t\t<div class=\"elementor-post__excerpt\">\n\t\t\t<p>Inversi\u00f3n de futuro en el Pfannenberg: El nuevo parque solar de SCH\u00c4FER WERKE combina la revalorizaci\u00f3n ecol\u00f3gica a trav\u00e9s del pastoreo con un aumento masivo de la autosuficiencia energ\u00e9tica empresarial. Descubra m\u00e1s sobre este proyecto emblem\u00e1tico que une eficiencia industrial y protecci\u00f3n de especies en una superficie de m\u00e1s de 11.000 metros cuadrados.<\/p>\n\t\t<\/div>\n\t\t\n\t\t<a class=\"elementor-post__read-more\" href=\"https:\/\/cubeconcepts.de\/es\/spatenstich-fuer-2-mwp-solarpark-der-schaefer-werke-gruppe\/\" aria-label=\"M\u00e1s informaci\u00f3n sobre Spatenstich f\u00fcr 2-MWp-Solarpark der SCH\u00c4FER WERKE Gruppe\" tabindex=\"-1\" >\n\t\t\tLeer m\u00e1s \"\t\t<\/a>\n\n\t\t\t\t<\/div>\n\t\t\t\t<\/article>\n\t\t\t\t<article class=\"elementor-post elementor-grid-item post-8167 post type-post status-publish format-standard has-post-thumbnail hentry category-pv-anlagen-auf-dachflaechen category-referenzen\" role=\"listitem\">\n\t\t\t\t<a class=\"elementor-post__thumbnail__link\" href=\"https:\/\/cubeconcepts.de\/es\/testimonial-flughafen-moenchengladbach\/\" tabindex=\"-1\" >\n\t\t\t<div class=\"elementor-post__thumbnail\"><img loading=\"lazy\" decoding=\"async\" width=\"800\" height=\"449\" src=\"https:\/\/cubeconcepts.de\/wp-content\/uploads\/2023\/07\/Testimonial-Youtube-MG-Screenshot.jpg\" class=\"attachment-large size-large wp-image-8174\" alt=\"Testimonio Youtube MG\" srcset=\"https:\/\/cubeconcepts.de\/wp-content\/uploads\/2023\/07\/Testimonial-Youtube-MG-Screenshot.jpg 845w, https:\/\/cubeconcepts.de\/wp-content\/uploads\/2023\/07\/Testimonial-Youtube-MG-Screenshot-300x168.jpg 300w, https:\/\/cubeconcepts.de\/wp-content\/uploads\/2023\/07\/Testimonial-Youtube-MG-Screenshot-768x431.jpg 768w\" sizes=\"(max-width: 800px) 100vw, 800px\" \/><\/div>\n\t\t<\/a>\n\t\t\t\t<div class=\"elementor-post__text\">\n\t\t\t\t<h3 class=\"elementor-post__title\">\n\t\t\t<a href=\"https:\/\/cubeconcepts.de\/es\/testimonial-flughafen-moenchengladbach\/\" >\n\t\t\t\tInstalaci\u00f3n fotovoltaica para el aeropuerto de M\u00f6nchengladbach\t\t\t<\/a>\n\t\t<\/h3>\n\t\t\t\t<div class=\"elementor-post__meta-data\">\n\t\t\t\t\t<span class=\"elementor-post-date\">\n\t\t\t14 de julio de 2023\t\t<\/span>\n\t\t\t\t<\/div>\n\t\t\t\t<div class=\"elementor-post__excerpt\">\n\t\t\t<p>En su camino hacia un transporte a\u00e9reo sostenible, el aeropuerto de M\u00f6nchengladbach apuesta por el autoabastecimiento con energ\u00eda solar y hace visible para todos la transici\u00f3n energ\u00e9tica gracias al sistema de monitorizaci\u00f3n CUBE Vision instalado en la terminal. Descubra c\u00f3mo este proyecto pionero reduce los costes operativos y prepara la infraestructura del MGL para el futuro.<\/p>\n\t\t<\/div>\n\t\t\n\t\t<a class=\"elementor-post__read-more\" href=\"https:\/\/cubeconcepts.de\/es\/testimonial-flughafen-moenchengladbach\/\" aria-label=\"M\u00e1s informaci\u00f3n sobre PV-Anlage f\u00fcr den Flughafen M\u00f6nchengladbach\" tabindex=\"-1\" >\n\t\t\tLeer m\u00e1s \"\t\t<\/a>\n\n\t\t\t\t<\/div>\n\t\t\t\t<\/article>\n\t\t\t\t<article class=\"elementor-post elementor-grid-item post-5849 post type-post status-publish format-standard has-post-thumbnail hentry category-cube-concepts-news category-solar-carport-ladesaeulen-management\" role=\"listitem\">\n\t\t\t\t<a class=\"elementor-post__thumbnail__link\" href=\"https:\/\/cubeconcepts.de\/es\/baubeginn-fuer-solar-carport-grossprojekt\/\" tabindex=\"-1\" >\n\t\t\t<div class=\"elementor-post__thumbnail\"><img loading=\"lazy\" decoding=\"async\" width=\"800\" height=\"600\" src=\"https:\/\/cubeconcepts.de\/wp-content\/uploads\/2023\/03\/1679515238960-1024x768.jpg\" class=\"attachment-large size-large wp-image-6220\" alt=\"Inicio de la construcci\u00f3n de un gran proyecto de cochera solar con 2 tejados\" srcset=\"https:\/\/cubeconcepts.de\/wp-content\/uploads\/2023\/03\/1679515238960-1024x768.jpg 1024w, https:\/\/cubeconcepts.de\/wp-content\/uploads\/2023\/03\/1679515238960-300x225.jpg 300w, https:\/\/cubeconcepts.de\/wp-content\/uploads\/2023\/03\/1679515238960-768x576.jpg 768w, https:\/\/cubeconcepts.de\/wp-content\/uploads\/2023\/03\/1679515238960-1536x1152.jpg 1536w, https:\/\/cubeconcepts.de\/wp-content\/uploads\/2023\/03\/1679515238960.jpg 1707w\" sizes=\"(max-width: 800px) 100vw, 800px\" \/><\/div>\n\t\t<\/a>\n\t\t\t\t<div class=\"elementor-post__text\">\n\t\t\t\t<h3 class=\"elementor-post__title\">\n\t\t\t<a href=\"https:\/\/cubeconcepts.de\/es\/baubeginn-fuer-solar-carport-grossprojekt\/\" >\n\t\t\t\tInicio de la construcci\u00f3n de un gran proyecto de cochera solar\t\t\t<\/a>\n\t\t<\/h3>\n\t\t\t\t<div class=\"elementor-post__meta-data\">\n\t\t\t\t\t<span class=\"elementor-post-date\">\n\t\t\t10 marzo 2023\t\t<\/span>\n\t\t\t\t<\/div>\n\t\t\t\t<div class=\"elementor-post__excerpt\">\n\t\t\t<p>El nuevo gran proyecto de marquesinas solares demuestra de manera impresionante c\u00f3mo las \u00e1reas de estacionamiento y los almacenes exteriores pueden cubrirse de manera muy eficiente para la generaci\u00f3n de energ\u00eda sin limitar el tama\u00f1o de las plazas de aparcamiento.<\/p>\n\t\t<\/div>\n\t\t\n\t\t<a class=\"elementor-post__read-more\" href=\"https:\/\/cubeconcepts.de\/es\/baubeginn-fuer-solar-carport-grossprojekt\/\" aria-label=\"M\u00e1s informaci\u00f3n sobre Baubeginn f\u00fcr Solar-Carport-Gro\u00dfprojekt\" tabindex=\"-1\" >\n\t\t\tLeer m\u00e1s \"\t\t<\/a>\n\n\t\t\t\t<\/div>\n\t\t\t\t<\/article>\n\t\t\t\t<article class=\"elementor-post elementor-grid-item post-5324 post type-post status-publish format-standard has-post-thumbnail hentry category-case-studies category-pv-anlagen-auf-dachflaechen\" role=\"listitem\">\n\t\t\t\t<a class=\"elementor-post__thumbnail__link\" href=\"https:\/\/cubeconcepts.de\/es\/pfefferkorn-nimmt-749-kwp-anlage-in-betrieb\/\" tabindex=\"-1\" >\n\t\t\t<div class=\"elementor-post__thumbnail\"><img loading=\"lazy\" decoding=\"async\" width=\"800\" height=\"449\" src=\"https:\/\/cubeconcepts.de\/wp-content\/uploads\/2023\/02\/DJI_0037-1024x575.jpg\" class=\"attachment-large size-large wp-image-5075\" alt=\"Referencia Pfefferkorn - Vista oblicua de la instalaci\u00f3n fotovoltaica en el tejado\" srcset=\"https:\/\/cubeconcepts.de\/wp-content\/uploads\/2023\/02\/DJI_0037-1024x575.jpg 1024w, https:\/\/cubeconcepts.de\/wp-content\/uploads\/2023\/02\/DJI_0037-300x169.jpg 300w, https:\/\/cubeconcepts.de\/wp-content\/uploads\/2023\/02\/DJI_0037-768x432.jpg 768w, https:\/\/cubeconcepts.de\/wp-content\/uploads\/2023\/02\/DJI_0037-1536x863.jpg 1536w, https:\/\/cubeconcepts.de\/wp-content\/uploads\/2023\/02\/DJI_0037-2048x1151.jpg 2048w\" sizes=\"(max-width: 800px) 100vw, 800px\" \/><\/div>\n\t\t<\/a>\n\t\t\t\t<div class=\"elementor-post__text\">\n\t\t\t\t<h3 class=\"elementor-post__title\">\n\t\t\t<a href=\"https:\/\/cubeconcepts.de\/es\/pfefferkorn-nimmt-749-kwp-anlage-in-betrieb\/\" >\n\t\t\t\tPfefferkorn pone en servicio una instalaci\u00f3n de 749 kWp\t\t\t<\/a>\n\t\t<\/h3>\n\t\t\t\t<div class=\"elementor-post__meta-data\">\n\t\t\t\t\t<span class=\"elementor-post-date\">\n\t\t\t1 de octubre de 2022\t\t<\/span>\n\t\t\t\t<\/div>\n\t\t\t\t<div class=\"elementor-post__excerpt\">\n\t\t\t<p>Con una instalaci\u00f3n fotovoltaica de 749 kWp, la empresa industrial Pfefferkorn apuesta firmemente por el autoconsumo y ahorra anualmente unas 350.000 kg de CO\u2082. Descubra c\u00f3mo la combinaci\u00f3n de una moderna instalaci\u00f3n en tejado y la movilidad el\u00e9ctrica minimiza de forma sostenible la huella ecol\u00f3gica de la planta de Simmern.<\/p>\n\t\t<\/div>\n\t\t\n\t\t<a class=\"elementor-post__read-more\" href=\"https:\/\/cubeconcepts.de\/es\/pfefferkorn-nimmt-749-kwp-anlage-in-betrieb\/\" aria-label=\"M\u00e1s informaci\u00f3n sobre Pfefferkorn nimmt 749-kWp-Anlage in Betrieb\" tabindex=\"-1\" >\n\t\t\tLeer m\u00e1s \"\t\t<\/a>\n\n\t\t\t\t<\/div>\n\t\t\t\t<\/article>\n\t\t\t\t<article class=\"elementor-post elementor-grid-item post-1714 post type-post status-publish format-standard has-post-thumbnail hentry category-case-studies category-pv-anlagen-auf-dachflaechen\" role=\"listitem\">\n\t\t\t\t<a class=\"elementor-post__thumbnail__link\" href=\"https:\/\/cubeconcepts.de\/es\/syntegon-und-cube-concepts-realisieren-photovoltaikanlage-in-crailsheim\/\" tabindex=\"-1\" >\n\t\t\t<div class=\"elementor-post__thumbnail\"><img loading=\"lazy\" decoding=\"async\" width=\"800\" height=\"534\" src=\"https:\/\/cubeconcepts.de\/wp-content\/uploads\/2023\/01\/org_5d5c23240c940391_1646403354000-1024x683.jpg\" class=\"attachment-large size-large wp-image-1715\" alt=\"Instalaci\u00f3n fotovoltaica sobre tejado Crailsheim\" srcset=\"https:\/\/cubeconcepts.de\/wp-content\/uploads\/2023\/01\/org_5d5c23240c940391_1646403354000-1024x683.jpg 1024w, https:\/\/cubeconcepts.de\/wp-content\/uploads\/2023\/01\/org_5d5c23240c940391_1646403354000-300x200.jpg 300w, https:\/\/cubeconcepts.de\/wp-content\/uploads\/2023\/01\/org_5d5c23240c940391_1646403354000-768x512.jpg 768w, https:\/\/cubeconcepts.de\/wp-content\/uploads\/2023\/01\/org_5d5c23240c940391_1646403354000-1536x1024.jpg 1536w, https:\/\/cubeconcepts.de\/wp-content\/uploads\/2023\/01\/org_5d5c23240c940391_1646403354000-2048x1365.jpg 2048w\" sizes=\"(max-width: 800px) 100vw, 800px\" \/><\/div>\n\t\t<\/a>\n\t\t\t\t<div class=\"elementor-post__text\">\n\t\t\t\t<h3 class=\"elementor-post__title\">\n\t\t\t<a href=\"https:\/\/cubeconcepts.de\/es\/syntegon-und-cube-concepts-realisieren-photovoltaikanlage-in-crailsheim\/\" >\n\t\t\t\tSyntegon y CUBE CONCEPTS realizan un sistema fotovoltaico en Crailsheim\t\t\t<\/a>\n\t\t<\/h3>\n\t\t\t\t<div class=\"elementor-post__meta-data\">\n\t\t\t\t\t<span class=\"elementor-post-date\">\n\t\t\t11 abril 2022\t\t<\/span>\n\t\t\t\t<\/div>\n\t\t\t\t<div class=\"elementor-post__excerpt\">\n\t\t\t<p>Con m\u00e1s de 1.000 m\u00f3dulos solares, Syntegon cubrir\u00e1 en el futuro casi el 10 % de sus necesidades de electricidad mediante su propia generaci\u00f3n y reducir\u00e1 las emisiones de CO\u2082 en casi 190 toneladas al a\u00f1o. Este informe pr\u00e1ctico muestra c\u00f3mo las empresas industriales reducen sus costes operativos mediante modelos de alquiler de sistemas fotovoltaicos y, al mismo tiempo, impulsan con \u00e9xito su estrategia de sostenibilidad \u201eSyntegon 2025\u201c.<\/p>\n\t\t<\/div>\n\t\t\n\t\t<a class=\"elementor-post__read-more\" href=\"https:\/\/cubeconcepts.de\/es\/syntegon-und-cube-concepts-realisieren-photovoltaikanlage-in-crailsheim\/\" aria-label=\"M\u00e1s informaci\u00f3n sobre Syntegon und CUBE CONCEPTS realisieren Photovoltaikanlage in Crailsheim\" tabindex=\"-1\" >\n\t\t\tLeer m\u00e1s \"\t\t<\/a>\n\n\t\t\t\t<\/div>\n\t\t\t\t<\/article>\n\t\t\t\t<\/div>\n\t\t\t\t\t<span class=\"e-load-more-spinner\">\n\t\t\t\t<i aria-hidden=\"true\" class=\"fas fa-spinner\"><\/i>\t\t\t<\/span>\n\t\t\n\t\t\t\t<div class=\"e-load-more-anchor\" data-page=\"1\" data-max-page=\"2\" data-next-page=\"https:\/\/cubeconcepts.de\/es\/wp-json\/wp\/v2\/pages\/723\/page\/2\/\"><\/div>\n\t\t\t\t<div class=\"e-load-more-message\"><\/div>\n\t\t\t\t\t\t<\/div>\n\t\t\t\t<\/div>\n\t\t\t\t\t<\/div>\n\t\t\t\t<\/div>\n\t\t\t\t\t<\/div>\n\t\t<\/div>\n\t\t\t\t\t\t<\/div>\n\t\t\t\t<\/div>\n\t\t\t\t\t<\/div>\n\t\t\t\t<\/div>\n\t\t\t\t<\/div>","protected":false},"excerpt":{"rendered":"<p>Newsroom News Aktuelle Meldungen aus dem Energiemarkt, zu Veranstaltungen und aus dem Unternehmen \u2014 rund um industrielle Batteriespeicher und Photovoltaik. Aktuell Alle Energiemarkt News CUBE CONCEPTS News Kunden-Projekte EEG 2027 &amp; Netzpaket: Kabinettsbeschluss zum Refinanzierungsbeitrag (CfD) im \u00dcberblick 12. August 2026 Stand: 12. August 2026 | Dieser Beitrag basiert auf dem Kabinettsbeschluss zu EEG 2027 [&hellip;]<\/p>\n","protected":false},"author":131,"featured_media":0,"parent":28835,"menu_order":0,"comment_status":"closed","ping_status":"closed","template":"","meta":{"_acf_changed":false,"footnotes":""},"class_list":["post-723","page","type-page","status-publish","hentry"],"acf":[],"yoast_head":"<!-- This site is optimized with the Yoast SEO plugin v28.3 - https:\/\/yoast.com\/product\/yoast-seo-wordpress\/ -->\n<title>News | CUBE CONCEPTS<\/title>\n<meta name=\"robots\" content=\"noindex, nofollow\" \/>\n<meta property=\"og:locale\" content=\"es_ES\" \/>\n<meta property=\"og:type\" content=\"article\" \/>\n<meta property=\"og:title\" content=\"News | CUBE CONCEPTS\" \/>\n<meta property=\"og:description\" content=\"Newsroom News Aktuelle Meldungen aus dem Energiemarkt, zu Veranstaltungen und aus dem Unternehmen \u2014 rund um industrielle Batteriespeicher und Photovoltaik. Aktuell Alle Energiemarkt News CUBE CONCEPTS News Kunden-Projekte EEG 2027 &amp; Netzpaket: Kabinettsbeschluss zum Refinanzierungsbeitrag (CfD) im \u00dcberblick 12. August 2026 Stand: 12. August 2026 | Dieser Beitrag basiert auf dem Kabinettsbeschluss zu EEG 2027 [&hellip;]\" \/>\n<meta property=\"og:url\" content=\"https:\/\/cubeconcepts.de\/es\/saber\/noticias\/\" \/>\n<meta property=\"og:site_name\" content=\"CUBE CONCEPTS\" \/>\n<meta property=\"article:modified_time\" content=\"2026-08-20T11:39:22+00:00\" \/>\n<meta property=\"og:image\" content=\"https:\/\/cubeconcepts.de\/wp-content\/uploads\/2026\/08\/EEG-2027-Netzpaket-Kabinettsbeschluss-1024x716.jpg\" \/>\n<meta name=\"twitter:card\" content=\"summary_large_image\" \/>\n<meta name=\"twitter:label1\" content=\"Tiempo de lectura\" \/>\n\t<meta name=\"twitter:data1\" content=\"52 minutos\" \/>\n<script type=\"application\/ld+json\" class=\"yoast-schema-graph\">{\"@context\":\"https:\\\/\\\/schema.org\",\"@graph\":[{\"@type\":\"WebPage\",\"@id\":\"https:\\\/\\\/cubeconcepts.de\\\/wissen\\\/news\\\/\",\"url\":\"https:\\\/\\\/cubeconcepts.de\\\/wissen\\\/news\\\/\",\"name\":\"News | CUBE CONCEPTS\",\"isPartOf\":{\"@id\":\"https:\\\/\\\/cubeconcepts.de\\\/fr\\\/#website\"},\"primaryImageOfPage\":{\"@id\":\"https:\\\/\\\/cubeconcepts.de\\\/wissen\\\/news\\\/#primaryimage\"},\"image\":{\"@id\":\"https:\\\/\\\/cubeconcepts.de\\\/wissen\\\/news\\\/#primaryimage\"},\"thumbnailUrl\":\"https:\\\/\\\/cubeconcepts.de\\\/wp-content\\\/uploads\\\/2026\\\/08\\\/EEG-2027-Netzpaket-Kabinettsbeschluss-1024x716.jpg\",\"datePublished\":\"2023-01-19T00:42:40+00:00\",\"dateModified\":\"2026-08-20T11:39:22+00:00\",\"breadcrumb\":{\"@id\":\"https:\\\/\\\/cubeconcepts.de\\\/wissen\\\/news\\\/#breadcrumb\"},\"inLanguage\":\"es\",\"potentialAction\":[{\"@type\":\"ReadAction\",\"target\":[\"https:\\\/\\\/cubeconcepts.de\\\/wissen\\\/news\\\/\"]}]},{\"@type\":\"ImageObject\",\"inLanguage\":\"es\",\"@id\":\"https:\\\/\\\/cubeconcepts.de\\\/wissen\\\/news\\\/#primaryimage\",\"url\":\"https:\\\/\\\/cubeconcepts.de\\\/wp-content\\\/uploads\\\/2026\\\/08\\\/EEG-2027-Netzpaket-Kabinettsbeschluss-1024x716.jpg\",\"contentUrl\":\"https:\\\/\\\/cubeconcepts.de\\\/wp-content\\\/uploads\\\/2026\\\/08\\\/EEG-2027-Netzpaket-Kabinettsbeschluss-1024x716.jpg\"},{\"@type\":\"BreadcrumbList\",\"@id\":\"https:\\\/\\\/cubeconcepts.de\\\/wissen\\\/news\\\/#breadcrumb\",\"itemListElement\":[{\"@type\":\"ListItem\",\"position\":1,\"name\":\"Startseite\",\"item\":\"https:\\\/\\\/cubeconcepts.de\\\/\"},{\"@type\":\"ListItem\",\"position\":2,\"name\":\"Wissen\",\"item\":\"https:\\\/\\\/cubeconcepts.de\\\/wissen\\\/\"},{\"@type\":\"ListItem\",\"position\":3,\"name\":\"News\"}]},{\"@type\":\"WebSite\",\"@id\":\"https:\\\/\\\/cubeconcepts.de\\\/fr\\\/#website\",\"url\":\"https:\\\/\\\/cubeconcepts.de\\\/fr\\\/\",\"name\":\"CUBE CONCEPTS\",\"description\":\"Energiesysteme f\u00fcr Unternehmen\",\"publisher\":{\"@id\":\"https:\\\/\\\/cubeconcepts.de\\\/fr\\\/#organization\"},\"potentialAction\":[{\"@type\":\"SearchAction\",\"target\":{\"@type\":\"EntryPoint\",\"urlTemplate\":\"https:\\\/\\\/cubeconcepts.de\\\/fr\\\/?s={search_term_string}\"},\"query-input\":{\"@type\":\"PropertyValueSpecification\",\"valueRequired\":true,\"valueName\":\"search_term_string\"}}],\"inLanguage\":\"es\"},{\"@type\":\"Organization\",\"@id\":\"https:\\\/\\\/cubeconcepts.de\\\/fr\\\/#organization\",\"name\":\"CUBE CONCEPTS\",\"url\":\"https:\\\/\\\/cubeconcepts.de\\\/fr\\\/\",\"logo\":{\"@type\":\"ImageObject\",\"inLanguage\":\"es\",\"@id\":\"https:\\\/\\\/cubeconcepts.de\\\/fr\\\/#\\\/schema\\\/logo\\\/image\\\/\",\"url\":\"https:\\\/\\\/cubeconcepts.de\\\/wp-content\\\/uploads\\\/2023\\\/01\\\/CUBE_CONCEPT-Logo.png\",\"contentUrl\":\"https:\\\/\\\/cubeconcepts.de\\\/wp-content\\\/uploads\\\/2023\\\/01\\\/CUBE_CONCEPT-Logo.png\",\"width\":644,\"height\":207,\"caption\":\"CUBE CONCEPTS\"},\"image\":{\"@id\":\"https:\\\/\\\/cubeconcepts.de\\\/fr\\\/#\\\/schema\\\/logo\\\/image\\\/\"}}]}<\/script>\n<!-- \/ Yoast SEO plugin. -->","yoast_head_json":{"title":"Noticias | CUBE CONCEPTS","robots":{"index":"noindex","follow":"nofollow"},"og_locale":"es_ES","og_type":"article","og_title":"News | CUBE CONCEPTS","og_description":"Newsroom News Aktuelle Meldungen aus dem Energiemarkt, zu Veranstaltungen und aus dem Unternehmen \u2014 rund um industrielle Batteriespeicher und Photovoltaik. Aktuell Alle Energiemarkt News CUBE CONCEPTS News Kunden-Projekte EEG 2027 &amp; Netzpaket: Kabinettsbeschluss zum Refinanzierungsbeitrag (CfD) im \u00dcberblick 12. August 2026 Stand: 12. August 2026 | Dieser Beitrag basiert auf dem Kabinettsbeschluss zu EEG 2027 [&hellip;]","og_url":"https:\/\/cubeconcepts.de\/es\/saber\/noticias\/","og_site_name":"CUBE CONCEPTS","article_modified_time":"2026-08-20T11:39:22+00:00","og_image":[{"url":"https:\/\/cubeconcepts.de\/wp-content\/uploads\/2026\/08\/EEG-2027-Netzpaket-Kabinettsbeschluss-1024x716.jpg","type":"","width":"","height":""}],"twitter_card":"summary_large_image","twitter_misc":{"Tiempo de lectura":"52 minutos"},"schema":{"@context":"https:\/\/schema.org","@graph":[{"@type":"WebPage","@id":"https:\/\/cubeconcepts.de\/wissen\/news\/","url":"https:\/\/cubeconcepts.de\/wissen\/news\/","name":"Noticias | CUBE CONCEPTS","isPartOf":{"@id":"https:\/\/cubeconcepts.de\/fr\/#website"},"primaryImageOfPage":{"@id":"https:\/\/cubeconcepts.de\/wissen\/news\/#primaryimage"},"image":{"@id":"https:\/\/cubeconcepts.de\/wissen\/news\/#primaryimage"},"thumbnailUrl":"https:\/\/cubeconcepts.de\/wp-content\/uploads\/2026\/08\/EEG-2027-Netzpaket-Kabinettsbeschluss-1024x716.jpg","datePublished":"2023-01-19T00:42:40+00:00","dateModified":"2026-08-20T11:39:22+00:00","breadcrumb":{"@id":"https:\/\/cubeconcepts.de\/wissen\/news\/#breadcrumb"},"inLanguage":"es","potentialAction":[{"@type":"ReadAction","target":["https:\/\/cubeconcepts.de\/wissen\/news\/"]}]},{"@type":"ImageObject","inLanguage":"es","@id":"https:\/\/cubeconcepts.de\/wissen\/news\/#primaryimage","url":"https:\/\/cubeconcepts.de\/wp-content\/uploads\/2026\/08\/EEG-2027-Netzpaket-Kabinettsbeschluss-1024x716.jpg","contentUrl":"https:\/\/cubeconcepts.de\/wp-content\/uploads\/2026\/08\/EEG-2027-Netzpaket-Kabinettsbeschluss-1024x716.jpg"},{"@type":"BreadcrumbList","@id":"https:\/\/cubeconcepts.de\/wissen\/news\/#breadcrumb","itemListElement":[{"@type":"ListItem","position":1,"name":"Startseite","item":"https:\/\/cubeconcepts.de\/"},{"@type":"ListItem","position":2,"name":"Wissen","item":"https:\/\/cubeconcepts.de\/wissen\/"},{"@type":"ListItem","position":3,"name":"News"}]},{"@type":"WebSite","@id":"https:\/\/cubeconcepts.de\/fr\/#website","url":"https:\/\/cubeconcepts.de\/fr\/","name":"CONCEPTOS DE CUBO","description":"Sistemas de energ\u00eda para empresas","publisher":{"@id":"https:\/\/cubeconcepts.de\/fr\/#organization"},"potentialAction":[{"@type":"SearchAction","target":{"@type":"EntryPoint","urlTemplate":"https:\/\/cubeconcepts.de\/fr\/?s={search_term_string}"},"query-input":{"@type":"PropertyValueSpecification","valueRequired":true,"valueName":"search_term_string"}}],"inLanguage":"es"},{"@type":"Organization","@id":"https:\/\/cubeconcepts.de\/fr\/#organization","name":"CONCEPTOS DE CUBO","url":"https:\/\/cubeconcepts.de\/fr\/","logo":{"@type":"ImageObject","inLanguage":"es","@id":"https:\/\/cubeconcepts.de\/fr\/#\/schema\/logo\/image\/","url":"https:\/\/cubeconcepts.de\/wp-content\/uploads\/2023\/01\/CUBE_CONCEPT-Logo.png","contentUrl":"https:\/\/cubeconcepts.de\/wp-content\/uploads\/2023\/01\/CUBE_CONCEPT-Logo.png","width":644,"height":207,"caption":"CUBE CONCEPTS"},"image":{"@id":"https:\/\/cubeconcepts.de\/fr\/#\/schema\/logo\/image\/"}}]}},"_links":{"self":[{"href":"https:\/\/cubeconcepts.de\/es\/wp-json\/wp\/v2\/pages\/723","targetHints":{"allow":["GET"]}}],"collection":[{"href":"https:\/\/cubeconcepts.de\/es\/wp-json\/wp\/v2\/pages"}],"about":[{"href":"https:\/\/cubeconcepts.de\/es\/wp-json\/wp\/v2\/types\/page"}],"author":[{"embeddable":true,"href":"https:\/\/cubeconcepts.de\/es\/wp-json\/wp\/v2\/users\/131"}],"replies":[{"embeddable":true,"href":"https:\/\/cubeconcepts.de\/es\/wp-json\/wp\/v2\/comments?post=723"}],"version-history":[{"count":0,"href":"https:\/\/cubeconcepts.de\/es\/wp-json\/wp\/v2\/pages\/723\/revisions"}],"up":[{"embeddable":true,"href":"https:\/\/cubeconcepts.de\/es\/wp-json\/wp\/v2\/pages\/28835"}],"wp:attachment":[{"href":"https:\/\/cubeconcepts.de\/es\/wp-json\/wp\/v2\/media?parent=723"}],"curies":[{"name":"wp","href":"https:\/\/api.w.org\/{rel}","templated":true}]}}