{"id":723,"date":"2023-01-19T01:42:40","date_gmt":"2023-01-19T00:42:40","guid":{"rendered":"https:\/\/v2.cubeconcepts.de\/?page_id=723"},"modified":"2026-08-20T13:39:22","modified_gmt":"2026-08-20T11:39:22","slug":"zpravy","status":"publish","type":"page","link":"https:\/\/cubeconcepts.de\/cz\/wissen\/news\/","title":{"rendered":"Zpr\u00e1vy"},"content":{"rendered":"<div data-elementor-type=\"wp-page\" data-elementor-id=\"723\" class=\"elementor elementor-723\" data-elementor-post-type=\"page\">\n\t\t\t\t\t\t<section class=\"elementor-section elementor-top-section elementor-element elementor-element-af246b3 elementor-section-height-min-height elementor-section-items-stretch elementor-section-content-middle elementor-section-boxed elementor-section-height-default\" data-id=\"af246b3\" data-element_type=\"section\" data-e-type=\"section\" data-settings=\"{&quot;background_background&quot;:&quot;classic&quot;}\">\n\t\t\t\t\t\t\t<div class=\"elementor-background-overlay\"><\/div>\n\t\t\t\t\t\t\t<div class=\"elementor-container elementor-column-gap-no\">\n\t\t\t\t\t<div class=\"elementor-column elementor-col-100 elementor-top-column elementor-element elementor-element-5a38aa9\" data-id=\"5a38aa9\" data-element_type=\"column\" data-e-type=\"column\">\n\t\t\t<div class=\"elementor-widget-wrap elementor-element-populated\">\n\t\t\t\t\t\t<div class=\"elementor-element elementor-element-66bde97 elementor-widget elementor-widget-heading\" data-id=\"66bde97\" data-element_type=\"widget\" data-e-type=\"widget\" data-widget_type=\"heading.default\">\n\t\t\t\t<div class=\"elementor-widget-container\">\n\t\t\t\t\t<p class=\"elementor-heading-title elementor-size-default\">Redakce<\/p>\t\t\t\t<\/div>\n\t\t\t\t<\/div>\n\t\t\t\t<div class=\"elementor-element elementor-element-f55da3c elementor-widget__width-initial elementor-widget elementor-widget-heading\" data-id=\"f55da3c\" data-element_type=\"widget\" data-e-type=\"widget\" data-widget_type=\"heading.default\">\n\t\t\t\t<div class=\"elementor-widget-container\">\n\t\t\t\t\t<h1 class=\"elementor-heading-title elementor-size-default\">Zpr\u00e1vy<\/h1>\t\t\t\t<\/div>\n\t\t\t\t<\/div>\n\t\t\t\t<div class=\"elementor-element elementor-element-0d3c80f elementor-widget__width-initial elementor-widget elementor-widget-heading\" data-id=\"0d3c80f\" data-element_type=\"widget\" data-e-type=\"widget\" data-widget_type=\"heading.default\">\n\t\t\t\t<div class=\"elementor-widget-container\">\n\t\t\t\t\t<p class=\"elementor-heading-title elementor-size-default\">Aktu\u00e1ln\u00ed zpr\u00e1vy z energetick\u00e9ho trhu, o akc\u00edch a z firmy \u2013 v\u0161e o pr\u016fmyslov\u00fdch bateriov\u00fdch \u00falo\u017ei\u0161t\u00edch a fotovoltaice.<\/p>\t\t\t\t<\/div>\n\t\t\t\t<\/div>\n\t\t\t\t\t<\/div>\n\t\t<\/div>\n\t\t\t\t\t<\/div>\n\t\t<\/section>\n\t\t\t\t<section class=\"elementor-section elementor-top-section elementor-element elementor-element-0ef3b34 elementor-section-boxed elementor-section-height-default elementor-section-height-default\" data-id=\"0ef3b34\" data-element_type=\"section\" data-e-type=\"section\">\n\t\t\t\t\t\t<div class=\"elementor-container elementor-column-gap-no\">\n\t\t\t\t\t<div class=\"elementor-column elementor-col-100 elementor-top-column elementor-element elementor-element-7a707d7 animated-slow elementor-invisible\" data-id=\"7a707d7\" data-element_type=\"column\" data-e-type=\"column\" data-settings=\"{&quot;animation&quot;:&quot;fadeIn&quot;}\">\n\t\t\t<div class=\"elementor-widget-wrap elementor-element-populated\">\n\t\t\t\t\t\t<div class=\"elementor-element elementor-element-69ada55 elementor-widget elementor-widget-heading\" data-id=\"69ada55\" data-element_type=\"widget\" data-e-type=\"widget\" data-widget_type=\"heading.default\">\n\t\t\t\t<div class=\"elementor-widget-container\">\n\t\t\t\t\t<p class=\"elementor-heading-title elementor-size-default\">Aktu\u00e1ln\u011b<\/p>\t\t\t\t<\/div>\n\t\t\t\t<\/div>\n\t\t\t\t<div class=\"elementor-element elementor-element-82e37bc elementor-grid-1 elementor-posts--thumbnail-left elementor-grid-tablet-1 elementor-grid-mobile-1 elementor-widget elementor-widget-posts\" data-id=\"82e37bc\" data-element_type=\"widget\" data-e-type=\"widget\" data-settings=\"{&quot;classic_columns&quot;:&quot;1&quot;,&quot;classic_columns_tablet&quot;:&quot;1&quot;,&quot;classic_columns_mobile&quot;:&quot;1&quot;,&quot;classic_row_gap&quot;:{&quot;unit&quot;:&quot;px&quot;,&quot;size&quot;:35,&quot;sizes&quot;:[]},&quot;classic_row_gap_tablet&quot;:{&quot;unit&quot;:&quot;px&quot;,&quot;size&quot;:&quot;&quot;,&quot;sizes&quot;:[]},&quot;classic_row_gap_mobile&quot;:{&quot;unit&quot;:&quot;px&quot;,&quot;size&quot;:&quot;&quot;,&quot;sizes&quot;:[]}}\" data-widget_type=\"posts.classic\">\n\t\t\t\t<div class=\"elementor-widget-container\">\n\t\t\t\t\t\t\t<div class=\"elementor-posts-container elementor-posts elementor-posts--skin-classic elementor-grid\" role=\"list\">\n\t\t\t\t<article class=\"elementor-post elementor-grid-item post-33279 post type-post status-publish format-standard has-post-thumbnail hentry category-solar-news\" role=\"listitem\">\n\t\t\t\t<a class=\"elementor-post__thumbnail__link\" href=\"https:\/\/cubeconcepts.de\/cz\/reifegradverfahren-fuer-bess-projekte-erreicht-die-verteilnetze\/\" tabindex=\"-1\" >\n\t\t\t<div class=\"elementor-post__thumbnail\"><img fetchpriority=\"high\" decoding=\"async\" width=\"960\" height=\"720\" src=\"https:\/\/cubeconcepts.de\/wp-content\/uploads\/2026\/08\/Reifegradverfahren-Verteilnetze.jpg\" class=\"attachment-1536x1536 size-1536x1536 wp-image-33284\" alt=\"Metody hodnocen\u00ed stupn\u011b zralosti distribu\u010dn\u00edch soustav\" srcset=\"https:\/\/cubeconcepts.de\/wp-content\/uploads\/2026\/08\/Reifegradverfahren-Verteilnetze.jpg 960w, https:\/\/cubeconcepts.de\/wp-content\/uploads\/2026\/08\/Reifegradverfahren-Verteilnetze-300x225.jpg 300w, https:\/\/cubeconcepts.de\/wp-content\/uploads\/2026\/08\/Reifegradverfahren-Verteilnetze-768x576.jpg 768w, https:\/\/cubeconcepts.de\/wp-content\/uploads\/2026\/08\/Reifegradverfahren-Verteilnetze-16x12.jpg 16w\" sizes=\"(max-width: 960px) 100vw, 960px\" \/><\/div>\n\t\t<\/a>\n\t\t\t\t<div class=\"elementor-post__text\">\n\t\t\t\t<h3 class=\"elementor-post__title\">\n\t\t\t<a href=\"https:\/\/cubeconcepts.de\/cz\/reifegradverfahren-fuer-bess-projekte-erreicht-die-verteilnetze\/\" >\n\t\t\t\tProcesy hodnocen\u00ed zralosti pro projekty BESS dosahuj\u00ed distribu\u010dn\u00edch soustav\t\t\t<\/a>\n\t\t<\/h3>\n\t\t\t\t<div class=\"elementor-post__meta-data\">\n\t\t\t\t\t<span class=\"elementor-post-date\">\n\t\t\t18. srpna 2026\t\t<\/span>\n\t\t\t\t<\/div>\n\t\t\t\t<div class=\"elementor-post__excerpt\">\n\t\t\t<p>S Netze BW zav\u00e1d\u00ed v\u016fbec poprv\u00e9 velk\u00fd provozovatel distribu\u010dn\u00ed soustavy bodov\u00fd syst\u00e9m proid\u011blov\u00e1n\u00ed s\u00ed\u0165ov\u00fdch p\u0159\u00edpojek od 950 kW. Pro investory to znamen\u00e1: pozemky, povolen\u00ed a technick\u00e9 pl\u00e1nov\u00e1n\u00ed mus\u00ed b\u00fdt v\u010das spolehliv\u00e9 \u2013 prvn\u00ed registra\u010dn\u00ed okno se otev\u00edr\u00e1 ji\u017e v listopadu 2026.<\/p>\n\t\t<\/div>\n\t\t\n\t\t<a class=\"elementor-post__read-more\" href=\"https:\/\/cubeconcepts.de\/cz\/reifegradverfahren-fuer-bess-projekte-erreicht-die-verteilnetze\/\" aria-label=\"P\u0159e\u010dt\u011bte si v\u00edce o t\u00e9matu Metodika stupn\u011b zralosti pro projekty BESS dorazila do distribu\u010dn\u00edch s\u00edt\u00ed\" tabindex=\"-1\" >\n\t\t\tP\u0159e\u010dt\u011bte si v\u00edce \"\t\t<\/a>\n\n\t\t\t\t<\/div>\n\t\t\t\t<\/article>\n\t\t\t\t<\/div>\n\t\t\n\t\t\t\t\t\t<\/div>\n\t\t\t\t<\/div>\n\t\t\t\t\t<\/div>\n\t\t<\/div>\n\t\t\t\t\t<\/div>\n\t\t<\/section>\n\t\t\t\t<section class=\"elementor-section elementor-top-section elementor-element elementor-element-847ff60 elementor-section-boxed elementor-section-height-default elementor-section-height-default\" data-id=\"847ff60\" data-element_type=\"section\" data-e-type=\"section\">\n\t\t\t\t\t\t<div class=\"elementor-container elementor-column-gap-default\">\n\t\t\t\t\t<div class=\"elementor-column elementor-col-100 elementor-top-column elementor-element elementor-element-ebdb297\" data-id=\"ebdb297\" data-element_type=\"column\" data-e-type=\"column\">\n\t\t\t<div class=\"elementor-widget-wrap elementor-element-populated\">\n\t\t\t\t\t\t<div class=\"elementor-element elementor-element-cef543c elementor-widget elementor-widget-spacer\" data-id=\"cef543c\" data-element_type=\"widget\" data-e-type=\"widget\" data-widget_type=\"spacer.default\">\n\t\t\t\t<div class=\"elementor-widget-container\">\n\t\t\t\t\t\t\t<div class=\"elementor-spacer\">\n\t\t\t<div class=\"elementor-spacer-inner\"><\/div>\n\t\t<\/div>\n\t\t\t\t\t\t<\/div>\n\t\t\t\t<\/div>\n\t\t\t\t\t<\/div>\n\t\t<\/div>\n\t\t\t\t\t<\/div>\n\t\t<\/section>\n\t\t<div class=\"elementor-element elementor-element-f8d5acb e-flex e-con-boxed elementor-invisible e-con e-parent\" data-id=\"f8d5acb\" data-element_type=\"container\" data-e-type=\"container\" data-settings=\"{&quot;animation&quot;:&quot;fadeIn&quot;,&quot;background_background&quot;:&quot;classic&quot;}\">\n\t\t\t\t\t<div class=\"e-con-inner\">\n\t\t\t\t<div class=\"elementor-element elementor-element-0603f81 e-n-tabs-mobile elementor-widget elementor-widget-n-tabs\" data-id=\"0603f81\" data-element_type=\"widget\" data-e-type=\"widget\" data-settings=\"{&quot;tabs_justify_horizontal&quot;:&quot;center&quot;,&quot;horizontal_scroll&quot;:&quot;disable&quot;}\" data-widget_type=\"nested-tabs.default\">\n\t\t\t\t<div class=\"elementor-widget-container\">\n\t\t\t\t\t\t\t<div class=\"e-n-tabs\" data-widget-number=\"6307713\" aria-label=\"Karty. Otev\u0159ete polo\u017eky pomoc\u00ed kl\u00e1vesy Enter nebo Mezern\u00edk, zav\u0159ete pomoc\u00ed Escape a navigujte pomoc\u00ed \u0161ipek.\">\n\t\t\t<div class=\"e-n-tabs-heading\" role=\"tablist\">\n\t\t\t\t\t<button id=\"e-n-tab-title-63077131\" data-tab-title-id=\"e-n-tab-title-63077131\" class=\"e-n-tab-title\" aria-selected=\"true\" data-tab-index=\"1\" role=\"tab\" tabindex=\"0\" aria-controls=\"e-n-tab-content-63077131\" style=\"--n-tabs-title-order: 1;\">\n\t\t\t\t\t\t<span class=\"e-n-tab-title-text\">\n\t\t\t\tV\u0161echny\t\t\t<\/span>\n\t\t<\/button>\n\t\t\t\t<button id=\"e-n-tab-title-63077132\" data-tab-title-id=\"e-n-tab-title-63077132\" class=\"e-n-tab-title\" aria-selected=\"false\" data-tab-index=\"2\" role=\"tab\" tabindex=\"-1\" aria-controls=\"e-n-tab-content-63077132\" style=\"--n-tabs-title-order: 2;\">\n\t\t\t\t\t\t<span class=\"e-n-tab-title-text\">\n\t\t\t\tZpr\u00e1vy z energetick\u00e9ho trhu\t\t\t<\/span>\n\t\t<\/button>\n\t\t\t\t<button id=\"e-n-tab-title-63077133\" data-tab-title-id=\"e-n-tab-title-63077133\" class=\"e-n-tab-title\" aria-selected=\"false\" data-tab-index=\"3\" role=\"tab\" tabindex=\"-1\" aria-controls=\"e-n-tab-content-63077133\" style=\"--n-tabs-title-order: 3;\">\n\t\t\t\t\t\t<span class=\"e-n-tab-title-text\">\n\t\t\t\tCUBE CONCEPTS Novinky\t\t\t<\/span>\n\t\t<\/button>\n\t\t\t\t<button id=\"e-n-tab-title-63077134\" data-tab-title-id=\"e-n-tab-title-63077134\" class=\"e-n-tab-title\" aria-selected=\"false\" data-tab-index=\"4\" role=\"tab\" tabindex=\"-1\" aria-controls=\"e-n-tab-content-63077134\" style=\"--n-tabs-title-order: 4;\">\n\t\t\t\t\t\t<span class=\"e-n-tab-title-text\">\n\t\t\t\tZ\u00e1kaznick\u00e9 projekty\t\t\t<\/span>\n\t\t<\/button>\n\t\t\t\t\t<\/div>\n\t\t\t<div class=\"e-n-tabs-content\">\n\t\t\t\t<div id=\"e-n-tab-content-63077131\" role=\"tabpanel\" aria-labelledby=\"e-n-tab-title-63077131\" data-tab-index=\"1\" style=\"--n-tabs-title-order: 1;\" class=\"e-active elementor-element elementor-element-b720257 e-con-full e-flex e-con e-child\" data-id=\"b720257\" data-element_type=\"container\" data-e-type=\"container\">\n\t\t\t\t<div class=\"elementor-element elementor-element-ce481d2 elementor-grid-3 elementor-grid-tablet-2 elementor-grid-mobile-1 elementor-posts--thumbnail-top elementor-widget elementor-widget-posts\" data-id=\"ce481d2\" data-element_type=\"widget\" data-e-type=\"widget\" data-settings=\"{&quot;classic_row_gap&quot;:{&quot;unit&quot;:&quot;px&quot;,&quot;size&quot;:29,&quot;sizes&quot;:[]},&quot;pagination_type&quot;:&quot;load_more_infinite_scroll&quot;,&quot;classic_columns&quot;:&quot;3&quot;,&quot;classic_columns_tablet&quot;:&quot;2&quot;,&quot;classic_columns_mobile&quot;:&quot;1&quot;,&quot;classic_row_gap_tablet&quot;:{&quot;unit&quot;:&quot;px&quot;,&quot;size&quot;:&quot;&quot;,&quot;sizes&quot;:[]},&quot;classic_row_gap_mobile&quot;:{&quot;unit&quot;:&quot;px&quot;,&quot;size&quot;:&quot;&quot;,&quot;sizes&quot;:[]},&quot;load_more_spinner&quot;:{&quot;value&quot;:&quot;fas fa-spinner&quot;,&quot;library&quot;:&quot;fa-solid&quot;}}\" data-widget_type=\"posts.classic\">\n\t\t\t\t<div class=\"elementor-widget-container\">\n\t\t\t\t\t\t\t<div class=\"elementor-posts-container elementor-posts elementor-posts--skin-classic elementor-grid\" role=\"list\">\n\t\t\t\t<article class=\"elementor-post elementor-grid-item post-33005 post type-post status-publish format-standard has-post-thumbnail hentry category-solar-news category-regulatorik-esg\" role=\"listitem\">\n\t\t\t\t<a class=\"elementor-post__thumbnail__link\" href=\"https:\/\/cubeconcepts.de\/cz\/eeg-2027-netzpaket-kabinettsbeschluss-zum-refinanzierungsbeitrag-cfd-im-ueberblick\/\" tabindex=\"-1\" >\n\t\t\t<div class=\"elementor-post__thumbnail\"><img decoding=\"async\" width=\"800\" height=\"559\" src=\"https:\/\/cubeconcepts.de\/wp-content\/uploads\/2026\/08\/EEG-2027-Netzpaket-Kabinettsbeschluss-1024x716.jpg\" class=\"attachment-large size-large wp-image-33010\" alt=\"Vl\u00e1dn\u00ed usnesen\u00ed o s\u00ed\u0165ov\u00e9m bal\u00ed\u010dku EEG 2027\" srcset=\"https:\/\/cubeconcepts.de\/wp-content\/uploads\/2026\/08\/EEG-2027-Netzpaket-Kabinettsbeschluss-1024x716.jpg 1024w, https:\/\/cubeconcepts.de\/wp-content\/uploads\/2026\/08\/EEG-2027-Netzpaket-Kabinettsbeschluss-300x210.jpg 300w, https:\/\/cubeconcepts.de\/wp-content\/uploads\/2026\/08\/EEG-2027-Netzpaket-Kabinettsbeschluss-768x537.jpg 768w, https:\/\/cubeconcepts.de\/wp-content\/uploads\/2026\/08\/EEG-2027-Netzpaket-Kabinettsbeschluss-1536x1074.jpg 1536w, https:\/\/cubeconcepts.de\/wp-content\/uploads\/2026\/08\/EEG-2027-Netzpaket-Kabinettsbeschluss-2048x1432.jpg 2048w, https:\/\/cubeconcepts.de\/wp-content\/uploads\/2026\/08\/EEG-2027-Netzpaket-Kabinettsbeschluss-18x12.jpg 18w\" sizes=\"(max-width: 800px) 100vw, 800px\" \/><\/div>\n\t\t<\/a>\n\t\t\t\t<div class=\"elementor-post__text\">\n\t\t\t\t<h3 class=\"elementor-post__title\">\n\t\t\t<a href=\"https:\/\/cubeconcepts.de\/cz\/eeg-2027-netzpaket-kabinettsbeschluss-zum-refinanzierungsbeitrag-cfd-im-ueberblick\/\" >\n\t\t\t\tEEG 2027 &amp; S\u00ed\u0165ov\u00fd bal\u00ed\u010dek: P\u0159ehled usnesen\u00ed kabinetu k p\u0159\u00edsp\u011bvku na refinancov\u00e1n\u00ed (CfD)\t\t\t<\/a>\n\t\t<\/h3>\n\t\t\t\t<div class=\"elementor-post__meta-data\">\n\t\t\t\t\t<span class=\"elementor-post-date\">\n\t\t\t12. srpna 2026\t\t<\/span>\n\t\t\t\t<\/div>\n\t\t\t\t<div class=\"elementor-post__excerpt\">\n\t\t\t<p>Stav k 12. srpnu 2026 | Tento p\u0159\u00edsp\u011bvek vych\u00e1z\u00ed z usnesen\u00ed vl\u00e1dy k z\u00e1konu o obnoviteln\u00fdch zdroj\u00edch energie (EEG) 2027 a s\u00ed\u0165ov\u00e9mu bal\u00ed\u010dku ze dne 29. \u010dervence 2026. Legislativn\u00ed proces je\u0161t\u011b nen\u00ed ukon\u010den; \u00fadaje se mohou v dal\u0161\u00edm pr\u016fb\u011bhu je\u0161t\u011b zm\u011bnit.<\/p>\n\t\t<\/div>\n\t\t\n\t\t<a class=\"elementor-post__read-more\" href=\"https:\/\/cubeconcepts.de\/cz\/eeg-2027-netzpaket-kabinettsbeschluss-zum-refinanzierungsbeitrag-cfd-im-ueberblick\/\" aria-label=\"P\u0159e\u010dt\u011bte si v\u00edce o EEG 2027 &amp; Netzpaket: P\u0159ehled usnesen\u00ed kabinetu o p\u0159\u00edsp\u011bvku na refinancov\u00e1n\u00ed (CfD)\" tabindex=\"-1\" >\n\t\t\tP\u0159e\u010dt\u011bte si v\u00edce \"\t\t<\/a>\n\n\t\t\t\t<\/div>\n\t\t\t\t<\/article>\n\t\t\t\t<article class=\"elementor-post elementor-grid-item post-32992 post type-post status-publish format-standard has-post-thumbnail hentry category-solar-news category-regulatorik-esg\" role=\"listitem\">\n\t\t\t\t<a class=\"elementor-post__thumbnail__link\" href=\"https:\/\/cubeconcepts.de\/cz\/agnes-festlegungsentwurf-2026-netzentgelt-reform-ab-2029-im-ueberblick\/\" tabindex=\"-1\" >\n\t\t\t<div class=\"elementor-post__thumbnail\"><img decoding=\"async\" width=\"800\" height=\"534\" src=\"https:\/\/cubeconcepts.de\/wp-content\/uploads\/2026\/08\/AgNes-Festlegungsentwurf-2026-Header-1024x683.jpg\" class=\"attachment-large size-large wp-image-32999\" alt=\"AgNes-Festlegungsentwurf-2026-Header\" srcset=\"https:\/\/cubeconcepts.de\/wp-content\/uploads\/2026\/08\/AgNes-Festlegungsentwurf-2026-Header-1024x683.jpg 1024w, https:\/\/cubeconcepts.de\/wp-content\/uploads\/2026\/08\/AgNes-Festlegungsentwurf-2026-Header-300x200.jpg 300w, https:\/\/cubeconcepts.de\/wp-content\/uploads\/2026\/08\/AgNes-Festlegungsentwurf-2026-Header-768x512.jpg 768w, https:\/\/cubeconcepts.de\/wp-content\/uploads\/2026\/08\/AgNes-Festlegungsentwurf-2026-Header-1536x1024.jpg 1536w, https:\/\/cubeconcepts.de\/wp-content\/uploads\/2026\/08\/AgNes-Festlegungsentwurf-2026-Header-18x12.jpg 18w, https:\/\/cubeconcepts.de\/wp-content\/uploads\/2026\/08\/AgNes-Festlegungsentwurf-2026-Header.jpg 1920w\" sizes=\"(max-width: 800px) 100vw, 800px\" \/><\/div>\n\t\t<\/a>\n\t\t\t\t<div class=\"elementor-post__text\">\n\t\t\t\t<h3 class=\"elementor-post__title\">\n\t\t\t<a href=\"https:\/\/cubeconcepts.de\/cz\/agnes-festlegungsentwurf-2026-netzentgelt-reform-ab-2029-im-ueberblick\/\" >\n\t\t\t\tN\u00e1vrh stanoven\u00ed AgNes 2026: Reforma s\u00ed\u0165ov\u00fdch poplatk\u016f od roku 2029 v p\u0159ehledu\t\t\t<\/a>\n\t\t<\/h3>\n\t\t\t\t<div class=\"elementor-post__meta-data\">\n\t\t\t\t\t<span class=\"elementor-post-date\">\n\t\t\t11. srpna 2026\t\t<\/span>\n\t\t\t\t<\/div>\n\t\t\t\t<div class=\"elementor-post__excerpt\">\n\t\t\t<p>Pro bateriov\u00e1 \u00falo\u017ei\u0161t\u011b to za\u010d\u00edn\u00e1 b\u00fdt v\u00e1\u017en\u00e9: n\u00e1vrh rozhodnut\u00ed AgNes po\u010d\u00edt\u00e1 s nov\u00fdmi poplatky za kapacitu \u2013 a z\u00e1rove\u0148 tik\u00e1 \u010das do konce 20let\u00e9ho osvobozen\u00ed od poplatk\u016f. Kdo pl\u00e1nuje nov\u00e9 \u00falo\u017ei\u0161t\u011b, bude muset u\u010dinit kone\u010dn\u00e9 investi\u010dn\u00ed rozhodnut\u00ed pravd\u011bpodobn\u011b p\u0159ed 1. lednem 2027.<\/p>\n\t\t<\/div>\n\t\t\n\t\t<a class=\"elementor-post__read-more\" href=\"https:\/\/cubeconcepts.de\/cz\/agnes-festlegungsentwurf-2026-netzentgelt-reform-ab-2029-im-ueberblick\/\" aria-label=\"P\u0159e\u010dt\u011bte si v\u00edce o n\u00e1vrhu stanoven\u00ed AgNes 2026: Reforma s\u00ed\u0165ov\u00fdch poplatk\u016f od roku 2029 v p\u0159ehledu\" tabindex=\"-1\" >\n\t\t\tP\u0159e\u010dt\u011bte si v\u00edce \"\t\t<\/a>\n\n\t\t\t\t<\/div>\n\t\t\t\t<\/article>\n\t\t\t\t<article class=\"elementor-post elementor-grid-item post-32926 post type-post status-publish format-standard has-post-thumbnail hentry category-solar-news\" role=\"listitem\">\n\t\t\t\t<a class=\"elementor-post__thumbnail__link\" href=\"https:\/\/cubeconcepts.de\/cz\/wassermangel-in-europa-energieversorgung\/\" tabindex=\"-1\" >\n\t\t\t<div class=\"elementor-post__thumbnail\"><img loading=\"lazy\" decoding=\"async\" width=\"800\" height=\"534\" src=\"https:\/\/cubeconcepts.de\/wp-content\/uploads\/2026\/08\/Wassermangel-Europa-Energieversorgung-1024x683.jpg\" class=\"attachment-large size-large wp-image-32929\" alt=\"Nedostatek vody \u2013 Evropa \u2013 dod\u00e1vky energie\" srcset=\"https:\/\/cubeconcepts.de\/wp-content\/uploads\/2026\/08\/Wassermangel-Europa-Energieversorgung-1024x683.jpg 1024w, https:\/\/cubeconcepts.de\/wp-content\/uploads\/2026\/08\/Wassermangel-Europa-Energieversorgung-300x200.jpg 300w, https:\/\/cubeconcepts.de\/wp-content\/uploads\/2026\/08\/Wassermangel-Europa-Energieversorgung-768x512.jpg 768w, https:\/\/cubeconcepts.de\/wp-content\/uploads\/2026\/08\/Wassermangel-Europa-Energieversorgung-1536x1024.jpg 1536w, https:\/\/cubeconcepts.de\/wp-content\/uploads\/2026\/08\/Wassermangel-Europa-Energieversorgung-18x12.jpg 18w, https:\/\/cubeconcepts.de\/wp-content\/uploads\/2026\/08\/Wassermangel-Europa-Energieversorgung.jpg 1920w\" sizes=\"(max-width: 800px) 100vw, 800px\" \/><\/div>\n\t\t<\/a>\n\t\t\t\t<div class=\"elementor-post__text\">\n\t\t\t\t<h3 class=\"elementor-post__title\">\n\t\t\t<a href=\"https:\/\/cubeconcepts.de\/cz\/wassermangel-in-europa-energieversorgung\/\" >\n\t\t\t\tNedostatek vody v Evrop\u011b: Pro\u010d to zp\u016fsobuje probl\u00e9my v dod\u00e1vk\u00e1ch energie\t\t\t<\/a>\n\t\t<\/h3>\n\t\t\t\t<div class=\"elementor-post__meta-data\">\n\t\t\t\t\t<span class=\"elementor-post-date\">\n\t\t\t6. srpna 2026\t\t<\/span>\n\t\t\t\t<\/div>\n\t\t\t\t<div class=\"elementor-post__excerpt\">\n\t\t\t<p>N\u00edzk\u00e9 stav vody v evropsk\u00fdch \u0159ek\u00e1ch nut\u00ed poprv\u00e9 n\u011bkolik jadern\u00fdch elektr\u00e1ren k odst\u00e1vce a dost\u00e1vaj\u00ed pod tlak i uheln\u00e9, plynov\u00e9 a vodn\u00ed elektr\u00e1rny. N\u00e1\u0161 p\u0159ehled ukazuje, pro\u010d se klimatick\u00e1 krize st\u00e1v\u00e1 st\u00e1le v\u011bt\u0161\u00edm probl\u00e9mem pro dod\u00e1vky energie a jakou roli budou v budoucnu hr\u00e1t bateriov\u00e1 \u00falo\u017ei\u0161t\u011b.<\/p>\n\t\t<\/div>\n\t\t\n\t\t<a class=\"elementor-post__read-more\" href=\"https:\/\/cubeconcepts.de\/cz\/wassermangel-in-europa-energieversorgung\/\" aria-label=\"P\u0159e\u010dt\u011bte si v\u00edce o nedostatku vody v Evrop\u011b: Pro\u010d to zp\u016fsobuje probl\u00e9my v dod\u00e1vk\u00e1ch energie\" tabindex=\"-1\" >\n\t\t\tP\u0159e\u010dt\u011bte si v\u00edce \"\t\t<\/a>\n\n\t\t\t\t<\/div>\n\t\t\t\t<\/article>\n\t\t\t\t<article class=\"elementor-post elementor-grid-item post-29104 post type-post status-publish format-standard has-post-thumbnail hentry category-batteriespeicher category-solar-news category-regulatorik-esg\" role=\"listitem\">\n\t\t\t\t<a class=\"elementor-post__thumbnail__link\" href=\"https:\/\/cubeconcepts.de\/cz\/mispel-zeitplan-rechtskraft-2026\/\" tabindex=\"-1\" >\n\t\t\t<div class=\"elementor-post__thumbnail\"><img loading=\"lazy\" decoding=\"async\" width=\"800\" height=\"534\" src=\"https:\/\/cubeconcepts.de\/wp-content\/uploads\/2026\/05\/MiSpeL-Zeitplan-Rechtskraft-1024x683.jpeg\" class=\"attachment-large size-large wp-image-29106\" alt=\"MiSpeL Z\u00e1vaznost pl\u00e1nu\" srcset=\"https:\/\/cubeconcepts.de\/wp-content\/uploads\/2026\/05\/MiSpeL-Zeitplan-Rechtskraft-1024x683.jpeg 1024w, https:\/\/cubeconcepts.de\/wp-content\/uploads\/2026\/05\/MiSpeL-Zeitplan-Rechtskraft-300x200.jpeg 300w, https:\/\/cubeconcepts.de\/wp-content\/uploads\/2026\/05\/MiSpeL-Zeitplan-Rechtskraft-768x512.jpeg 768w, https:\/\/cubeconcepts.de\/wp-content\/uploads\/2026\/05\/MiSpeL-Zeitplan-Rechtskraft-1536x1024.jpeg 1536w, https:\/\/cubeconcepts.de\/wp-content\/uploads\/2026\/05\/MiSpeL-Zeitplan-Rechtskraft-2048x1365.jpeg 2048w, https:\/\/cubeconcepts.de\/wp-content\/uploads\/2026\/05\/MiSpeL-Zeitplan-Rechtskraft-18x12.jpeg 18w\" sizes=\"(max-width: 800px) 100vw, 800px\" \/><\/div>\n\t\t<\/a>\n\t\t\t\t<div class=\"elementor-post__text\">\n\t\t\t\t<h3 class=\"elementor-post__title\">\n\t\t\t<a href=\"https:\/\/cubeconcepts.de\/cz\/mispel-zeitplan-rechtskraft-2026\/\" >\n\t\t\t\tMiSpeL 2026: Stanoven\u00ed vstupuje v platnost 1. \u0159\u00edjna a co to znamen\u00e1 pro projekty BESS?\t\t\t<\/a>\n\t\t<\/h3>\n\t\t\t\t<div class=\"elementor-post__meta-data\">\n\t\t\t\t\t<span class=\"elementor-post-date\">\n\t\t\t6. srpna 2026\t\t<\/span>\n\t\t\t\t<\/div>\n\t\t\t\t<div class=\"elementor-post__excerpt\">\n\t\t\t<p>MiSpeL je pova\u017eov\u00e1n za jeden z nejd\u016fle\u017eit\u011bj\u0161\u00edch regula\u010dn\u00edch pokrok\u016f pro \u00falo\u017ei\u0161t\u011b v N\u011bmecku. V praxi je nyn\u00ed rozhoduj\u00edc\u00ed, kdy nov\u00e1 pravidla p\u0159ijdou a budou pou\u017eiteln\u00e1. <\/p>\n\t\t<\/div>\n\t\t\n\t\t<a class=\"elementor-post__read-more\" href=\"https:\/\/cubeconcepts.de\/cz\/mispel-zeitplan-rechtskraft-2026\/\" aria-label=\"P\u0159e\u010dt\u011bte si v\u00edce o MiSpeL 2026: Ustanoven\u00ed vstupuje v platnost 1. \u0159\u00edjna a co to znamen\u00e1 pro projekty BESS?\" tabindex=\"-1\" >\n\t\t\tP\u0159e\u010dt\u011bte si v\u00edce \"\t\t<\/a>\n\n\t\t\t\t<\/div>\n\t\t\t\t<\/article>\n\t\t\t\t<article class=\"elementor-post elementor-grid-item post-32561 post type-post status-publish format-standard has-post-thumbnail hentry category-solar-news\" role=\"listitem\">\n\t\t\t\t<a class=\"elementor-post__thumbnail__link\" href=\"https:\/\/cubeconcepts.de\/cz\/solarstrom-ersparte-eu-gasimporte\/\" tabindex=\"-1\" >\n\t\t\t<div class=\"elementor-post__thumbnail\"><img loading=\"lazy\" decoding=\"async\" width=\"800\" height=\"534\" src=\"https:\/\/cubeconcepts.de\/wp-content\/uploads\/2026\/07\/Solarstrom-erspart-EU-Gasimporte-1024x683.jpg\" class=\"attachment-large size-large wp-image-32565\" alt=\"Sol\u00e1rn\u00ed elekt\u0159ina u\u0161et\u0159ila EU dovoz plynu\" srcset=\"https:\/\/cubeconcepts.de\/wp-content\/uploads\/2026\/07\/Solarstrom-erspart-EU-Gasimporte-1024x683.jpg 1024w, https:\/\/cubeconcepts.de\/wp-content\/uploads\/2026\/07\/Solarstrom-erspart-EU-Gasimporte-300x200.jpg 300w, https:\/\/cubeconcepts.de\/wp-content\/uploads\/2026\/07\/Solarstrom-erspart-EU-Gasimporte-768x513.jpg 768w, https:\/\/cubeconcepts.de\/wp-content\/uploads\/2026\/07\/Solarstrom-erspart-EU-Gasimporte-1536x1025.jpg 1536w, https:\/\/cubeconcepts.de\/wp-content\/uploads\/2026\/07\/Solarstrom-erspart-EU-Gasimporte-2048x1367.jpg 2048w, https:\/\/cubeconcepts.de\/wp-content\/uploads\/2026\/07\/Solarstrom-erspart-EU-Gasimporte-18x12.jpg 18w\" sizes=\"(max-width: 800px) 100vw, 800px\" \/><\/div>\n\t\t<\/a>\n\t\t\t\t<div class=\"elementor-post__text\">\n\t\t\t\t<h3 class=\"elementor-post__title\">\n\t\t\t<a href=\"https:\/\/cubeconcepts.de\/cz\/solarstrom-ersparte-eu-gasimporte\/\" >\n\t\t\t\tSol\u00e1rn\u00ed energie u\u0161et\u0159ila EU dovoz plynu v hodnot\u011b 20 miliard eur a do roku 2030 by mohla sn\u00ed\u017eit popt\u00e1vku o \u010dtvrtinu\t\t\t<\/a>\n\t\t<\/h3>\n\t\t\t\t<div class=\"elementor-post__meta-data\">\n\t\t\t\t\t<span class=\"elementor-post-date\">\n\t\t\t31. \u010dervence 2026\t\t<\/span>\n\t\t\t\t<\/div>\n\t\t\t\t<div class=\"elementor-post__excerpt\">\n\t\t\t<p>Pouze od eskalace \u00edr\u00e1nsk\u00e9ho konfliktu u\u0161et\u0159ila sol\u00e1rn\u00ed elekt\u0159ina v EU dovoz plynu v hodnot\u011b 20 miliard eur. Dal\u0161\u00ed rozvoj by mohl do roku 2030 sn\u00ed\u017eit pot\u0159ebu plynu v EU o dal\u0161\u00edch 25 procent.<\/p>\n\t\t<\/div>\n\t\t\n\t\t<a class=\"elementor-post__read-more\" href=\"https:\/\/cubeconcepts.de\/cz\/solarstrom-ersparte-eu-gasimporte\/\" aria-label=\"P\u0159e\u010dt\u011bte si v\u00edce o tom, \u017ee sol\u00e1rn\u00ed elekt\u0159ina u\u0161et\u0159ila dovozy plynu do EU v hodnot\u011b 20 miliard eur a mohla by do roku 2030 sn\u00ed\u017eit popt\u00e1vku a\u017e o \u010dtvrtinu.\" tabindex=\"-1\" >\n\t\t\tP\u0159e\u010dt\u011bte si v\u00edce \"\t\t<\/a>\n\n\t\t\t\t<\/div>\n\t\t\t\t<\/article>\n\t\t\t\t<article class=\"elementor-post elementor-grid-item post-32362 post type-post status-publish format-standard has-post-thumbnail hentry category-solar-news category-regulatorik-esg\" role=\"listitem\">\n\t\t\t\t<a class=\"elementor-post__thumbnail__link\" href=\"https:\/\/cubeconcepts.de\/cz\/energy-sharing-in-deutschland-42c-enwg\/\" tabindex=\"-1\" >\n\t\t\t<div class=\"elementor-post__thumbnail\"><img loading=\"lazy\" decoding=\"async\" width=\"800\" height=\"533\" src=\"https:\/\/cubeconcepts.de\/wp-content\/uploads\/2026\/07\/Energy-Sharing-nach-\u00a742c-EnWG-1024x682.jpg\" class=\"attachment-large size-large wp-image-32365\" alt=\"Sd\u00edlen\u00ed energie podle \u00a7 42c EnWG\" srcset=\"https:\/\/cubeconcepts.de\/wp-content\/uploads\/2026\/07\/Energy-Sharing-nach-\u00a742c-EnWG-1024x682.jpg 1024w, https:\/\/cubeconcepts.de\/wp-content\/uploads\/2026\/07\/Energy-Sharing-nach-\u00a742c-EnWG-300x200.jpg 300w, https:\/\/cubeconcepts.de\/wp-content\/uploads\/2026\/07\/Energy-Sharing-nach-\u00a742c-EnWG-768x512.jpg 768w, https:\/\/cubeconcepts.de\/wp-content\/uploads\/2026\/07\/Energy-Sharing-nach-\u00a742c-EnWG-1536x1023.jpg 1536w, https:\/\/cubeconcepts.de\/wp-content\/uploads\/2026\/07\/Energy-Sharing-nach-\u00a742c-EnWG-2048x1364.jpg 2048w, https:\/\/cubeconcepts.de\/wp-content\/uploads\/2026\/07\/Energy-Sharing-nach-\u00a742c-EnWG-18x12.jpg 18w\" sizes=\"(max-width: 800px) 100vw, 800px\" \/><\/div>\n\t\t<\/a>\n\t\t\t\t<div class=\"elementor-post__text\">\n\t\t\t\t<h3 class=\"elementor-post__title\">\n\t\t\t<a href=\"https:\/\/cubeconcepts.de\/cz\/energy-sharing-in-deutschland-42c-enwg\/\" >\n\t\t\t\tSd\u00edlen\u00ed energie v N\u011bmecku: Stav implementace podle \u00a7 42c EnWG (2026)\t\t\t<\/a>\n\t\t<\/h3>\n\t\t\t\t<div class=\"elementor-post__meta-data\">\n\t\t\t\t\t<span class=\"elementor-post-date\">\n\t\t\t29. \u010dervence 2026\t\t<\/span>\n\t\t\t\t<\/div>\n\t\t\t\t<div class=\"elementor-post__excerpt\">\n\t\t\t<p>Provozovatel\u00e9 s\u00edt\u00ed by to m\u011bli umo\u017enit od \u010dervna 2026 \u2013 velk\u00fd pr\u016flom v\u0161ak na sebe st\u00e1le nech\u00e1v\u00e1 \u010dekat. N\u00e1\u0161 p\u0159ehled ukazuje, jak\u00e9 p\u0159ek\u00e1\u017eky existuj\u00ed, pro\u010d pln\u00e9 s\u00ed\u0165ov\u00e9 poplatky brzd\u00ed rentabilitu a pro koho se m\u016f\u017ee tento model p\u0159esto vyplatit.<\/p>\n\t\t<\/div>\n\t\t\n\t\t<a class=\"elementor-post__read-more\" href=\"https:\/\/cubeconcepts.de\/cz\/energy-sharing-in-deutschland-42c-enwg\/\" aria-label=\"P\u0159e\u010dt\u011bte si v\u00edce o sd\u00edlen\u00ed energie v N\u011bmecku: Stav implementace podle \u00a7 42c EnWG (2026)\" tabindex=\"-1\" >\n\t\t\tP\u0159e\u010dt\u011bte si v\u00edce \"\t\t<\/a>\n\n\t\t\t\t<\/div>\n\t\t\t\t<\/article>\n\t\t\t\t<article class=\"elementor-post elementor-grid-item post-32267 post type-post status-publish format-standard has-post-thumbnail hentry category-solar-news\" role=\"listitem\">\n\t\t\t\t<a class=\"elementor-post__thumbnail__link\" href=\"https:\/\/cubeconcepts.de\/cz\/eu-ets-reform-2031-freie-zuteilung\/\" tabindex=\"-1\" >\n\t\t\t<div class=\"elementor-post__thumbnail\"><img loading=\"lazy\" decoding=\"async\" width=\"800\" height=\"534\" src=\"https:\/\/cubeconcepts.de\/wp-content\/uploads\/2026\/07\/ETS-Reform-mehr-gratiszertifikate-1024x683.jpg\" class=\"attachment-large size-large wp-image-32273\" alt=\"Reforma ETS: v\u00edce bezplatn\u00fdch povolenek\" srcset=\"https:\/\/cubeconcepts.de\/wp-content\/uploads\/2026\/07\/ETS-Reform-mehr-gratiszertifikate-1024x683.jpg 1024w, https:\/\/cubeconcepts.de\/wp-content\/uploads\/2026\/07\/ETS-Reform-mehr-gratiszertifikate-300x200.jpg 300w, https:\/\/cubeconcepts.de\/wp-content\/uploads\/2026\/07\/ETS-Reform-mehr-gratiszertifikate-768x512.jpg 768w, https:\/\/cubeconcepts.de\/wp-content\/uploads\/2026\/07\/ETS-Reform-mehr-gratiszertifikate-1536x1024.jpg 1536w, https:\/\/cubeconcepts.de\/wp-content\/uploads\/2026\/07\/ETS-Reform-mehr-gratiszertifikate-18x12.jpg 18w, https:\/\/cubeconcepts.de\/wp-content\/uploads\/2026\/07\/ETS-Reform-mehr-gratiszertifikate.jpg 1920w\" sizes=\"(max-width: 800px) 100vw, 800px\" \/><\/div>\n\t\t<\/a>\n\t\t\t\t<div class=\"elementor-post__text\">\n\t\t\t\t<h3 class=\"elementor-post__title\">\n\t\t\t<a href=\"https:\/\/cubeconcepts.de\/cz\/eu-ets-reform-2031-freie-zuteilung\/\" >\n\t\t\t\tEvropsk\u00e1 komise p\u0159edkl\u00e1d\u00e1 reformu ETS: V\u00edce bezplatn\u00fdch povolenek, pomaleji klesaj\u00edc\u00ed strop\t\t\t<\/a>\n\t\t<\/h3>\n\t\t\t\t<div class=\"elementor-post__meta-data\">\n\t\t\t\t\t<span class=\"elementor-post-date\">\n\t\t\t27. \u010dervence 2026\t\t<\/span>\n\t\t\t\t<\/div>\n\t\t\t\t<div class=\"elementor-post__excerpt\">\n\t\t\t<p>Evropsk\u00e1 komise chce od roku 2031 v\u00fdrazn\u011b zm\u00edrnit obchodov\u00e1n\u00ed s emisemi: V\u00edce bezplatn\u00fdch povolenek, uvoln\u011bn\u00e1 tr\u017en\u00ed stabiliza\u010dn\u00ed rezerva a nov\u00e9 sektory ETS by mohly trh s CO\u2082 trvale ovlivnit.<\/p>\n\t\t<\/div>\n\t\t\n\t\t<a class=\"elementor-post__read-more\" href=\"https:\/\/cubeconcepts.de\/cz\/eu-ets-reform-2031-freie-zuteilung\/\" aria-label=\"P\u0159e\u010dt\u011bte si v\u00edce o Evropsk\u00e1 komise p\u0159edkl\u00e1d\u00e1 reformu ETS: V\u00edce bezplatn\u00fdch povolenek, pomaleji klesaj\u00edc\u00ed strop\" tabindex=\"-1\" >\n\t\t\tP\u0159e\u010dt\u011bte si v\u00edce \"\t\t<\/a>\n\n\t\t\t\t<\/div>\n\t\t\t\t<\/article>\n\t\t\t\t<article class=\"elementor-post elementor-grid-item post-32245 post type-post status-publish format-standard has-post-thumbnail hentry category-solar-news\" role=\"listitem\">\n\t\t\t\t<a class=\"elementor-post__thumbnail__link\" href=\"https:\/\/cubeconcepts.de\/cz\/update-netzpaket-2026-verbandeanhorung\/\" tabindex=\"-1\" >\n\t\t\t<div class=\"elementor-post__thumbnail\"><img loading=\"lazy\" decoding=\"async\" width=\"800\" height=\"532\" src=\"https:\/\/cubeconcepts.de\/wp-content\/uploads\/2026\/07\/Update-Netzpaket-2026-Header-1024x681.jpg\" class=\"attachment-large size-large wp-image-32251\" alt=\"Aktualizace-s\u00ed\u0165ov\u00e9ho-bal\u00ed\u010dku-2026-hlavi\u010dka\" srcset=\"https:\/\/cubeconcepts.de\/wp-content\/uploads\/2026\/07\/Update-Netzpaket-2026-Header-1024x681.jpg 1024w, https:\/\/cubeconcepts.de\/wp-content\/uploads\/2026\/07\/Update-Netzpaket-2026-Header-300x200.jpg 300w, https:\/\/cubeconcepts.de\/wp-content\/uploads\/2026\/07\/Update-Netzpaket-2026-Header-768x511.jpg 768w, https:\/\/cubeconcepts.de\/wp-content\/uploads\/2026\/07\/Update-Netzpaket-2026-Header-1536x1022.jpg 1536w, https:\/\/cubeconcepts.de\/wp-content\/uploads\/2026\/07\/Update-Netzpaket-2026-Header-2048x1363.jpg 2048w, https:\/\/cubeconcepts.de\/wp-content\/uploads\/2026\/07\/Update-Netzpaket-2026-Header-18x12.jpg 18w\" sizes=\"(max-width: 800px) 100vw, 800px\" \/><\/div>\n\t\t<\/a>\n\t\t\t\t<div class=\"elementor-post__text\">\n\t\t\t\t<h3 class=\"elementor-post__title\">\n\t\t\t<a href=\"https:\/\/cubeconcepts.de\/cz\/update-netzpaket-2026-verbandeanhorung\/\" >\n\t\t\t\tAktualizace s\u00ed\u0165ov\u00e9ho bal\u00ed\u010dku 2026: Fin\u00e1ln\u00ed n\u00e1vrh pro\u0161el spolkov\u00fdm kabinetem\t\t\t<\/a>\n\t\t<\/h3>\n\t\t\t\t<div class=\"elementor-post__meta-data\">\n\t\t\t\t\t<span class=\"elementor-post-date\">\n\t\t\t24. \u010dervence 2026\t\t<\/span>\n\t\t\t\t<\/div>\n\t\t\t\t<div class=\"elementor-post__excerpt\">\n\t\t\t<p>Z 3 % se st\u00e1v\u00e1 5, z 10 let se st\u00e1v\u00e1 6: Ministerstvo pro hospod\u00e1\u0159stv\u00ed a energetiku (BMWE) m\u00edrn\u011b zm\u00edrnilo po\u017eadavky pro oblasti s omezenou kapacitou p\u0159enosov\u00e9 s\u00edt\u011b. To v\u0161ak nic nem\u011bn\u00ed na z\u00e1sadn\u00edm p\u0159esunu rizika na \u00fakor provozovatel\u016f za\u0159\u00edzen\u00ed \u2013 a p\u0159etrv\u00e1v\u00e1 i kritika z hlediska evropsk\u00e9ho pr\u00e1va.<\/p>\n\t\t<\/div>\n\t\t\n\t\t<a class=\"elementor-post__read-more\" href=\"https:\/\/cubeconcepts.de\/cz\/update-netzpaket-2026-verbandeanhorung\/\" aria-label=\"P\u0159e\u010dt\u011bte si v\u00edce o Aktualizace s\u00ed\u0165ov\u00e9ho bal\u00ed\u010dku 2026: Kone\u010dn\u00fd n\u00e1vrh schv\u00e1lila spolkov\u00e1 vl\u00e1da\" tabindex=\"-1\" >\n\t\t\tP\u0159e\u010dt\u011bte si v\u00edce \"\t\t<\/a>\n\n\t\t\t\t<\/div>\n\t\t\t\t<\/article>\n\t\t\t\t<article class=\"elementor-post elementor-grid-item post-32239 post type-post status-publish format-standard has-post-thumbnail hentry category-solar-news category-regulatorik-esg\" role=\"listitem\">\n\t\t\t\t<a class=\"elementor-post__thumbnail__link\" href=\"https:\/\/cubeconcepts.de\/cz\/emd-richtlinie-umsetzung-deutschland\/\" tabindex=\"-1\" >\n\t\t\t<div class=\"elementor-post__thumbnail\"><img loading=\"lazy\" decoding=\"async\" width=\"800\" height=\"450\" src=\"https:\/\/cubeconcepts.de\/wp-content\/uploads\/2026\/07\/EMD-Richtlinie-Umsetzung-Deutschland-Aktuell-1024x576.jpg\" class=\"attachment-large size-large wp-image-32244\" alt=\"Implementace sm\u011brnice o EMD v N\u011bmecku \u2013 Aktu\u00e1ln\u011b\" srcset=\"https:\/\/cubeconcepts.de\/wp-content\/uploads\/2026\/07\/EMD-Richtlinie-Umsetzung-Deutschland-Aktuell-1024x576.jpg 1024w, https:\/\/cubeconcepts.de\/wp-content\/uploads\/2026\/07\/EMD-Richtlinie-Umsetzung-Deutschland-Aktuell-300x169.jpg 300w, https:\/\/cubeconcepts.de\/wp-content\/uploads\/2026\/07\/EMD-Richtlinie-Umsetzung-Deutschland-Aktuell-768x432.jpg 768w, https:\/\/cubeconcepts.de\/wp-content\/uploads\/2026\/07\/EMD-Richtlinie-Umsetzung-Deutschland-Aktuell-1536x864.jpg 1536w, https:\/\/cubeconcepts.de\/wp-content\/uploads\/2026\/07\/EMD-Richtlinie-Umsetzung-Deutschland-Aktuell-2048x1151.jpg 2048w, https:\/\/cubeconcepts.de\/wp-content\/uploads\/2026\/07\/EMD-Richtlinie-Umsetzung-Deutschland-Aktuell-18x10.jpg 18w\" sizes=\"(max-width: 800px) 100vw, 800px\" \/><\/div>\n\t\t<\/a>\n\t\t\t\t<div class=\"elementor-post__text\">\n\t\t\t\t<h3 class=\"elementor-post__title\">\n\t\t\t<a href=\"https:\/\/cubeconcepts.de\/cz\/emd-richtlinie-umsetzung-deutschland\/\" >\n\t\t\t\tSm\u011brnice o audiovizu\u00e1ln\u00edch medi\u00e1ln\u00edch slu\u017eb\u00e1ch: Stav n\u011bmeck\u00e9 implementace po uplynut\u00ed lh\u016fty\t\t\t<\/a>\n\t\t<\/h3>\n\t\t\t\t<div class=\"elementor-post__meta-data\">\n\t\t\t\t\t<span class=\"elementor-post-date\">\n\t\t\t23. \u010dervence 2026\t\t<\/span>\n\t\t\t\t<\/div>\n\t\t\t\t<div class=\"elementor-post__excerpt\">\n\t\t\t<p>Sm\u011brnice o trhu s elekt\u0159inou (EU) 2024\/1711 m\u011bla b\u00fdt implementov\u00e1na do n\u011bmeck\u00e9ho pr\u00e1va do 17. \u010dervence 2026. N\u011bmecko ji\u017e novelou z\u00e1kona o energetice (EnWG) z listopadu 2025 implementovalo kl\u00ed\u010dov\u00e9 \u010d\u00e1sti, v\u016f\u010di Evropsk\u00e9 komisi je v\u0161ak nad\u00e1le pova\u017eov\u00e1no za prodl\u00e9vaj\u00edc\u00ed: prob\u00edh\u00e1 \u0159\u00edzen\u00ed o nespln\u011bn\u00ed povinnosti (VVV 2025\/0127), proto\u017ee \u00fapln\u00e1 implementace nebyla ozn\u00e1mena v\u010das.<\/p>\n\t\t<\/div>\n\t\t\n\t\t<a class=\"elementor-post__read-more\" href=\"https:\/\/cubeconcepts.de\/cz\/emd-richtlinie-umsetzung-deutschland\/\" aria-label=\"P\u0159e\u010dt\u011bte si v\u00edce o sm\u011brnici o autorsk\u00e9m pr\u00e1vu na jednotn\u00e9m digit\u00e1ln\u00edm trhu (EMD): stav n\u011bmeck\u00e9 implementace po uplynut\u00ed lh\u016fty\" tabindex=\"-1\" >\n\t\t\tP\u0159e\u010dt\u011bte si v\u00edce \"\t\t<\/a>\n\n\t\t\t\t<\/div>\n\t\t\t\t<\/article>\n\t\t\t\t<article class=\"elementor-post elementor-grid-item post-31874 post type-post status-publish format-standard has-post-thumbnail hentry category-solar-news category-regulatorik-esg\" role=\"listitem\">\n\t\t\t\t<a class=\"elementor-post__thumbnail__link\" href=\"https:\/\/cubeconcepts.de\/cz\/klimaziele-2030-deutschland-verfehlt-esr-vorgaben-um-255-mio-tonnen-co%e2%82%82\/\" tabindex=\"-1\" >\n\t\t\t<div class=\"elementor-post__thumbnail\"><img loading=\"lazy\" decoding=\"async\" width=\"800\" height=\"534\" src=\"https:\/\/cubeconcepts.de\/wp-content\/uploads\/2026\/07\/Klimaziele-2030-verfehlt-was-kostet-das-Deutschland-1024x683.jpg\" class=\"attachment-large size-large wp-image-31876\" alt=\"Nespln\u011bn\u00e9 c\u00edle v oblasti klimatu do roku 2030: Co to stoj\u00ed N\u011bmecko?\" srcset=\"https:\/\/cubeconcepts.de\/wp-content\/uploads\/2026\/07\/Klimaziele-2030-verfehlt-was-kostet-das-Deutschland-1024x683.jpg 1024w, https:\/\/cubeconcepts.de\/wp-content\/uploads\/2026\/07\/Klimaziele-2030-verfehlt-was-kostet-das-Deutschland-300x200.jpg 300w, https:\/\/cubeconcepts.de\/wp-content\/uploads\/2026\/07\/Klimaziele-2030-verfehlt-was-kostet-das-Deutschland-768x512.jpg 768w, https:\/\/cubeconcepts.de\/wp-content\/uploads\/2026\/07\/Klimaziele-2030-verfehlt-was-kostet-das-Deutschland-1536x1024.jpg 1536w, https:\/\/cubeconcepts.de\/wp-content\/uploads\/2026\/07\/Klimaziele-2030-verfehlt-was-kostet-das-Deutschland-18x12.jpg 18w, https:\/\/cubeconcepts.de\/wp-content\/uploads\/2026\/07\/Klimaziele-2030-verfehlt-was-kostet-das-Deutschland.jpg 1920w\" sizes=\"(max-width: 800px) 100vw, 800px\" \/><\/div>\n\t\t<\/a>\n\t\t\t\t<div class=\"elementor-post__text\">\n\t\t\t\t<h3 class=\"elementor-post__title\">\n\t\t\t<a href=\"https:\/\/cubeconcepts.de\/cz\/klimaziele-2030-deutschland-verfehlt-esr-vorgaben-um-255-mio-tonnen-co%e2%82%82\/\" >\n\t\t\t\tKlimatick\u00e9 c\u00edle pro rok 2030: N\u011bmecko nespln\u00ed c\u00edle ESR o 255 milion\u016f tun CO\u2082\t\t\t<\/a>\n\t\t<\/h3>\n\t\t\t\t<div class=\"elementor-post__meta-data\">\n\t\t\t\t\t<span class=\"elementor-post-date\">\n\t\t\t16. \u010dervence 2026\t\t<\/span>\n\t\t\t\t<\/div>\n\t\t\t\t<div class=\"elementor-post__excerpt\">\n\t\t\t<p>N\u011bmecku hroz\u00ed, \u017ee v\u00fdrazn\u011b nespln\u00ed sv\u00e9 evropsk\u00e9 klimatick\u00e9 c\u00edle do roku 2030 \u2013 s mo\u017en\u00fdmi dodate\u010dn\u00fdmi n\u00e1klady a\u017e ve v\u00fd\u0161i 38,3 miliardy eur. N\u00e1\u0161 p\u0159\u00edsp\u011bvek ukazuje, pro\u010d se probl\u00e9mem st\u00e1vaj\u00ed p\u0159edev\u0161\u00edm budovy a doprava a jakou roli budou v budoucnu hr\u00e1t bateriov\u00e1 \u00falo\u017ei\u0161t\u011b a energetick\u00fd management.<\/p>\n\t\t<\/div>\n\t\t\n\t\t<a class=\"elementor-post__read-more\" href=\"https:\/\/cubeconcepts.de\/cz\/klimaziele-2030-deutschland-verfehlt-esr-vorgaben-um-255-mio-tonnen-co%e2%82%82\/\" aria-label=\"P\u0159e\u010dt\u011bte si v\u00edce o Klimatick\u00fdch cilech do roku 2030: N\u011bmecko nesplnilo c\u00edle ESR o 255 milion\u016f tun CO\u2082\" tabindex=\"-1\" >\n\t\t\tP\u0159e\u010dt\u011bte si v\u00edce \"\t\t<\/a>\n\n\t\t\t\t<\/div>\n\t\t\t\t<\/article>\n\t\t\t\t<article class=\"elementor-post elementor-grid-item post-31865 post type-post status-publish format-standard has-post-thumbnail hentry category-cube-concepts-news\" role=\"listitem\">\n\t\t\t\t<a class=\"elementor-post__thumbnail__link\" href=\"https:\/\/cubeconcepts.de\/cz\/e-mobilitat-unsere-flotte-bei-cube-concepts\/\" tabindex=\"-1\" >\n\t\t\t<div class=\"elementor-post__thumbnail\"><img loading=\"lazy\" decoding=\"async\" width=\"800\" height=\"600\" src=\"https:\/\/cubeconcepts.de\/wp-content\/uploads\/2026\/07\/E-Mobilitaet-CUBE-CONCEPTS-2-1024x768.jpg\" class=\"attachment-large size-large wp-image-31866\" alt=\"E-Mobilitaet-CUBE-CONCEPTS-1\" srcset=\"https:\/\/cubeconcepts.de\/wp-content\/uploads\/2026\/07\/E-Mobilitaet-CUBE-CONCEPTS-2-1024x768.jpg 1024w, https:\/\/cubeconcepts.de\/wp-content\/uploads\/2026\/07\/E-Mobilitaet-CUBE-CONCEPTS-2-300x225.jpg 300w, https:\/\/cubeconcepts.de\/wp-content\/uploads\/2026\/07\/E-Mobilitaet-CUBE-CONCEPTS-2-768x576.jpg 768w, https:\/\/cubeconcepts.de\/wp-content\/uploads\/2026\/07\/E-Mobilitaet-CUBE-CONCEPTS-2-1536x1152.jpg 1536w, https:\/\/cubeconcepts.de\/wp-content\/uploads\/2026\/07\/E-Mobilitaet-CUBE-CONCEPTS-2-2048x1536.jpg 2048w, https:\/\/cubeconcepts.de\/wp-content\/uploads\/2026\/07\/E-Mobilitaet-CUBE-CONCEPTS-2-16x12.jpg 16w\" sizes=\"(max-width: 800px) 100vw, 800px\" \/><\/div>\n\t\t<\/a>\n\t\t\t\t<div class=\"elementor-post__text\">\n\t\t\t\t<h3 class=\"elementor-post__title\">\n\t\t\t<a href=\"https:\/\/cubeconcepts.de\/cz\/e-mobilitat-unsere-flotte-bei-cube-concepts\/\" >\n\t\t\t\tZelen\u00e1me: CUBE CONCEPTS p\u0159ech\u00e1z\u00ed s firemn\u00ed flotilou na elektromobilitu\t\t\t<\/a>\n\t\t<\/h3>\n\t\t\t\t<div class=\"elementor-post__meta-data\">\n\t\t\t\t\t<span class=\"elementor-post-date\">\n\t\t\t16. \u010dervence 2026\t\t<\/span>\n\t\t\t\t<\/div>\n\t\t\t\t<div class=\"elementor-post__excerpt\">\n\t\t\t<p>U spole\u010dnosti CUBE CONCEPTS je udr\u017eitelnost v\u00edc ne\u017e jen obchodn\u00ed model \u2013 za\u010d\u00edn\u00e1 tak\u00e9 p\u0159\u00edmo p\u0159ed na\u0161\u00edm prahem. Proto m\u00e1me<\/p>\n\t\t<\/div>\n\t\t\n\t\t<a class=\"elementor-post__read-more\" href=\"https:\/\/cubeconcepts.de\/cz\/e-mobilitat-unsere-flotte-bei-cube-concepts\/\" aria-label=\"P\u0159e\u010dt\u011bte si v\u00edce o \u010dl\u00e1nku Zelen\u00e1me se: CUBE CONCEPTS p\u0159ech\u00e1z\u00ed s firemn\u00ed flotilou na elektromobilitu\" tabindex=\"-1\" >\n\t\t\tP\u0159e\u010dt\u011bte si v\u00edce \"\t\t<\/a>\n\n\t\t\t\t<\/div>\n\t\t\t\t<\/article>\n\t\t\t\t<article class=\"elementor-post elementor-grid-item post-30449 post type-post status-publish format-standard has-post-thumbnail hentry category-batteriespeicher category-solar-news\" role=\"listitem\">\n\t\t\t\t<a class=\"elementor-post__thumbnail__link\" href=\"https:\/\/cubeconcepts.de\/cz\/fraunhofer-studie-batteriespeicher-entlastung-stromsystem\/\" tabindex=\"-1\" >\n\t\t\t<div class=\"elementor-post__thumbnail\"><img loading=\"lazy\" decoding=\"async\" width=\"800\" height=\"530\" src=\"https:\/\/cubeconcepts.de\/wp-content\/uploads\/2026\/07\/Speicherstudie-Fraunhofer-IEE-2026-Header-1024x678.jpeg\" class=\"attachment-large size-large wp-image-30466\" alt=\"Speicherstudie-Fraunhofer-IEE-2026-Header\" srcset=\"https:\/\/cubeconcepts.de\/wp-content\/uploads\/2026\/07\/Speicherstudie-Fraunhofer-IEE-2026-Header-1024x678.jpeg 1024w, https:\/\/cubeconcepts.de\/wp-content\/uploads\/2026\/07\/Speicherstudie-Fraunhofer-IEE-2026-Header-300x199.jpeg 300w, https:\/\/cubeconcepts.de\/wp-content\/uploads\/2026\/07\/Speicherstudie-Fraunhofer-IEE-2026-Header-768x509.jpeg 768w, https:\/\/cubeconcepts.de\/wp-content\/uploads\/2026\/07\/Speicherstudie-Fraunhofer-IEE-2026-Header-1536x1017.jpeg 1536w, https:\/\/cubeconcepts.de\/wp-content\/uploads\/2026\/07\/Speicherstudie-Fraunhofer-IEE-2026-Header-2048x1357.jpeg 2048w, https:\/\/cubeconcepts.de\/wp-content\/uploads\/2026\/07\/Speicherstudie-Fraunhofer-IEE-2026-Header-18x12.jpeg 18w\" sizes=\"(max-width: 800px) 100vw, 800px\" \/><\/div>\n\t\t<\/a>\n\t\t\t\t<div class=\"elementor-post__text\">\n\t\t\t\t<h3 class=\"elementor-post__title\">\n\t\t\t<a href=\"https:\/\/cubeconcepts.de\/cz\/fraunhofer-studie-batteriespeicher-entlastung-stromsystem\/\" >\n\t\t\t\tStudie Fraunhoferova institutu: Bateriov\u00e1 \u00falo\u017ei\u0161t\u011b by mohla energetick\u00fd syst\u00e9m ulevit o 3,9 miliardy eur ro\u010dn\u011b\t\t\t<\/a>\n\t\t<\/h3>\n\t\t\t\t<div class=\"elementor-post__meta-data\">\n\t\t\t\t\t<span class=\"elementor-post-date\">\n\t\t\t3. \u010dervence 2026\t\t<\/span>\n\t\t\t\t<\/div>\n\t\t\t\t<div class=\"elementor-post__excerpt\">\n\t\t\t<p>Jak\u00e9 ekonomick\u00e9 dopady by m\u011blo rychlej\u0161\u00ed roz\u0161i\u0159ov\u00e1n\u00ed bateriov\u00fdch \u00falo\u017ei\u0161\u0165? Aktu\u00e1ln\u00ed studie Fraunhoferova institutu p\u0159in\u00e1\u0161\u00ed konkr\u00e9tn\u00ed \u010d\u00edsla a ukazuje, pro\u010d je v\u011bt\u0161\u00ed flexibilita kl\u00ed\u010dov\u00e1 pro spot\u0159ebitele elekt\u0159iny, investory do projekt\u016f i cel\u00fd energetick\u00fd syst\u00e9m.<\/p>\n\t\t<\/div>\n\t\t\n\t\t<a class=\"elementor-post__read-more\" href=\"https:\/\/cubeconcepts.de\/cz\/fraunhofer-studie-batteriespeicher-entlastung-stromsystem\/\" aria-label=\"P\u0159e\u010dt\u011bte si v\u00edce o studii Fraunhofer: Bateriov\u00e1 \u00falo\u017ei\u0161t\u011b by mohla energetick\u00fdm syst\u00e9mem u\u0161et\u0159it 3,9 miliardy eur ro\u010dn\u011b\" tabindex=\"-1\" >\n\t\t\tP\u0159e\u010dt\u011bte si v\u00edce \"\t\t<\/a>\n\n\t\t\t\t<\/div>\n\t\t\t\t<\/article>\n\t\t\t\t<\/div>\n\t\t\t\t\t<span class=\"e-load-more-spinner\">\n\t\t\t\t<i aria-hidden=\"true\" class=\"fas fa-spinner\"><\/i>\t\t\t<\/span>\n\t\t\n\t\t\t\t<div class=\"e-load-more-anchor\" data-page=\"1\" data-max-page=\"15\" data-next-page=\"https:\/\/cubeconcepts.de\/cz\/wp-json\/wp\/v2\/pages\/723\/page\/2\/\"><\/div>\n\t\t\t\t<div class=\"e-load-more-message\"><\/div>\n\t\t\t\t\t\t<\/div>\n\t\t\t\t<\/div>\n\t\t\t\t<\/div>\n\t\t<div id=\"e-n-tab-content-63077132\" role=\"tabpanel\" aria-labelledby=\"e-n-tab-title-63077132\" data-tab-index=\"2\" style=\"--n-tabs-title-order: 2;\" class=\"elementor-element elementor-element-d568f26 e-con-full e-flex e-con e-child\" data-id=\"d568f26\" data-element_type=\"container\" data-e-type=\"container\">\n\t\t\t\t<div class=\"elementor-element elementor-element-9cf5266 elementor-grid-3 elementor-grid-tablet-2 elementor-grid-mobile-1 elementor-posts--thumbnail-top elementor-widget elementor-widget-posts\" data-id=\"9cf5266\" data-element_type=\"widget\" data-e-type=\"widget\" data-settings=\"{&quot;classic_row_gap&quot;:{&quot;unit&quot;:&quot;px&quot;,&quot;size&quot;:29,&quot;sizes&quot;:[]},&quot;pagination_type&quot;:&quot;load_more_infinite_scroll&quot;,&quot;classic_columns&quot;:&quot;3&quot;,&quot;classic_columns_tablet&quot;:&quot;2&quot;,&quot;classic_columns_mobile&quot;:&quot;1&quot;,&quot;classic_row_gap_tablet&quot;:{&quot;unit&quot;:&quot;px&quot;,&quot;size&quot;:&quot;&quot;,&quot;sizes&quot;:[]},&quot;classic_row_gap_mobile&quot;:{&quot;unit&quot;:&quot;px&quot;,&quot;size&quot;:&quot;&quot;,&quot;sizes&quot;:[]},&quot;load_more_spinner&quot;:{&quot;value&quot;:&quot;fas fa-spinner&quot;,&quot;library&quot;:&quot;fa-solid&quot;}}\" data-widget_type=\"posts.classic\">\n\t\t\t\t<div class=\"elementor-widget-container\">\n\t\t\t\t\t\t\t<div class=\"elementor-posts-container elementor-posts elementor-posts--skin-classic elementor-grid\" role=\"list\">\n\t\t\t\t<article class=\"elementor-post elementor-grid-item post-33279 post type-post status-publish format-standard has-post-thumbnail hentry category-solar-news\" role=\"listitem\">\n\t\t\t\t<a class=\"elementor-post__thumbnail__link\" href=\"https:\/\/cubeconcepts.de\/cz\/reifegradverfahren-fuer-bess-projekte-erreicht-die-verteilnetze\/\" tabindex=\"-1\" >\n\t\t\t<div class=\"elementor-post__thumbnail\"><img loading=\"lazy\" decoding=\"async\" width=\"800\" height=\"600\" src=\"https:\/\/cubeconcepts.de\/wp-content\/uploads\/2026\/08\/Reifegradverfahren-Verteilnetze.jpg\" class=\"attachment-large size-large wp-image-33284\" alt=\"Metody hodnocen\u00ed stupn\u011b zralosti distribu\u010dn\u00edch soustav\" srcset=\"https:\/\/cubeconcepts.de\/wp-content\/uploads\/2026\/08\/Reifegradverfahren-Verteilnetze.jpg 960w, https:\/\/cubeconcepts.de\/wp-content\/uploads\/2026\/08\/Reifegradverfahren-Verteilnetze-300x225.jpg 300w, https:\/\/cubeconcepts.de\/wp-content\/uploads\/2026\/08\/Reifegradverfahren-Verteilnetze-768x576.jpg 768w, https:\/\/cubeconcepts.de\/wp-content\/uploads\/2026\/08\/Reifegradverfahren-Verteilnetze-16x12.jpg 16w\" sizes=\"(max-width: 800px) 100vw, 800px\" \/><\/div>\n\t\t<\/a>\n\t\t\t\t<div class=\"elementor-post__text\">\n\t\t\t\t<h3 class=\"elementor-post__title\">\n\t\t\t<a href=\"https:\/\/cubeconcepts.de\/cz\/reifegradverfahren-fuer-bess-projekte-erreicht-die-verteilnetze\/\" >\n\t\t\t\tProcesy hodnocen\u00ed zralosti pro projekty BESS dosahuj\u00ed distribu\u010dn\u00edch soustav\t\t\t<\/a>\n\t\t<\/h3>\n\t\t\t\t<div class=\"elementor-post__meta-data\">\n\t\t\t\t\t<span class=\"elementor-post-date\">\n\t\t\t18. srpna 2026\t\t<\/span>\n\t\t\t\t<\/div>\n\t\t\t\t<div class=\"elementor-post__excerpt\">\n\t\t\t<p>S Netze BW zav\u00e1d\u00ed v\u016fbec poprv\u00e9 velk\u00fd provozovatel distribu\u010dn\u00ed soustavy bodov\u00fd syst\u00e9m proid\u011blov\u00e1n\u00ed s\u00ed\u0165ov\u00fdch p\u0159\u00edpojek od 950 kW. Pro investory to znamen\u00e1: pozemky, povolen\u00ed a technick\u00e9 pl\u00e1nov\u00e1n\u00ed mus\u00ed b\u00fdt v\u010das spolehliv\u00e9 \u2013 prvn\u00ed registra\u010dn\u00ed okno se otev\u00edr\u00e1 ji\u017e v listopadu 2026.<\/p>\n\t\t<\/div>\n\t\t\n\t\t<a class=\"elementor-post__read-more\" href=\"https:\/\/cubeconcepts.de\/cz\/reifegradverfahren-fuer-bess-projekte-erreicht-die-verteilnetze\/\" aria-label=\"P\u0159e\u010dt\u011bte si v\u00edce o t\u00e9matu Metodika stupn\u011b zralosti pro projekty BESS dorazila do distribu\u010dn\u00edch s\u00edt\u00ed\" tabindex=\"-1\" >\n\t\t\tP\u0159e\u010dt\u011bte si v\u00edce \"\t\t<\/a>\n\n\t\t\t\t<\/div>\n\t\t\t\t<\/article>\n\t\t\t\t<article class=\"elementor-post elementor-grid-item post-33005 post type-post status-publish format-standard has-post-thumbnail hentry category-solar-news category-regulatorik-esg\" role=\"listitem\">\n\t\t\t\t<a class=\"elementor-post__thumbnail__link\" href=\"https:\/\/cubeconcepts.de\/cz\/eeg-2027-netzpaket-kabinettsbeschluss-zum-refinanzierungsbeitrag-cfd-im-ueberblick\/\" tabindex=\"-1\" >\n\t\t\t<div class=\"elementor-post__thumbnail\"><img decoding=\"async\" width=\"800\" height=\"559\" src=\"https:\/\/cubeconcepts.de\/wp-content\/uploads\/2026\/08\/EEG-2027-Netzpaket-Kabinettsbeschluss-1024x716.jpg\" class=\"attachment-large size-large wp-image-33010\" alt=\"Vl\u00e1dn\u00ed usnesen\u00ed o s\u00ed\u0165ov\u00e9m bal\u00ed\u010dku EEG 2027\" srcset=\"https:\/\/cubeconcepts.de\/wp-content\/uploads\/2026\/08\/EEG-2027-Netzpaket-Kabinettsbeschluss-1024x716.jpg 1024w, https:\/\/cubeconcepts.de\/wp-content\/uploads\/2026\/08\/EEG-2027-Netzpaket-Kabinettsbeschluss-300x210.jpg 300w, https:\/\/cubeconcepts.de\/wp-content\/uploads\/2026\/08\/EEG-2027-Netzpaket-Kabinettsbeschluss-768x537.jpg 768w, https:\/\/cubeconcepts.de\/wp-content\/uploads\/2026\/08\/EEG-2027-Netzpaket-Kabinettsbeschluss-1536x1074.jpg 1536w, https:\/\/cubeconcepts.de\/wp-content\/uploads\/2026\/08\/EEG-2027-Netzpaket-Kabinettsbeschluss-2048x1432.jpg 2048w, https:\/\/cubeconcepts.de\/wp-content\/uploads\/2026\/08\/EEG-2027-Netzpaket-Kabinettsbeschluss-18x12.jpg 18w\" sizes=\"(max-width: 800px) 100vw, 800px\" \/><\/div>\n\t\t<\/a>\n\t\t\t\t<div class=\"elementor-post__text\">\n\t\t\t\t<h3 class=\"elementor-post__title\">\n\t\t\t<a href=\"https:\/\/cubeconcepts.de\/cz\/eeg-2027-netzpaket-kabinettsbeschluss-zum-refinanzierungsbeitrag-cfd-im-ueberblick\/\" >\n\t\t\t\tEEG 2027 &amp; S\u00ed\u0165ov\u00fd bal\u00ed\u010dek: P\u0159ehled usnesen\u00ed kabinetu k p\u0159\u00edsp\u011bvku na refinancov\u00e1n\u00ed (CfD)\t\t\t<\/a>\n\t\t<\/h3>\n\t\t\t\t<div class=\"elementor-post__meta-data\">\n\t\t\t\t\t<span class=\"elementor-post-date\">\n\t\t\t12. srpna 2026\t\t<\/span>\n\t\t\t\t<\/div>\n\t\t\t\t<div class=\"elementor-post__excerpt\">\n\t\t\t<p>Stav k 12. srpnu 2026 | Tento p\u0159\u00edsp\u011bvek vych\u00e1z\u00ed z usnesen\u00ed vl\u00e1dy k z\u00e1konu o obnoviteln\u00fdch zdroj\u00edch energie (EEG) 2027 a s\u00ed\u0165ov\u00e9mu bal\u00ed\u010dku ze dne 29. \u010dervence 2026. Legislativn\u00ed proces je\u0161t\u011b nen\u00ed ukon\u010den; \u00fadaje se mohou v dal\u0161\u00edm pr\u016fb\u011bhu je\u0161t\u011b zm\u011bnit.<\/p>\n\t\t<\/div>\n\t\t\n\t\t<a class=\"elementor-post__read-more\" href=\"https:\/\/cubeconcepts.de\/cz\/eeg-2027-netzpaket-kabinettsbeschluss-zum-refinanzierungsbeitrag-cfd-im-ueberblick\/\" aria-label=\"P\u0159e\u010dt\u011bte si v\u00edce o EEG 2027 &amp; Netzpaket: P\u0159ehled usnesen\u00ed kabinetu o p\u0159\u00edsp\u011bvku na refinancov\u00e1n\u00ed (CfD)\" tabindex=\"-1\" >\n\t\t\tP\u0159e\u010dt\u011bte si v\u00edce \"\t\t<\/a>\n\n\t\t\t\t<\/div>\n\t\t\t\t<\/article>\n\t\t\t\t<article class=\"elementor-post elementor-grid-item post-32992 post type-post status-publish format-standard has-post-thumbnail hentry category-solar-news category-regulatorik-esg\" role=\"listitem\">\n\t\t\t\t<a class=\"elementor-post__thumbnail__link\" href=\"https:\/\/cubeconcepts.de\/cz\/agnes-festlegungsentwurf-2026-netzentgelt-reform-ab-2029-im-ueberblick\/\" tabindex=\"-1\" >\n\t\t\t<div class=\"elementor-post__thumbnail\"><img decoding=\"async\" width=\"800\" height=\"534\" src=\"https:\/\/cubeconcepts.de\/wp-content\/uploads\/2026\/08\/AgNes-Festlegungsentwurf-2026-Header-1024x683.jpg\" class=\"attachment-large size-large wp-image-32999\" alt=\"AgNes-Festlegungsentwurf-2026-Header\" srcset=\"https:\/\/cubeconcepts.de\/wp-content\/uploads\/2026\/08\/AgNes-Festlegungsentwurf-2026-Header-1024x683.jpg 1024w, https:\/\/cubeconcepts.de\/wp-content\/uploads\/2026\/08\/AgNes-Festlegungsentwurf-2026-Header-300x200.jpg 300w, https:\/\/cubeconcepts.de\/wp-content\/uploads\/2026\/08\/AgNes-Festlegungsentwurf-2026-Header-768x512.jpg 768w, https:\/\/cubeconcepts.de\/wp-content\/uploads\/2026\/08\/AgNes-Festlegungsentwurf-2026-Header-1536x1024.jpg 1536w, https:\/\/cubeconcepts.de\/wp-content\/uploads\/2026\/08\/AgNes-Festlegungsentwurf-2026-Header-18x12.jpg 18w, https:\/\/cubeconcepts.de\/wp-content\/uploads\/2026\/08\/AgNes-Festlegungsentwurf-2026-Header.jpg 1920w\" sizes=\"(max-width: 800px) 100vw, 800px\" \/><\/div>\n\t\t<\/a>\n\t\t\t\t<div class=\"elementor-post__text\">\n\t\t\t\t<h3 class=\"elementor-post__title\">\n\t\t\t<a href=\"https:\/\/cubeconcepts.de\/cz\/agnes-festlegungsentwurf-2026-netzentgelt-reform-ab-2029-im-ueberblick\/\" >\n\t\t\t\tN\u00e1vrh stanoven\u00ed AgNes 2026: Reforma s\u00ed\u0165ov\u00fdch poplatk\u016f od roku 2029 v p\u0159ehledu\t\t\t<\/a>\n\t\t<\/h3>\n\t\t\t\t<div class=\"elementor-post__meta-data\">\n\t\t\t\t\t<span class=\"elementor-post-date\">\n\t\t\t11. srpna 2026\t\t<\/span>\n\t\t\t\t<\/div>\n\t\t\t\t<div class=\"elementor-post__excerpt\">\n\t\t\t<p>Pro bateriov\u00e1 \u00falo\u017ei\u0161t\u011b to za\u010d\u00edn\u00e1 b\u00fdt v\u00e1\u017en\u00e9: n\u00e1vrh rozhodnut\u00ed AgNes po\u010d\u00edt\u00e1 s nov\u00fdmi poplatky za kapacitu \u2013 a z\u00e1rove\u0148 tik\u00e1 \u010das do konce 20let\u00e9ho osvobozen\u00ed od poplatk\u016f. Kdo pl\u00e1nuje nov\u00e9 \u00falo\u017ei\u0161t\u011b, bude muset u\u010dinit kone\u010dn\u00e9 investi\u010dn\u00ed rozhodnut\u00ed pravd\u011bpodobn\u011b p\u0159ed 1. lednem 2027.<\/p>\n\t\t<\/div>\n\t\t\n\t\t<a class=\"elementor-post__read-more\" href=\"https:\/\/cubeconcepts.de\/cz\/agnes-festlegungsentwurf-2026-netzentgelt-reform-ab-2029-im-ueberblick\/\" aria-label=\"P\u0159e\u010dt\u011bte si v\u00edce o n\u00e1vrhu stanoven\u00ed AgNes 2026: Reforma s\u00ed\u0165ov\u00fdch poplatk\u016f od roku 2029 v p\u0159ehledu\" tabindex=\"-1\" >\n\t\t\tP\u0159e\u010dt\u011bte si v\u00edce \"\t\t<\/a>\n\n\t\t\t\t<\/div>\n\t\t\t\t<\/article>\n\t\t\t\t<article class=\"elementor-post elementor-grid-item post-32926 post type-post status-publish format-standard has-post-thumbnail hentry category-solar-news\" role=\"listitem\">\n\t\t\t\t<a class=\"elementor-post__thumbnail__link\" href=\"https:\/\/cubeconcepts.de\/cz\/wassermangel-in-europa-energieversorgung\/\" tabindex=\"-1\" >\n\t\t\t<div class=\"elementor-post__thumbnail\"><img loading=\"lazy\" decoding=\"async\" width=\"800\" height=\"534\" src=\"https:\/\/cubeconcepts.de\/wp-content\/uploads\/2026\/08\/Wassermangel-Europa-Energieversorgung-1024x683.jpg\" class=\"attachment-large size-large wp-image-32929\" alt=\"Nedostatek vody \u2013 Evropa \u2013 dod\u00e1vky energie\" srcset=\"https:\/\/cubeconcepts.de\/wp-content\/uploads\/2026\/08\/Wassermangel-Europa-Energieversorgung-1024x683.jpg 1024w, https:\/\/cubeconcepts.de\/wp-content\/uploads\/2026\/08\/Wassermangel-Europa-Energieversorgung-300x200.jpg 300w, https:\/\/cubeconcepts.de\/wp-content\/uploads\/2026\/08\/Wassermangel-Europa-Energieversorgung-768x512.jpg 768w, https:\/\/cubeconcepts.de\/wp-content\/uploads\/2026\/08\/Wassermangel-Europa-Energieversorgung-1536x1024.jpg 1536w, https:\/\/cubeconcepts.de\/wp-content\/uploads\/2026\/08\/Wassermangel-Europa-Energieversorgung-18x12.jpg 18w, https:\/\/cubeconcepts.de\/wp-content\/uploads\/2026\/08\/Wassermangel-Europa-Energieversorgung.jpg 1920w\" sizes=\"(max-width: 800px) 100vw, 800px\" \/><\/div>\n\t\t<\/a>\n\t\t\t\t<div class=\"elementor-post__text\">\n\t\t\t\t<h3 class=\"elementor-post__title\">\n\t\t\t<a href=\"https:\/\/cubeconcepts.de\/cz\/wassermangel-in-europa-energieversorgung\/\" >\n\t\t\t\tNedostatek vody v Evrop\u011b: Pro\u010d to zp\u016fsobuje probl\u00e9my v dod\u00e1vk\u00e1ch energie\t\t\t<\/a>\n\t\t<\/h3>\n\t\t\t\t<div class=\"elementor-post__meta-data\">\n\t\t\t\t\t<span class=\"elementor-post-date\">\n\t\t\t6. srpna 2026\t\t<\/span>\n\t\t\t\t<\/div>\n\t\t\t\t<div class=\"elementor-post__excerpt\">\n\t\t\t<p>N\u00edzk\u00e9 stav vody v evropsk\u00fdch \u0159ek\u00e1ch nut\u00ed poprv\u00e9 n\u011bkolik jadern\u00fdch elektr\u00e1ren k odst\u00e1vce a dost\u00e1vaj\u00ed pod tlak i uheln\u00e9, plynov\u00e9 a vodn\u00ed elektr\u00e1rny. N\u00e1\u0161 p\u0159ehled ukazuje, pro\u010d se klimatick\u00e1 krize st\u00e1v\u00e1 st\u00e1le v\u011bt\u0161\u00edm probl\u00e9mem pro dod\u00e1vky energie a jakou roli budou v budoucnu hr\u00e1t bateriov\u00e1 \u00falo\u017ei\u0161t\u011b.<\/p>\n\t\t<\/div>\n\t\t\n\t\t<a class=\"elementor-post__read-more\" href=\"https:\/\/cubeconcepts.de\/cz\/wassermangel-in-europa-energieversorgung\/\" aria-label=\"P\u0159e\u010dt\u011bte si v\u00edce o nedostatku vody v Evrop\u011b: Pro\u010d to zp\u016fsobuje probl\u00e9my v dod\u00e1vk\u00e1ch energie\" tabindex=\"-1\" >\n\t\t\tP\u0159e\u010dt\u011bte si v\u00edce \"\t\t<\/a>\n\n\t\t\t\t<\/div>\n\t\t\t\t<\/article>\n\t\t\t\t<article class=\"elementor-post elementor-grid-item post-29104 post type-post status-publish format-standard has-post-thumbnail hentry category-batteriespeicher category-solar-news category-regulatorik-esg\" role=\"listitem\">\n\t\t\t\t<a class=\"elementor-post__thumbnail__link\" href=\"https:\/\/cubeconcepts.de\/cz\/mispel-zeitplan-rechtskraft-2026\/\" tabindex=\"-1\" >\n\t\t\t<div class=\"elementor-post__thumbnail\"><img loading=\"lazy\" decoding=\"async\" width=\"800\" height=\"534\" src=\"https:\/\/cubeconcepts.de\/wp-content\/uploads\/2026\/05\/MiSpeL-Zeitplan-Rechtskraft-1024x683.jpeg\" class=\"attachment-large size-large wp-image-29106\" alt=\"MiSpeL Z\u00e1vaznost pl\u00e1nu\" srcset=\"https:\/\/cubeconcepts.de\/wp-content\/uploads\/2026\/05\/MiSpeL-Zeitplan-Rechtskraft-1024x683.jpeg 1024w, https:\/\/cubeconcepts.de\/wp-content\/uploads\/2026\/05\/MiSpeL-Zeitplan-Rechtskraft-300x200.jpeg 300w, https:\/\/cubeconcepts.de\/wp-content\/uploads\/2026\/05\/MiSpeL-Zeitplan-Rechtskraft-768x512.jpeg 768w, https:\/\/cubeconcepts.de\/wp-content\/uploads\/2026\/05\/MiSpeL-Zeitplan-Rechtskraft-1536x1024.jpeg 1536w, https:\/\/cubeconcepts.de\/wp-content\/uploads\/2026\/05\/MiSpeL-Zeitplan-Rechtskraft-2048x1365.jpeg 2048w, https:\/\/cubeconcepts.de\/wp-content\/uploads\/2026\/05\/MiSpeL-Zeitplan-Rechtskraft-18x12.jpeg 18w\" sizes=\"(max-width: 800px) 100vw, 800px\" \/><\/div>\n\t\t<\/a>\n\t\t\t\t<div class=\"elementor-post__text\">\n\t\t\t\t<h3 class=\"elementor-post__title\">\n\t\t\t<a href=\"https:\/\/cubeconcepts.de\/cz\/mispel-zeitplan-rechtskraft-2026\/\" >\n\t\t\t\tMiSpeL 2026: Stanoven\u00ed vstupuje v platnost 1. \u0159\u00edjna a co to znamen\u00e1 pro projekty BESS?\t\t\t<\/a>\n\t\t<\/h3>\n\t\t\t\t<div class=\"elementor-post__meta-data\">\n\t\t\t\t\t<span class=\"elementor-post-date\">\n\t\t\t6. srpna 2026\t\t<\/span>\n\t\t\t\t<\/div>\n\t\t\t\t<div class=\"elementor-post__excerpt\">\n\t\t\t<p>MiSpeL je pova\u017eov\u00e1n za jeden z nejd\u016fle\u017eit\u011bj\u0161\u00edch regula\u010dn\u00edch pokrok\u016f pro \u00falo\u017ei\u0161t\u011b v N\u011bmecku. V praxi je nyn\u00ed rozhoduj\u00edc\u00ed, kdy nov\u00e1 pravidla p\u0159ijdou a budou pou\u017eiteln\u00e1. <\/p>\n\t\t<\/div>\n\t\t\n\t\t<a class=\"elementor-post__read-more\" href=\"https:\/\/cubeconcepts.de\/cz\/mispel-zeitplan-rechtskraft-2026\/\" aria-label=\"P\u0159e\u010dt\u011bte si v\u00edce o MiSpeL 2026: Ustanoven\u00ed vstupuje v platnost 1. \u0159\u00edjna a co to znamen\u00e1 pro projekty BESS?\" tabindex=\"-1\" >\n\t\t\tP\u0159e\u010dt\u011bte si v\u00edce \"\t\t<\/a>\n\n\t\t\t\t<\/div>\n\t\t\t\t<\/article>\n\t\t\t\t<article class=\"elementor-post elementor-grid-item post-32561 post type-post status-publish format-standard has-post-thumbnail hentry category-solar-news\" role=\"listitem\">\n\t\t\t\t<a class=\"elementor-post__thumbnail__link\" href=\"https:\/\/cubeconcepts.de\/cz\/solarstrom-ersparte-eu-gasimporte\/\" tabindex=\"-1\" >\n\t\t\t<div class=\"elementor-post__thumbnail\"><img loading=\"lazy\" decoding=\"async\" width=\"800\" height=\"534\" src=\"https:\/\/cubeconcepts.de\/wp-content\/uploads\/2026\/07\/Solarstrom-erspart-EU-Gasimporte-1024x683.jpg\" class=\"attachment-large size-large wp-image-32565\" alt=\"Sol\u00e1rn\u00ed elekt\u0159ina u\u0161et\u0159ila EU dovoz plynu\" srcset=\"https:\/\/cubeconcepts.de\/wp-content\/uploads\/2026\/07\/Solarstrom-erspart-EU-Gasimporte-1024x683.jpg 1024w, https:\/\/cubeconcepts.de\/wp-content\/uploads\/2026\/07\/Solarstrom-erspart-EU-Gasimporte-300x200.jpg 300w, https:\/\/cubeconcepts.de\/wp-content\/uploads\/2026\/07\/Solarstrom-erspart-EU-Gasimporte-768x513.jpg 768w, https:\/\/cubeconcepts.de\/wp-content\/uploads\/2026\/07\/Solarstrom-erspart-EU-Gasimporte-1536x1025.jpg 1536w, https:\/\/cubeconcepts.de\/wp-content\/uploads\/2026\/07\/Solarstrom-erspart-EU-Gasimporte-2048x1367.jpg 2048w, https:\/\/cubeconcepts.de\/wp-content\/uploads\/2026\/07\/Solarstrom-erspart-EU-Gasimporte-18x12.jpg 18w\" sizes=\"(max-width: 800px) 100vw, 800px\" \/><\/div>\n\t\t<\/a>\n\t\t\t\t<div class=\"elementor-post__text\">\n\t\t\t\t<h3 class=\"elementor-post__title\">\n\t\t\t<a href=\"https:\/\/cubeconcepts.de\/cz\/solarstrom-ersparte-eu-gasimporte\/\" >\n\t\t\t\tSol\u00e1rn\u00ed energie u\u0161et\u0159ila EU dovoz plynu v hodnot\u011b 20 miliard eur a do roku 2030 by mohla sn\u00ed\u017eit popt\u00e1vku o \u010dtvrtinu\t\t\t<\/a>\n\t\t<\/h3>\n\t\t\t\t<div class=\"elementor-post__meta-data\">\n\t\t\t\t\t<span class=\"elementor-post-date\">\n\t\t\t31. \u010dervence 2026\t\t<\/span>\n\t\t\t\t<\/div>\n\t\t\t\t<div class=\"elementor-post__excerpt\">\n\t\t\t<p>Pouze od eskalace \u00edr\u00e1nsk\u00e9ho konfliktu u\u0161et\u0159ila sol\u00e1rn\u00ed elekt\u0159ina v EU dovoz plynu v hodnot\u011b 20 miliard eur. Dal\u0161\u00ed rozvoj by mohl do roku 2030 sn\u00ed\u017eit pot\u0159ebu plynu v EU o dal\u0161\u00edch 25 procent.<\/p>\n\t\t<\/div>\n\t\t\n\t\t<a class=\"elementor-post__read-more\" href=\"https:\/\/cubeconcepts.de\/cz\/solarstrom-ersparte-eu-gasimporte\/\" aria-label=\"P\u0159e\u010dt\u011bte si v\u00edce o tom, \u017ee sol\u00e1rn\u00ed elekt\u0159ina u\u0161et\u0159ila dovozy plynu do EU v hodnot\u011b 20 miliard eur a mohla by do roku 2030 sn\u00ed\u017eit popt\u00e1vku a\u017e o \u010dtvrtinu.\" tabindex=\"-1\" >\n\t\t\tP\u0159e\u010dt\u011bte si v\u00edce \"\t\t<\/a>\n\n\t\t\t\t<\/div>\n\t\t\t\t<\/article>\n\t\t\t\t<article class=\"elementor-post elementor-grid-item post-32362 post type-post status-publish format-standard has-post-thumbnail hentry category-solar-news category-regulatorik-esg\" role=\"listitem\">\n\t\t\t\t<a class=\"elementor-post__thumbnail__link\" href=\"https:\/\/cubeconcepts.de\/cz\/energy-sharing-in-deutschland-42c-enwg\/\" tabindex=\"-1\" >\n\t\t\t<div class=\"elementor-post__thumbnail\"><img loading=\"lazy\" decoding=\"async\" width=\"800\" height=\"533\" src=\"https:\/\/cubeconcepts.de\/wp-content\/uploads\/2026\/07\/Energy-Sharing-nach-\u00a742c-EnWG-1024x682.jpg\" class=\"attachment-large size-large wp-image-32365\" alt=\"Sd\u00edlen\u00ed energie podle \u00a7 42c EnWG\" srcset=\"https:\/\/cubeconcepts.de\/wp-content\/uploads\/2026\/07\/Energy-Sharing-nach-\u00a742c-EnWG-1024x682.jpg 1024w, https:\/\/cubeconcepts.de\/wp-content\/uploads\/2026\/07\/Energy-Sharing-nach-\u00a742c-EnWG-300x200.jpg 300w, https:\/\/cubeconcepts.de\/wp-content\/uploads\/2026\/07\/Energy-Sharing-nach-\u00a742c-EnWG-768x512.jpg 768w, https:\/\/cubeconcepts.de\/wp-content\/uploads\/2026\/07\/Energy-Sharing-nach-\u00a742c-EnWG-1536x1023.jpg 1536w, https:\/\/cubeconcepts.de\/wp-content\/uploads\/2026\/07\/Energy-Sharing-nach-\u00a742c-EnWG-2048x1364.jpg 2048w, https:\/\/cubeconcepts.de\/wp-content\/uploads\/2026\/07\/Energy-Sharing-nach-\u00a742c-EnWG-18x12.jpg 18w\" sizes=\"(max-width: 800px) 100vw, 800px\" \/><\/div>\n\t\t<\/a>\n\t\t\t\t<div class=\"elementor-post__text\">\n\t\t\t\t<h3 class=\"elementor-post__title\">\n\t\t\t<a href=\"https:\/\/cubeconcepts.de\/cz\/energy-sharing-in-deutschland-42c-enwg\/\" >\n\t\t\t\tSd\u00edlen\u00ed energie v N\u011bmecku: Stav implementace podle \u00a7 42c EnWG (2026)\t\t\t<\/a>\n\t\t<\/h3>\n\t\t\t\t<div class=\"elementor-post__meta-data\">\n\t\t\t\t\t<span class=\"elementor-post-date\">\n\t\t\t29. \u010dervence 2026\t\t<\/span>\n\t\t\t\t<\/div>\n\t\t\t\t<div class=\"elementor-post__excerpt\">\n\t\t\t<p>Provozovatel\u00e9 s\u00edt\u00ed by to m\u011bli umo\u017enit od \u010dervna 2026 \u2013 velk\u00fd pr\u016flom v\u0161ak na sebe st\u00e1le nech\u00e1v\u00e1 \u010dekat. N\u00e1\u0161 p\u0159ehled ukazuje, jak\u00e9 p\u0159ek\u00e1\u017eky existuj\u00ed, pro\u010d pln\u00e9 s\u00ed\u0165ov\u00e9 poplatky brzd\u00ed rentabilitu a pro koho se m\u016f\u017ee tento model p\u0159esto vyplatit.<\/p>\n\t\t<\/div>\n\t\t\n\t\t<a class=\"elementor-post__read-more\" href=\"https:\/\/cubeconcepts.de\/cz\/energy-sharing-in-deutschland-42c-enwg\/\" aria-label=\"P\u0159e\u010dt\u011bte si v\u00edce o sd\u00edlen\u00ed energie v N\u011bmecku: Stav implementace podle \u00a7 42c EnWG (2026)\" tabindex=\"-1\" >\n\t\t\tP\u0159e\u010dt\u011bte si v\u00edce \"\t\t<\/a>\n\n\t\t\t\t<\/div>\n\t\t\t\t<\/article>\n\t\t\t\t<article class=\"elementor-post elementor-grid-item post-32267 post type-post status-publish format-standard has-post-thumbnail hentry category-solar-news\" role=\"listitem\">\n\t\t\t\t<a class=\"elementor-post__thumbnail__link\" href=\"https:\/\/cubeconcepts.de\/cz\/eu-ets-reform-2031-freie-zuteilung\/\" tabindex=\"-1\" >\n\t\t\t<div class=\"elementor-post__thumbnail\"><img loading=\"lazy\" decoding=\"async\" width=\"800\" height=\"534\" src=\"https:\/\/cubeconcepts.de\/wp-content\/uploads\/2026\/07\/ETS-Reform-mehr-gratiszertifikate-1024x683.jpg\" class=\"attachment-large size-large wp-image-32273\" alt=\"Reforma ETS: v\u00edce bezplatn\u00fdch povolenek\" srcset=\"https:\/\/cubeconcepts.de\/wp-content\/uploads\/2026\/07\/ETS-Reform-mehr-gratiszertifikate-1024x683.jpg 1024w, https:\/\/cubeconcepts.de\/wp-content\/uploads\/2026\/07\/ETS-Reform-mehr-gratiszertifikate-300x200.jpg 300w, https:\/\/cubeconcepts.de\/wp-content\/uploads\/2026\/07\/ETS-Reform-mehr-gratiszertifikate-768x512.jpg 768w, https:\/\/cubeconcepts.de\/wp-content\/uploads\/2026\/07\/ETS-Reform-mehr-gratiszertifikate-1536x1024.jpg 1536w, https:\/\/cubeconcepts.de\/wp-content\/uploads\/2026\/07\/ETS-Reform-mehr-gratiszertifikate-18x12.jpg 18w, https:\/\/cubeconcepts.de\/wp-content\/uploads\/2026\/07\/ETS-Reform-mehr-gratiszertifikate.jpg 1920w\" sizes=\"(max-width: 800px) 100vw, 800px\" \/><\/div>\n\t\t<\/a>\n\t\t\t\t<div class=\"elementor-post__text\">\n\t\t\t\t<h3 class=\"elementor-post__title\">\n\t\t\t<a href=\"https:\/\/cubeconcepts.de\/cz\/eu-ets-reform-2031-freie-zuteilung\/\" >\n\t\t\t\tEvropsk\u00e1 komise p\u0159edkl\u00e1d\u00e1 reformu ETS: V\u00edce bezplatn\u00fdch povolenek, pomaleji klesaj\u00edc\u00ed strop\t\t\t<\/a>\n\t\t<\/h3>\n\t\t\t\t<div class=\"elementor-post__meta-data\">\n\t\t\t\t\t<span class=\"elementor-post-date\">\n\t\t\t27. \u010dervence 2026\t\t<\/span>\n\t\t\t\t<\/div>\n\t\t\t\t<div class=\"elementor-post__excerpt\">\n\t\t\t<p>Evropsk\u00e1 komise chce od roku 2031 v\u00fdrazn\u011b zm\u00edrnit obchodov\u00e1n\u00ed s emisemi: V\u00edce bezplatn\u00fdch povolenek, uvoln\u011bn\u00e1 tr\u017en\u00ed stabiliza\u010dn\u00ed rezerva a nov\u00e9 sektory ETS by mohly trh s CO\u2082 trvale ovlivnit.<\/p>\n\t\t<\/div>\n\t\t\n\t\t<a class=\"elementor-post__read-more\" href=\"https:\/\/cubeconcepts.de\/cz\/eu-ets-reform-2031-freie-zuteilung\/\" aria-label=\"P\u0159e\u010dt\u011bte si v\u00edce o Evropsk\u00e1 komise p\u0159edkl\u00e1d\u00e1 reformu ETS: V\u00edce bezplatn\u00fdch povolenek, pomaleji klesaj\u00edc\u00ed strop\" tabindex=\"-1\" >\n\t\t\tP\u0159e\u010dt\u011bte si v\u00edce \"\t\t<\/a>\n\n\t\t\t\t<\/div>\n\t\t\t\t<\/article>\n\t\t\t\t<article class=\"elementor-post elementor-grid-item post-32245 post type-post status-publish format-standard has-post-thumbnail hentry category-solar-news\" role=\"listitem\">\n\t\t\t\t<a class=\"elementor-post__thumbnail__link\" href=\"https:\/\/cubeconcepts.de\/cz\/update-netzpaket-2026-verbandeanhorung\/\" tabindex=\"-1\" >\n\t\t\t<div class=\"elementor-post__thumbnail\"><img loading=\"lazy\" decoding=\"async\" width=\"800\" height=\"532\" src=\"https:\/\/cubeconcepts.de\/wp-content\/uploads\/2026\/07\/Update-Netzpaket-2026-Header-1024x681.jpg\" class=\"attachment-large size-large wp-image-32251\" alt=\"Aktualizace-s\u00ed\u0165ov\u00e9ho-bal\u00ed\u010dku-2026-hlavi\u010dka\" srcset=\"https:\/\/cubeconcepts.de\/wp-content\/uploads\/2026\/07\/Update-Netzpaket-2026-Header-1024x681.jpg 1024w, https:\/\/cubeconcepts.de\/wp-content\/uploads\/2026\/07\/Update-Netzpaket-2026-Header-300x200.jpg 300w, https:\/\/cubeconcepts.de\/wp-content\/uploads\/2026\/07\/Update-Netzpaket-2026-Header-768x511.jpg 768w, https:\/\/cubeconcepts.de\/wp-content\/uploads\/2026\/07\/Update-Netzpaket-2026-Header-1536x1022.jpg 1536w, https:\/\/cubeconcepts.de\/wp-content\/uploads\/2026\/07\/Update-Netzpaket-2026-Header-2048x1363.jpg 2048w, https:\/\/cubeconcepts.de\/wp-content\/uploads\/2026\/07\/Update-Netzpaket-2026-Header-18x12.jpg 18w\" sizes=\"(max-width: 800px) 100vw, 800px\" \/><\/div>\n\t\t<\/a>\n\t\t\t\t<div class=\"elementor-post__text\">\n\t\t\t\t<h3 class=\"elementor-post__title\">\n\t\t\t<a href=\"https:\/\/cubeconcepts.de\/cz\/update-netzpaket-2026-verbandeanhorung\/\" >\n\t\t\t\tAktualizace s\u00ed\u0165ov\u00e9ho bal\u00ed\u010dku 2026: Fin\u00e1ln\u00ed n\u00e1vrh pro\u0161el spolkov\u00fdm kabinetem\t\t\t<\/a>\n\t\t<\/h3>\n\t\t\t\t<div class=\"elementor-post__meta-data\">\n\t\t\t\t\t<span class=\"elementor-post-date\">\n\t\t\t24. \u010dervence 2026\t\t<\/span>\n\t\t\t\t<\/div>\n\t\t\t\t<div class=\"elementor-post__excerpt\">\n\t\t\t<p>Z 3 % se st\u00e1v\u00e1 5, z 10 let se st\u00e1v\u00e1 6: Ministerstvo pro hospod\u00e1\u0159stv\u00ed a energetiku (BMWE) m\u00edrn\u011b zm\u00edrnilo po\u017eadavky pro oblasti s omezenou kapacitou p\u0159enosov\u00e9 s\u00edt\u011b. To v\u0161ak nic nem\u011bn\u00ed na z\u00e1sadn\u00edm p\u0159esunu rizika na \u00fakor provozovatel\u016f za\u0159\u00edzen\u00ed \u2013 a p\u0159etrv\u00e1v\u00e1 i kritika z hlediska evropsk\u00e9ho pr\u00e1va.<\/p>\n\t\t<\/div>\n\t\t\n\t\t<a class=\"elementor-post__read-more\" href=\"https:\/\/cubeconcepts.de\/cz\/update-netzpaket-2026-verbandeanhorung\/\" aria-label=\"P\u0159e\u010dt\u011bte si v\u00edce o Aktualizace s\u00ed\u0165ov\u00e9ho bal\u00ed\u010dku 2026: Kone\u010dn\u00fd n\u00e1vrh schv\u00e1lila spolkov\u00e1 vl\u00e1da\" tabindex=\"-1\" >\n\t\t\tP\u0159e\u010dt\u011bte si v\u00edce \"\t\t<\/a>\n\n\t\t\t\t<\/div>\n\t\t\t\t<\/article>\n\t\t\t\t<article class=\"elementor-post elementor-grid-item post-32239 post type-post status-publish format-standard has-post-thumbnail hentry category-solar-news category-regulatorik-esg\" role=\"listitem\">\n\t\t\t\t<a class=\"elementor-post__thumbnail__link\" href=\"https:\/\/cubeconcepts.de\/cz\/emd-richtlinie-umsetzung-deutschland\/\" tabindex=\"-1\" >\n\t\t\t<div class=\"elementor-post__thumbnail\"><img loading=\"lazy\" decoding=\"async\" width=\"800\" height=\"450\" src=\"https:\/\/cubeconcepts.de\/wp-content\/uploads\/2026\/07\/EMD-Richtlinie-Umsetzung-Deutschland-Aktuell-1024x576.jpg\" class=\"attachment-large size-large wp-image-32244\" alt=\"Implementace sm\u011brnice o EMD v N\u011bmecku \u2013 Aktu\u00e1ln\u011b\" srcset=\"https:\/\/cubeconcepts.de\/wp-content\/uploads\/2026\/07\/EMD-Richtlinie-Umsetzung-Deutschland-Aktuell-1024x576.jpg 1024w, https:\/\/cubeconcepts.de\/wp-content\/uploads\/2026\/07\/EMD-Richtlinie-Umsetzung-Deutschland-Aktuell-300x169.jpg 300w, https:\/\/cubeconcepts.de\/wp-content\/uploads\/2026\/07\/EMD-Richtlinie-Umsetzung-Deutschland-Aktuell-768x432.jpg 768w, https:\/\/cubeconcepts.de\/wp-content\/uploads\/2026\/07\/EMD-Richtlinie-Umsetzung-Deutschland-Aktuell-1536x864.jpg 1536w, https:\/\/cubeconcepts.de\/wp-content\/uploads\/2026\/07\/EMD-Richtlinie-Umsetzung-Deutschland-Aktuell-2048x1151.jpg 2048w, https:\/\/cubeconcepts.de\/wp-content\/uploads\/2026\/07\/EMD-Richtlinie-Umsetzung-Deutschland-Aktuell-18x10.jpg 18w\" sizes=\"(max-width: 800px) 100vw, 800px\" \/><\/div>\n\t\t<\/a>\n\t\t\t\t<div class=\"elementor-post__text\">\n\t\t\t\t<h3 class=\"elementor-post__title\">\n\t\t\t<a href=\"https:\/\/cubeconcepts.de\/cz\/emd-richtlinie-umsetzung-deutschland\/\" >\n\t\t\t\tSm\u011brnice o audiovizu\u00e1ln\u00edch medi\u00e1ln\u00edch slu\u017eb\u00e1ch: Stav n\u011bmeck\u00e9 implementace po uplynut\u00ed lh\u016fty\t\t\t<\/a>\n\t\t<\/h3>\n\t\t\t\t<div class=\"elementor-post__meta-data\">\n\t\t\t\t\t<span class=\"elementor-post-date\">\n\t\t\t23. \u010dervence 2026\t\t<\/span>\n\t\t\t\t<\/div>\n\t\t\t\t<div class=\"elementor-post__excerpt\">\n\t\t\t<p>Sm\u011brnice o trhu s elekt\u0159inou (EU) 2024\/1711 m\u011bla b\u00fdt implementov\u00e1na do n\u011bmeck\u00e9ho pr\u00e1va do 17. \u010dervence 2026. N\u011bmecko ji\u017e novelou z\u00e1kona o energetice (EnWG) z listopadu 2025 implementovalo kl\u00ed\u010dov\u00e9 \u010d\u00e1sti, v\u016f\u010di Evropsk\u00e9 komisi je v\u0161ak nad\u00e1le pova\u017eov\u00e1no za prodl\u00e9vaj\u00edc\u00ed: prob\u00edh\u00e1 \u0159\u00edzen\u00ed o nespln\u011bn\u00ed povinnosti (VVV 2025\/0127), proto\u017ee \u00fapln\u00e1 implementace nebyla ozn\u00e1mena v\u010das.<\/p>\n\t\t<\/div>\n\t\t\n\t\t<a class=\"elementor-post__read-more\" href=\"https:\/\/cubeconcepts.de\/cz\/emd-richtlinie-umsetzung-deutschland\/\" aria-label=\"P\u0159e\u010dt\u011bte si v\u00edce o sm\u011brnici o autorsk\u00e9m pr\u00e1vu na jednotn\u00e9m digit\u00e1ln\u00edm trhu (EMD): stav n\u011bmeck\u00e9 implementace po uplynut\u00ed lh\u016fty\" tabindex=\"-1\" >\n\t\t\tP\u0159e\u010dt\u011bte si v\u00edce \"\t\t<\/a>\n\n\t\t\t\t<\/div>\n\t\t\t\t<\/article>\n\t\t\t\t<article class=\"elementor-post elementor-grid-item post-31874 post type-post status-publish format-standard has-post-thumbnail hentry category-solar-news category-regulatorik-esg\" role=\"listitem\">\n\t\t\t\t<a class=\"elementor-post__thumbnail__link\" href=\"https:\/\/cubeconcepts.de\/cz\/klimaziele-2030-deutschland-verfehlt-esr-vorgaben-um-255-mio-tonnen-co%e2%82%82\/\" tabindex=\"-1\" >\n\t\t\t<div class=\"elementor-post__thumbnail\"><img loading=\"lazy\" decoding=\"async\" width=\"800\" height=\"534\" src=\"https:\/\/cubeconcepts.de\/wp-content\/uploads\/2026\/07\/Klimaziele-2030-verfehlt-was-kostet-das-Deutschland-1024x683.jpg\" class=\"attachment-large size-large wp-image-31876\" alt=\"Nespln\u011bn\u00e9 c\u00edle v oblasti klimatu do roku 2030: Co to stoj\u00ed N\u011bmecko?\" srcset=\"https:\/\/cubeconcepts.de\/wp-content\/uploads\/2026\/07\/Klimaziele-2030-verfehlt-was-kostet-das-Deutschland-1024x683.jpg 1024w, https:\/\/cubeconcepts.de\/wp-content\/uploads\/2026\/07\/Klimaziele-2030-verfehlt-was-kostet-das-Deutschland-300x200.jpg 300w, https:\/\/cubeconcepts.de\/wp-content\/uploads\/2026\/07\/Klimaziele-2030-verfehlt-was-kostet-das-Deutschland-768x512.jpg 768w, https:\/\/cubeconcepts.de\/wp-content\/uploads\/2026\/07\/Klimaziele-2030-verfehlt-was-kostet-das-Deutschland-1536x1024.jpg 1536w, https:\/\/cubeconcepts.de\/wp-content\/uploads\/2026\/07\/Klimaziele-2030-verfehlt-was-kostet-das-Deutschland-18x12.jpg 18w, https:\/\/cubeconcepts.de\/wp-content\/uploads\/2026\/07\/Klimaziele-2030-verfehlt-was-kostet-das-Deutschland.jpg 1920w\" sizes=\"(max-width: 800px) 100vw, 800px\" \/><\/div>\n\t\t<\/a>\n\t\t\t\t<div class=\"elementor-post__text\">\n\t\t\t\t<h3 class=\"elementor-post__title\">\n\t\t\t<a href=\"https:\/\/cubeconcepts.de\/cz\/klimaziele-2030-deutschland-verfehlt-esr-vorgaben-um-255-mio-tonnen-co%e2%82%82\/\" >\n\t\t\t\tKlimatick\u00e9 c\u00edle pro rok 2030: N\u011bmecko nespln\u00ed c\u00edle ESR o 255 milion\u016f tun CO\u2082\t\t\t<\/a>\n\t\t<\/h3>\n\t\t\t\t<div class=\"elementor-post__meta-data\">\n\t\t\t\t\t<span class=\"elementor-post-date\">\n\t\t\t16. \u010dervence 2026\t\t<\/span>\n\t\t\t\t<\/div>\n\t\t\t\t<div class=\"elementor-post__excerpt\">\n\t\t\t<p>N\u011bmecku hroz\u00ed, \u017ee v\u00fdrazn\u011b nespln\u00ed sv\u00e9 evropsk\u00e9 klimatick\u00e9 c\u00edle do roku 2030 \u2013 s mo\u017en\u00fdmi dodate\u010dn\u00fdmi n\u00e1klady a\u017e ve v\u00fd\u0161i 38,3 miliardy eur. N\u00e1\u0161 p\u0159\u00edsp\u011bvek ukazuje, pro\u010d se probl\u00e9mem st\u00e1vaj\u00ed p\u0159edev\u0161\u00edm budovy a doprava a jakou roli budou v budoucnu hr\u00e1t bateriov\u00e1 \u00falo\u017ei\u0161t\u011b a energetick\u00fd management.<\/p>\n\t\t<\/div>\n\t\t\n\t\t<a class=\"elementor-post__read-more\" href=\"https:\/\/cubeconcepts.de\/cz\/klimaziele-2030-deutschland-verfehlt-esr-vorgaben-um-255-mio-tonnen-co%e2%82%82\/\" aria-label=\"P\u0159e\u010dt\u011bte si v\u00edce o Klimatick\u00fdch cilech do roku 2030: N\u011bmecko nesplnilo c\u00edle ESR o 255 milion\u016f tun CO\u2082\" tabindex=\"-1\" >\n\t\t\tP\u0159e\u010dt\u011bte si v\u00edce \"\t\t<\/a>\n\n\t\t\t\t<\/div>\n\t\t\t\t<\/article>\n\t\t\t\t<article class=\"elementor-post elementor-grid-item post-30449 post type-post status-publish format-standard has-post-thumbnail hentry category-batteriespeicher category-solar-news\" role=\"listitem\">\n\t\t\t\t<a class=\"elementor-post__thumbnail__link\" href=\"https:\/\/cubeconcepts.de\/cz\/fraunhofer-studie-batteriespeicher-entlastung-stromsystem\/\" tabindex=\"-1\" >\n\t\t\t<div class=\"elementor-post__thumbnail\"><img loading=\"lazy\" decoding=\"async\" width=\"800\" height=\"530\" src=\"https:\/\/cubeconcepts.de\/wp-content\/uploads\/2026\/07\/Speicherstudie-Fraunhofer-IEE-2026-Header-1024x678.jpeg\" class=\"attachment-large size-large wp-image-30466\" alt=\"Speicherstudie-Fraunhofer-IEE-2026-Header\" srcset=\"https:\/\/cubeconcepts.de\/wp-content\/uploads\/2026\/07\/Speicherstudie-Fraunhofer-IEE-2026-Header-1024x678.jpeg 1024w, https:\/\/cubeconcepts.de\/wp-content\/uploads\/2026\/07\/Speicherstudie-Fraunhofer-IEE-2026-Header-300x199.jpeg 300w, https:\/\/cubeconcepts.de\/wp-content\/uploads\/2026\/07\/Speicherstudie-Fraunhofer-IEE-2026-Header-768x509.jpeg 768w, https:\/\/cubeconcepts.de\/wp-content\/uploads\/2026\/07\/Speicherstudie-Fraunhofer-IEE-2026-Header-1536x1017.jpeg 1536w, https:\/\/cubeconcepts.de\/wp-content\/uploads\/2026\/07\/Speicherstudie-Fraunhofer-IEE-2026-Header-2048x1357.jpeg 2048w, https:\/\/cubeconcepts.de\/wp-content\/uploads\/2026\/07\/Speicherstudie-Fraunhofer-IEE-2026-Header-18x12.jpeg 18w\" sizes=\"(max-width: 800px) 100vw, 800px\" \/><\/div>\n\t\t<\/a>\n\t\t\t\t<div class=\"elementor-post__text\">\n\t\t\t\t<h3 class=\"elementor-post__title\">\n\t\t\t<a href=\"https:\/\/cubeconcepts.de\/cz\/fraunhofer-studie-batteriespeicher-entlastung-stromsystem\/\" >\n\t\t\t\tStudie Fraunhoferova institutu: Bateriov\u00e1 \u00falo\u017ei\u0161t\u011b by mohla energetick\u00fd syst\u00e9m ulevit o 3,9 miliardy eur ro\u010dn\u011b\t\t\t<\/a>\n\t\t<\/h3>\n\t\t\t\t<div class=\"elementor-post__meta-data\">\n\t\t\t\t\t<span class=\"elementor-post-date\">\n\t\t\t3. \u010dervence 2026\t\t<\/span>\n\t\t\t\t<\/div>\n\t\t\t\t<div class=\"elementor-post__excerpt\">\n\t\t\t<p>Jak\u00e9 ekonomick\u00e9 dopady by m\u011blo rychlej\u0161\u00ed roz\u0161i\u0159ov\u00e1n\u00ed bateriov\u00fdch \u00falo\u017ei\u0161\u0165? Aktu\u00e1ln\u00ed studie Fraunhoferova institutu p\u0159in\u00e1\u0161\u00ed konkr\u00e9tn\u00ed \u010d\u00edsla a ukazuje, pro\u010d je v\u011bt\u0161\u00ed flexibilita kl\u00ed\u010dov\u00e1 pro spot\u0159ebitele elekt\u0159iny, investory do projekt\u016f i cel\u00fd energetick\u00fd syst\u00e9m.<\/p>\n\t\t<\/div>\n\t\t\n\t\t<a class=\"elementor-post__read-more\" href=\"https:\/\/cubeconcepts.de\/cz\/fraunhofer-studie-batteriespeicher-entlastung-stromsystem\/\" aria-label=\"P\u0159e\u010dt\u011bte si v\u00edce o studii Fraunhofer: Bateriov\u00e1 \u00falo\u017ei\u0161t\u011b by mohla energetick\u00fdm syst\u00e9mem u\u0161et\u0159it 3,9 miliardy eur ro\u010dn\u011b\" tabindex=\"-1\" >\n\t\t\tP\u0159e\u010dt\u011bte si v\u00edce \"\t\t<\/a>\n\n\t\t\t\t<\/div>\n\t\t\t\t<\/article>\n\t\t\t\t<\/div>\n\t\t\t\t\t<span class=\"e-load-more-spinner\">\n\t\t\t\t<i aria-hidden=\"true\" class=\"fas fa-spinner\"><\/i>\t\t\t<\/span>\n\t\t\n\t\t\t\t<div class=\"e-load-more-anchor\" data-page=\"1\" data-max-page=\"11\" data-next-page=\"https:\/\/cubeconcepts.de\/cz\/wp-json\/wp\/v2\/pages\/723\/page\/2\/\"><\/div>\n\t\t\t\t<div class=\"e-load-more-message\"><\/div>\n\t\t\t\t\t\t<\/div>\n\t\t\t\t<\/div>\n\t\t\t\t<\/div>\n\t\t<div id=\"e-n-tab-content-63077133\" role=\"tabpanel\" aria-labelledby=\"e-n-tab-title-63077133\" data-tab-index=\"3\" style=\"--n-tabs-title-order: 3;\" class=\"elementor-element elementor-element-dd92d96 e-con-full e-flex e-con e-child\" data-id=\"dd92d96\" data-element_type=\"container\" data-e-type=\"container\">\n\t\t\t\t<div class=\"elementor-element elementor-element-50305bb elementor-grid-3 elementor-grid-tablet-2 elementor-grid-mobile-1 elementor-posts--thumbnail-top elementor-widget elementor-widget-posts\" data-id=\"50305bb\" data-element_type=\"widget\" data-e-type=\"widget\" data-settings=\"{&quot;classic_row_gap&quot;:{&quot;unit&quot;:&quot;px&quot;,&quot;size&quot;:29,&quot;sizes&quot;:[]},&quot;pagination_type&quot;:&quot;load_more_infinite_scroll&quot;,&quot;classic_columns&quot;:&quot;3&quot;,&quot;classic_columns_tablet&quot;:&quot;2&quot;,&quot;classic_columns_mobile&quot;:&quot;1&quot;,&quot;classic_row_gap_tablet&quot;:{&quot;unit&quot;:&quot;px&quot;,&quot;size&quot;:&quot;&quot;,&quot;sizes&quot;:[]},&quot;classic_row_gap_mobile&quot;:{&quot;unit&quot;:&quot;px&quot;,&quot;size&quot;:&quot;&quot;,&quot;sizes&quot;:[]},&quot;load_more_spinner&quot;:{&quot;value&quot;:&quot;fas fa-spinner&quot;,&quot;library&quot;:&quot;fa-solid&quot;}}\" data-widget_type=\"posts.classic\">\n\t\t\t\t<div class=\"elementor-widget-container\">\n\t\t\t\t\t\t\t<div class=\"elementor-posts-container elementor-posts elementor-posts--skin-classic elementor-grid\" role=\"list\">\n\t\t\t\t<article class=\"elementor-post elementor-grid-item post-31865 post type-post status-publish format-standard has-post-thumbnail hentry category-cube-concepts-news\" role=\"listitem\">\n\t\t\t\t<a class=\"elementor-post__thumbnail__link\" href=\"https:\/\/cubeconcepts.de\/cz\/e-mobilitat-unsere-flotte-bei-cube-concepts\/\" tabindex=\"-1\" >\n\t\t\t<div class=\"elementor-post__thumbnail\"><img loading=\"lazy\" decoding=\"async\" width=\"800\" height=\"600\" src=\"https:\/\/cubeconcepts.de\/wp-content\/uploads\/2026\/07\/E-Mobilitaet-CUBE-CONCEPTS-2-1024x768.jpg\" class=\"attachment-large size-large wp-image-31866\" alt=\"E-Mobilitaet-CUBE-CONCEPTS-1\" srcset=\"https:\/\/cubeconcepts.de\/wp-content\/uploads\/2026\/07\/E-Mobilitaet-CUBE-CONCEPTS-2-1024x768.jpg 1024w, https:\/\/cubeconcepts.de\/wp-content\/uploads\/2026\/07\/E-Mobilitaet-CUBE-CONCEPTS-2-300x225.jpg 300w, https:\/\/cubeconcepts.de\/wp-content\/uploads\/2026\/07\/E-Mobilitaet-CUBE-CONCEPTS-2-768x576.jpg 768w, https:\/\/cubeconcepts.de\/wp-content\/uploads\/2026\/07\/E-Mobilitaet-CUBE-CONCEPTS-2-1536x1152.jpg 1536w, https:\/\/cubeconcepts.de\/wp-content\/uploads\/2026\/07\/E-Mobilitaet-CUBE-CONCEPTS-2-2048x1536.jpg 2048w, https:\/\/cubeconcepts.de\/wp-content\/uploads\/2026\/07\/E-Mobilitaet-CUBE-CONCEPTS-2-16x12.jpg 16w\" sizes=\"(max-width: 800px) 100vw, 800px\" \/><\/div>\n\t\t<\/a>\n\t\t\t\t<div class=\"elementor-post__text\">\n\t\t\t\t<h3 class=\"elementor-post__title\">\n\t\t\t<a href=\"https:\/\/cubeconcepts.de\/cz\/e-mobilitat-unsere-flotte-bei-cube-concepts\/\" >\n\t\t\t\tZelen\u00e1me: CUBE CONCEPTS p\u0159ech\u00e1z\u00ed s firemn\u00ed flotilou na elektromobilitu\t\t\t<\/a>\n\t\t<\/h3>\n\t\t\t\t<div class=\"elementor-post__meta-data\">\n\t\t\t\t\t<span class=\"elementor-post-date\">\n\t\t\t16. \u010dervence 2026\t\t<\/span>\n\t\t\t\t<\/div>\n\t\t\t\t<div class=\"elementor-post__excerpt\">\n\t\t\t<p>U spole\u010dnosti CUBE CONCEPTS je udr\u017eitelnost v\u00edc ne\u017e jen obchodn\u00ed model \u2013 za\u010d\u00edn\u00e1 tak\u00e9 p\u0159\u00edmo p\u0159ed na\u0161\u00edm prahem. Proto m\u00e1me<\/p>\n\t\t<\/div>\n\t\t\n\t\t<a class=\"elementor-post__read-more\" href=\"https:\/\/cubeconcepts.de\/cz\/e-mobilitat-unsere-flotte-bei-cube-concepts\/\" aria-label=\"P\u0159e\u010dt\u011bte si v\u00edce o \u010dl\u00e1nku Zelen\u00e1me se: CUBE CONCEPTS p\u0159ech\u00e1z\u00ed s firemn\u00ed flotilou na elektromobilitu\" tabindex=\"-1\" >\n\t\t\tP\u0159e\u010dt\u011bte si v\u00edce \"\t\t<\/a>\n\n\t\t\t\t<\/div>\n\t\t\t\t<\/article>\n\t\t\t\t<article class=\"elementor-post elementor-grid-item post-30345 post type-post status-publish format-standard has-post-thumbnail hentry category-cube-concepts-news\" role=\"listitem\">\n\t\t\t\t<a class=\"elementor-post__thumbnail__link\" href=\"https:\/\/cubeconcepts.de\/cz\/sales-meeting-in-kaarst-zwei-tage-ein-team-eine-richtung\/\" tabindex=\"-1\" >\n\t\t\t<div class=\"elementor-post__thumbnail\"><img loading=\"lazy\" decoding=\"async\" width=\"800\" height=\"600\" src=\"https:\/\/cubeconcepts.de\/wp-content\/uploads\/2026\/06\/Sales-Meeting-2026-1024x768.jpg\" class=\"attachment-large size-large wp-image-30346\" alt=\"Prodejn\u00ed setk\u00e1n\u00ed 2026\" srcset=\"https:\/\/cubeconcepts.de\/wp-content\/uploads\/2026\/06\/Sales-Meeting-2026-1024x768.jpg 1024w, https:\/\/cubeconcepts.de\/wp-content\/uploads\/2026\/06\/Sales-Meeting-2026-300x225.jpg 300w, https:\/\/cubeconcepts.de\/wp-content\/uploads\/2026\/06\/Sales-Meeting-2026-768x576.jpg 768w, https:\/\/cubeconcepts.de\/wp-content\/uploads\/2026\/06\/Sales-Meeting-2026-1536x1152.jpg 1536w, https:\/\/cubeconcepts.de\/wp-content\/uploads\/2026\/06\/Sales-Meeting-2026-2048x1536.jpg 2048w, https:\/\/cubeconcepts.de\/wp-content\/uploads\/2026\/06\/Sales-Meeting-2026-16x12.jpg 16w\" sizes=\"(max-width: 800px) 100vw, 800px\" \/><\/div>\n\t\t<\/a>\n\t\t\t\t<div class=\"elementor-post__text\">\n\t\t\t\t<h3 class=\"elementor-post__title\">\n\t\t\t<a href=\"https:\/\/cubeconcepts.de\/cz\/sales-meeting-in-kaarst-zwei-tage-ein-team-eine-richtung\/\" >\n\t\t\t\tProdejn\u00ed setk\u00e1n\u00ed v Kaarstu: Dva dny, jeden t\u00fdm, jeden sm\u011br\t\t\t<\/a>\n\t\t<\/h3>\n\t\t\t\t<div class=\"elementor-post__meta-data\">\n\t\t\t\t\t<span class=\"elementor-post-date\">\n\t\t\t29. \u010dervna 2026\t\t<\/span>\n\t\t\t\t<\/div>\n\t\t\t\t<div class=\"elementor-post__excerpt\">\n\t\t\t<p>Na\u0161e prodejn\u00ed setk\u00e1n\u00ed v Kaarstu uk\u00e1zalo, co tvo\u0159\u00ed siln\u00fd t\u00fdm: skute\u010dn\u00e1 v\u00fdm\u011bna n\u00e1zor\u016f, p\u0159\u00edm\u00fd pohled pod pokli\u010dku a dva intenzivn\u00ed dny, kter\u00e9 sbli\u017euj\u00ed. Od pivn\u00ed zahr\u00e1dky po strategickou sch\u016fzku \u2013 Palma se setk\u00e1v\u00e1 s Por\u00fdn\u00edm a ob\u011b strany se vracej\u00ed siln\u011bj\u0161\u00ed.<\/p>\n\t\t<\/div>\n\t\t\n\t\t<a class=\"elementor-post__read-more\" href=\"https:\/\/cubeconcepts.de\/cz\/sales-meeting-in-kaarst-zwei-tage-ein-team-eine-richtung\/\" aria-label=\"P\u0159e\u010dt\u011bte si v\u00edce o prodejn\u00edm setk\u00e1n\u00ed v Kaarstu: Dva dny, jeden t\u00fdm, jeden sm\u011br\" tabindex=\"-1\" >\n\t\t\tP\u0159e\u010dt\u011bte si v\u00edce \"\t\t<\/a>\n\n\t\t\t\t<\/div>\n\t\t\t\t<\/article>\n\t\t\t\t<article class=\"elementor-post elementor-grid-item post-29609 post type-post status-publish format-standard has-post-thumbnail hentry category-cube-concepts-news category-referenzen\" role=\"listitem\">\n\t\t\t\t<a class=\"elementor-post__thumbnail__link\" href=\"https:\/\/cubeconcepts.de\/cz\/cube-concepts-kauft-100-mw-bess-in-tusimice-power-cube\/\" tabindex=\"-1\" >\n\t\t\t<div class=\"elementor-post__thumbnail\"><img loading=\"lazy\" decoding=\"async\" width=\"800\" height=\"600\" src=\"https:\/\/cubeconcepts.de\/wp-content\/uploads\/2026\/06\/Cube-Concepts-kauft-100-MW-Batteriespeicher-in-Tusimice--1024x768.jpg\" class=\"attachment-large size-large wp-image-29610\" alt=\"Cube-Concepts-kauft-100-MW-Batteriespeicher-in-Tusimice\" srcset=\"https:\/\/cubeconcepts.de\/wp-content\/uploads\/2026\/06\/Cube-Concepts-kauft-100-MW-Batteriespeicher-in-Tusimice--1024x768.jpg 1024w, https:\/\/cubeconcepts.de\/wp-content\/uploads\/2026\/06\/Cube-Concepts-kauft-100-MW-Batteriespeicher-in-Tusimice--300x225.jpg 300w, https:\/\/cubeconcepts.de\/wp-content\/uploads\/2026\/06\/Cube-Concepts-kauft-100-MW-Batteriespeicher-in-Tusimice--768x576.jpg 768w, https:\/\/cubeconcepts.de\/wp-content\/uploads\/2026\/06\/Cube-Concepts-kauft-100-MW-Batteriespeicher-in-Tusimice--1536x1152.jpg 1536w, https:\/\/cubeconcepts.de\/wp-content\/uploads\/2026\/06\/Cube-Concepts-kauft-100-MW-Batteriespeicher-in-Tusimice--16x12.jpg 16w, https:\/\/cubeconcepts.de\/wp-content\/uploads\/2026\/06\/Cube-Concepts-kauft-100-MW-Batteriespeicher-in-Tusimice-.jpg 2048w\" sizes=\"(max-width: 800px) 100vw, 800px\" \/><\/div>\n\t\t<\/a>\n\t\t\t\t<div class=\"elementor-post__text\">\n\t\t\t\t<h3 class=\"elementor-post__title\">\n\t\t\t<a href=\"https:\/\/cubeconcepts.de\/cz\/cube-concepts-kauft-100-mw-bess-in-tusimice-power-cube\/\" >\n\t\t\t\tCube Concepts kupuje 100MW bateriov\u00e9 \u00falo\u017ei\u0161t\u011b v Tu\u0161imic\u00edch \u2014 Power Cube za\u010d\u00edn\u00e1\t\t\t<\/a>\n\t\t<\/h3>\n\t\t\t\t<div class=\"elementor-post__meta-data\">\n\t\t\t\t\t<span class=\"elementor-post-date\">\n\t\t\t2. \u010dervna 2026\t\t<\/span>\n\t\t\t\t<\/div>\n\t\t\t\t<div class=\"elementor-post__excerpt\">\n\t\t\t<p>Spole\u010dn\u011b s Powerlinkem: nejv\u00fdkonn\u011bj\u0161\u00ed energetick\u00e1 s\u00ed\u0165 v pr\u016fmyslu B\u011bhem n\u011bkolika t\u00fddn\u016f jsme dokon\u010dili akvizici bateriov\u00e9 \u00falo\u017en\u00e9 kapacity 100 MW<\/p>\n\t\t<\/div>\n\t\t\n\t\t<a class=\"elementor-post__read-more\" href=\"https:\/\/cubeconcepts.de\/cz\/cube-concepts-kauft-100-mw-bess-in-tusimice-power-cube\/\" aria-label=\"P\u0159e\u010dt\u011bte si v\u00edce o Cube Concepts kupuje 100MW bateriov\u00e9 \u00falo\u017ei\u0161t\u011b v Tu\u0161imic\u00edch \u2013 Power Cube startuje\" tabindex=\"-1\" >\n\t\t\tP\u0159e\u010dt\u011bte si v\u00edce \"\t\t<\/a>\n\n\t\t\t\t<\/div>\n\t\t\t\t<\/article>\n\t\t\t\t<article class=\"elementor-post elementor-grid-item post-29621 post type-post status-publish format-standard has-post-thumbnail hentry category-cube-concepts-news\" role=\"listitem\">\n\t\t\t\t<a class=\"elementor-post__thumbnail__link\" href=\"https:\/\/cubeconcepts.de\/cz\/60-mio-euro-senior-debt-fazilitaet-mit-lcm-partners-cube-concepts\/\" tabindex=\"-1\" >\n\t\t\t<div class=\"elementor-post__thumbnail\"><img loading=\"lazy\" decoding=\"async\" width=\"800\" height=\"450\" src=\"https:\/\/cubeconcepts.de\/wp-content\/uploads\/2026\/05\/LCM-Handshake-1024x576.png\" class=\"attachment-large size-large wp-image-29626\" alt=\"Zaji\u0161t\u011bn\u00fd \u00fav\u011br v podob\u011b seniorn\u00ed dlu\u017en\u00ed financov\u00e1n\u00ed (senior debt facility) ve v\u00fd\u0161i 60 milion\u016f eur s LCM Partners\" srcset=\"https:\/\/cubeconcepts.de\/wp-content\/uploads\/2026\/05\/LCM-Handshake-1024x576.png 1024w, https:\/\/cubeconcepts.de\/wp-content\/uploads\/2026\/05\/LCM-Handshake-300x169.png 300w, https:\/\/cubeconcepts.de\/wp-content\/uploads\/2026\/05\/LCM-Handshake-768x432.png 768w, https:\/\/cubeconcepts.de\/wp-content\/uploads\/2026\/05\/LCM-Handshake-1536x864.png 1536w, https:\/\/cubeconcepts.de\/wp-content\/uploads\/2026\/05\/LCM-Handshake-18x10.png 18w, https:\/\/cubeconcepts.de\/wp-content\/uploads\/2026\/05\/LCM-Handshake.png 1672w\" sizes=\"(max-width: 800px) 100vw, 800px\" \/><\/div>\n\t\t<\/a>\n\t\t\t\t<div class=\"elementor-post__text\">\n\t\t\t\t<h3 class=\"elementor-post__title\">\n\t\t\t<a href=\"https:\/\/cubeconcepts.de\/cz\/60-mio-euro-senior-debt-fazilitaet-mit-lcm-partners-cube-concepts\/\" >\n\t\t\t\tZaji\u0161t\u011bn\u00fd \u00fav\u011br v podob\u011b seniorn\u00ed dlu\u017en\u00ed financov\u00e1n\u00ed (senior debt facility) ve v\u00fd\u0161i 60 milion\u016f eur s LCM Partners\t\t\t<\/a>\n\t\t<\/h3>\n\t\t\t\t<div class=\"elementor-post__meta-data\">\n\t\t\t\t\t<span class=\"elementor-post-date\">\n\t\t\t18. kv\u011btna 2026\t\t<\/span>\n\t\t\t\t<\/div>\n\t\t\t\t<div class=\"elementor-post__excerpt\">\n\t\t\t<p>Prvn\u00ed \u010derp\u00e1n\u00ed prob\u011bhlo podle pl\u00e1nu \u2014 kapit\u00e1lov\u00fd r\u00e1mec pro na\u0161i FVE a BESS pipeline v N\u011bmecku. Zaji\u0161\u0165ujeme seniorn\u00ed dluhov\u00e9 financov\u00e1n\u00ed (Senior-Debt-Fazilit\u00e4t) ve v\u00fd\u0161i 60 milion\u016f<\/p>\n\t\t<\/div>\n\t\t\n\t\t<a class=\"elementor-post__read-more\" href=\"https:\/\/cubeconcepts.de\/cz\/60-mio-euro-senior-debt-fazilitaet-mit-lcm-partners-cube-concepts\/\" aria-label=\"P\u0159e\u010dt\u011bte si v\u00edce o zaji\u0161t\u011bn\u00e9m \u00fav\u011bru typu Senior Debt ve v\u00fd\u0161i 60 milion\u016f eur od spole\u010dnosti LCM Partners\" tabindex=\"-1\" >\n\t\t\tP\u0159e\u010dt\u011bte si v\u00edce \"\t\t<\/a>\n\n\t\t\t\t<\/div>\n\t\t\t\t<\/article>\n\t\t\t\t<article class=\"elementor-post elementor-grid-item post-28091 post type-post status-publish format-standard has-post-thumbnail hentry category-cube-concepts-news\" role=\"listitem\">\n\t\t\t\t<a class=\"elementor-post__thumbnail__link\" href=\"https:\/\/cubeconcepts.de\/cz\/verstaerkung-im-sales-team-vier-neuzugaenge-fuer-unseren-standort-in-palma-de-mallorca\/\" tabindex=\"-1\" >\n\t\t\t<div class=\"elementor-post__thumbnail\"><img loading=\"lazy\" decoding=\"async\" width=\"800\" height=\"390\" src=\"https:\/\/cubeconcepts.de\/wp-content\/uploads\/2026\/04\/Sales-Profis-Setter-Closer-Palma3-1024x499.jpg\" class=\"attachment-large size-large wp-image-28151\" alt=\"Sales-Profis-Setter-Closer-Palma3\" srcset=\"https:\/\/cubeconcepts.de\/wp-content\/uploads\/2026\/04\/Sales-Profis-Setter-Closer-Palma3-1024x499.jpg 1024w, https:\/\/cubeconcepts.de\/wp-content\/uploads\/2026\/04\/Sales-Profis-Setter-Closer-Palma3-300x146.jpg 300w, https:\/\/cubeconcepts.de\/wp-content\/uploads\/2026\/04\/Sales-Profis-Setter-Closer-Palma3-768x375.jpg 768w, https:\/\/cubeconcepts.de\/wp-content\/uploads\/2026\/04\/Sales-Profis-Setter-Closer-Palma3-1536x749.jpg 1536w, https:\/\/cubeconcepts.de\/wp-content\/uploads\/2026\/04\/Sales-Profis-Setter-Closer-Palma3-18x9.jpg 18w, https:\/\/cubeconcepts.de\/wp-content\/uploads\/2026\/04\/Sales-Profis-Setter-Closer-Palma3.jpg 1909w\" sizes=\"(max-width: 800px) 100vw, 800px\" \/><\/div>\n\t\t<\/a>\n\t\t\t\t<div class=\"elementor-post__text\">\n\t\t\t\t<h3 class=\"elementor-post__title\">\n\t\t\t<a href=\"https:\/\/cubeconcepts.de\/cz\/verstaerkung-im-sales-team-vier-neuzugaenge-fuer-unseren-standort-in-palma-de-mallorca\/\" >\n\t\t\t\tKari\u00e9ra pro prodejn\u00ed profesion\u00e1ly: Zat\u00edmco ostatn\u00ed na\u0159\u00edkaj\u00ed nad nedostatkem kvalifikovan\u00fdch pracovn\u00edk\u016f, my rosteme!\t\t\t<\/a>\n\t\t<\/h3>\n\t\t\t\t<div class=\"elementor-post__meta-data\">\n\t\t\t\t\t<span class=\"elementor-post-date\">\n\t\t\t21. dubna 2026\t\t<\/span>\n\t\t\t\t<\/div>\n\t\t\t\t<div class=\"elementor-post__excerpt\">\n\t\t\t<p>\u010cty\u0159i nov\u00ed \u0161pi\u010dkov\u00ed hr\u00e1\u010di do na\u0161eho prodejn\u00edho t\u00fdmu jako setter a closer na Palm\u011b de Mallorca. A to je teprve za\u010d\u00e1tek.<\/p>\n\t\t<\/div>\n\t\t\n\t\t<a class=\"elementor-post__read-more\" href=\"https:\/\/cubeconcepts.de\/cz\/verstaerkung-im-sales-team-vier-neuzugaenge-fuer-unseren-standort-in-palma-de-mallorca\/\" aria-label=\"P\u0159e\u010dt\u011bte si v\u00edce o kari\u00e9\u0159e pro obchodn\u00ed profesion\u00e1ly: Zat\u00edmco ostatn\u00ed si st\u011b\u017euj\u00ed na nedostatek kvalifikovan\u00fdch pracovn\u00edk\u016f, my \u0161k\u00e1lujeme!\" tabindex=\"-1\" >\n\t\t\tP\u0159e\u010dt\u011bte si v\u00edce \"\t\t<\/a>\n\n\t\t\t\t<\/div>\n\t\t\t\t<\/article>\n\t\t\t\t<article class=\"elementor-post elementor-grid-item post-27554 post type-post status-publish format-standard has-post-thumbnail hentry category-cube-concepts-news category-veranstaltungen\" role=\"listitem\">\n\t\t\t\t<a class=\"elementor-post__thumbnail__link\" href=\"https:\/\/cubeconcepts.de\/cz\/projektmanagement-in-der-praxis-cube-concepts-zu-energieprojekten-an-der-hochschule-niederrhein\/\" tabindex=\"-1\" >\n\t\t\t<div class=\"elementor-post__thumbnail\"><img loading=\"lazy\" decoding=\"async\" width=\"800\" height=\"491\" src=\"https:\/\/cubeconcepts.de\/wp-content\/uploads\/2026\/03\/Projektmanagement-Energieprojekte-FH-Niederrhein1-1024x628.jpg\" class=\"attachment-large size-large wp-image-27557\" alt=\"Projektov\u00e9 \u0159\u00edzen\u00ed Energetick\u00e9 projekty FH Niederrhein\" srcset=\"https:\/\/cubeconcepts.de\/wp-content\/uploads\/2026\/03\/Projektmanagement-Energieprojekte-FH-Niederrhein1-1024x628.jpg 1024w, https:\/\/cubeconcepts.de\/wp-content\/uploads\/2026\/03\/Projektmanagement-Energieprojekte-FH-Niederrhein1-300x184.jpg 300w, https:\/\/cubeconcepts.de\/wp-content\/uploads\/2026\/03\/Projektmanagement-Energieprojekte-FH-Niederrhein1-768x471.jpg 768w, https:\/\/cubeconcepts.de\/wp-content\/uploads\/2026\/03\/Projektmanagement-Energieprojekte-FH-Niederrhein1-18x12.jpg 18w, https:\/\/cubeconcepts.de\/wp-content\/uploads\/2026\/03\/Projektmanagement-Energieprojekte-FH-Niederrhein1.jpg 1519w\" sizes=\"(max-width: 800px) 100vw, 800px\" \/><\/div>\n\t\t<\/a>\n\t\t\t\t<div class=\"elementor-post__text\">\n\t\t\t\t<h3 class=\"elementor-post__title\">\n\t\t\t<a href=\"https:\/\/cubeconcepts.de\/cz\/projektmanagement-in-der-praxis-cube-concepts-zu-energieprojekten-an-der-hochschule-niederrhein\/\" >\n\t\t\t\tProjektov\u00e9 \u0159\u00edzen\u00ed v praxi: CUBE CONCEPTS k energetick\u00fdm projekt\u016fm na Hochschule Niederrhein\t\t\t<\/a>\n\t\t<\/h3>\n\t\t\t\t<div class=\"elementor-post__meta-data\">\n\t\t\t\t\t<span class=\"elementor-post-date\">\n\t\t\t30. b\u0159ezna 2026\t\t<\/span>\n\t\t\t\t<\/div>\n\t\t\t\t<div class=\"elementor-post__excerpt\">\n\t\t\t<p>Na Vysok\u00e9 \u0161kole Niederrhein jsme se zab\u00fdvali praktick\u00fdm projektov\u00fdm \u0159\u00edzen\u00edm pro komplexn\u00ed energetickou a PV infrastrukturu. Kurz nab\u00eddl student\u016fm ide\u00e1ln\u00ed p\u0159\u00edpravu na z\u00e1kladn\u00ed certifik\u00e1t GPM a re\u00e1ln\u00e9 v\u00fdzvy energetick\u00e9 transformace.<\/p>\n\t\t<\/div>\n\t\t\n\t\t<a class=\"elementor-post__read-more\" href=\"https:\/\/cubeconcepts.de\/cz\/projektmanagement-in-der-praxis-cube-concepts-zu-energieprojekten-an-der-hochschule-niederrhein\/\" aria-label=\"P\u0159e\u010dt\u011bte si v\u00edce o projektov\u00e9m \u0159\u00edzen\u00ed v praxi: CUBE CONCEPTS k energetick\u00fdm projekt\u016fm na Hochschule Niederrhein\" tabindex=\"-1\" >\n\t\t\tP\u0159e\u010dt\u011bte si v\u00edce \"\t\t<\/a>\n\n\t\t\t\t<\/div>\n\t\t\t\t<\/article>\n\t\t\t\t<article class=\"elementor-post elementor-grid-item post-27534 post type-post status-publish format-standard has-post-thumbnail hentry category-cube-concepts-news category-veranstaltungen\" role=\"listitem\">\n\t\t\t\t<a class=\"elementor-post__thumbnail__link\" href=\"https:\/\/cubeconcepts.de\/cz\/bvmw-jahresempfang-2026-warum-freiheit-verantwortung-bedeutet\/\" tabindex=\"-1\" >\n\t\t\t<div class=\"elementor-post__thumbnail\"><img loading=\"lazy\" decoding=\"async\" width=\"800\" height=\"484\" src=\"https:\/\/cubeconcepts.de\/wp-content\/uploads\/2026\/03\/BMV-Jahresempfang-2026-1024x620.jpg\" class=\"attachment-large size-large wp-image-27535\" alt=\"CUBE CONCEPTS T\u00fdm Jasin, Luca a Guido na BVMW Novoro\u010dn\u00edm setk\u00e1n\u00ed 2026 v Kol\u00edn\u011b nad R\u00fdnem\" srcset=\"https:\/\/cubeconcepts.de\/wp-content\/uploads\/2026\/03\/BMV-Jahresempfang-2026-1024x620.jpg 1024w, https:\/\/cubeconcepts.de\/wp-content\/uploads\/2026\/03\/BMV-Jahresempfang-2026-300x182.jpg 300w, https:\/\/cubeconcepts.de\/wp-content\/uploads\/2026\/03\/BMV-Jahresempfang-2026-768x465.jpg 768w, https:\/\/cubeconcepts.de\/wp-content\/uploads\/2026\/03\/BMV-Jahresempfang-2026-18x12.jpg 18w, https:\/\/cubeconcepts.de\/wp-content\/uploads\/2026\/03\/BMV-Jahresempfang-2026.jpg 1426w\" sizes=\"(max-width: 800px) 100vw, 800px\" \/><\/div>\n\t\t<\/a>\n\t\t\t\t<div class=\"elementor-post__text\">\n\t\t\t\t<h3 class=\"elementor-post__title\">\n\t\t\t<a href=\"https:\/\/cubeconcepts.de\/cz\/bvmw-jahresempfang-2026-warum-freiheit-verantwortung-bedeutet\/\" >\n\t\t\t\tBVMW Novoro\u010dn\u00ed recepce 2026: Pro\u010d svoboda znamen\u00e1 zodpov\u011bdnost\t\t\t<\/a>\n\t\t<\/h3>\n\t\t\t\t<div class=\"elementor-post__meta-data\">\n\t\t\t\t\t<span class=\"elementor-post-date\">\n\t\t\t25. b\u0159ezna 2026\t\t<\/span>\n\t\t\t\t<\/div>\n\t\t\t\t<div class=\"elementor-post__excerpt\">\n\t\t\t<p>T\u00fddenn\u00ed p\u0159ijet\u00ed BVMW v Kol\u00edn\u011b nadefinovalo cenn\u00e9 impulsy pro konkurenceschopnost, sn\u00ed\u017een\u00ed byrokracie a technologickou suverenitu. CUBE CONCEPTS vyu\u017eil vysoce obsazenou ud\u00e1lost k prohlouben\u00ed dialogu o odpov\u011bdnosti st\u0159edn\u00ed t\u0159\u00eddy v sou\u010dasn\u00e9 energetick\u00e9 transformaci.<\/p>\n\t\t<\/div>\n\t\t\n\t\t<a class=\"elementor-post__read-more\" href=\"https:\/\/cubeconcepts.de\/cz\/bvmw-jahresempfang-2026-warum-freiheit-verantwortung-bedeutet\/\" aria-label=\"P\u0159e\u010dt\u011bte si v\u00edce o novoro\u010dn\u00edm p\u0159ijet\u00ed BVMW 2026: Pro\u010d svoboda znamen\u00e1 odpov\u011bdnost\" tabindex=\"-1\" >\n\t\t\tP\u0159e\u010dt\u011bte si v\u00edce \"\t\t<\/a>\n\n\t\t\t\t<\/div>\n\t\t\t\t<\/article>\n\t\t\t\t<article class=\"elementor-post elementor-grid-item post-29623 post type-post status-publish format-standard has-post-thumbnail hentry category-cube-concepts-news\" role=\"listitem\">\n\t\t\t\t<a class=\"elementor-post__thumbnail__link\" href=\"https:\/\/cubeconcepts.de\/cz\/100-mw-batteriespeicher-im-groessten-speicherpark-tschechiens-gesichert-ready-to-build-baubeginn-sommer-2026\/\" tabindex=\"-1\" >\n\t\t\t<div class=\"elementor-post__thumbnail\"><img loading=\"lazy\" decoding=\"async\" width=\"800\" height=\"600\" src=\"https:\/\/cubeconcepts.de\/wp-content\/uploads\/2026\/06\/Cube-Concepts-kauft-100-MW-Batteriespeicher-in-Tusimice--1024x768.jpg\" class=\"attachment-large size-large wp-image-29610\" alt=\"Cube-Concepts-kauft-100-MW-Batteriespeicher-in-Tusimice\" srcset=\"https:\/\/cubeconcepts.de\/wp-content\/uploads\/2026\/06\/Cube-Concepts-kauft-100-MW-Batteriespeicher-in-Tusimice--1024x768.jpg 1024w, https:\/\/cubeconcepts.de\/wp-content\/uploads\/2026\/06\/Cube-Concepts-kauft-100-MW-Batteriespeicher-in-Tusimice--300x225.jpg 300w, https:\/\/cubeconcepts.de\/wp-content\/uploads\/2026\/06\/Cube-Concepts-kauft-100-MW-Batteriespeicher-in-Tusimice--768x576.jpg 768w, https:\/\/cubeconcepts.de\/wp-content\/uploads\/2026\/06\/Cube-Concepts-kauft-100-MW-Batteriespeicher-in-Tusimice--1536x1152.jpg 1536w, https:\/\/cubeconcepts.de\/wp-content\/uploads\/2026\/06\/Cube-Concepts-kauft-100-MW-Batteriespeicher-in-Tusimice--16x12.jpg 16w, https:\/\/cubeconcepts.de\/wp-content\/uploads\/2026\/06\/Cube-Concepts-kauft-100-MW-Batteriespeicher-in-Tusimice-.jpg 2048w\" sizes=\"(max-width: 800px) 100vw, 800px\" \/><\/div>\n\t\t<\/a>\n\t\t\t\t<div class=\"elementor-post__text\">\n\t\t\t\t<h3 class=\"elementor-post__title\">\n\t\t\t<a href=\"https:\/\/cubeconcepts.de\/cz\/100-mw-batteriespeicher-im-groessten-speicherpark-tschechiens-gesichert-ready-to-build-baubeginn-sommer-2026\/\" >\n\t\t\t\t100MW bateriov\u00e9 \u00falo\u017ei\u0161t\u011b v nejv\u011bt\u0161\u00edm \u010desk\u00e9m \u00falo\u017ei\u0161ti zaji\u0161t\u011bno \u2014 Ready to Build, za\u010d\u00e1tek v\u00fdstavby v l\u00e9t\u011b 2026\t\t\t<\/a>\n\t\t<\/h3>\n\t\t\t\t<div class=\"elementor-post__meta-data\">\n\t\t\t\t\t<span class=\"elementor-post-date\">\n\t\t\t23. b\u0159ezna 2026\t\t<\/span>\n\t\t\t\t<\/div>\n\t\t\t\t<div class=\"elementor-post__excerpt\">\n\t\t\t<p>Samostatn\u00e9 BESS s p\u0159\u00edm\u00fdm p\u0159ipojen\u00edm 400 kV k \u010cEPS \u2013 konfigurace, kter\u00e1 je ve st\u0159edn\u00ed Evrop\u011b vz\u00e1cn\u00e1. Z\u00edskali jsme exkluzivitu na<\/p>\n\t\t<\/div>\n\t\t\n\t\t<a class=\"elementor-post__read-more\" href=\"https:\/\/cubeconcepts.de\/cz\/100-mw-batteriespeicher-im-groessten-speicherpark-tschechiens-gesichert-ready-to-build-baubeginn-sommer-2026\/\" aria-label=\"P\u0159e\u010dt\u011bte si v\u00edce o 100 MW bateriov\u00e9m \u00falo\u017ei\u0161ti zaji\u0161t\u011bn\u00e9m v nejv\u011bt\u0161\u00edm \u010desk\u00e9m parku \u00falo\u017ei\u0161\u0165 \u2014 ve f\u00e1zi \u201eReady to Build\u201c, za\u010d\u00e1tek v\u00fdstavby v l\u00e9t\u011b 2026\" tabindex=\"-1\" >\n\t\t\tP\u0159e\u010dt\u011bte si v\u00edce \"\t\t<\/a>\n\n\t\t\t\t<\/div>\n\t\t\t\t<\/article>\n\t\t\t\t<article class=\"elementor-post elementor-grid-item post-27191 post type-post status-publish format-standard has-post-thumbnail hentry category-case-studies category-cube-concepts-news category-pv-anlagen-auf-dachflaechen\" role=\"listitem\">\n\t\t\t\t<a class=\"elementor-post__thumbnail__link\" href=\"https:\/\/cubeconcepts.de\/cz\/mit-bess-zur-co%e2%82%82-neutralitaet-thermal-management-solutions-plant-schritt-3\/\" tabindex=\"-1\" >\n\t\t\t<div class=\"elementor-post__thumbnail\"><img loading=\"lazy\" decoding=\"async\" width=\"800\" height=\"533\" src=\"https:\/\/cubeconcepts.de\/wp-content\/uploads\/2026\/02\/BESS-fuer-TMS-1024x682.jpeg\" class=\"attachment-large size-large wp-image-27193\" alt=\"BESS-pro-TMS\" srcset=\"https:\/\/cubeconcepts.de\/wp-content\/uploads\/2026\/02\/BESS-fuer-TMS-1024x682.jpeg 1024w, https:\/\/cubeconcepts.de\/wp-content\/uploads\/2026\/02\/BESS-fuer-TMS-300x200.jpeg 300w, https:\/\/cubeconcepts.de\/wp-content\/uploads\/2026\/02\/BESS-fuer-TMS-768x512.jpeg 768w, https:\/\/cubeconcepts.de\/wp-content\/uploads\/2026\/02\/BESS-fuer-TMS-1536x1023.jpeg 1536w, https:\/\/cubeconcepts.de\/wp-content\/uploads\/2026\/02\/BESS-fuer-TMS-2048x1364.jpeg 2048w, https:\/\/cubeconcepts.de\/wp-content\/uploads\/2026\/02\/BESS-fuer-TMS-18x12.jpeg 18w\" sizes=\"(max-width: 800px) 100vw, 800px\" \/><\/div>\n\t\t<\/a>\n\t\t\t\t<div class=\"elementor-post__text\">\n\t\t\t\t<h3 class=\"elementor-post__title\">\n\t\t\t<a href=\"https:\/\/cubeconcepts.de\/cz\/mit-bess-zur-co%e2%82%82-neutralitaet-thermal-management-solutions-plant-schritt-3\/\" >\n\t\t\t\tS BESS k uhl\u00edkov\u00e9 neutralit\u011b: Thermal Management Solutions pl\u00e1nuje krok 3\t\t\t<\/a>\n\t\t<\/h3>\n\t\t\t\t<div class=\"elementor-post__meta-data\">\n\t\t\t\t\t<span class=\"elementor-post-date\">\n\t\t\t19. \u00fanora 2026\t\t<\/span>\n\t\t\t\t<\/div>\n\t\t\t\t<div class=\"elementor-post__excerpt\">\n\t\t\t<p>Spole\u010dnost TMS chce pomoc\u00ed syst\u00e9mu BESS v re\u017eimu Contracting optimalizovat sv\u00e9 energetick\u00e9 toky bez vlastn\u00edho investi\u010dn\u00edho rizika. Toto \u00falo\u017en\u00e9 \u0159e\u0161en\u00ed umo\u017e\u0148uje efektivn\u00ed vyrovn\u00e1v\u00e1n\u00ed \u0161pi\u010dkov\u00fdch z\u00e1t\u011b\u017e\u00ed a maximalizaci vlastn\u00ed spot\u0159eby energie z fotovoltaick\u00fdch syst\u00e9m\u016f, \u010d\u00edm\u017e tvo\u0159\u00ed technologick\u00fd z\u00e1klad pro klimaticky neutr\u00e1ln\u00ed a ekonomicky pl\u00e1novatelnou v\u00fdrobu v dan\u00e9m z\u00e1vod\u011b.<\/p>\n\t\t<\/div>\n\t\t\n\t\t<a class=\"elementor-post__read-more\" href=\"https:\/\/cubeconcepts.de\/cz\/mit-bess-zur-co%e2%82%82-neutralitaet-thermal-management-solutions-plant-schritt-3\/\" aria-label=\"P\u0159e\u010dt\u011bte si v\u00edce o \u010dl\u00e1nku S BESS k CO\u2082 neutralit\u011b: Thermal Management Solutions pl\u00e1nuje krok 3\" tabindex=\"-1\" >\n\t\t\tP\u0159e\u010dt\u011bte si v\u00edce \"\t\t<\/a>\n\n\t\t\t\t<\/div>\n\t\t\t\t<\/article>\n\t\t\t\t<article class=\"elementor-post elementor-grid-item post-27052 post type-post status-publish format-standard has-post-thumbnail hentry category-cube-concepts-news category-veranstaltungen\" role=\"listitem\">\n\t\t\t\t<a class=\"elementor-post__thumbnail__link\" href=\"https:\/\/cubeconcepts.de\/cz\/batteriespeicher-im-gewerbe-praxisbeispiel-vom-infoabend-energie-zukunft-2026\/\" tabindex=\"-1\" >\n\t\t\t<div class=\"elementor-post__thumbnail\"><img loading=\"lazy\" decoding=\"async\" width=\"800\" height=\"436\" src=\"https:\/\/cubeconcepts.de\/wp-content\/uploads\/2026\/01\/Screenshot-2026-01-27-092653-1024x558.jpg\" class=\"attachment-large size-large wp-image-27055\" alt=\"Bateriov\u00e9 \u00falo\u017ei\u0161t\u011b pro firmy \u2013 informa\u010dn\u00ed ve\u010der COEBIZ\" srcset=\"https:\/\/cubeconcepts.de\/wp-content\/uploads\/2026\/01\/Screenshot-2026-01-27-092653-1024x558.jpg 1024w, https:\/\/cubeconcepts.de\/wp-content\/uploads\/2026\/01\/Screenshot-2026-01-27-092653-300x163.jpg 300w, https:\/\/cubeconcepts.de\/wp-content\/uploads\/2026\/01\/Screenshot-2026-01-27-092653-768x419.jpg 768w, https:\/\/cubeconcepts.de\/wp-content\/uploads\/2026\/01\/Screenshot-2026-01-27-092653-1536x837.jpg 1536w, https:\/\/cubeconcepts.de\/wp-content\/uploads\/2026\/01\/Screenshot-2026-01-27-092653-18x10.jpg 18w, https:\/\/cubeconcepts.de\/wp-content\/uploads\/2026\/01\/Screenshot-2026-01-27-092653.jpg 1712w\" sizes=\"(max-width: 800px) 100vw, 800px\" \/><\/div>\n\t\t<\/a>\n\t\t\t\t<div class=\"elementor-post__text\">\n\t\t\t\t<h3 class=\"elementor-post__title\">\n\t\t\t<a href=\"https:\/\/cubeconcepts.de\/cz\/batteriespeicher-im-gewerbe-praxisbeispiel-vom-infoabend-energie-zukunft-2026\/\" >\n\t\t\t\tBateriov\u00e1 \u00falo\u017ei\u0161t\u011b v podnic\u00edch: Praktick\u00fd p\u0159\u00edklad z informa\u010dn\u00edho ve\u010dera \u201eEnergie &amp; budoucnost 2026\u201c v Coesfeldu\t\t\t<\/a>\n\t\t<\/h3>\n\t\t\t\t<div class=\"elementor-post__meta-data\">\n\t\t\t\t\t<span class=\"elementor-post-date\">\n\t\t\t27. ledna 2026\t\t<\/span>\n\t\t\t\t<\/div>\n\t\t\t\t<div class=\"elementor-post__excerpt\">\n\t\t\t<p>Nasazen\u00ed bateriov\u00fdch \u00falo\u017ei\u0161\u0165 v komer\u010dn\u00ed sf\u00e9\u0159e je mezit\u00edm nepostradateln\u00e9. Rostouc\u00ed s\u00ed\u0165ov\u00e9 poplatky, nov\u00e9 z\u00e1t\u011b\u017eov\u00e9 profily v d\u016fsledku elektrifikace a rostouc\u00ed po\u017eadavky na spolehlivost dod\u00e1vek<\/p>\n\t\t<\/div>\n\t\t\n\t\t<a class=\"elementor-post__read-more\" href=\"https:\/\/cubeconcepts.de\/cz\/batteriespeicher-im-gewerbe-praxisbeispiel-vom-infoabend-energie-zukunft-2026\/\" aria-label=\"P\u0159e\u010dt\u011bte si v\u00edce o komer\u010dn\u00edch bateriov\u00fdch \u00falo\u017ei\u0161t\u00edch: Praktick\u00fd p\u0159\u00edklad z informa\u010dn\u00edho ve\u010dera \u201eEnergie &amp; Zukunft 2026\u201c v Coesfeldu\" tabindex=\"-1\" >\n\t\t\tP\u0159e\u010dt\u011bte si v\u00edce \"\t\t<\/a>\n\n\t\t\t\t<\/div>\n\t\t\t\t<\/article>\n\t\t\t\t<article class=\"elementor-post elementor-grid-item post-26890 post type-post status-publish format-standard has-post-thumbnail hentry category-cube-concepts-news\" role=\"listitem\">\n\t\t\t\t<a class=\"elementor-post__thumbnail__link\" href=\"https:\/\/cubeconcepts.de\/cz\/kickoff-2026-horizonte-strategien\/\" tabindex=\"-1\" >\n\t\t\t<div class=\"elementor-post__thumbnail\"><img loading=\"lazy\" decoding=\"async\" width=\"800\" height=\"533\" src=\"https:\/\/cubeconcepts.de\/wp-content\/uploads\/2026\/01\/Kickoff-2026-Gruppenbild-1-1024x682.jpeg\" class=\"attachment-large size-large wp-image-26893\" alt=\"Kickoff-2026-Skupinov\u00e1-fotografie-1\" srcset=\"https:\/\/cubeconcepts.de\/wp-content\/uploads\/2026\/01\/Kickoff-2026-Gruppenbild-1-1024x682.jpeg 1024w, https:\/\/cubeconcepts.de\/wp-content\/uploads\/2026\/01\/Kickoff-2026-Gruppenbild-1-300x200.jpeg 300w, https:\/\/cubeconcepts.de\/wp-content\/uploads\/2026\/01\/Kickoff-2026-Gruppenbild-1-768x512.jpeg 768w, https:\/\/cubeconcepts.de\/wp-content\/uploads\/2026\/01\/Kickoff-2026-Gruppenbild-1-1536x1024.jpeg 1536w, https:\/\/cubeconcepts.de\/wp-content\/uploads\/2026\/01\/Kickoff-2026-Gruppenbild-1-2048x1365.jpeg 2048w, https:\/\/cubeconcepts.de\/wp-content\/uploads\/2026\/01\/Kickoff-2026-Gruppenbild-1-18x12.jpeg 18w\" sizes=\"(max-width: 800px) 100vw, 800px\" \/><\/div>\n\t\t<\/a>\n\t\t\t\t<div class=\"elementor-post__text\">\n\t\t\t\t<h3 class=\"elementor-post__title\">\n\t\t\t<a href=\"https:\/\/cubeconcepts.de\/cz\/kickoff-2026-horizonte-strategien\/\" >\n\t\t\t\tKickoff 2026: Obzory a strategie\t\t\t<\/a>\n\t\t<\/h3>\n\t\t\t\t<div class=\"elementor-post__meta-data\">\n\t\t\t\t\t<span class=\"elementor-post-date\">\n\t\t\t19. ledna 2026\t\t<\/span>\n\t\t\t\t<\/div>\n\t\t\t\t<div class=\"elementor-post__excerpt\">\n\t\t\t<p>Strategick\u00e1 v\u00fdm\u011bna setk\u00e1v\u00e1 t\u00fdmov\u00e9ho ducha: Kickoff 2026 spojil odborn\u00e9 znalosti v\u0161ech pobo\u010dek, aby doladili procesy a zavedli nov\u00e9 pl\u00e1novac\u00ed n\u00e1stroje BESS. Jasn\u00e9 zhodnocen\u00ed stavu a sportovn\u00ed \u201eZimn\u00ed olympi\u00e1da\u201c stmelily t\u00fdm pro v\u00fdzvy energetick\u00e9 transformace.<\/p>\n\t\t<\/div>\n\t\t\n\t\t<a class=\"elementor-post__read-more\" href=\"https:\/\/cubeconcepts.de\/cz\/kickoff-2026-horizonte-strategien\/\" aria-label=\"P\u0159e\u010dt\u011bte si v\u00edce o Kickoff 2026: Horizonte &amp; Strategien\" tabindex=\"-1\" >\n\t\t\tP\u0159e\u010dt\u011bte si v\u00edce \"\t\t<\/a>\n\n\t\t\t\t<\/div>\n\t\t\t\t<\/article>\n\t\t\t\t<article class=\"elementor-post elementor-grid-item post-26281 post type-post status-publish format-standard has-post-thumbnail hentry category-cube-concepts-news category-veranstaltungen\" role=\"listitem\">\n\t\t\t\t<a class=\"elementor-post__thumbnail__link\" href=\"https:\/\/cubeconcepts.de\/cz\/coebiz-cube-concepts-auf-der-buildinx-2025\/\" tabindex=\"-1\" >\n\t\t\t<div class=\"elementor-post__thumbnail\"><img loading=\"lazy\" decoding=\"async\" width=\"800\" height=\"388\" src=\"https:\/\/cubeconcepts.de\/wp-content\/uploads\/2025\/11\/COEBIZ-CC-Buildinx-2025-2-1024x496.jpg\" class=\"attachment-large size-large wp-image-26299\" alt=\"COEBIZ-CC-Buildinx-2025-2\" srcset=\"https:\/\/cubeconcepts.de\/wp-content\/uploads\/2025\/11\/COEBIZ-CC-Buildinx-2025-2-1024x496.jpg 1024w, https:\/\/cubeconcepts.de\/wp-content\/uploads\/2025\/11\/COEBIZ-CC-Buildinx-2025-2-300x145.jpg 300w, https:\/\/cubeconcepts.de\/wp-content\/uploads\/2025\/11\/COEBIZ-CC-Buildinx-2025-2-768x372.jpg 768w, https:\/\/cubeconcepts.de\/wp-content\/uploads\/2025\/11\/COEBIZ-CC-Buildinx-2025-2-1536x744.jpg 1536w, https:\/\/cubeconcepts.de\/wp-content\/uploads\/2025\/11\/COEBIZ-CC-Buildinx-2025-2-18x9.jpg 18w, https:\/\/cubeconcepts.de\/wp-content\/uploads\/2025\/11\/COEBIZ-CC-Buildinx-2025-2.jpg 1911w\" sizes=\"(max-width: 800px) 100vw, 800px\" \/><\/div>\n\t\t<\/a>\n\t\t\t\t<div class=\"elementor-post__text\">\n\t\t\t\t<h3 class=\"elementor-post__title\">\n\t\t\t<a href=\"https:\/\/cubeconcepts.de\/cz\/coebiz-cube-concepts-auf-der-buildinx-2025\/\" >\n\t\t\t\tCOEBIZ &amp; CUBE CONCEPTS na BUILDINX 2025\t\t\t<\/a>\n\t\t<\/h3>\n\t\t\t\t<div class=\"elementor-post__meta-data\">\n\t\t\t\t\t<span class=\"elementor-post-date\">\n\t\t\t20. listopadu 2025\t\t<\/span>\n\t\t\t\t<\/div>\n\t\t\t\t<div class=\"elementor-post__excerpt\">\n\t\t\t<p>J\u00e1drem prezentace byly odborn\u00e9 p\u0159edn\u00e1\u0161ky o optim\u00e1ln\u00edm dimenzov\u00e1n\u00ed syst\u00e9m\u016f PV a BESS pomoc\u00ed anal\u00fdzy z\u00e1t\u011b\u017eov\u00fdch profil\u016f. Tato spolupr\u00e1ce ukazuje, jak se pr\u016fmyslov\u00e9 nemovitosti st\u00e1vaj\u00ed odoln\u011bj\u0161\u00edmi v\u016f\u010di volatiln\u00edm trh\u016fm s elekt\u0159inou d\u00edky inteligentn\u00edmu \u0159\u00edzen\u00ed energie a flexibiln\u00edm finan\u010dn\u00edm \u0159e\u0161en\u00edm.<\/p>\n\t\t<\/div>\n\t\t\n\t\t<a class=\"elementor-post__read-more\" href=\"https:\/\/cubeconcepts.de\/cz\/coebiz-cube-concepts-auf-der-buildinx-2025\/\" aria-label=\"P\u0159e\u010dt\u011bte si v\u00edce o COEBIZ &amp; CUBE CONCEPTS na veletrhu BUILDINX 2025\" tabindex=\"-1\" >\n\t\t\tP\u0159e\u010dt\u011bte si v\u00edce \"\t\t<\/a>\n\n\t\t\t\t<\/div>\n\t\t\t\t<\/article>\n\t\t\t\t<\/div>\n\t\t\t\t\t<span class=\"e-load-more-spinner\">\n\t\t\t\t<i aria-hidden=\"true\" class=\"fas fa-spinner\"><\/i>\t\t\t<\/span>\n\t\t\n\t\t\t\t<div class=\"e-load-more-anchor\" data-page=\"1\" data-max-page=\"4\" data-next-page=\"https:\/\/cubeconcepts.de\/cz\/wp-json\/wp\/v2\/pages\/723\/page\/2\/\"><\/div>\n\t\t\t\t<div class=\"e-load-more-message\"><\/div>\n\t\t\t\t\t\t<\/div>\n\t\t\t\t<\/div>\n\t\t\t\t<\/div>\n\t\t<div id=\"e-n-tab-content-63077134\" role=\"tabpanel\" aria-labelledby=\"e-n-tab-title-63077134\" data-tab-index=\"4\" style=\"--n-tabs-title-order: 4;\" class=\"elementor-element elementor-element-1adbbb1 e-flex e-con-boxed e-con e-child\" data-id=\"1adbbb1\" data-element_type=\"container\" data-e-type=\"container\">\n\t\t\t\t\t<div class=\"e-con-inner\">\n\t\t\t\t<div class=\"elementor-element elementor-element-f6d0b7e elementor-grid-3 elementor-grid-tablet-2 elementor-grid-mobile-1 elementor-posts--thumbnail-top elementor-widget elementor-widget-posts\" data-id=\"f6d0b7e\" data-element_type=\"widget\" data-e-type=\"widget\" data-settings=\"{&quot;classic_row_gap&quot;:{&quot;unit&quot;:&quot;px&quot;,&quot;size&quot;:29,&quot;sizes&quot;:[]},&quot;pagination_type&quot;:&quot;load_more_infinite_scroll&quot;,&quot;classic_columns&quot;:&quot;3&quot;,&quot;classic_columns_tablet&quot;:&quot;2&quot;,&quot;classic_columns_mobile&quot;:&quot;1&quot;,&quot;classic_row_gap_tablet&quot;:{&quot;unit&quot;:&quot;px&quot;,&quot;size&quot;:&quot;&quot;,&quot;sizes&quot;:[]},&quot;classic_row_gap_mobile&quot;:{&quot;unit&quot;:&quot;px&quot;,&quot;size&quot;:&quot;&quot;,&quot;sizes&quot;:[]},&quot;load_more_spinner&quot;:{&quot;value&quot;:&quot;fas fa-spinner&quot;,&quot;library&quot;:&quot;fa-solid&quot;}}\" data-widget_type=\"posts.classic\">\n\t\t\t\t<div class=\"elementor-widget-container\">\n\t\t\t\t\t\t\t<div class=\"elementor-posts-container elementor-posts elementor-posts--skin-classic elementor-grid\" role=\"list\">\n\t\t\t\t<article class=\"elementor-post elementor-grid-item post-29609 post type-post status-publish format-standard has-post-thumbnail hentry category-cube-concepts-news category-referenzen\" role=\"listitem\">\n\t\t\t\t<a class=\"elementor-post__thumbnail__link\" href=\"https:\/\/cubeconcepts.de\/cz\/cube-concepts-kauft-100-mw-bess-in-tusimice-power-cube\/\" tabindex=\"-1\" >\n\t\t\t<div class=\"elementor-post__thumbnail\"><img loading=\"lazy\" decoding=\"async\" width=\"800\" height=\"600\" src=\"https:\/\/cubeconcepts.de\/wp-content\/uploads\/2026\/06\/Cube-Concepts-kauft-100-MW-Batteriespeicher-in-Tusimice--1024x768.jpg\" class=\"attachment-large size-large wp-image-29610\" alt=\"Cube-Concepts-kauft-100-MW-Batteriespeicher-in-Tusimice\" srcset=\"https:\/\/cubeconcepts.de\/wp-content\/uploads\/2026\/06\/Cube-Concepts-kauft-100-MW-Batteriespeicher-in-Tusimice--1024x768.jpg 1024w, https:\/\/cubeconcepts.de\/wp-content\/uploads\/2026\/06\/Cube-Concepts-kauft-100-MW-Batteriespeicher-in-Tusimice--300x225.jpg 300w, https:\/\/cubeconcepts.de\/wp-content\/uploads\/2026\/06\/Cube-Concepts-kauft-100-MW-Batteriespeicher-in-Tusimice--768x576.jpg 768w, https:\/\/cubeconcepts.de\/wp-content\/uploads\/2026\/06\/Cube-Concepts-kauft-100-MW-Batteriespeicher-in-Tusimice--1536x1152.jpg 1536w, https:\/\/cubeconcepts.de\/wp-content\/uploads\/2026\/06\/Cube-Concepts-kauft-100-MW-Batteriespeicher-in-Tusimice--16x12.jpg 16w, https:\/\/cubeconcepts.de\/wp-content\/uploads\/2026\/06\/Cube-Concepts-kauft-100-MW-Batteriespeicher-in-Tusimice-.jpg 2048w\" sizes=\"(max-width: 800px) 100vw, 800px\" \/><\/div>\n\t\t<\/a>\n\t\t\t\t<div class=\"elementor-post__text\">\n\t\t\t\t<h3 class=\"elementor-post__title\">\n\t\t\t<a href=\"https:\/\/cubeconcepts.de\/cz\/cube-concepts-kauft-100-mw-bess-in-tusimice-power-cube\/\" >\n\t\t\t\tCube Concepts kupuje 100MW bateriov\u00e9 \u00falo\u017ei\u0161t\u011b v Tu\u0161imic\u00edch \u2014 Power Cube za\u010d\u00edn\u00e1\t\t\t<\/a>\n\t\t<\/h3>\n\t\t\t\t<div class=\"elementor-post__meta-data\">\n\t\t\t\t\t<span class=\"elementor-post-date\">\n\t\t\t2. \u010dervna 2026\t\t<\/span>\n\t\t\t\t<\/div>\n\t\t\t\t<div class=\"elementor-post__excerpt\">\n\t\t\t<p>Spole\u010dn\u011b s Powerlinkem: nejv\u00fdkonn\u011bj\u0161\u00ed energetick\u00e1 s\u00ed\u0165 v pr\u016fmyslu B\u011bhem n\u011bkolika t\u00fddn\u016f jsme dokon\u010dili akvizici bateriov\u00e9 \u00falo\u017en\u00e9 kapacity 100 MW<\/p>\n\t\t<\/div>\n\t\t\n\t\t<a class=\"elementor-post__read-more\" href=\"https:\/\/cubeconcepts.de\/cz\/cube-concepts-kauft-100-mw-bess-in-tusimice-power-cube\/\" aria-label=\"P\u0159e\u010dt\u011bte si v\u00edce o Cube Concepts kupuje 100MW bateriov\u00e9 \u00falo\u017ei\u0161t\u011b v Tu\u0161imic\u00edch \u2013 Power Cube startuje\" tabindex=\"-1\" >\n\t\t\tP\u0159e\u010dt\u011bte si v\u00edce \"\t\t<\/a>\n\n\t\t\t\t<\/div>\n\t\t\t\t<\/article>\n\t\t\t\t<article class=\"elementor-post elementor-grid-item post-27191 post type-post status-publish format-standard has-post-thumbnail hentry category-case-studies category-cube-concepts-news category-pv-anlagen-auf-dachflaechen\" role=\"listitem\">\n\t\t\t\t<a class=\"elementor-post__thumbnail__link\" href=\"https:\/\/cubeconcepts.de\/cz\/mit-bess-zur-co%e2%82%82-neutralitaet-thermal-management-solutions-plant-schritt-3\/\" tabindex=\"-1\" >\n\t\t\t<div class=\"elementor-post__thumbnail\"><img loading=\"lazy\" decoding=\"async\" width=\"800\" height=\"533\" src=\"https:\/\/cubeconcepts.de\/wp-content\/uploads\/2026\/02\/BESS-fuer-TMS-1024x682.jpeg\" class=\"attachment-large size-large wp-image-27193\" alt=\"BESS-pro-TMS\" srcset=\"https:\/\/cubeconcepts.de\/wp-content\/uploads\/2026\/02\/BESS-fuer-TMS-1024x682.jpeg 1024w, https:\/\/cubeconcepts.de\/wp-content\/uploads\/2026\/02\/BESS-fuer-TMS-300x200.jpeg 300w, https:\/\/cubeconcepts.de\/wp-content\/uploads\/2026\/02\/BESS-fuer-TMS-768x512.jpeg 768w, https:\/\/cubeconcepts.de\/wp-content\/uploads\/2026\/02\/BESS-fuer-TMS-1536x1023.jpeg 1536w, https:\/\/cubeconcepts.de\/wp-content\/uploads\/2026\/02\/BESS-fuer-TMS-2048x1364.jpeg 2048w, https:\/\/cubeconcepts.de\/wp-content\/uploads\/2026\/02\/BESS-fuer-TMS-18x12.jpeg 18w\" sizes=\"(max-width: 800px) 100vw, 800px\" \/><\/div>\n\t\t<\/a>\n\t\t\t\t<div class=\"elementor-post__text\">\n\t\t\t\t<h3 class=\"elementor-post__title\">\n\t\t\t<a href=\"https:\/\/cubeconcepts.de\/cz\/mit-bess-zur-co%e2%82%82-neutralitaet-thermal-management-solutions-plant-schritt-3\/\" >\n\t\t\t\tS BESS k uhl\u00edkov\u00e9 neutralit\u011b: Thermal Management Solutions pl\u00e1nuje krok 3\t\t\t<\/a>\n\t\t<\/h3>\n\t\t\t\t<div class=\"elementor-post__meta-data\">\n\t\t\t\t\t<span class=\"elementor-post-date\">\n\t\t\t19. \u00fanora 2026\t\t<\/span>\n\t\t\t\t<\/div>\n\t\t\t\t<div class=\"elementor-post__excerpt\">\n\t\t\t<p>Spole\u010dnost TMS chce pomoc\u00ed syst\u00e9mu BESS v re\u017eimu Contracting optimalizovat sv\u00e9 energetick\u00e9 toky bez vlastn\u00edho investi\u010dn\u00edho rizika. Toto \u00falo\u017en\u00e9 \u0159e\u0161en\u00ed umo\u017e\u0148uje efektivn\u00ed vyrovn\u00e1v\u00e1n\u00ed \u0161pi\u010dkov\u00fdch z\u00e1t\u011b\u017e\u00ed a maximalizaci vlastn\u00ed spot\u0159eby energie z fotovoltaick\u00fdch syst\u00e9m\u016f, \u010d\u00edm\u017e tvo\u0159\u00ed technologick\u00fd z\u00e1klad pro klimaticky neutr\u00e1ln\u00ed a ekonomicky pl\u00e1novatelnou v\u00fdrobu v dan\u00e9m z\u00e1vod\u011b.<\/p>\n\t\t<\/div>\n\t\t\n\t\t<a class=\"elementor-post__read-more\" href=\"https:\/\/cubeconcepts.de\/cz\/mit-bess-zur-co%e2%82%82-neutralitaet-thermal-management-solutions-plant-schritt-3\/\" aria-label=\"P\u0159e\u010dt\u011bte si v\u00edce o \u010dl\u00e1nku S BESS k CO\u2082 neutralit\u011b: Thermal Management Solutions pl\u00e1nuje krok 3\" tabindex=\"-1\" >\n\t\t\tP\u0159e\u010dt\u011bte si v\u00edce \"\t\t<\/a>\n\n\t\t\t\t<\/div>\n\t\t\t\t<\/article>\n\t\t\t\t<article class=\"elementor-post elementor-grid-item post-24647 post type-post status-publish format-standard has-post-thumbnail hentry category-cube-concepts-news category-pv-anlagen-auf-dachflaechen\" role=\"listitem\">\n\t\t\t\t<a class=\"elementor-post__thumbnail__link\" href=\"https:\/\/cubeconcepts.de\/cz\/vertragsunterzeichnung-in-tschechien-1-mwp-pv-anlage-fuer-purem-rakovnik\/\" tabindex=\"-1\" >\n\t\t\t<div class=\"elementor-post__thumbnail\"><img loading=\"lazy\" decoding=\"async\" width=\"800\" height=\"534\" src=\"https:\/\/cubeconcepts.de\/wp-content\/uploads\/2025\/09\/Purem-Rakovnik-Header-1024x683.jpg\" class=\"attachment-large size-large wp-image-24649\" alt=\"Purem Rakovn\u00edk-Z\u00e1hlav\u00ed\" srcset=\"https:\/\/cubeconcepts.de\/wp-content\/uploads\/2025\/09\/Purem-Rakovnik-Header-1024x683.jpg 1024w, https:\/\/cubeconcepts.de\/wp-content\/uploads\/2025\/09\/Purem-Rakovnik-Header-300x200.jpg 300w, https:\/\/cubeconcepts.de\/wp-content\/uploads\/2025\/09\/Purem-Rakovnik-Header-768x512.jpg 768w, https:\/\/cubeconcepts.de\/wp-content\/uploads\/2025\/09\/Purem-Rakovnik-Header-1536x1024.jpg 1536w, https:\/\/cubeconcepts.de\/wp-content\/uploads\/2025\/09\/Purem-Rakovnik-Header-2048x1365.jpg 2048w, https:\/\/cubeconcepts.de\/wp-content\/uploads\/2025\/09\/Purem-Rakovnik-Header-18x12.jpg 18w\" sizes=\"(max-width: 800px) 100vw, 800px\" \/><\/div>\n\t\t<\/a>\n\t\t\t\t<div class=\"elementor-post__text\">\n\t\t\t\t<h3 class=\"elementor-post__title\">\n\t\t\t<a href=\"https:\/\/cubeconcepts.de\/cz\/vertragsunterzeichnung-in-tschechien-1-mwp-pv-anlage-fuer-purem-rakovnik\/\" >\n\t\t\t\tPodpis smlouvy v \u010cesk\u00e9 republice pro Fotovoltaick\u00fd syst\u00e9m o v\u00fdkonu 1 MWp pro Purem Rakovn\u00edk.\t\t\t<\/a>\n\t\t<\/h3>\n\t\t\t\t<div class=\"elementor-post__meta-data\">\n\t\t\t\t\t<span class=\"elementor-post-date\">\n\t\t\t15. z\u00e1\u0159\u00ed 2025\t\t<\/span>\n\t\t\t\t<\/div>\n\t\t\t\t<div class=\"elementor-post__excerpt\">\n\t\t\t<p>Spole\u010dnost CUBE CONCEPTS realizuje pro firmu Purem v Rakovn\u00edku v \u010cesk\u00e9 republice st\u0159e\u0161n\u00ed sol\u00e1rn\u00ed elektr\u00e1rnu o v\u00fdkonu 1 MWp. Syst\u00e9m s v\u00edce ne\u017e 2 400 moduly vyprodukuje ro\u010dn\u011b p\u0159ibli\u017en\u011b 970 000 kWh zelen\u00e9 elekt\u0159iny, pokryje 87 % m\u00edstn\u00ed spot\u0159eby a u\u0161et\u0159\u00ed t\u00e9m\u011b\u0159 500 tun CO\u2082 ro\u010dn\u011b.<\/p>\n\t\t<\/div>\n\t\t\n\t\t<a class=\"elementor-post__read-more\" href=\"https:\/\/cubeconcepts.de\/cz\/vertragsunterzeichnung-in-tschechien-1-mwp-pv-anlage-fuer-purem-rakovnik\/\" aria-label=\"P\u0159e\u010dt\u011bte si v\u00edce o podpisu smlouvy v \u010cesk\u00e9 republice: 1MWp fotovoltaick\u00e1 elektr\u00e1rna pro Purem Rakovn\u00edk\" tabindex=\"-1\" >\n\t\t\tP\u0159e\u010dt\u011bte si v\u00edce \"\t\t<\/a>\n\n\t\t\t\t<\/div>\n\t\t\t\t<\/article>\n\t\t\t\t<article class=\"elementor-post elementor-grid-item post-24380 post type-post status-publish format-standard has-post-thumbnail hentry category-case-studies category-cube-concepts-news category-pv-anlagen-auf-dachflaechen\" role=\"listitem\">\n\t\t\t\t<a class=\"elementor-post__thumbnail__link\" href=\"https:\/\/cubeconcepts.de\/cz\/neues-projektmarketing-cube-concepts-feiert-pv-erfolg-mit-tms\/\" tabindex=\"-1\" >\n\t\t\t<div class=\"elementor-post__thumbnail\"><img loading=\"lazy\" decoding=\"async\" width=\"800\" height=\"533\" src=\"https:\/\/cubeconcepts.de\/wp-content\/uploads\/2025\/08\/Projektmarketing-TMS-1024x682.jpeg\" class=\"attachment-large size-large wp-image-24386\" alt=\"Projektov\u00fd marketing-TMS\" srcset=\"https:\/\/cubeconcepts.de\/wp-content\/uploads\/2025\/08\/Projektmarketing-TMS-1024x682.jpeg 1024w, https:\/\/cubeconcepts.de\/wp-content\/uploads\/2025\/08\/Projektmarketing-TMS-300x200.jpeg 300w, https:\/\/cubeconcepts.de\/wp-content\/uploads\/2025\/08\/Projektmarketing-TMS-768x512.jpeg 768w, https:\/\/cubeconcepts.de\/wp-content\/uploads\/2025\/08\/Projektmarketing-TMS-1536x1023.jpeg 1536w, https:\/\/cubeconcepts.de\/wp-content\/uploads\/2025\/08\/Projektmarketing-TMS-2048x1364.jpeg 2048w, https:\/\/cubeconcepts.de\/wp-content\/uploads\/2025\/08\/Projektmarketing-TMS-18x12.jpeg 18w\" sizes=\"(max-width: 800px) 100vw, 800px\" \/><\/div>\n\t\t<\/a>\n\t\t\t\t<div class=\"elementor-post__text\">\n\t\t\t\t<h3 class=\"elementor-post__title\">\n\t\t\t<a href=\"https:\/\/cubeconcepts.de\/cz\/neues-projektmarketing-cube-concepts-feiert-pv-erfolg-mit-tms\/\" >\n\t\t\t\tNov\u00e9 marketingov\u00e9 projekty: CUBE CONCEPTS slav\u00ed \u00fasp\u011bch fotovoltaiky s TMS\t\t\t<\/a>\n\t\t<\/h3>\n\t\t\t\t<div class=\"elementor-post__meta-data\">\n\t\t\t\t\t<span class=\"elementor-post-date\">\n\t\t\t25. srpna 2025\t\t<\/span>\n\t\t\t\t<\/div>\n\t\t\t\t<div class=\"elementor-post__excerpt\">\n\t\t\t<p>\u00dasp\u011b\u0161n\u00fd s\u00ed\u0165ov\u00fd p\u0159echod u TMS: Za\u0159\u00edzen\u00ed o rozloze 3 500 m\u00b2 posiluje ochranu klimatu a konkurenceschopnost lokality. Prost\u0159ednictv\u00edm c\u00edlen\u00e9 medi\u00e1ln\u00ed pr\u00e1ce a slavnostn\u00edch akc\u00ed CUBE CONCEPTS p\u0159em\u011b\u0148uje technick\u00e9 projekty na strategick\u00e9 komunika\u010dn\u00ed \u00fasp\u011bchy, kter\u00e9 p\u0159esahuj\u00ed pouhou v\u00fdrobu energie.<\/p>\n\t\t<\/div>\n\t\t\n\t\t<a class=\"elementor-post__read-more\" href=\"https:\/\/cubeconcepts.de\/cz\/neues-projektmarketing-cube-concepts-feiert-pv-erfolg-mit-tms\/\" aria-label=\"P\u0159e\u010dt\u011bte si v\u00edce o Neues Projektmarketing: CUBE CONCEPTS feiert PV-Erfolg mit TMS\" tabindex=\"-1\" >\n\t\t\tP\u0159e\u010dt\u011bte si v\u00edce \"\t\t<\/a>\n\n\t\t\t\t<\/div>\n\t\t\t\t<\/article>\n\t\t\t\t<article class=\"elementor-post elementor-grid-item post-24031 post type-post status-publish format-standard has-post-thumbnail hentry category-solar-news category-pv-anlagen-auf-dachflaechen\" role=\"listitem\">\n\t\t\t\t<a class=\"elementor-post__thumbnail__link\" href=\"https:\/\/cubeconcepts.de\/cz\/gruener-strom-fuer-tms-oberboihingen\/\" tabindex=\"-1\" >\n\t\t\t<div class=\"elementor-post__thumbnail\"><img loading=\"lazy\" decoding=\"async\" width=\"800\" height=\"450\" src=\"https:\/\/cubeconcepts.de\/wp-content\/uploads\/2025\/08\/PV-fuer-TMS--1024x576.jpeg\" class=\"attachment-large size-large wp-image-24091\" alt=\"FVE pro TMS\" srcset=\"https:\/\/cubeconcepts.de\/wp-content\/uploads\/2025\/08\/PV-fuer-TMS--1024x576.jpeg 1024w, https:\/\/cubeconcepts.de\/wp-content\/uploads\/2025\/08\/PV-fuer-TMS--300x169.jpeg 300w, https:\/\/cubeconcepts.de\/wp-content\/uploads\/2025\/08\/PV-fuer-TMS--768x432.jpeg 768w, https:\/\/cubeconcepts.de\/wp-content\/uploads\/2025\/08\/PV-fuer-TMS--1536x864.jpeg 1536w, https:\/\/cubeconcepts.de\/wp-content\/uploads\/2025\/08\/PV-fuer-TMS--2048x1152.jpeg 2048w, https:\/\/cubeconcepts.de\/wp-content\/uploads\/2025\/08\/PV-fuer-TMS--18x10.jpeg 18w\" sizes=\"(max-width: 800px) 100vw, 800px\" \/><\/div>\n\t\t<\/a>\n\t\t\t\t<div class=\"elementor-post__text\">\n\t\t\t\t<h3 class=\"elementor-post__title\">\n\t\t\t<a href=\"https:\/\/cubeconcepts.de\/cz\/gruener-strom-fuer-tms-oberboihingen\/\" >\n\t\t\t\tZelen\u00e1 elekt\u0159ina pro Thermal Management Solutions DE Oberboihingen GmbH\t\t\t<\/a>\n\t\t<\/h3>\n\t\t\t\t<div class=\"elementor-post__meta-data\">\n\t\t\t\t\t<span class=\"elementor-post-date\">\n\t\t\t15. srpna 2025\t\t<\/span>\n\t\t\t\t<\/div>\n\t\t\t\t<div class=\"elementor-post__excerpt\">\n\t\t\t<p>Thermal Management Solutions (zna\u010dka \u201eWahler\u201c) v Oberboihingenu slavnostn\u011b otev\u0159ela fotovoltaick\u00e9 za\u0159\u00edzen\u00ed s 986 moduly na st\u0159e\u0161n\u00ed plo\u0161e 5 800 m\u00b2. Projekt je fin\u00e1ln\u00edm stavebn\u00edm kamenem pro v\u00fdrobu v dan\u00e9m z\u00e1vod\u011b, kter\u00e1 byla certifikov\u00e1na jako klimaticky neutr\u00e1ln\u00ed ji\u017e v \u010dervenci 2025, a posiluje nez\u00e1vislost na cen\u00e1ch elekt\u0159iny.<\/p>\n\t\t<\/div>\n\t\t\n\t\t<a class=\"elementor-post__read-more\" href=\"https:\/\/cubeconcepts.de\/cz\/gruener-strom-fuer-tms-oberboihingen\/\" aria-label=\"P\u0159e\u010dt\u011bte si v\u00edce o Gr\u00fcner Strom f\u00fcr Thermal Management Solutions DE Oberboihingen GmbH\" tabindex=\"-1\" >\n\t\t\tP\u0159e\u010dt\u011bte si v\u00edce \"\t\t<\/a>\n\n\t\t\t\t<\/div>\n\t\t\t\t<\/article>\n\t\t\t\t<article class=\"elementor-post elementor-grid-item post-23569 post type-post status-publish format-standard has-post-thumbnail hentry category-case-studies category-referenzen category-freiflaeche\" role=\"listitem\">\n\t\t\t\t<a class=\"elementor-post__thumbnail__link\" href=\"https:\/\/cubeconcepts.de\/cz\/schafer-werke-mit-grossem-solarpark\/\" tabindex=\"-1\" >\n\t\t\t<div class=\"elementor-post__thumbnail\"><img loading=\"lazy\" decoding=\"async\" width=\"800\" height=\"534\" src=\"https:\/\/cubeconcepts.de\/wp-content\/uploads\/2025\/06\/Schaefer-Werke-2mwp-1024x683.jpg\" class=\"attachment-large size-large wp-image-23575\" alt=\"Schaefer-Werke-2mwp\" srcset=\"https:\/\/cubeconcepts.de\/wp-content\/uploads\/2025\/06\/Schaefer-Werke-2mwp-1024x683.jpg 1024w, https:\/\/cubeconcepts.de\/wp-content\/uploads\/2025\/06\/Schaefer-Werke-2mwp-300x200.jpg 300w, https:\/\/cubeconcepts.de\/wp-content\/uploads\/2025\/06\/Schaefer-Werke-2mwp-768x512.jpg 768w, https:\/\/cubeconcepts.de\/wp-content\/uploads\/2025\/06\/Schaefer-Werke-2mwp-1536x1024.jpg 1536w, https:\/\/cubeconcepts.de\/wp-content\/uploads\/2025\/06\/Schaefer-Werke-2mwp-2048x1365.jpg 2048w, https:\/\/cubeconcepts.de\/wp-content\/uploads\/2025\/06\/Schaefer-Werke-2mwp-18x12.jpg 18w\" sizes=\"(max-width: 800px) 100vw, 800px\" \/><\/div>\n\t\t<\/a>\n\t\t\t\t<div class=\"elementor-post__text\">\n\t\t\t\t<h3 class=\"elementor-post__title\">\n\t\t\t<a href=\"https:\/\/cubeconcepts.de\/cz\/schafer-werke-mit-grossem-solarpark\/\" >\n\t\t\t\tSCH\u00c4FER Werk s nejv\u011bt\u0161\u00edm sol\u00e1rn\u00edm parkem v okrese Siegen-Wittgenstein\t\t\t<\/a>\n\t\t<\/h3>\n\t\t\t\t<div class=\"elementor-post__meta-data\">\n\t\t\t\t\t<span class=\"elementor-post-date\">\n\t\t\t24. \u010dervna 2025\t\t<\/span>\n\t\t\t\t<\/div>\n\t\t\t\t<div class=\"elementor-post__excerpt\">\n\t\t\t<p>Ve spolupr\u00e1ci se spole\u010dnost\u00ed CUBE CONCEPTS realizovala firma SCH\u00c4FER WERKE ekologick\u00fd vzorov\u00fd projekt: Nosn\u00e1 konstrukce je vyrobena z oceli s n\u00edzkou uhl\u00edkovou stopou, zat\u00edmco are\u00e1l o rozloze 11 500 m\u00b2 z\u00e1rove\u0148 slou\u017e\u00ed jako cenn\u00fd \u00fato\u010di\u0161t\u011b pro biologickou rozmanitost. D\u00edky pod\u00edlu vlastn\u00ed spot\u0159eby energie ve v\u00fd\u0161i 68 % posiluje spole\u010dnost svou energetickou odolnost.<\/p>\n\t\t<\/div>\n\t\t\n\t\t<a class=\"elementor-post__read-more\" href=\"https:\/\/cubeconcepts.de\/cz\/schafer-werke-mit-grossem-solarpark\/\" aria-label=\"P\u0159e\u010dt\u011bte si v\u00edce o spole\u010dnosti SCH\u00c4FER Werke s nejv\u011bt\u0161\u00edm sol\u00e1rn\u00edm parkem v okrese Siegen-Wittgenstein\" tabindex=\"-1\" >\n\t\t\tP\u0159e\u010dt\u011bte si v\u00edce \"\t\t<\/a>\n\n\t\t\t\t<\/div>\n\t\t\t\t<\/article>\n\t\t\t\t<article class=\"elementor-post elementor-grid-item post-22082 post type-post status-publish format-standard has-post-thumbnail hentry category-case-studies category-solar-news category-pv-anlagen-auf-dachflaechen\" role=\"listitem\">\n\t\t\t\t<a class=\"elementor-post__thumbnail__link\" href=\"https:\/\/cubeconcepts.de\/cz\/19-mwp-solarstrom-purem-by-eberspaecher\/\" tabindex=\"-1\" >\n\t\t\t<div class=\"elementor-post__thumbnail\"><img loading=\"lazy\" decoding=\"async\" width=\"800\" height=\"533\" src=\"https:\/\/cubeconcepts.de\/wp-content\/uploads\/2025\/04\/PV-Purem-by-Eberspeacher-1024x682.jpeg\" class=\"attachment-large size-large wp-image-22087\" alt=\"PV Purem od spole\u010dnosti Eberspeacher\" srcset=\"https:\/\/cubeconcepts.de\/wp-content\/uploads\/2025\/04\/PV-Purem-by-Eberspeacher-1024x682.jpeg 1024w, https:\/\/cubeconcepts.de\/wp-content\/uploads\/2025\/04\/PV-Purem-by-Eberspeacher-300x200.jpeg 300w, https:\/\/cubeconcepts.de\/wp-content\/uploads\/2025\/04\/PV-Purem-by-Eberspeacher-768x512.jpeg 768w, https:\/\/cubeconcepts.de\/wp-content\/uploads\/2025\/04\/PV-Purem-by-Eberspeacher-1536x1023.jpeg 1536w, https:\/\/cubeconcepts.de\/wp-content\/uploads\/2025\/04\/PV-Purem-by-Eberspeacher-2048x1364.jpeg 2048w\" sizes=\"(max-width: 800px) 100vw, 800px\" \/><\/div>\n\t\t<\/a>\n\t\t\t\t<div class=\"elementor-post__text\">\n\t\t\t\t<h3 class=\"elementor-post__title\">\n\t\t\t<a href=\"https:\/\/cubeconcepts.de\/cz\/19-mwp-solarstrom-purem-by-eberspaecher\/\" >\n\t\t\t\tV\u00edce udr\u017eitelnosti s 1,9 MWp: Purem od spole\u010dnosti Ebersp\u00e4cher vyu\u017e\u00edv\u00e1 sol\u00e1rn\u00ed energii\t\t\t<\/a>\n\t\t<\/h3>\n\t\t\t\t<div class=\"elementor-post__meta-data\">\n\t\t\t\t\t<span class=\"elementor-post-date\">\n\t\t\t24. dubna 2025\t\t<\/span>\n\t\t\t\t<\/div>\n\t\t\t\t<div class=\"elementor-post__excerpt\">\n\t\t\t<p>Nov\u00e1 rozs\u00e1hl\u00e1 fotovoltaick\u00e1 elektr\u00e1rna pokr\u00fdv\u00e1 v\u00fdznamnou \u010d\u00e1st vlastn\u00ed spot\u0159eby v\u00fdroby v\u00fdfukov\u00fdch syst\u00e9m\u016f a posiluje glob\u00e1ln\u00ed p\u016fsobnost skupiny Ebersp\u00e4cher. Spoluprac\u00ed s CUBE CONCEPTS spole\u010dnost d\u016fsledn\u011b pokra\u010duje ve sv\u00e9 cest\u011b k udr\u017eiteln\u00e9mu z\u00e1sobov\u00e1n\u00ed energi\u00ed a sni\u017euje emise p\u0159\u00edmo v m\u00edst\u011b vzniku.<\/p>\n\t\t<\/div>\n\t\t\n\t\t<a class=\"elementor-post__read-more\" href=\"https:\/\/cubeconcepts.de\/cz\/19-mwp-solarstrom-purem-by-eberspaecher\/\" aria-label=\"P\u0159e\u010dt\u011bte si v\u00edce o t\u00e9matu V\u011bt\u0161\u00ed udr\u017eibilita d\u00edky 1,9 MWp: Purem by Ebersp\u00e4cher vyu\u017e\u00edv\u00e1 sol\u00e1rn\u00ed energii\" tabindex=\"-1\" >\n\t\t\tP\u0159e\u010dt\u011bte si v\u00edce \"\t\t<\/a>\n\n\t\t\t\t<\/div>\n\t\t\t\t<\/article>\n\t\t\t\t<article class=\"elementor-post elementor-grid-item post-28743 post type-post status-publish format-standard has-post-thumbnail hentry category-case-studies category-freiflaeche\" role=\"listitem\">\n\t\t\t\t<a class=\"elementor-post__thumbnail__link\" href=\"https:\/\/cubeconcepts.de\/cz\/spatenstich-fuer-2-mwp-solarpark-der-schaefer-werke-gruppe\/\" tabindex=\"-1\" >\n\t\t\t<div class=\"elementor-post__thumbnail\"><img loading=\"lazy\" decoding=\"async\" width=\"800\" height=\"534\" src=\"https:\/\/cubeconcepts.de\/wp-content\/uploads\/2023\/09\/Solarpark-schaefer-Werke-Spatenstich-1-1024x683.jpeg\" class=\"attachment-large size-large wp-image-10092\" alt=\"Slavnostn\u00ed polo\u017een\u00ed z\u00e1kladn\u00edho kamene Solarpark-schaefer-Werke-1\" srcset=\"https:\/\/cubeconcepts.de\/wp-content\/uploads\/2023\/09\/Solarpark-schaefer-Werke-Spatenstich-1-1024x683.jpeg 1024w, https:\/\/cubeconcepts.de\/wp-content\/uploads\/2023\/09\/Solarpark-schaefer-Werke-Spatenstich-1-300x200.jpeg 300w, https:\/\/cubeconcepts.de\/wp-content\/uploads\/2023\/09\/Solarpark-schaefer-Werke-Spatenstich-1-768x512.jpeg 768w, https:\/\/cubeconcepts.de\/wp-content\/uploads\/2023\/09\/Solarpark-schaefer-Werke-Spatenstich-1-1536x1025.jpeg 1536w, https:\/\/cubeconcepts.de\/wp-content\/uploads\/2023\/09\/Solarpark-schaefer-Werke-Spatenstich-1-2048x1366.jpeg 2048w\" sizes=\"(max-width: 800px) 100vw, 800px\" \/><\/div>\n\t\t<\/a>\n\t\t\t\t<div class=\"elementor-post__text\">\n\t\t\t\t<h3 class=\"elementor-post__title\">\n\t\t\t<a href=\"https:\/\/cubeconcepts.de\/cz\/spatenstich-fuer-2-mwp-solarpark-der-schaefer-werke-gruppe\/\" >\n\t\t\t\tSlavnostn\u00ed polo\u017een\u00ed z\u00e1kladn\u00edho kamene sol\u00e1rn\u00edho parku skupiny SCH\u00c4FER WERKE o v\u00fdkonu 2 MWp\t\t\t<\/a>\n\t\t<\/h3>\n\t\t\t\t<div class=\"elementor-post__meta-data\">\n\t\t\t\t\t<span class=\"elementor-post-date\">\n\t\t\t27. z\u00e1\u0159\u00ed 2023\t\t<\/span>\n\t\t\t\t<\/div>\n\t\t\t\t<div class=\"elementor-post__excerpt\">\n\t\t\t<p>Budoucnost podporuj\u00edc\u00ed investice na Pfannenbergu: Nov\u00fd sol\u00e1rn\u00ed park SCH\u00c4FER WERKE kombinuje ekologick\u00e9 zlep\u0161en\u00ed prost\u0159ednictv\u00edm pastvy s masivn\u00edm zv\u00fd\u0161en\u00edm energetick\u00e9 sob\u011bsta\u010dnosti spole\u010dnosti. Zjist\u011bte v\u00edce o tomto vzorov\u00e9m projektu, kter\u00fd spojuje pr\u016fmyslovou efektivitu a ochranu druh\u016f na plo\u0161e p\u0159es 11 000 metr\u016f \u010dtvere\u010dn\u00edch.<\/p>\n\t\t<\/div>\n\t\t\n\t\t<a class=\"elementor-post__read-more\" href=\"https:\/\/cubeconcepts.de\/cz\/spatenstich-fuer-2-mwp-solarpark-der-schaefer-werke-gruppe\/\" aria-label=\"P\u0159e\u010dt\u011bte si v\u00edce o zah\u00e1jen\u00ed v\u00fdstavby 2MWp sol\u00e1rn\u00edho parku skupiny SCH\u00c4FER WERKE Gruppe\" tabindex=\"-1\" >\n\t\t\tP\u0159e\u010dt\u011bte si v\u00edce \"\t\t<\/a>\n\n\t\t\t\t<\/div>\n\t\t\t\t<\/article>\n\t\t\t\t<article class=\"elementor-post elementor-grid-item post-8167 post type-post status-publish format-standard has-post-thumbnail hentry category-pv-anlagen-auf-dachflaechen category-referenzen\" role=\"listitem\">\n\t\t\t\t<a class=\"elementor-post__thumbnail__link\" href=\"https:\/\/cubeconcepts.de\/cz\/testimonial-flughafen-moenchengladbach\/\" tabindex=\"-1\" >\n\t\t\t<div class=\"elementor-post__thumbnail\"><img loading=\"lazy\" decoding=\"async\" width=\"800\" height=\"449\" src=\"https:\/\/cubeconcepts.de\/wp-content\/uploads\/2023\/07\/Testimonial-Youtube-MG-Screenshot.jpg\" class=\"attachment-large size-large wp-image-8174\" alt=\"Sv\u011bdectv\u00ed Youtube MG\" srcset=\"https:\/\/cubeconcepts.de\/wp-content\/uploads\/2023\/07\/Testimonial-Youtube-MG-Screenshot.jpg 845w, https:\/\/cubeconcepts.de\/wp-content\/uploads\/2023\/07\/Testimonial-Youtube-MG-Screenshot-300x168.jpg 300w, https:\/\/cubeconcepts.de\/wp-content\/uploads\/2023\/07\/Testimonial-Youtube-MG-Screenshot-768x431.jpg 768w\" sizes=\"(max-width: 800px) 100vw, 800px\" \/><\/div>\n\t\t<\/a>\n\t\t\t\t<div class=\"elementor-post__text\">\n\t\t\t\t<h3 class=\"elementor-post__title\">\n\t\t\t<a href=\"https:\/\/cubeconcepts.de\/cz\/testimonial-flughafen-moenchengladbach\/\" >\n\t\t\t\tFotovoltaick\u00fd syst\u00e9m pro leti\u0161t\u011b M\u00f6nchengladbach\t\t\t<\/a>\n\t\t<\/h3>\n\t\t\t\t<div class=\"elementor-post__meta-data\">\n\t\t\t\t\t<span class=\"elementor-post-date\">\n\t\t\t14. \u010dervence 2023\t\t<\/span>\n\t\t\t\t<\/div>\n\t\t\t\t<div class=\"elementor-post__excerpt\">\n\t\t\t<p>Na cest\u011b k udr\u017eiteln\u00e9mu leteck\u00e9mu provozu s\u00e1z\u00ed leti\u0161t\u011b M\u00f6nchengladbach na vlastn\u00ed sol\u00e1rn\u00ed z\u00e1sobov\u00e1n\u00ed energi\u00ed a d\u00edky monitorovac\u00edmu syst\u00e9mu CUBE Vision v termin\u00e1lu zviditel\u0148uje energetickou transformaci pro v\u0161echny. Zjist\u011bte, jak tento pr\u016fkopnick\u00fd projekt sni\u017euje provozn\u00ed n\u00e1klady a zaji\u0161\u0165uje, \u017ee infrastruktura leti\u0161t\u011b MGL bude p\u0159ipravena na budoucnost.<\/p>\n\t\t<\/div>\n\t\t\n\t\t<a class=\"elementor-post__read-more\" href=\"https:\/\/cubeconcepts.de\/cz\/testimonial-flughafen-moenchengladbach\/\" aria-label=\"P\u0159e\u010dt\u011bte si v\u00edce o fotovoltaick\u00e9m syst\u00e9mu pro leti\u0161t\u011b M\u00f6nchengladbach\" tabindex=\"-1\" >\n\t\t\tP\u0159e\u010dt\u011bte si v\u00edce \"\t\t<\/a>\n\n\t\t\t\t<\/div>\n\t\t\t\t<\/article>\n\t\t\t\t<article class=\"elementor-post elementor-grid-item post-5849 post type-post status-publish format-standard has-post-thumbnail hentry category-cube-concepts-news category-solar-carport-ladesaeulen-management\" role=\"listitem\">\n\t\t\t\t<a class=\"elementor-post__thumbnail__link\" href=\"https:\/\/cubeconcepts.de\/cz\/baubeginn-fuer-solar-carport-grossprojekt\/\" tabindex=\"-1\" >\n\t\t\t<div class=\"elementor-post__thumbnail\"><img loading=\"lazy\" decoding=\"async\" width=\"800\" height=\"600\" src=\"https:\/\/cubeconcepts.de\/wp-content\/uploads\/2023\/03\/1679515238960-1024x768.jpg\" class=\"attachment-large size-large wp-image-6220\" alt=\"Zah\u00e1jen\u00ed v\u00fdstavby rozs\u00e1hl\u00e9ho projektu sol\u00e1rn\u00edho p\u0159\u00edst\u0159e\u0161ku pro auta - se 2 st\u0159echami\" srcset=\"https:\/\/cubeconcepts.de\/wp-content\/uploads\/2023\/03\/1679515238960-1024x768.jpg 1024w, https:\/\/cubeconcepts.de\/wp-content\/uploads\/2023\/03\/1679515238960-300x225.jpg 300w, https:\/\/cubeconcepts.de\/wp-content\/uploads\/2023\/03\/1679515238960-768x576.jpg 768w, https:\/\/cubeconcepts.de\/wp-content\/uploads\/2023\/03\/1679515238960-1536x1152.jpg 1536w, https:\/\/cubeconcepts.de\/wp-content\/uploads\/2023\/03\/1679515238960.jpg 1707w\" sizes=\"(max-width: 800px) 100vw, 800px\" \/><\/div>\n\t\t<\/a>\n\t\t\t\t<div class=\"elementor-post__text\">\n\t\t\t\t<h3 class=\"elementor-post__title\">\n\t\t\t<a href=\"https:\/\/cubeconcepts.de\/cz\/baubeginn-fuer-solar-carport-grossprojekt\/\" >\n\t\t\t\tZah\u00e1jen\u00ed v\u00fdstavby rozs\u00e1hl\u00e9ho projektu sol\u00e1rn\u00edho p\u0159\u00edst\u0159e\u0161ku pro auta\t\t\t<\/a>\n\t\t<\/h3>\n\t\t\t\t<div class=\"elementor-post__meta-data\">\n\t\t\t\t\t<span class=\"elementor-post-date\">\n\t\t\t10. b\u0159ezna 2023\t\t<\/span>\n\t\t\t\t<\/div>\n\t\t\t\t<div class=\"elementor-post__excerpt\">\n\t\t\t<p>Nov\u00fd rozs\u00e1hl\u00fd projekt sol\u00e1rn\u00edch p\u0159\u00edst\u0159e\u0161k\u016f p\u016fsobiv\u011b ukazuje, jak lze parkovac\u00ed plochy a venkovn\u00ed sklady vysoce efektivn\u011b zast\u0159e\u0161it pro v\u00fdrobu energie, ani\u017e by bylo omezeno velikost parkovac\u00edch m\u00edst.<\/p>\n\t\t<\/div>\n\t\t\n\t\t<a class=\"elementor-post__read-more\" href=\"https:\/\/cubeconcepts.de\/cz\/baubeginn-fuer-solar-carport-grossprojekt\/\" aria-label=\"P\u0159e\u010dt\u011bte si v\u00edce o zah\u00e1jen\u00ed v\u00fdstavby velk\u00e9ho projektu sol\u00e1rn\u00edch p\u0159\u00edst\u0159e\u0161k\u016f pro auta\" tabindex=\"-1\" >\n\t\t\tP\u0159e\u010dt\u011bte si v\u00edce \"\t\t<\/a>\n\n\t\t\t\t<\/div>\n\t\t\t\t<\/article>\n\t\t\t\t<article class=\"elementor-post elementor-grid-item post-5324 post type-post status-publish format-standard has-post-thumbnail hentry category-case-studies category-pv-anlagen-auf-dachflaechen\" role=\"listitem\">\n\t\t\t\t<a class=\"elementor-post__thumbnail__link\" href=\"https:\/\/cubeconcepts.de\/cz\/pfefferkorn-nimmt-749-kwp-anlage-in-betrieb\/\" tabindex=\"-1\" >\n\t\t\t<div class=\"elementor-post__thumbnail\"><img loading=\"lazy\" decoding=\"async\" width=\"800\" height=\"449\" src=\"https:\/\/cubeconcepts.de\/wp-content\/uploads\/2023\/02\/DJI_0037-1024x575.jpg\" class=\"attachment-large size-large wp-image-5075\" alt=\"Reference Pfefferkorn - \u0160ikm\u00fd pohled na st\u0159e\u0161n\u00ed fotovoltaick\u00fd syst\u00e9m\" srcset=\"https:\/\/cubeconcepts.de\/wp-content\/uploads\/2023\/02\/DJI_0037-1024x575.jpg 1024w, https:\/\/cubeconcepts.de\/wp-content\/uploads\/2023\/02\/DJI_0037-300x169.jpg 300w, https:\/\/cubeconcepts.de\/wp-content\/uploads\/2023\/02\/DJI_0037-768x432.jpg 768w, https:\/\/cubeconcepts.de\/wp-content\/uploads\/2023\/02\/DJI_0037-1536x863.jpg 1536w, https:\/\/cubeconcepts.de\/wp-content\/uploads\/2023\/02\/DJI_0037-2048x1151.jpg 2048w\" sizes=\"(max-width: 800px) 100vw, 800px\" \/><\/div>\n\t\t<\/a>\n\t\t\t\t<div class=\"elementor-post__text\">\n\t\t\t\t<h3 class=\"elementor-post__title\">\n\t\t\t<a href=\"https:\/\/cubeconcepts.de\/cz\/pfefferkorn-nimmt-749-kwp-anlage-in-betrieb\/\" >\n\t\t\t\tPfefferkorn uv\u00e1d\u00ed do provozu syst\u00e9m o v\u00fdkonu 749 kWp\t\t\t<\/a>\n\t\t<\/h3>\n\t\t\t\t<div class=\"elementor-post__meta-data\">\n\t\t\t\t\t<span class=\"elementor-post-date\">\n\t\t\t1. \u0159\u00edjna 2022\t\t<\/span>\n\t\t\t\t<\/div>\n\t\t\t\t<div class=\"elementor-post__excerpt\">\n\t\t\t<p>Pr\u016fmyslov\u00fd podnik Pfefferkorn se s fotovoltaickou elektr\u00e1rnou o v\u00fdkonu 749 kWp d\u016fsledn\u011b zam\u011b\u0159uje na vlastn\u00ed spot\u0159ebu elekt\u0159iny a ro\u010dn\u011b u\u0161et\u0159\u00ed p\u0159ibli\u017en\u011b 350 000 kg CO\u2082. Zjist\u011bte, jak kombinace modern\u00ed st\u0159e\u0161n\u00ed elektr\u00e1rny a e-mobility trvale minimalizuje ekologickou stopu z\u00e1vodu v Simmernu.<\/p>\n\t\t<\/div>\n\t\t\n\t\t<a class=\"elementor-post__read-more\" href=\"https:\/\/cubeconcepts.de\/cz\/pfefferkorn-nimmt-749-kwp-anlage-in-betrieb\/\" aria-label=\"P\u0159e\u010dt\u011bte si v\u00edce o tom, \u017ee Pfefferkorn uvedl do provozu za\u0159\u00edzen\u00ed o v\u00fdkonu 749 kWp\" tabindex=\"-1\" >\n\t\t\tP\u0159e\u010dt\u011bte si v\u00edce \"\t\t<\/a>\n\n\t\t\t\t<\/div>\n\t\t\t\t<\/article>\n\t\t\t\t<article class=\"elementor-post elementor-grid-item post-1714 post type-post status-publish format-standard has-post-thumbnail hentry category-case-studies category-pv-anlagen-auf-dachflaechen\" role=\"listitem\">\n\t\t\t\t<a class=\"elementor-post__thumbnail__link\" href=\"https:\/\/cubeconcepts.de\/cz\/syntegon-und-cube-concepts-realisieren-photovoltaikanlage-in-crailsheim\/\" tabindex=\"-1\" >\n\t\t\t<div class=\"elementor-post__thumbnail\"><img loading=\"lazy\" decoding=\"async\" width=\"800\" height=\"534\" src=\"https:\/\/cubeconcepts.de\/wp-content\/uploads\/2023\/01\/org_5d5c23240c940391_1646403354000-1024x683.jpg\" class=\"attachment-large size-large wp-image-1715\" alt=\"St\u0159e\u0161n\u00ed fotovoltaick\u00fd syst\u00e9m Crailsheim\" srcset=\"https:\/\/cubeconcepts.de\/wp-content\/uploads\/2023\/01\/org_5d5c23240c940391_1646403354000-1024x683.jpg 1024w, https:\/\/cubeconcepts.de\/wp-content\/uploads\/2023\/01\/org_5d5c23240c940391_1646403354000-300x200.jpg 300w, https:\/\/cubeconcepts.de\/wp-content\/uploads\/2023\/01\/org_5d5c23240c940391_1646403354000-768x512.jpg 768w, https:\/\/cubeconcepts.de\/wp-content\/uploads\/2023\/01\/org_5d5c23240c940391_1646403354000-1536x1024.jpg 1536w, https:\/\/cubeconcepts.de\/wp-content\/uploads\/2023\/01\/org_5d5c23240c940391_1646403354000-2048x1365.jpg 2048w\" sizes=\"(max-width: 800px) 100vw, 800px\" \/><\/div>\n\t\t<\/a>\n\t\t\t\t<div class=\"elementor-post__text\">\n\t\t\t\t<h3 class=\"elementor-post__title\">\n\t\t\t<a href=\"https:\/\/cubeconcepts.de\/cz\/syntegon-und-cube-concepts-realisieren-photovoltaikanlage-in-crailsheim\/\" >\n\t\t\t\tSyntegon a CUBE CONCEPTS realizuj\u00ed fotovoltaick\u00fd syst\u00e9m v Crailsheimu\t\t\t<\/a>\n\t\t<\/h3>\n\t\t\t\t<div class=\"elementor-post__meta-data\">\n\t\t\t\t\t<span class=\"elementor-post-date\">\n\t\t\t11. dubna 2022\t\t<\/span>\n\t\t\t\t<\/div>\n\t\t\t\t<div class=\"elementor-post__excerpt\">\n\t\t\t<p>D\u00edky v\u00edce ne\u017e 1 000 sol\u00e1rn\u00edm modul\u016fm pokryje spole\u010dnost Syntegon v budoucnu t\u00e9m\u011b\u0159 10 % sv\u00e9 spot\u0159eby elekt\u0159iny z vlastn\u00ed v\u00fdroby a ro\u010dn\u011b u\u0161et\u0159\u00ed t\u00e9m\u011b\u0159 190 tun CO\u2082. Tato p\u0159\u00edpadov\u00e1 studie ukazuje, jak pr\u016fmyslov\u00e9 podniky pomoc\u00ed model\u016f pron\u00e1jmu fotovoltaick\u00fdch syst\u00e9m\u016f sni\u017euj\u00ed sv\u00e9 provozn\u00ed n\u00e1klady a z\u00e1rove\u0148 \u00fasp\u011b\u0161n\u011b prosazuj\u00ed svou strategii udr\u017eitelnosti \u201eSyntegon 2025\u201c.<\/p>\n\t\t<\/div>\n\t\t\n\t\t<a class=\"elementor-post__read-more\" href=\"https:\/\/cubeconcepts.de\/cz\/syntegon-und-cube-concepts-realisieren-photovoltaikanlage-in-crailsheim\/\" aria-label=\"P\u0159e\u010dt\u011bte si v\u00edce o tom, jak Syntegon a CUBE CONCEPTS realizuj\u00ed fotovoltaickou elektr\u00e1rnu v Crailsheimu\" tabindex=\"-1\" >\n\t\t\tP\u0159e\u010dt\u011bte si v\u00edce \"\t\t<\/a>\n\n\t\t\t\t<\/div>\n\t\t\t\t<\/article>\n\t\t\t\t<\/div>\n\t\t\t\t\t<span class=\"e-load-more-spinner\">\n\t\t\t\t<i aria-hidden=\"true\" class=\"fas fa-spinner\"><\/i>\t\t\t<\/span>\n\t\t\n\t\t\t\t<div class=\"e-load-more-anchor\" data-page=\"1\" data-max-page=\"2\" data-next-page=\"https:\/\/cubeconcepts.de\/cz\/wp-json\/wp\/v2\/pages\/723\/page\/2\/\"><\/div>\n\t\t\t\t<div class=\"e-load-more-message\"><\/div>\n\t\t\t\t\t\t<\/div>\n\t\t\t\t<\/div>\n\t\t\t\t\t<\/div>\n\t\t\t\t<\/div>\n\t\t\t\t\t<\/div>\n\t\t<\/div>\n\t\t\t\t\t\t<\/div>\n\t\t\t\t<\/div>\n\t\t\t\t\t<\/div>\n\t\t\t\t<\/div>\n\t\t\t\t<\/div>","protected":false},"excerpt":{"rendered":"<p>Newsroom News Aktuelle Meldungen aus dem Energiemarkt, zu Veranstaltungen und aus dem Unternehmen \u2014 rund um industrielle Batteriespeicher und Photovoltaik. Aktuell Alle Energiemarkt News CUBE CONCEPTS News Kunden-Projekte EEG 2027 &amp; Netzpaket: Kabinettsbeschluss zum Refinanzierungsbeitrag (CfD) im \u00dcberblick 12. August 2026 Stand: 12. August 2026 | Dieser Beitrag basiert auf dem Kabinettsbeschluss zu EEG 2027 [&hellip;]<\/p>\n","protected":false},"author":131,"featured_media":0,"parent":28835,"menu_order":0,"comment_status":"closed","ping_status":"closed","template":"","meta":{"_acf_changed":false,"footnotes":""},"class_list":["post-723","page","type-page","status-publish","hentry"],"acf":[],"yoast_head":"<!-- This site is optimized with the Yoast SEO plugin v28.3 - https:\/\/yoast.com\/product\/yoast-seo-wordpress\/ -->\n<title>News | CUBE CONCEPTS<\/title>\n<meta name=\"robots\" content=\"noindex, nofollow\" \/>\n<meta property=\"og:locale\" content=\"cs_CZ\" \/>\n<meta property=\"og:type\" content=\"article\" \/>\n<meta property=\"og:title\" content=\"News | CUBE CONCEPTS\" \/>\n<meta property=\"og:description\" content=\"Newsroom News Aktuelle Meldungen aus dem Energiemarkt, zu Veranstaltungen und aus dem Unternehmen \u2014 rund um industrielle Batteriespeicher und Photovoltaik. Aktuell Alle Energiemarkt News CUBE CONCEPTS News Kunden-Projekte EEG 2027 &amp; Netzpaket: Kabinettsbeschluss zum Refinanzierungsbeitrag (CfD) im \u00dcberblick 12. August 2026 Stand: 12. August 2026 | Dieser Beitrag basiert auf dem Kabinettsbeschluss zu EEG 2027 [&hellip;]\" \/>\n<meta property=\"og:url\" content=\"https:\/\/cubeconcepts.de\/cz\/vedet\/zpravy\/\" \/>\n<meta property=\"og:site_name\" content=\"CUBE CONCEPTS\" \/>\n<meta property=\"article:modified_time\" content=\"2026-08-20T11:39:22+00:00\" \/>\n<meta property=\"og:image\" content=\"https:\/\/cubeconcepts.de\/wp-content\/uploads\/2026\/08\/EEG-2027-Netzpaket-Kabinettsbeschluss-1024x716.jpg\" \/>\n<meta name=\"twitter:card\" content=\"summary_large_image\" \/>\n<meta name=\"twitter:label1\" content=\"Odhadovan\u00e1 doba \u010dten\u00ed\" \/>\n\t<meta name=\"twitter:data1\" content=\"52 minut\" \/>\n<script type=\"application\/ld+json\" class=\"yoast-schema-graph\">{\"@context\":\"https:\\\/\\\/schema.org\",\"@graph\":[{\"@type\":\"WebPage\",\"@id\":\"https:\\\/\\\/cubeconcepts.de\\\/wissen\\\/news\\\/\",\"url\":\"https:\\\/\\\/cubeconcepts.de\\\/wissen\\\/news\\\/\",\"name\":\"News | CUBE CONCEPTS\",\"isPartOf\":{\"@id\":\"https:\\\/\\\/cubeconcepts.de\\\/fr\\\/#website\"},\"primaryImageOfPage\":{\"@id\":\"https:\\\/\\\/cubeconcepts.de\\\/wissen\\\/news\\\/#primaryimage\"},\"image\":{\"@id\":\"https:\\\/\\\/cubeconcepts.de\\\/wissen\\\/news\\\/#primaryimage\"},\"thumbnailUrl\":\"https:\\\/\\\/cubeconcepts.de\\\/wp-content\\\/uploads\\\/2026\\\/08\\\/EEG-2027-Netzpaket-Kabinettsbeschluss-1024x716.jpg\",\"datePublished\":\"2023-01-19T00:42:40+00:00\",\"dateModified\":\"2026-08-20T11:39:22+00:00\",\"breadcrumb\":{\"@id\":\"https:\\\/\\\/cubeconcepts.de\\\/wissen\\\/news\\\/#breadcrumb\"},\"inLanguage\":\"cs\",\"potentialAction\":[{\"@type\":\"ReadAction\",\"target\":[\"https:\\\/\\\/cubeconcepts.de\\\/wissen\\\/news\\\/\"]}]},{\"@type\":\"ImageObject\",\"inLanguage\":\"cs\",\"@id\":\"https:\\\/\\\/cubeconcepts.de\\\/wissen\\\/news\\\/#primaryimage\",\"url\":\"https:\\\/\\\/cubeconcepts.de\\\/wp-content\\\/uploads\\\/2026\\\/08\\\/EEG-2027-Netzpaket-Kabinettsbeschluss-1024x716.jpg\",\"contentUrl\":\"https:\\\/\\\/cubeconcepts.de\\\/wp-content\\\/uploads\\\/2026\\\/08\\\/EEG-2027-Netzpaket-Kabinettsbeschluss-1024x716.jpg\"},{\"@type\":\"BreadcrumbList\",\"@id\":\"https:\\\/\\\/cubeconcepts.de\\\/wissen\\\/news\\\/#breadcrumb\",\"itemListElement\":[{\"@type\":\"ListItem\",\"position\":1,\"name\":\"Startseite\",\"item\":\"https:\\\/\\\/cubeconcepts.de\\\/\"},{\"@type\":\"ListItem\",\"position\":2,\"name\":\"Wissen\",\"item\":\"https:\\\/\\\/cubeconcepts.de\\\/wissen\\\/\"},{\"@type\":\"ListItem\",\"position\":3,\"name\":\"News\"}]},{\"@type\":\"WebSite\",\"@id\":\"https:\\\/\\\/cubeconcepts.de\\\/fr\\\/#website\",\"url\":\"https:\\\/\\\/cubeconcepts.de\\\/fr\\\/\",\"name\":\"CUBE CONCEPTS\",\"description\":\"Energiesysteme f\u00fcr Unternehmen\",\"publisher\":{\"@id\":\"https:\\\/\\\/cubeconcepts.de\\\/fr\\\/#organization\"},\"potentialAction\":[{\"@type\":\"SearchAction\",\"target\":{\"@type\":\"EntryPoint\",\"urlTemplate\":\"https:\\\/\\\/cubeconcepts.de\\\/fr\\\/?s={search_term_string}\"},\"query-input\":{\"@type\":\"PropertyValueSpecification\",\"valueRequired\":true,\"valueName\":\"search_term_string\"}}],\"inLanguage\":\"cs\"},{\"@type\":\"Organization\",\"@id\":\"https:\\\/\\\/cubeconcepts.de\\\/fr\\\/#organization\",\"name\":\"CUBE CONCEPTS\",\"url\":\"https:\\\/\\\/cubeconcepts.de\\\/fr\\\/\",\"logo\":{\"@type\":\"ImageObject\",\"inLanguage\":\"cs\",\"@id\":\"https:\\\/\\\/cubeconcepts.de\\\/fr\\\/#\\\/schema\\\/logo\\\/image\\\/\",\"url\":\"https:\\\/\\\/cubeconcepts.de\\\/wp-content\\\/uploads\\\/2023\\\/01\\\/CUBE_CONCEPT-Logo.png\",\"contentUrl\":\"https:\\\/\\\/cubeconcepts.de\\\/wp-content\\\/uploads\\\/2023\\\/01\\\/CUBE_CONCEPT-Logo.png\",\"width\":644,\"height\":207,\"caption\":\"CUBE CONCEPTS\"},\"image\":{\"@id\":\"https:\\\/\\\/cubeconcepts.de\\\/fr\\\/#\\\/schema\\\/logo\\\/image\\\/\"}}]}<\/script>\n<!-- \/ Yoast SEO plugin. -->","yoast_head_json":{"title":"Zpr\u00e1vy | CUBE CONCEPTS","robots":{"index":"noindex","follow":"nofollow"},"og_locale":"cs_CZ","og_type":"article","og_title":"News | CUBE CONCEPTS","og_description":"Newsroom News Aktuelle Meldungen aus dem Energiemarkt, zu Veranstaltungen und aus dem Unternehmen \u2014 rund um industrielle Batteriespeicher und Photovoltaik. Aktuell Alle Energiemarkt News CUBE CONCEPTS News Kunden-Projekte EEG 2027 &amp; Netzpaket: Kabinettsbeschluss zum Refinanzierungsbeitrag (CfD) im \u00dcberblick 12. August 2026 Stand: 12. August 2026 | Dieser Beitrag basiert auf dem Kabinettsbeschluss zu EEG 2027 [&hellip;]","og_url":"https:\/\/cubeconcepts.de\/cz\/vedet\/zpravy\/","og_site_name":"CUBE CONCEPTS","article_modified_time":"2026-08-20T11:39:22+00:00","og_image":[{"url":"https:\/\/cubeconcepts.de\/wp-content\/uploads\/2026\/08\/EEG-2027-Netzpaket-Kabinettsbeschluss-1024x716.jpg","type":"","width":"","height":""}],"twitter_card":"summary_large_image","twitter_misc":{"Odhadovan\u00e1 doba \u010dten\u00ed":"52 minut"},"schema":{"@context":"https:\/\/schema.org","@graph":[{"@type":"WebPage","@id":"https:\/\/cubeconcepts.de\/wissen\/news\/","url":"https:\/\/cubeconcepts.de\/wissen\/news\/","name":"Zpr\u00e1vy | CUBE CONCEPTS","isPartOf":{"@id":"https:\/\/cubeconcepts.de\/fr\/#website"},"primaryImageOfPage":{"@id":"https:\/\/cubeconcepts.de\/wissen\/news\/#primaryimage"},"image":{"@id":"https:\/\/cubeconcepts.de\/wissen\/news\/#primaryimage"},"thumbnailUrl":"https:\/\/cubeconcepts.de\/wp-content\/uploads\/2026\/08\/EEG-2027-Netzpaket-Kabinettsbeschluss-1024x716.jpg","datePublished":"2023-01-19T00:42:40+00:00","dateModified":"2026-08-20T11:39:22+00:00","breadcrumb":{"@id":"https:\/\/cubeconcepts.de\/wissen\/news\/#breadcrumb"},"inLanguage":"cs","potentialAction":[{"@type":"ReadAction","target":["https:\/\/cubeconcepts.de\/wissen\/news\/"]}]},{"@type":"ImageObject","inLanguage":"cs","@id":"https:\/\/cubeconcepts.de\/wissen\/news\/#primaryimage","url":"https:\/\/cubeconcepts.de\/wp-content\/uploads\/2026\/08\/EEG-2027-Netzpaket-Kabinettsbeschluss-1024x716.jpg","contentUrl":"https:\/\/cubeconcepts.de\/wp-content\/uploads\/2026\/08\/EEG-2027-Netzpaket-Kabinettsbeschluss-1024x716.jpg"},{"@type":"BreadcrumbList","@id":"https:\/\/cubeconcepts.de\/wissen\/news\/#breadcrumb","itemListElement":[{"@type":"ListItem","position":1,"name":"Startseite","item":"https:\/\/cubeconcepts.de\/"},{"@type":"ListItem","position":2,"name":"Wissen","item":"https:\/\/cubeconcepts.de\/wissen\/"},{"@type":"ListItem","position":3,"name":"News"}]},{"@type":"WebSite","@id":"https:\/\/cubeconcepts.de\/fr\/#website","url":"https:\/\/cubeconcepts.de\/fr\/","name":"KONCEPTY KOSTKY","description":"Energetick\u00e9 syst\u00e9my pro podniky","publisher":{"@id":"https:\/\/cubeconcepts.de\/fr\/#organization"},"potentialAction":[{"@type":"SearchAction","target":{"@type":"EntryPoint","urlTemplate":"https:\/\/cubeconcepts.de\/fr\/?s={search_term_string}"},"query-input":{"@type":"PropertyValueSpecification","valueRequired":true,"valueName":"search_term_string"}}],"inLanguage":"cs"},{"@type":"Organization","@id":"https:\/\/cubeconcepts.de\/fr\/#organization","name":"KONCEPTY KOSTKY","url":"https:\/\/cubeconcepts.de\/fr\/","logo":{"@type":"ImageObject","inLanguage":"cs","@id":"https:\/\/cubeconcepts.de\/fr\/#\/schema\/logo\/image\/","url":"https:\/\/cubeconcepts.de\/wp-content\/uploads\/2023\/01\/CUBE_CONCEPT-Logo.png","contentUrl":"https:\/\/cubeconcepts.de\/wp-content\/uploads\/2023\/01\/CUBE_CONCEPT-Logo.png","width":644,"height":207,"caption":"CUBE CONCEPTS"},"image":{"@id":"https:\/\/cubeconcepts.de\/fr\/#\/schema\/logo\/image\/"}}]}},"_links":{"self":[{"href":"https:\/\/cubeconcepts.de\/cz\/wp-json\/wp\/v2\/pages\/723","targetHints":{"allow":["GET"]}}],"collection":[{"href":"https:\/\/cubeconcepts.de\/cz\/wp-json\/wp\/v2\/pages"}],"about":[{"href":"https:\/\/cubeconcepts.de\/cz\/wp-json\/wp\/v2\/types\/page"}],"author":[{"embeddable":true,"href":"https:\/\/cubeconcepts.de\/cz\/wp-json\/wp\/v2\/users\/131"}],"replies":[{"embeddable":true,"href":"https:\/\/cubeconcepts.de\/cz\/wp-json\/wp\/v2\/comments?post=723"}],"version-history":[{"count":0,"href":"https:\/\/cubeconcepts.de\/cz\/wp-json\/wp\/v2\/pages\/723\/revisions"}],"up":[{"embeddable":true,"href":"https:\/\/cubeconcepts.de\/cz\/wp-json\/wp\/v2\/pages\/28835"}],"wp:attachment":[{"href":"https:\/\/cubeconcepts.de\/cz\/wp-json\/wp\/v2\/media?parent=723"}],"curies":[{"name":"wp","href":"https:\/\/api.w.org\/{rel}","templated":true}]}}